{"id":25,"date":"2019-12-01T22:35:15","date_gmt":"2019-12-01T21:35:15","guid":{"rendered":"https:\/\/feuerwehr-markdorf.de\/sfz\/?page_id=25"},"modified":"2025-03-23T20:40:08","modified_gmt":"2025-03-23T19:40:08","slug":"home","status":"publish","type":"page","link":"https:\/\/feuerwehr-markdorf.de\/sfz\/","title":{"rendered":"Home"},"content":{"rendered":"\t\t<div data-elementor-type=\"wp-page\" data-elementor-id=\"25\" class=\"elementor elementor-25\">\n\t\t\t\t\t\t<section class=\"elementor-section elementor-top-section elementor-element elementor-element-abe9e5c elementor-section-boxed elementor-section-height-default elementor-section-height-default\" data-id=\"abe9e5c\" data-element_type=\"section\">\n\t\t\t\t\t\t<div class=\"elementor-container elementor-column-gap-default\">\n\t\t\t\t\t<div class=\"elementor-column elementor-col-100 elementor-top-column elementor-element elementor-element-643b402\" data-id=\"643b402\" data-element_type=\"column\">\n\t\t\t<div class=\"elementor-widget-wrap elementor-element-populated\">\n\t\t\t\t\t\t<div class=\"elementor-element elementor-element-97157a9 elementor-widget elementor-widget-heading\" data-id=\"97157a9\" data-element_type=\"widget\" data-widget_type=\"heading.default\">\n\t\t\t\t<div class=\"elementor-widget-container\">\n\t\t\t<h2 class=\"elementor-heading-title elementor-size-default\">Spielmanns- und Fanfarenzug<\/h2>\t\t<\/div>\n\t\t\t\t<\/div>\n\t\t\t\t\t<\/div>\n\t\t<\/div>\n\t\t\t\t\t<\/div>\n\t\t<\/section>\n\t\t\t\t<section class=\"elementor-section elementor-top-section elementor-element elementor-element-7af170d elementor-section-boxed elementor-section-height-default elementor-section-height-default\" data-id=\"7af170d\" data-element_type=\"section\">\n\t\t\t\t\t\t<div class=\"elementor-container elementor-column-gap-default\">\n\t\t\t\t\t<div class=\"elementor-column elementor-col-100 elementor-top-column elementor-element elementor-element-d91e76b\" data-id=\"d91e76b\" data-element_type=\"column\">\n\t\t\t<div class=\"elementor-widget-wrap elementor-element-populated\">\n\t\t\t\t\t\t<div class=\"elementor-element elementor-element-cf573e4 elementor-widget elementor-widget-spacer\" data-id=\"cf573e4\" data-element_type=\"widget\" data-widget_type=\"spacer.default\">\n\t\t\t\t<div class=\"elementor-widget-container\">\n\t\t\t\t\t<div class=\"elementor-spacer\">\n\t\t\t<div class=\"elementor-spacer-inner\"><\/div>\n\t\t<\/div>\n\t\t\t\t<\/div>\n\t\t\t\t<\/div>\n\t\t\t\t\t<\/div>\n\t\t<\/div>\n\t\t\t\t\t<\/div>\n\t\t<\/section>\n\t\t\t\t<section class=\"elementor-section elementor-top-section elementor-element elementor-element-8e9e426 elementor-section-full_width elementor-section-height-default elementor-section-height-default\" data-id=\"8e9e426\" data-element_type=\"section\">\n\t\t\t\t\t\t<div class=\"elementor-container elementor-column-gap-default\">\n\t\t\t\t\t<div class=\"elementor-column elementor-col-50 elementor-top-column elementor-element elementor-element-4c86fe6\" data-id=\"4c86fe6\" data-element_type=\"column\" data-settings=\"{&quot;background_background&quot;:&quot;classic&quot;}\">\n\t\t\t<div class=\"elementor-widget-wrap elementor-element-populated\">\n\t\t\t\t\t\t<div class=\"elementor-element elementor-element-abcfb1d elementor-hidden-desktop elementor-hidden-tablet elementor-widget elementor-widget-image\" data-id=\"abcfb1d\" data-element_type=\"widget\" data-widget_type=\"image.default\">\n\t\t\t\t<div class=\"elementor-widget-container\">\n\t\t\t\t\t\t\t\t\t\t\t\t\t<img fetchpriority=\"high\" decoding=\"async\" width=\"960\" height=\"639\" src=\"https:\/\/feuerwehr-markdorf.de\/sfz\/wp-content\/uploads\/sites\/4\/2019\/12\/Spielmanns-und-Fanfarenzug-Uniform.jpg\" class=\"attachment-full size-full wp-image-47\" alt=\"\" srcset=\"https:\/\/feuerwehr-markdorf.de\/sfz\/wp-content\/uploads\/sites\/4\/2019\/12\/Spielmanns-und-Fanfarenzug-Uniform.jpg 960w, https:\/\/feuerwehr-markdorf.de\/sfz\/wp-content\/uploads\/sites\/4\/2019\/12\/Spielmanns-und-Fanfarenzug-Uniform-300x200.jpg 300w, https:\/\/feuerwehr-markdorf.de\/sfz\/wp-content\/uploads\/sites\/4\/2019\/12\/Spielmanns-und-Fanfarenzug-Uniform-768x511.jpg 768w\" sizes=\"(max-width: 960px) 100vw, 960px\" \/>\t\t\t\t\t\t\t\t\t\t\t\t\t<\/div>\n\t\t\t\t<\/div>\n\t\t\t\t\t<\/div>\n\t\t<\/div>\n\t\t\t\t<div class=\"elementor-column elementor-col-50 elementor-top-column elementor-element elementor-element-f4df392\" data-id=\"f4df392\" data-element_type=\"column\" data-settings=\"{&quot;background_background&quot;:&quot;classic&quot;}\">\n\t\t\t<div class=\"elementor-widget-wrap elementor-element-populated\">\n\t\t\t\t\t\t<div class=\"elementor-element elementor-element-6120e1c elementor-widget elementor-widget-text-editor\" data-id=\"6120e1c\" data-element_type=\"widget\" data-widget_type=\"text-editor.default\">\n\t\t\t\t<div class=\"elementor-widget-container\">\n\t\t\t\t\t\t\t<p>Seit 60 Jahren musiziert unser Spielmanns- und Fanfarenzug der Freiwilligen Feuerwehr zu verschiedenen Anlassen in der Gemeinde.<\/p><p>Unsere Aufgabe ist die musikalische Unterst\u00fctzung der Feuerwehr mit repr\u00e4sentativen Auftritten.<\/p><p>Seit der Gr\u00fcndung im Jahr 1960, finden wir uns jeden Freitag zum gemeinschaftlichen Proben im Feuerwehrhaus ein.<\/p>\t\t\t\t\t\t<\/div>\n\t\t\t\t<\/div>\n\t\t\t\t\t<\/div>\n\t\t<\/div>\n\t\t\t\t\t<\/div>\n\t\t<\/section>\n\t\t\t\t<section class=\"elementor-section elementor-top-section elementor-element elementor-element-31339df elementor-section-full_width elementor-section-height-default elementor-section-height-default\" data-id=\"31339df\" data-element_type=\"section\">\n\t\t\t\t\t\t\t<div class=\"elementor-background-overlay\"><\/div>\n\t\t\t\t\t\t\t<div class=\"elementor-container elementor-column-gap-no\">\n\t\t\t\t\t<div class=\"elementor-column elementor-col-50 elementor-top-column elementor-element elementor-element-56857eb\" data-id=\"56857eb\" data-element_type=\"column\" data-settings=\"{&quot;background_background&quot;:&quot;classic&quot;}\">\n\t\t\t<div class=\"elementor-widget-wrap elementor-element-populated\">\n\t\t\t\t\t\t<div class=\"elementor-element elementor-element-19a3d76 elementor-widget elementor-widget-text-editor\" data-id=\"19a3d76\" data-element_type=\"widget\" data-widget_type=\"text-editor.default\">\n\t\t\t\t<div class=\"elementor-widget-container\">\n\t\t\t\t\t\t\t<p><strong>Musikalische Eins\u00e4tze<\/strong><\/p><ul><li>Konzerte bei Feuerwehren<\/li><li>Auftritte in der Gemeinde aber auch im Ausland<\/li><li>Teilnahme an Umz\u00fcgen befreundeter Vereine<\/li><li>Konzerte \u2022 u.v.m.<\/li><\/ul><p><strong>Du bekommst:<\/strong><\/p><ul><li>eine super musikalische Ausbildung<\/li><li>eine Mitgliedschaft in einem klasse Musikerteam<\/li><li>eine schicke Feuerwehruniform<\/li><\/ul>\t\t\t\t\t\t<\/div>\n\t\t\t\t<\/div>\n\t\t\t\t\t<\/div>\n\t\t<\/div>\n\t\t\t\t<div class=\"elementor-column elementor-col-50 elementor-top-column elementor-element elementor-element-9d0f2ff\" data-id=\"9d0f2ff\" data-element_type=\"column\" data-settings=\"{&quot;background_background&quot;:&quot;classic&quot;}\">\n\t\t\t<div class=\"elementor-widget-wrap elementor-element-populated\">\n\t\t\t\t\t\t<div class=\"elementor-element elementor-element-75cb6b4 elementor-hidden-desktop elementor-hidden-tablet elementor-widget elementor-widget-image\" data-id=\"75cb6b4\" data-element_type=\"widget\" data-widget_type=\"image.default\">\n\t\t\t\t<div class=\"elementor-widget-container\">\n\t\t\t\t\t\t\t\t\t\t\t\t\t<img decoding=\"async\" width=\"966\" height=\"593\" src=\"https:\/\/feuerwehr-markdorf.de\/sfz\/wp-content\/uploads\/sites\/4\/2019\/12\/Spielmanns-und-Fanfarenzug-Markdorf-Stab\u00fcbergabe.jpg\" class=\"attachment-full size-full wp-image-51\" alt=\"\" srcset=\"https:\/\/feuerwehr-markdorf.de\/sfz\/wp-content\/uploads\/sites\/4\/2019\/12\/Spielmanns-und-Fanfarenzug-Markdorf-Stab\u00fcbergabe.jpg 966w, https:\/\/feuerwehr-markdorf.de\/sfz\/wp-content\/uploads\/sites\/4\/2019\/12\/Spielmanns-und-Fanfarenzug-Markdorf-Stab\u00fcbergabe-300x184.jpg 300w, https:\/\/feuerwehr-markdorf.de\/sfz\/wp-content\/uploads\/sites\/4\/2019\/12\/Spielmanns-und-Fanfarenzug-Markdorf-Stab\u00fcbergabe-768x471.jpg 768w\" sizes=\"(max-width: 966px) 100vw, 966px\" \/>\t\t\t\t\t\t\t\t\t\t\t\t\t<\/div>\n\t\t\t\t<\/div>\n\t\t\t\t\t<\/div>\n\t\t<\/div>\n\t\t\t\t\t<\/div>\n\t\t<\/section>\n\t\t\t\t<section class=\"elementor-section elementor-top-section elementor-element elementor-element-cd8af0b elementor-section-full_width elementor-section-height-default elementor-section-height-default\" data-id=\"cd8af0b\" data-element_type=\"section\">\n\t\t\t\t\t\t<div class=\"elementor-container elementor-column-gap-no\">\n\t\t\t\t\t<div class=\"elementor-column elementor-col-50 elementor-top-column elementor-element elementor-element-0cce158\" data-id=\"0cce158\" data-element_type=\"column\" data-settings=\"{&quot;background_background&quot;:&quot;classic&quot;}\">\n\t\t\t<div class=\"elementor-widget-wrap elementor-element-populated\">\n\t\t\t\t\t\t<div class=\"elementor-element elementor-element-54f0120 elementor-hidden-desktop elementor-hidden-tablet elementor-widget elementor-widget-image\" data-id=\"54f0120\" data-element_type=\"widget\" data-widget_type=\"image.default\">\n\t\t\t\t<div class=\"elementor-widget-container\">\n\t\t\t\t\t\t\t\t\t\t\t\t\t<img decoding=\"async\" width=\"960\" height=\"720\" src=\"https:\/\/feuerwehr-markdorf.de\/sfz\/wp-content\/uploads\/sites\/4\/2019\/12\/Spielmanns-und-Fanfarenzug-Landsknecht.jpg\" class=\"attachment-full size-full wp-image-52\" alt=\"\" srcset=\"https:\/\/feuerwehr-markdorf.de\/sfz\/wp-content\/uploads\/sites\/4\/2019\/12\/Spielmanns-und-Fanfarenzug-Landsknecht.jpg 960w, https:\/\/feuerwehr-markdorf.de\/sfz\/wp-content\/uploads\/sites\/4\/2019\/12\/Spielmanns-und-Fanfarenzug-Landsknecht-300x225.jpg 300w, https:\/\/feuerwehr-markdorf.de\/sfz\/wp-content\/uploads\/sites\/4\/2019\/12\/Spielmanns-und-Fanfarenzug-Landsknecht-768x576.jpg 768w\" sizes=\"(max-width: 960px) 100vw, 960px\" \/>\t\t\t\t\t\t\t\t\t\t\t\t\t<\/div>\n\t\t\t\t<\/div>\n\t\t\t\t\t<\/div>\n\t\t<\/div>\n\t\t\t\t<div class=\"elementor-column elementor-col-50 elementor-top-column elementor-element elementor-element-9bb82dc\" data-id=\"9bb82dc\" data-element_type=\"column\" data-settings=\"{&quot;background_background&quot;:&quot;classic&quot;}\">\n\t\t\t<div class=\"elementor-widget-wrap elementor-element-populated\">\n\t\t\t\t\t\t<div class=\"elementor-element elementor-element-d1b77d2 elementor-widget elementor-widget-text-editor\" data-id=\"d1b77d2\" data-element_type=\"widget\" data-widget_type=\"text-editor.default\">\n\t\t\t\t<div class=\"elementor-widget-container\">\n\t\t\t\t\t\t\t<p><strong>Aktives Mitglied<\/strong><\/p><p>Du m\u00f6chtest gerne ein Musikinstrument spielen oder dich ehrenamtlich engagieren. Du m\u00f6chtest, dass Dein Kind oder Deine Kinder ein Instrument erlernen oder einer interessanten und zukunftsorientierten Freizeitgestaltung nachgehen?<\/p><p>Wie bieten ein kameradschaftliches und attraktives Freizeitangebot, bei dem Jung und Alt gemeinsam musizieren und Spa\u00df haben!<\/p><p>\u00a0<\/p><p>\u00a0<\/p>\t\t\t\t\t\t<\/div>\n\t\t\t\t<\/div>\n\t\t\t\t\t<\/div>\n\t\t<\/div>\n\t\t\t\t\t<\/div>\n\t\t<\/section>\n\t\t\t\t<\/div>\n\t\t","protected":false},"excerpt":{"rendered":"<p>Spielmanns- und Fanfarenzug Seit 60 Jahren musiziert unser Spielmanns- und Fanfarenzug der Freiwilligen Feuerwehr zu verschiedenen Anlassen in der Gemeinde. Unsere Aufgabe ist die musikalische Unterst\u00fctzung der Feuerwehr mit repr\u00e4sentativen Auftritten. Seit der Gr\u00fcndung im Jahr 1960, finden wir uns jeden Freitag zum gemeinschaftlichen Proben im Feuerwehrhaus ein. Musikalische Eins\u00e4tze Konzerte bei Feuerwehren Auftritte in [&hellip;]<\/p>\n","protected":false},"author":1,"featured_media":0,"parent":0,"menu_order":0,"comment_status":"closed","ping_status":"closed","template":"","meta":{"advgb_blocks_editor_width":"","advgb_blocks_columns_visual_guide":"","ocean_post_layout":"","ocean_both_sidebars_style":"","ocean_both_sidebars_content_width":0,"ocean_both_sidebars_sidebars_width":0,"ocean_sidebar":"0","ocean_second_sidebar":"0","ocean_disable_margins":"enable","ocean_add_body_class":"","ocean_shortcode_before_top_bar":"","ocean_shortcode_after_top_bar":"","ocean_shortcode_before_header":"","ocean_shortcode_after_header":"","ocean_has_shortcode":"","ocean_shortcode_after_title":"","ocean_shortcode_before_footer_widgets":"","ocean_shortcode_after_footer_widgets":"","ocean_shortcode_before_footer_bottom":"","ocean_shortcode_after_footer_bottom":"","ocean_display_top_bar":"default","ocean_display_header":"default","ocean_header_style":"","ocean_center_header_left_menu":"0","ocean_custom_header_template":"0","ocean_custom_logo":0,"ocean_custom_retina_logo":0,"ocean_custom_logo_max_width":0,"ocean_custom_logo_tablet_max_width":0,"ocean_custom_logo_mobile_max_width":0,"ocean_custom_logo_max_height":0,"ocean_custom_logo_tablet_max_height":0,"ocean_custom_logo_mobile_max_height":0,"ocean_header_custom_menu":"0","ocean_menu_typo_font_family":"0","ocean_menu_typo_font_subset":"","ocean_menu_typo_font_size":0,"ocean_menu_typo_font_size_tablet":0,"ocean_menu_typo_font_size_mobile":0,"ocean_menu_typo_font_size_unit":"px","ocean_menu_typo_font_weight":"","ocean_menu_typo_font_weight_tablet":"","ocean_menu_typo_font_weight_mobile":"","ocean_menu_typo_transform":"","ocean_menu_typo_transform_tablet":"","ocean_menu_typo_transform_mobile":"","ocean_menu_typo_line_height":0,"ocean_menu_typo_line_height_tablet":0,"ocean_menu_typo_line_height_mobile":0,"ocean_menu_typo_line_height_unit":"","ocean_menu_typo_spacing":0,"ocean_menu_typo_spacing_tablet":0,"ocean_menu_typo_spacing_mobile":0,"ocean_menu_typo_spacing_unit":"","ocean_menu_link_color":"","ocean_menu_link_color_hover":"","ocean_menu_link_color_active":"","ocean_menu_link_background":"","ocean_menu_link_hover_background":"","ocean_menu_link_active_background":"","ocean_menu_social_links_bg":"","ocean_menu_social_hover_links_bg":"","ocean_menu_social_links_color":"","ocean_menu_social_hover_links_color":"","ocean_disable_title":"default","ocean_disable_heading":"default","ocean_post_title":"","ocean_post_subheading":"","ocean_post_title_style":"","ocean_post_title_background_color":"","ocean_post_title_background":0,"ocean_post_title_bg_image_position":"","ocean_post_title_bg_image_attachment":"","ocean_post_title_bg_image_repeat":"","ocean_post_title_bg_image_size":"","ocean_post_title_height":0,"ocean_post_title_bg_overlay":0.5,"ocean_post_title_bg_overlay_color":"","ocean_disable_breadcrumbs":"default","ocean_breadcrumbs_color":"","ocean_breadcrumbs_separator_color":"","ocean_breadcrumbs_links_color":"","ocean_breadcrumbs_links_hover_color":"","ocean_display_footer_widgets":"default","ocean_display_footer_bottom":"default","ocean_custom_footer_template":"0","footnotes":""},"categories":[],"tags":[],"class_list":["post-25","page","type-page","status-publish","hentry","entry"],"coauthors":[],"author_meta":{"author_link":"https:\/\/feuerwehr-markdorf.de\/sfz\/author\/tobiby\/","display_name":"tobiby"},"relative_dates":{"created":"Posted 6\u00a0Jahren ago","modified":"Updated 1\u00a0Jahr ago"},"absolute_dates":{"created":"Posted on 1. Dezember 2019","modified":"Updated on 23. M\u00e4rz 2025"},"absolute_dates_time":{"created":"Posted on 1. Dezember 2019 22:35","modified":"Updated on 23. M\u00e4rz 2025 20:40"},"featured_img_caption":"","featured_img":false,"series_order":"","_links":{"self":[{"href":"https:\/\/feuerwehr-markdorf.de\/sfz\/wp-json\/wp\/v2\/pages\/25","targetHints":{"allow":["GET"]}}],"collection":[{"href":"https:\/\/feuerwehr-markdorf.de\/sfz\/wp-json\/wp\/v2\/pages"}],"about":[{"href":"https:\/\/feuerwehr-markdorf.de\/sfz\/wp-json\/wp\/v2\/types\/page"}],"author":[{"embeddable":true,"href":"https:\/\/feuerwehr-markdorf.de\/sfz\/wp-json\/wp\/v2\/users\/1"}],"replies":[{"embeddable":true,"href":"https:\/\/feuerwehr-markdorf.de\/sfz\/wp-json\/wp\/v2\/comments?post=25"}],"version-history":[{"count":10,"href":"https:\/\/feuerwehr-markdorf.de\/sfz\/wp-json\/wp\/v2\/pages\/25\/revisions"}],"predecessor-version":[{"id":294,"href":"https:\/\/feuerwehr-markdorf.de\/sfz\/wp-json\/wp\/v2\/pages\/25\/revisions\/294"}],"wp:attachment":[{"href":"https:\/\/feuerwehr-markdorf.de\/sfz\/wp-json\/wp\/v2\/media?parent=25"}],"wp:term":[{"taxonomy":"category","embeddable":true,"href":"https:\/\/feuerwehr-markdorf.de\/sfz\/wp-json\/wp\/v2\/categories?post=25"},{"taxonomy":"post_tag","embeddable":true,"href":"https:\/\/feuerwehr-markdorf.de\/sfz\/wp-json\/wp\/v2\/tags?post=25"}],"curies":[{"name":"wp","href":"https:\/\/api.w.org\/{rel}","templated":true}]}}