{"id":402,"date":"2019-09-08T20:46:02","date_gmt":"2019-09-08T18:46:02","guid":{"rendered":"https:\/\/feuerwehr-markdorf.de\/feuerwehr\/?page_id=402"},"modified":"2022-06-27T10:48:56","modified_gmt":"2022-06-27T08:48:56","slug":"startseite-2","status":"publish","type":"page","link":"https:\/\/feuerwehr-markdorf.de\/feuerwehr\/","title":{"rendered":"Startseite"},"content":{"rendered":"\t\t<div data-elementor-type=\"wp-post\" data-elementor-id=\"402\" class=\"elementor elementor-402\">\n\t\t\t\t\t\t<section class=\"elementor-section elementor-top-section elementor-element elementor-element-ae11d81 elementor-section-full_width elementor-section-content-middle elementor-section-height-default elementor-section-height-default\" data-id=\"ae11d81\" data-element_type=\"section\">\n\t\t\t\t\t\t<div class=\"elementor-container elementor-column-gap-default\">\n\t\t\t\t\t<div class=\"elementor-column elementor-col-100 elementor-top-column elementor-element elementor-element-2d7194c\" data-id=\"2d7194c\" data-element_type=\"column\">\n\t\t\t<div class=\"elementor-widget-wrap elementor-element-populated\">\n\t\t\t\t\t\t<div class=\"elementor-element elementor-element-4ecb82a elementor-widget elementor-widget-shortcode\" data-id=\"4ecb82a\" data-element_type=\"widget\" data-widget_type=\"shortcode.default\">\n\t\t\t\t<div class=\"elementor-widget-container\">\n\t\t\t\t\t<div class=\"elementor-shortcode\"><\/div>\n\t\t\t\t<\/div>\n\t\t\t\t<\/div>\n\t\t\t\t\t<\/div>\n\t\t<\/div>\n\t\t\t\t\t<\/div>\n\t\t<\/section>\n\t\t\t\t<section class=\"elementor-section elementor-top-section elementor-element elementor-element-587eb17 elementor-section-full_width elementor-reverse-mobile elementor-section-height-default elementor-section-height-default\" data-id=\"587eb17\" data-element_type=\"section\">\n\t\t\t\t\t\t<div class=\"elementor-container elementor-column-gap-default\">\n\t\t\t\t\t<div class=\"elementor-column elementor-col-50 elementor-top-column elementor-element elementor-element-b760595\" data-id=\"b760595\" data-element_type=\"column\">\n\t\t\t<div class=\"elementor-widget-wrap elementor-element-populated\">\n\t\t\t\t\t\t<div class=\"elementor-element elementor-element-33ae95a elementor-align-center elementor-widget elementor-widget-oew-advanced-heading\" data-id=\"33ae95a\" data-element_type=\"widget\" data-widget_type=\"oew-advanced-heading.default\">\n\t\t\t\t<div class=\"elementor-widget-container\">\n\t\t\t\r\n\t\t<div class=\"oew-advanced-heading\">\r\n\r\n\t\t\t\t\t\t\t<div class=\"oew-background-heading oew-hide-tm\">\r\n\t\t\t\t\t<div>Aktuelles<\/div>\r\n\t\t\t\t<\/div>\r\n\t\t\t\t\t\t\t<h2  class=\"oew-main-heading\">\r\n\t\t\t\t\t<div>\r\n\t\t\t\t\t\tAktuelles\r\n\t\t\t\t\t\t\t\t\t\t\t<\/div>\r\n\t\t\t\t<\/h2>\r\n\t\t\t\r\n\t\t<\/div>\r\n\r\n\t\t\t<\/div>\n\t\t\t\t<\/div>\n\t\t\t\t<div class=\"elementor-element elementor-element-b158aa4 elementor-widget elementor-widget-oew-blog-grid\" data-id=\"b158aa4\" data-element_type=\"widget\" data-widget_type=\"oew-blog-grid.default\">\n\t\t\t\t<div class=\"elementor-widget-container\">\n\t\t\t\r\n\t\t\t<div class=\"oew-blog-grid clr oew-masonry\" data-columns data-desktop-columns=2 data-tablet-columns=1 >\r\n\r\n\t\t\t\t\r\n\t\t\t\t\t\t<article id=\"post-10915\" class=\"oew-grid-entry clr isotope-entry post-10915 post type-post status-publish format-standard has-post-thumbnail hentry category-aktuelles tag-brand tag-uebung entry has-media\">\r\n\r\n\t\t\t\t\t\t\t\r\n\t\t\t\t\t\t\t\t<div class=\"oew-grid-inner clr\">\r\n\r\n\t\t\t\t\t\t\t\t\t\r\n\t\t\t\t\t\t\t\t\t\t<div class=\"oew-grid-media clr\">\r\n\r\n\t\t\t\t\t\t\t\t\t\t\t<a href=\"https:\/\/feuerwehr-markdorf.de\/feuerwehr\/alarmuebung-der-abteilung-markdorf-stadt\/\" title=\"Alarm\u00fcbung der Abteilung Markdorf-Stadt\" class=\"oew-grid-img\">\r\n\r\n\t\t\t\t\t\t\t\t\t\t\t\t<img loading=\"lazy\" decoding=\"async\" width=\"1024\" height=\"713\" src=\"https:\/\/feuerwehr-markdorf.de\/feuerwehr\/wp-content\/uploads\/sites\/2\/2026\/03\/DSC_6192_kl-1024x713.jpg\" class=\"attachment-large size-large wp-post-image\" alt=\"Alarm\u00fcbung der Abteilung Markdorf-Stadt\" itemprop=\"image\" srcset=\"https:\/\/feuerwehr-markdorf.de\/feuerwehr\/wp-content\/uploads\/sites\/2\/2026\/03\/DSC_6192_kl-1024x713.jpg 1024w, https:\/\/feuerwehr-markdorf.de\/feuerwehr\/wp-content\/uploads\/sites\/2\/2026\/03\/DSC_6192_kl-300x209.jpg 300w, https:\/\/feuerwehr-markdorf.de\/feuerwehr\/wp-content\/uploads\/sites\/2\/2026\/03\/DSC_6192_kl-768x535.jpg 768w, https:\/\/feuerwehr-markdorf.de\/feuerwehr\/wp-content\/uploads\/sites\/2\/2026\/03\/DSC_6192_kl.jpg 1425w\" sizes=\"auto, (max-width: 1024px) 100vw, 1024px\" \/>\r\n\t\t\t\t\t\t\t\t\t\t\t\t<span class=\"overlay\">\r\n\t\t\t\t\t\t\t\t\t\t\t\t\t\t\t\t\t\t\t\t\t\t\t\t\t\t\t<span class=\"overlay-btn\">\r\n\t\t\t\t\t\t\t\t\t\t\t\t\t\t\tMehr\t\t\t\t\t\t\t\t\t\t\t\t\t\t<\/span>\r\n\t\t\t\t\t\t\t\t\t\t\t\t\t\t\t\t\t\t\t\t\t\t\t\t\t<\/span>\r\n\r\n\t\t\t\t\t\t\t\t\t\t\t<\/a>\r\n\r\n\t\t\t\t\t\t\t\t\t\t\t\r\n\t\t\t\t\t\t\t\t\t\t<\/div><!-- .oew-grid-media -->\r\n\r\n\t\t\t\t\t\t\t\t\t\r\n\t\t\t\t\t\t\t\t\t\r\n\t\t\t\t\t\t\t\t\t\t<div class=\"oew-grid-details clr\">\r\n\r\n\t\t\t\t\t\t\t\t\t\t\t\r\n\t\t\t\t\t\t\t\t\t\t\t\t<h2 class=\"oew-grid-title entry-title\">\r\n\t\t\t\t\t\t\t\t\t\t\t\t\t<a href=\"https:\/\/feuerwehr-markdorf.de\/feuerwehr\/alarmuebung-der-abteilung-markdorf-stadt\/\" title=\"Alarm\u00fcbung der Abteilung Markdorf-Stadt\">Alarm\u00fcbung der Abteilung Markdorf-Stadt<\/a>\r\n\t\t\t\t\t\t\t\t\t\t\t\t<\/h2>\r\n\r\n\t\t\t\t\t\t\t\t\t\t\t\r\n\t\t\t\t\t\t\t\t\t\t\t\r\n\t\t\t\t\t\t\t\t\t\t<\/div><!-- .oew-grid-details -->\r\n\r\n\t\t\t\t\t\t\t\t\t\r\n\t\t\t\t\t\t\t\t\t\r\n\t\t\t\t\t\t\t\t<\/div>\r\n\r\n\t\t\t\t\t\t\t\r\n\t\t\t\t\t\t<\/article>\r\n\r\n\t\t\t\t\t\r\n\t\t\t\t\t\r\n\t\t\t\t\t\t<article id=\"post-10870\" class=\"oew-grid-entry clr isotope-entry post-10870 post type-post status-publish format-standard has-post-thumbnail hentry category-aktuelles entry has-media\">\r\n\r\n\t\t\t\t\t\t\t\r\n\t\t\t\t\t\t\t\t<div class=\"oew-grid-inner clr\">\r\n\r\n\t\t\t\t\t\t\t\t\t\r\n\t\t\t\t\t\t\t\t\t\t<div class=\"oew-grid-media clr\">\r\n\r\n\t\t\t\t\t\t\t\t\t\t\t<a href=\"https:\/\/feuerwehr-markdorf.de\/feuerwehr\/jahreshauptversammlung-abteilung-riedheim-3\/\" title=\"Jahreshauptversammlung Abteilung Riedheim\" class=\"oew-grid-img\">\r\n\r\n\t\t\t\t\t\t\t\t\t\t\t\t<img loading=\"lazy\" decoding=\"async\" width=\"1024\" height=\"730\" src=\"https:\/\/feuerwehr-markdorf.de\/feuerwehr\/wp-content\/uploads\/sites\/2\/2026\/03\/01-1024x730.jpg\" class=\"attachment-large size-large wp-post-image\" alt=\"Jahreshauptversammlung Abteilung Riedheim\" itemprop=\"image\" srcset=\"https:\/\/feuerwehr-markdorf.de\/feuerwehr\/wp-content\/uploads\/sites\/2\/2026\/03\/01-1024x730.jpg 1024w, https:\/\/feuerwehr-markdorf.de\/feuerwehr\/wp-content\/uploads\/sites\/2\/2026\/03\/01-300x214.jpg 300w, https:\/\/feuerwehr-markdorf.de\/feuerwehr\/wp-content\/uploads\/sites\/2\/2026\/03\/01-768x548.jpg 768w, https:\/\/feuerwehr-markdorf.de\/feuerwehr\/wp-content\/uploads\/sites\/2\/2026\/03\/01.jpg 1200w\" sizes=\"auto, (max-width: 1024px) 100vw, 1024px\" \/>\r\n\t\t\t\t\t\t\t\t\t\t\t\t<span class=\"overlay\">\r\n\t\t\t\t\t\t\t\t\t\t\t\t\t\t\t\t\t\t\t\t\t\t\t\t\t\t\t<span class=\"overlay-btn\">\r\n\t\t\t\t\t\t\t\t\t\t\t\t\t\t\tMehr\t\t\t\t\t\t\t\t\t\t\t\t\t\t<\/span>\r\n\t\t\t\t\t\t\t\t\t\t\t\t\t\t\t\t\t\t\t\t\t\t\t\t\t<\/span>\r\n\r\n\t\t\t\t\t\t\t\t\t\t\t<\/a>\r\n\r\n\t\t\t\t\t\t\t\t\t\t\t\r\n\t\t\t\t\t\t\t\t\t\t<\/div><!-- .oew-grid-media -->\r\n\r\n\t\t\t\t\t\t\t\t\t\r\n\t\t\t\t\t\t\t\t\t\r\n\t\t\t\t\t\t\t\t\t\t<div class=\"oew-grid-details clr\">\r\n\r\n\t\t\t\t\t\t\t\t\t\t\t\r\n\t\t\t\t\t\t\t\t\t\t\t\t<h2 class=\"oew-grid-title entry-title\">\r\n\t\t\t\t\t\t\t\t\t\t\t\t\t<a href=\"https:\/\/feuerwehr-markdorf.de\/feuerwehr\/jahreshauptversammlung-abteilung-riedheim-3\/\" title=\"Jahreshauptversammlung Abteilung Riedheim\">Jahreshauptversammlung Abteilung Riedheim<\/a>\r\n\t\t\t\t\t\t\t\t\t\t\t\t<\/h2>\r\n\r\n\t\t\t\t\t\t\t\t\t\t\t\r\n\t\t\t\t\t\t\t\t\t\t\t\r\n\t\t\t\t\t\t\t\t\t\t<\/div><!-- .oew-grid-details -->\r\n\r\n\t\t\t\t\t\t\t\t\t\r\n\t\t\t\t\t\t\t\t\t\r\n\t\t\t\t\t\t\t\t<\/div>\r\n\r\n\t\t\t\t\t\t\t\r\n\t\t\t\t\t\t<\/article>\r\n\r\n\t\t\t\t\t\r\n\t\t\t\t\t\r\n\t\t\t\t\t\t<article id=\"post-10824\" class=\"oew-grid-entry clr isotope-entry post-10824 post type-post status-publish format-standard has-post-thumbnail hentry category-aktuelles entry has-media\">\r\n\r\n\t\t\t\t\t\t\t\r\n\t\t\t\t\t\t\t\t<div class=\"oew-grid-inner clr\">\r\n\r\n\t\t\t\t\t\t\t\t\t\r\n\t\t\t\t\t\t\t\t\t\t<div class=\"oew-grid-media clr\">\r\n\r\n\t\t\t\t\t\t\t\t\t\t\t<a href=\"https:\/\/feuerwehr-markdorf.de\/feuerwehr\/feuerzauber-fuer-den-guten-zweck-freiwillige-feuerwehr-ittendorf-spendet-erneut-an-das-kinderhospiz-st-nikolaus\/\" title=\"&#8220;Feuerzauber&#8221; f\u00fcr den guten Zweck: Abteilung Ittendorf spendet erneut an das Kinderhospiz St. Nikolaus\" class=\"oew-grid-img\">\r\n\r\n\t\t\t\t\t\t\t\t\t\t\t\t<img loading=\"lazy\" decoding=\"async\" width=\"835\" height=\"558\" src=\"https:\/\/feuerwehr-markdorf.de\/feuerwehr\/wp-content\/uploads\/sites\/2\/2026\/02\/Bild1.jpg\" class=\"attachment-large size-large wp-post-image\" alt=\"&#8220;Feuerzauber&#8221; f\u00fcr den guten Zweck: Abteilung Ittendorf spendet erneut an das Kinderhospiz St. Nikolaus\" itemprop=\"image\" srcset=\"https:\/\/feuerwehr-markdorf.de\/feuerwehr\/wp-content\/uploads\/sites\/2\/2026\/02\/Bild1.jpg 835w, https:\/\/feuerwehr-markdorf.de\/feuerwehr\/wp-content\/uploads\/sites\/2\/2026\/02\/Bild1-300x200.jpg 300w, https:\/\/feuerwehr-markdorf.de\/feuerwehr\/wp-content\/uploads\/sites\/2\/2026\/02\/Bild1-768x513.jpg 768w\" sizes=\"auto, (max-width: 835px) 100vw, 835px\" \/>\r\n\t\t\t\t\t\t\t\t\t\t\t\t<span class=\"overlay\">\r\n\t\t\t\t\t\t\t\t\t\t\t\t\t\t\t\t\t\t\t\t\t\t\t\t\t\t\t<span class=\"overlay-btn\">\r\n\t\t\t\t\t\t\t\t\t\t\t\t\t\t\tMehr\t\t\t\t\t\t\t\t\t\t\t\t\t\t<\/span>\r\n\t\t\t\t\t\t\t\t\t\t\t\t\t\t\t\t\t\t\t\t\t\t\t\t\t<\/span>\r\n\r\n\t\t\t\t\t\t\t\t\t\t\t<\/a>\r\n\r\n\t\t\t\t\t\t\t\t\t\t\t\r\n\t\t\t\t\t\t\t\t\t\t<\/div><!-- .oew-grid-media -->\r\n\r\n\t\t\t\t\t\t\t\t\t\r\n\t\t\t\t\t\t\t\t\t\r\n\t\t\t\t\t\t\t\t\t\t<div class=\"oew-grid-details clr\">\r\n\r\n\t\t\t\t\t\t\t\t\t\t\t\r\n\t\t\t\t\t\t\t\t\t\t\t\t<h2 class=\"oew-grid-title entry-title\">\r\n\t\t\t\t\t\t\t\t\t\t\t\t\t<a href=\"https:\/\/feuerwehr-markdorf.de\/feuerwehr\/feuerzauber-fuer-den-guten-zweck-freiwillige-feuerwehr-ittendorf-spendet-erneut-an-das-kinderhospiz-st-nikolaus\/\" title=\"&#8220;Feuerzauber&#8221; f\u00fcr den guten Zweck: Abteilung Ittendorf spendet erneut an das Kinderhospiz St. Nikolaus\">\"Feuerzauber\" f\u00fcr den guten Zweck: Abteilung Ittendorf spendet erneut an das Kinderhospiz St. Nikolaus<\/a>\r\n\t\t\t\t\t\t\t\t\t\t\t\t<\/h2>\r\n\r\n\t\t\t\t\t\t\t\t\t\t\t\r\n\t\t\t\t\t\t\t\t\t\t\t\r\n\t\t\t\t\t\t\t\t\t\t<\/div><!-- .oew-grid-details -->\r\n\r\n\t\t\t\t\t\t\t\t\t\r\n\t\t\t\t\t\t\t\t\t\r\n\t\t\t\t\t\t\t\t<\/div>\r\n\r\n\t\t\t\t\t\t\t\r\n\t\t\t\t\t\t<\/article>\r\n\r\n\t\t\t\t\t\r\n\t\t\t\t\t\r\n\t\t\t\t\t\t<article id=\"post-10786\" class=\"oew-grid-entry clr isotope-entry post-10786 post type-post status-publish format-standard has-post-thumbnail hentry category-aktuelles entry has-media\">\r\n\r\n\t\t\t\t\t\t\t\r\n\t\t\t\t\t\t\t\t<div class=\"oew-grid-inner clr\">\r\n\r\n\t\t\t\t\t\t\t\t\t\r\n\t\t\t\t\t\t\t\t\t\t<div class=\"oew-grid-media clr\">\r\n\r\n\t\t\t\t\t\t\t\t\t\t\t<a href=\"https:\/\/feuerwehr-markdorf.de\/feuerwehr\/marco-weimer-und-patrik-seidel-vom-gemeinderat-bestaetigt\/\" title=\"Marco Weimer und Patrik Seidel vom Gemeinderat best\u00e4tigt\" class=\"oew-grid-img\">\r\n\r\n\t\t\t\t\t\t\t\t\t\t\t\t<img loading=\"lazy\" decoding=\"async\" width=\"1024\" height=\"707\" src=\"https:\/\/feuerwehr-markdorf.de\/feuerwehr\/wp-content\/uploads\/sites\/2\/2026\/01\/mdx-22-mar-feuerwehr-ernennung--1024x707.jpg\" class=\"attachment-large size-large wp-post-image\" alt=\"Marco Weimer und Patrik Seidel vom Gemeinderat best\u00e4tigt\" itemprop=\"image\" srcset=\"https:\/\/feuerwehr-markdorf.de\/feuerwehr\/wp-content\/uploads\/sites\/2\/2026\/01\/mdx-22-mar-feuerwehr-ernennung--1024x707.jpg 1024w, https:\/\/feuerwehr-markdorf.de\/feuerwehr\/wp-content\/uploads\/sites\/2\/2026\/01\/mdx-22-mar-feuerwehr-ernennung--300x207.jpg 300w, https:\/\/feuerwehr-markdorf.de\/feuerwehr\/wp-content\/uploads\/sites\/2\/2026\/01\/mdx-22-mar-feuerwehr-ernennung--768x530.jpg 768w, https:\/\/feuerwehr-markdorf.de\/feuerwehr\/wp-content\/uploads\/sites\/2\/2026\/01\/mdx-22-mar-feuerwehr-ernennung--1536x1060.jpg 1536w, https:\/\/feuerwehr-markdorf.de\/feuerwehr\/wp-content\/uploads\/sites\/2\/2026\/01\/mdx-22-mar-feuerwehr-ernennung--2048x1413.jpg 2048w\" sizes=\"auto, (max-width: 1024px) 100vw, 1024px\" \/>\r\n\t\t\t\t\t\t\t\t\t\t\t\t<span class=\"overlay\">\r\n\t\t\t\t\t\t\t\t\t\t\t\t\t\t\t\t\t\t\t\t\t\t\t\t\t\t\t<span class=\"overlay-btn\">\r\n\t\t\t\t\t\t\t\t\t\t\t\t\t\t\tMehr\t\t\t\t\t\t\t\t\t\t\t\t\t\t<\/span>\r\n\t\t\t\t\t\t\t\t\t\t\t\t\t\t\t\t\t\t\t\t\t\t\t\t\t<\/span>\r\n\r\n\t\t\t\t\t\t\t\t\t\t\t<\/a>\r\n\r\n\t\t\t\t\t\t\t\t\t\t\t\r\n\t\t\t\t\t\t\t\t\t\t<\/div><!-- .oew-grid-media -->\r\n\r\n\t\t\t\t\t\t\t\t\t\r\n\t\t\t\t\t\t\t\t\t\r\n\t\t\t\t\t\t\t\t\t\t<div class=\"oew-grid-details clr\">\r\n\r\n\t\t\t\t\t\t\t\t\t\t\t\r\n\t\t\t\t\t\t\t\t\t\t\t\t<h2 class=\"oew-grid-title entry-title\">\r\n\t\t\t\t\t\t\t\t\t\t\t\t\t<a href=\"https:\/\/feuerwehr-markdorf.de\/feuerwehr\/marco-weimer-und-patrik-seidel-vom-gemeinderat-bestaetigt\/\" title=\"Marco Weimer und Patrik Seidel vom Gemeinderat best\u00e4tigt\">Marco Weimer und Patrik Seidel vom Gemeinderat best\u00e4tigt<\/a>\r\n\t\t\t\t\t\t\t\t\t\t\t\t<\/h2>\r\n\r\n\t\t\t\t\t\t\t\t\t\t\t\r\n\t\t\t\t\t\t\t\t\t\t\t\r\n\t\t\t\t\t\t\t\t\t\t<\/div><!-- .oew-grid-details -->\r\n\r\n\t\t\t\t\t\t\t\t\t\r\n\t\t\t\t\t\t\t\t\t\r\n\t\t\t\t\t\t\t\t<\/div>\r\n\r\n\t\t\t\t\t\t\t\r\n\t\t\t\t\t\t<\/article>\r\n\r\n\t\t\t\t\t\r\n\t\t\t\t\t\r\n\t\t\t\t\t\t<article id=\"post-10687\" class=\"oew-grid-entry clr isotope-entry post-10687 post type-post status-publish format-standard has-post-thumbnail hentry category-aktuelles entry has-media\">\r\n\r\n\t\t\t\t\t\t\t\r\n\t\t\t\t\t\t\t\t<div class=\"oew-grid-inner clr\">\r\n\r\n\t\t\t\t\t\t\t\t\t\r\n\t\t\t\t\t\t\t\t\t\t<div class=\"oew-grid-media clr\">\r\n\r\n\t\t\t\t\t\t\t\t\t\t\t<a href=\"https:\/\/feuerwehr-markdorf.de\/feuerwehr\/jahreshauptversammlung-2026-der-freiwilligen-feuerwehr-markdorf\/\" title=\"Jahreshauptversammlung 2026 der Freiwilligen Feuerwehr Markdorf\" class=\"oew-grid-img\">\r\n\r\n\t\t\t\t\t\t\t\t\t\t\t\t<img loading=\"lazy\" decoding=\"async\" width=\"1024\" height=\"681\" src=\"https:\/\/feuerwehr-markdorf.de\/feuerwehr\/wp-content\/uploads\/sites\/2\/2026\/01\/DSC_3947_kl-1024x681.jpg\" class=\"attachment-large size-large wp-post-image\" alt=\"Jahreshauptversammlung 2026 der Freiwilligen Feuerwehr Markdorf\" itemprop=\"image\" srcset=\"https:\/\/feuerwehr-markdorf.de\/feuerwehr\/wp-content\/uploads\/sites\/2\/2026\/01\/DSC_3947_kl-1024x681.jpg 1024w, https:\/\/feuerwehr-markdorf.de\/feuerwehr\/wp-content\/uploads\/sites\/2\/2026\/01\/DSC_3947_kl-300x200.jpg 300w, https:\/\/feuerwehr-markdorf.de\/feuerwehr\/wp-content\/uploads\/sites\/2\/2026\/01\/DSC_3947_kl-768x511.jpg 768w, https:\/\/feuerwehr-markdorf.de\/feuerwehr\/wp-content\/uploads\/sites\/2\/2026\/01\/DSC_3947_kl.jpg 1278w\" sizes=\"auto, (max-width: 1024px) 100vw, 1024px\" \/>\r\n\t\t\t\t\t\t\t\t\t\t\t\t<span class=\"overlay\">\r\n\t\t\t\t\t\t\t\t\t\t\t\t\t\t\t\t\t\t\t\t\t\t\t\t\t\t\t<span class=\"overlay-btn\">\r\n\t\t\t\t\t\t\t\t\t\t\t\t\t\t\tMehr\t\t\t\t\t\t\t\t\t\t\t\t\t\t<\/span>\r\n\t\t\t\t\t\t\t\t\t\t\t\t\t\t\t\t\t\t\t\t\t\t\t\t\t<\/span>\r\n\r\n\t\t\t\t\t\t\t\t\t\t\t<\/a>\r\n\r\n\t\t\t\t\t\t\t\t\t\t\t\r\n\t\t\t\t\t\t\t\t\t\t<\/div><!-- .oew-grid-media -->\r\n\r\n\t\t\t\t\t\t\t\t\t\r\n\t\t\t\t\t\t\t\t\t\r\n\t\t\t\t\t\t\t\t\t\t<div class=\"oew-grid-details clr\">\r\n\r\n\t\t\t\t\t\t\t\t\t\t\t\r\n\t\t\t\t\t\t\t\t\t\t\t\t<h2 class=\"oew-grid-title entry-title\">\r\n\t\t\t\t\t\t\t\t\t\t\t\t\t<a href=\"https:\/\/feuerwehr-markdorf.de\/feuerwehr\/jahreshauptversammlung-2026-der-freiwilligen-feuerwehr-markdorf\/\" title=\"Jahreshauptversammlung 2026 der Freiwilligen Feuerwehr Markdorf\">Jahreshauptversammlung 2026 der Freiwilligen Feuerwehr Markdorf<\/a>\r\n\t\t\t\t\t\t\t\t\t\t\t\t<\/h2>\r\n\r\n\t\t\t\t\t\t\t\t\t\t\t\r\n\t\t\t\t\t\t\t\t\t\t\t\r\n\t\t\t\t\t\t\t\t\t\t<\/div><!-- .oew-grid-details -->\r\n\r\n\t\t\t\t\t\t\t\t\t\r\n\t\t\t\t\t\t\t\t\t\r\n\t\t\t\t\t\t\t\t<\/div>\r\n\r\n\t\t\t\t\t\t\t\r\n\t\t\t\t\t\t<\/article>\r\n\r\n\t\t\t\t\t\r\n\t\t\t\t\t\r\n\t\t\t\t\t\t<article id=\"post-10684\" class=\"oew-grid-entry clr isotope-entry post-10684 post type-post status-publish format-standard has-post-thumbnail hentry category-aktuelles entry has-media\">\r\n\r\n\t\t\t\t\t\t\t\r\n\t\t\t\t\t\t\t\t<div class=\"oew-grid-inner clr\">\r\n\r\n\t\t\t\t\t\t\t\t\t\r\n\t\t\t\t\t\t\t\t\t\t<div class=\"oew-grid-media clr\">\r\n\r\n\t\t\t\t\t\t\t\t\t\t\t<a href=\"https:\/\/feuerwehr-markdorf.de\/feuerwehr\/jahresstatistik-2025-193-einsaetze-im-vergangenen-jahr\/\" title=\"Jahresstatistik 2025: 193 Eins\u00e4tze im vergangenen Jahr\" class=\"oew-grid-img\">\r\n\r\n\t\t\t\t\t\t\t\t\t\t\t\t<img loading=\"lazy\" decoding=\"async\" width=\"809\" height=\"595\" src=\"https:\/\/feuerwehr-markdorf.de\/feuerwehr\/wp-content\/uploads\/sites\/2\/2026\/01\/Statistik-2025.jpg\" class=\"attachment-large size-large wp-post-image\" alt=\"Jahresstatistik 2025: 193 Eins\u00e4tze im vergangenen Jahr\" itemprop=\"image\" srcset=\"https:\/\/feuerwehr-markdorf.de\/feuerwehr\/wp-content\/uploads\/sites\/2\/2026\/01\/Statistik-2025.jpg 809w, https:\/\/feuerwehr-markdorf.de\/feuerwehr\/wp-content\/uploads\/sites\/2\/2026\/01\/Statistik-2025-300x221.jpg 300w, https:\/\/feuerwehr-markdorf.de\/feuerwehr\/wp-content\/uploads\/sites\/2\/2026\/01\/Statistik-2025-768x565.jpg 768w\" sizes=\"auto, (max-width: 809px) 100vw, 809px\" \/>\r\n\t\t\t\t\t\t\t\t\t\t\t\t<span class=\"overlay\">\r\n\t\t\t\t\t\t\t\t\t\t\t\t\t\t\t\t\t\t\t\t\t\t\t\t\t\t\t<span class=\"overlay-btn\">\r\n\t\t\t\t\t\t\t\t\t\t\t\t\t\t\tMehr\t\t\t\t\t\t\t\t\t\t\t\t\t\t<\/span>\r\n\t\t\t\t\t\t\t\t\t\t\t\t\t\t\t\t\t\t\t\t\t\t\t\t\t<\/span>\r\n\r\n\t\t\t\t\t\t\t\t\t\t\t<\/a>\r\n\r\n\t\t\t\t\t\t\t\t\t\t\t\r\n\t\t\t\t\t\t\t\t\t\t<\/div><!-- .oew-grid-media -->\r\n\r\n\t\t\t\t\t\t\t\t\t\r\n\t\t\t\t\t\t\t\t\t\r\n\t\t\t\t\t\t\t\t\t\t<div class=\"oew-grid-details clr\">\r\n\r\n\t\t\t\t\t\t\t\t\t\t\t\r\n\t\t\t\t\t\t\t\t\t\t\t\t<h2 class=\"oew-grid-title entry-title\">\r\n\t\t\t\t\t\t\t\t\t\t\t\t\t<a href=\"https:\/\/feuerwehr-markdorf.de\/feuerwehr\/jahresstatistik-2025-193-einsaetze-im-vergangenen-jahr\/\" title=\"Jahresstatistik 2025: 193 Eins\u00e4tze im vergangenen Jahr\">Jahresstatistik 2025: 193 Eins\u00e4tze im vergangenen Jahr<\/a>\r\n\t\t\t\t\t\t\t\t\t\t\t\t<\/h2>\r\n\r\n\t\t\t\t\t\t\t\t\t\t\t\r\n\t\t\t\t\t\t\t\t\t\t\t\r\n\t\t\t\t\t\t\t\t\t\t<\/div><!-- .oew-grid-details -->\r\n\r\n\t\t\t\t\t\t\t\t\t\r\n\t\t\t\t\t\t\t\t\t\r\n\t\t\t\t\t\t\t\t<\/div>\r\n\r\n\t\t\t\t\t\t\t\r\n\t\t\t\t\t\t<\/article>\r\n\r\n\t\t\t\t\t\r\n\t\t\t\t\t\r\n\t\t\t\t\t\t<article id=\"post-10458\" class=\"oew-grid-entry clr isotope-entry post-10458 post type-post status-publish format-standard has-post-thumbnail hentry category-aktuelles entry has-media\">\r\n\r\n\t\t\t\t\t\t\t\r\n\t\t\t\t\t\t\t\t<div class=\"oew-grid-inner clr\">\r\n\r\n\t\t\t\t\t\t\t\t\t\r\n\t\t\t\t\t\t\t\t\t\t<div class=\"oew-grid-media clr\">\r\n\r\n\t\t\t\t\t\t\t\t\t\t\t<a href=\"https:\/\/feuerwehr-markdorf.de\/feuerwehr\/haupt-und-abschlussuebung-2025-abteilung-riedheim\/\" title=\"Haupt- und Abschlu\u00df\u00fcbung 2025 Abteilung Riedheim\" class=\"oew-grid-img\">\r\n\r\n\t\t\t\t\t\t\t\t\t\t\t\t<img loading=\"lazy\" decoding=\"async\" width=\"1024\" height=\"681\" src=\"https:\/\/feuerwehr-markdorf.de\/feuerwehr\/wp-content\/uploads\/sites\/2\/2025\/11\/DSC_3582_kl-1024x681.jpg\" class=\"attachment-large size-large wp-post-image\" alt=\"Haupt- und Abschlu\u00df\u00fcbung 2025 Abteilung Riedheim\" itemprop=\"image\" srcset=\"https:\/\/feuerwehr-markdorf.de\/feuerwehr\/wp-content\/uploads\/sites\/2\/2025\/11\/DSC_3582_kl-1024x681.jpg 1024w, https:\/\/feuerwehr-markdorf.de\/feuerwehr\/wp-content\/uploads\/sites\/2\/2025\/11\/DSC_3582_kl-300x200.jpg 300w, https:\/\/feuerwehr-markdorf.de\/feuerwehr\/wp-content\/uploads\/sites\/2\/2025\/11\/DSC_3582_kl-768x511.jpg 768w, https:\/\/feuerwehr-markdorf.de\/feuerwehr\/wp-content\/uploads\/sites\/2\/2025\/11\/DSC_3582_kl.jpg 1491w\" sizes=\"auto, (max-width: 1024px) 100vw, 1024px\" \/>\r\n\t\t\t\t\t\t\t\t\t\t\t\t<span class=\"overlay\">\r\n\t\t\t\t\t\t\t\t\t\t\t\t\t\t\t\t\t\t\t\t\t\t\t\t\t\t\t<span class=\"overlay-btn\">\r\n\t\t\t\t\t\t\t\t\t\t\t\t\t\t\tMehr\t\t\t\t\t\t\t\t\t\t\t\t\t\t<\/span>\r\n\t\t\t\t\t\t\t\t\t\t\t\t\t\t\t\t\t\t\t\t\t\t\t\t\t<\/span>\r\n\r\n\t\t\t\t\t\t\t\t\t\t\t<\/a>\r\n\r\n\t\t\t\t\t\t\t\t\t\t\t\r\n\t\t\t\t\t\t\t\t\t\t<\/div><!-- .oew-grid-media -->\r\n\r\n\t\t\t\t\t\t\t\t\t\r\n\t\t\t\t\t\t\t\t\t\r\n\t\t\t\t\t\t\t\t\t\t<div class=\"oew-grid-details clr\">\r\n\r\n\t\t\t\t\t\t\t\t\t\t\t\r\n\t\t\t\t\t\t\t\t\t\t\t\t<h2 class=\"oew-grid-title entry-title\">\r\n\t\t\t\t\t\t\t\t\t\t\t\t\t<a href=\"https:\/\/feuerwehr-markdorf.de\/feuerwehr\/haupt-und-abschlussuebung-2025-abteilung-riedheim\/\" title=\"Haupt- und Abschlu\u00df\u00fcbung 2025 Abteilung Riedheim\">Haupt- und Abschlu\u00df\u00fcbung 2025 Abteilung Riedheim<\/a>\r\n\t\t\t\t\t\t\t\t\t\t\t\t<\/h2>\r\n\r\n\t\t\t\t\t\t\t\t\t\t\t\r\n\t\t\t\t\t\t\t\t\t\t\t\r\n\t\t\t\t\t\t\t\t\t\t<\/div><!-- .oew-grid-details -->\r\n\r\n\t\t\t\t\t\t\t\t\t\r\n\t\t\t\t\t\t\t\t\t\r\n\t\t\t\t\t\t\t\t<\/div>\r\n\r\n\t\t\t\t\t\t\t\r\n\t\t\t\t\t\t<\/article>\r\n\r\n\t\t\t\t\t\r\n\t\t\t\t\t\r\n\t\t\t\t\t\t<article id=\"post-10449\" class=\"oew-grid-entry clr isotope-entry post-10449 post type-post status-publish format-standard has-post-thumbnail hentry category-aktuelles entry has-media\">\r\n\r\n\t\t\t\t\t\t\t\r\n\t\t\t\t\t\t\t\t<div class=\"oew-grid-inner clr\">\r\n\r\n\t\t\t\t\t\t\t\t\t\r\n\t\t\t\t\t\t\t\t\t\t<div class=\"oew-grid-media clr\">\r\n\r\n\t\t\t\t\t\t\t\t\t\t\t<a href=\"https:\/\/feuerwehr-markdorf.de\/feuerwehr\/mannschaftsfotos-2025\/\" title=\"Mannschaftsfotos 2025\" class=\"oew-grid-img\">\r\n\r\n\t\t\t\t\t\t\t\t\t\t\t\t<img loading=\"lazy\" decoding=\"async\" width=\"1024\" height=\"526\" src=\"https:\/\/feuerwehr-markdorf.de\/feuerwehr\/wp-content\/uploads\/sites\/2\/2025\/11\/12_250928_103823_fwm_0744__voll_kl-1024x526.jpg\" class=\"attachment-large size-large wp-post-image\" alt=\"Mannschaftsfotos 2025\" itemprop=\"image\" srcset=\"https:\/\/feuerwehr-markdorf.de\/feuerwehr\/wp-content\/uploads\/sites\/2\/2025\/11\/12_250928_103823_fwm_0744__voll_kl-1024x526.jpg 1024w, https:\/\/feuerwehr-markdorf.de\/feuerwehr\/wp-content\/uploads\/sites\/2\/2025\/11\/12_250928_103823_fwm_0744__voll_kl-300x154.jpg 300w, https:\/\/feuerwehr-markdorf.de\/feuerwehr\/wp-content\/uploads\/sites\/2\/2025\/11\/12_250928_103823_fwm_0744__voll_kl-768x395.jpg 768w, https:\/\/feuerwehr-markdorf.de\/feuerwehr\/wp-content\/uploads\/sites\/2\/2025\/11\/12_250928_103823_fwm_0744__voll_kl-1536x790.jpg 1536w, https:\/\/feuerwehr-markdorf.de\/feuerwehr\/wp-content\/uploads\/sites\/2\/2025\/11\/12_250928_103823_fwm_0744__voll_kl.jpg 1741w\" sizes=\"auto, (max-width: 1024px) 100vw, 1024px\" \/>\r\n\t\t\t\t\t\t\t\t\t\t\t\t<span class=\"overlay\">\r\n\t\t\t\t\t\t\t\t\t\t\t\t\t\t\t\t\t\t\t\t\t\t\t\t\t\t\t<span class=\"overlay-btn\">\r\n\t\t\t\t\t\t\t\t\t\t\t\t\t\t\tMehr\t\t\t\t\t\t\t\t\t\t\t\t\t\t<\/span>\r\n\t\t\t\t\t\t\t\t\t\t\t\t\t\t\t\t\t\t\t\t\t\t\t\t\t<\/span>\r\n\r\n\t\t\t\t\t\t\t\t\t\t\t<\/a>\r\n\r\n\t\t\t\t\t\t\t\t\t\t\t\r\n\t\t\t\t\t\t\t\t\t\t<\/div><!-- .oew-grid-media -->\r\n\r\n\t\t\t\t\t\t\t\t\t\r\n\t\t\t\t\t\t\t\t\t\r\n\t\t\t\t\t\t\t\t\t\t<div class=\"oew-grid-details clr\">\r\n\r\n\t\t\t\t\t\t\t\t\t\t\t\r\n\t\t\t\t\t\t\t\t\t\t\t\t<h2 class=\"oew-grid-title entry-title\">\r\n\t\t\t\t\t\t\t\t\t\t\t\t\t<a href=\"https:\/\/feuerwehr-markdorf.de\/feuerwehr\/mannschaftsfotos-2025\/\" title=\"Mannschaftsfotos 2025\">Mannschaftsfotos 2025<\/a>\r\n\t\t\t\t\t\t\t\t\t\t\t\t<\/h2>\r\n\r\n\t\t\t\t\t\t\t\t\t\t\t\r\n\t\t\t\t\t\t\t\t\t\t\t\r\n\t\t\t\t\t\t\t\t\t\t<\/div><!-- .oew-grid-details -->\r\n\r\n\t\t\t\t\t\t\t\t\t\r\n\t\t\t\t\t\t\t\t\t\r\n\t\t\t\t\t\t\t\t<\/div>\r\n\r\n\t\t\t\t\t\t\t\r\n\t\t\t\t\t\t<\/article>\r\n\r\n\t\t\t\t\t\r\n\t\t\t\t\t\r\n\t\t\t\t\t\t<article id=\"post-10319\" class=\"oew-grid-entry clr isotope-entry post-10319 post type-post status-publish format-standard has-post-thumbnail hentry category-aktuelles entry has-media\">\r\n\r\n\t\t\t\t\t\t\t\r\n\t\t\t\t\t\t\t\t<div class=\"oew-grid-inner clr\">\r\n\r\n\t\t\t\t\t\t\t\t\t\r\n\t\t\t\t\t\t\t\t\t\t<div class=\"oew-grid-media clr\">\r\n\r\n\t\t\t\t\t\t\t\t\t\t\t<a href=\"https:\/\/feuerwehr-markdorf.de\/feuerwehr\/ausbildung-vegetationsbrandbekaempfung\/\" title=\"Ausbildung Vegetationsbrandbek\u00e4mpfung\" class=\"oew-grid-img\">\r\n\r\n\t\t\t\t\t\t\t\t\t\t\t\t<img loading=\"lazy\" decoding=\"async\" width=\"1024\" height=\"756\" src=\"https:\/\/feuerwehr-markdorf.de\/feuerwehr\/wp-content\/uploads\/sites\/2\/2025\/09\/IMG_4087-1024x756.jpg\" class=\"attachment-large size-large wp-post-image\" alt=\"Ausbildung Vegetationsbrandbek\u00e4mpfung\" itemprop=\"image\" srcset=\"https:\/\/feuerwehr-markdorf.de\/feuerwehr\/wp-content\/uploads\/sites\/2\/2025\/09\/IMG_4087-1024x756.jpg 1024w, https:\/\/feuerwehr-markdorf.de\/feuerwehr\/wp-content\/uploads\/sites\/2\/2025\/09\/IMG_4087-300x221.jpg 300w, https:\/\/feuerwehr-markdorf.de\/feuerwehr\/wp-content\/uploads\/sites\/2\/2025\/09\/IMG_4087-768x567.jpg 768w, https:\/\/feuerwehr-markdorf.de\/feuerwehr\/wp-content\/uploads\/sites\/2\/2025\/09\/IMG_4087-1536x1133.jpg 1536w, https:\/\/feuerwehr-markdorf.de\/feuerwehr\/wp-content\/uploads\/sites\/2\/2025\/09\/IMG_4087-2048x1511.jpg 2048w\" sizes=\"auto, (max-width: 1024px) 100vw, 1024px\" \/>\r\n\t\t\t\t\t\t\t\t\t\t\t\t<span class=\"overlay\">\r\n\t\t\t\t\t\t\t\t\t\t\t\t\t\t\t\t\t\t\t\t\t\t\t\t\t\t\t<span class=\"overlay-btn\">\r\n\t\t\t\t\t\t\t\t\t\t\t\t\t\t\tMehr\t\t\t\t\t\t\t\t\t\t\t\t\t\t<\/span>\r\n\t\t\t\t\t\t\t\t\t\t\t\t\t\t\t\t\t\t\t\t\t\t\t\t\t<\/span>\r\n\r\n\t\t\t\t\t\t\t\t\t\t\t<\/a>\r\n\r\n\t\t\t\t\t\t\t\t\t\t\t\r\n\t\t\t\t\t\t\t\t\t\t<\/div><!-- .oew-grid-media -->\r\n\r\n\t\t\t\t\t\t\t\t\t\r\n\t\t\t\t\t\t\t\t\t\r\n\t\t\t\t\t\t\t\t\t\t<div class=\"oew-grid-details clr\">\r\n\r\n\t\t\t\t\t\t\t\t\t\t\t\r\n\t\t\t\t\t\t\t\t\t\t\t\t<h2 class=\"oew-grid-title entry-title\">\r\n\t\t\t\t\t\t\t\t\t\t\t\t\t<a href=\"https:\/\/feuerwehr-markdorf.de\/feuerwehr\/ausbildung-vegetationsbrandbekaempfung\/\" title=\"Ausbildung Vegetationsbrandbek\u00e4mpfung\">Ausbildung Vegetationsbrandbek\u00e4mpfung<\/a>\r\n\t\t\t\t\t\t\t\t\t\t\t\t<\/h2>\r\n\r\n\t\t\t\t\t\t\t\t\t\t\t\r\n\t\t\t\t\t\t\t\t\t\t\t\r\n\t\t\t\t\t\t\t\t\t\t<\/div><!-- .oew-grid-details -->\r\n\r\n\t\t\t\t\t\t\t\t\t\r\n\t\t\t\t\t\t\t\t\t\r\n\t\t\t\t\t\t\t\t<\/div>\r\n\r\n\t\t\t\t\t\t\t\r\n\t\t\t\t\t\t<\/article>\r\n\r\n\t\t\t\t\t\r\n\t\t\t\t\t\r\n\t\t\t<\/div><!-- .oew-blog-grid -->\r\n\r\n\t\t\t\r\n\t\t\t\r\n\t\t\t\t<\/div>\n\t\t\t\t<\/div>\n\t\t\t\t\t<\/div>\n\t\t<\/div>\n\t\t\t\t<div class=\"elementor-column elementor-col-50 elementor-top-column elementor-element elementor-element-55cf1d8\" data-id=\"55cf1d8\" data-element_type=\"column\">\n\t\t\t<div class=\"elementor-widget-wrap elementor-element-populated\">\n\t\t\t\t\t\t<div class=\"elementor-element elementor-element-eec9c26 elementor-align-center elementor-widget elementor-widget-oew-advanced-heading\" data-id=\"eec9c26\" data-element_type=\"widget\" data-widget_type=\"oew-advanced-heading.default\">\n\t\t\t\t<div class=\"elementor-widget-container\">\n\t\t\t\r\n\t\t<div class=\"oew-advanced-heading\">\r\n\r\n\t\t\t\t\t\t\t<div class=\"oew-background-heading oew-hide-tm\">\r\n\t\t\t\t\t<div>Einsatzberichte<\/div>\r\n\t\t\t\t<\/div>\r\n\t\t\t\t\t\t\t<h2  class=\"oew-main-heading\">\r\n\t\t\t\t\t<div>\r\n\t\t\t\t\t\tEinsatzberichte\r\n\t\t\t\t\t\t\t\t\t\t\t<\/div>\r\n\t\t\t\t<\/h2>\r\n\t\t\t\r\n\t\t<\/div>\r\n\r\n\t\t\t<\/div>\n\t\t\t\t<\/div>\n\t\t\t\t<div class=\"elementor-element elementor-element-bdfb0e9 elementor-widget elementor-widget-oew-blog-grid\" data-id=\"bdfb0e9\" data-element_type=\"widget\" data-widget_type=\"oew-blog-grid.default\">\n\t\t\t\t<div class=\"elementor-widget-container\">\n\t\t\t\r\n\t\t\t<div class=\"oew-blog-grid clr oew-masonry\" data-columns data-desktop-columns=2 data-tablet-columns=1 >\r\n\r\n\t\t\t\t\r\n\t\t\t\t\t\t<article id=\"post-11092\" class=\"oew-grid-entry clr isotope-entry post-11092 einsatz type-einsatz status-publish has-post-thumbnail hentry category-einsatz tag-brand tag-feuer tag-ueberlandhilfe einsatzart-brand fahrzeug-gw_as alarmierungsart-funkmelder evw_unit-ff-markdorf-schleife-gw-a-s entry has-media\">\r\n\r\n\t\t\t\t\t\t\t\r\n\t\t\t\t\t\t\t\t<div class=\"oew-grid-inner clr\">\r\n\r\n\t\t\t\t\t\t\t\t\t\r\n\t\t\t\t\t\t\t\t\t\t<div class=\"oew-grid-media clr\">\r\n\r\n\t\t\t\t\t\t\t\t\t\t\t<a href=\"https:\/\/feuerwehr-markdorf.de\/feuerwehr\/einsaetze\/b4-geraetewagen-a-s-nach-kressbronn\/\" title=\"B4 &#8211; Ger\u00e4tewagen A\/S nach Kressbronn\" class=\"oew-grid-img\">\r\n\r\n\t\t\t\t\t\t\t\t\t\t\t\t<img loading=\"lazy\" decoding=\"async\" width=\"1024\" height=\"754\" src=\"https:\/\/feuerwehr-markdorf.de\/feuerwehr\/wp-content\/uploads\/sites\/2\/2026\/04\/IMG_6117_kl-1024x754.jpg\" class=\"attachment-large size-large wp-post-image\" alt=\"B4 &#8211; Ger\u00e4tewagen A\/S nach Kressbronn\" itemprop=\"image\" srcset=\"https:\/\/feuerwehr-markdorf.de\/feuerwehr\/wp-content\/uploads\/sites\/2\/2026\/04\/IMG_6117_kl-1024x754.jpg 1024w, https:\/\/feuerwehr-markdorf.de\/feuerwehr\/wp-content\/uploads\/sites\/2\/2026\/04\/IMG_6117_kl-300x221.jpg 300w, https:\/\/feuerwehr-markdorf.de\/feuerwehr\/wp-content\/uploads\/sites\/2\/2026\/04\/IMG_6117_kl-768x565.jpg 768w, https:\/\/feuerwehr-markdorf.de\/feuerwehr\/wp-content\/uploads\/sites\/2\/2026\/04\/IMG_6117_kl.jpg 1190w\" sizes=\"auto, (max-width: 1024px) 100vw, 1024px\" \/>\r\n\t\t\t\t\t\t\t\t\t\t\t\t<span class=\"overlay\">\r\n\t\t\t\t\t\t\t\t\t\t\t\t\t\t\t\t\t\t\t\t\t\t\t\t\t\t\t<span class=\"overlay-btn\">\r\n\t\t\t\t\t\t\t\t\t\t\t\t\t\t\tMehr\t\t\t\t\t\t\t\t\t\t\t\t\t\t<\/span>\r\n\t\t\t\t\t\t\t\t\t\t\t\t\t\t\t\t\t\t\t\t\t\t\t\t\t<\/span>\r\n\r\n\t\t\t\t\t\t\t\t\t\t\t<\/a>\r\n\r\n\t\t\t\t\t\t\t\t\t\t\t\r\n\t\t\t\t\t\t\t\t\t\t<\/div><!-- .oew-grid-media -->\r\n\r\n\t\t\t\t\t\t\t\t\t\r\n\t\t\t\t\t\t\t\t\t\r\n\t\t\t\t\t\t\t\t\t\t<div class=\"oew-grid-details clr\">\r\n\r\n\t\t\t\t\t\t\t\t\t\t\t\r\n\t\t\t\t\t\t\t\t\t\t\t\t<h2 class=\"oew-grid-title entry-title\">\r\n\t\t\t\t\t\t\t\t\t\t\t\t\t<a href=\"https:\/\/feuerwehr-markdorf.de\/feuerwehr\/einsaetze\/b4-geraetewagen-a-s-nach-kressbronn\/\" title=\"B4 &#8211; Ger\u00e4tewagen A\/S nach Kressbronn\">B4 - Ger\u00e4tewagen A\/S nach Kressbronn<\/a>\r\n\t\t\t\t\t\t\t\t\t\t\t\t<\/h2>\r\n\r\n\t\t\t\t\t\t\t\t\t\t\t\r\n\t\t\t\t\t\t\t\t\t\t\t\r\n\t\t\t\t\t\t\t\t\t\t<\/div><!-- .oew-grid-details -->\r\n\r\n\t\t\t\t\t\t\t\t\t\r\n\t\t\t\t\t\t\t\t\t\r\n\t\t\t\t\t\t\t\t<\/div>\r\n\r\n\t\t\t\t\t\t\t\r\n\t\t\t\t\t\t<\/article>\r\n\r\n\t\t\t\t\t\r\n\t\t\t\t\t\r\n\t\t\t\t\t\t<article id=\"post-11080\" class=\"oew-grid-entry clr isotope-entry post-11080 einsatz type-einsatz status-publish has-post-thumbnail hentry category-einsatz tag-brand tag-feuer einsatzart-brand fahrzeug-dlk2312 fahrzeug-elw fahrzeug-gw-tk fahrzeug-hlf_20 fahrzeug-kdow fahrzeug-lf1612_cafs exteinsatzmittel-drk-egb-markdorf exteinsatzmittel-drk-rd exteinsatzmittel-kbm exteinsatzmittel-notdienst-stromversorger exteinsatzmittel-polizei alarmierungsart-funkmelder evw_unit-ff-markdorf-abteilung-stadt entry has-media\">\r\n\r\n\t\t\t\t\t\t\t\r\n\t\t\t\t\t\t\t\t<div class=\"oew-grid-inner clr\">\r\n\r\n\t\t\t\t\t\t\t\t\t\r\n\t\t\t\t\t\t\t\t\t\t<div class=\"oew-grid-media clr\">\r\n\r\n\t\t\t\t\t\t\t\t\t\t\t<a href=\"https:\/\/feuerwehr-markdorf.de\/feuerwehr\/einsaetze\/b3y-verrauchte-wohnung-durch-kellerbrand\/\" title=\"B3Y &#8211; Verrauchte Wohnung durch Kellerbrand\" class=\"oew-grid-img\">\r\n\r\n\t\t\t\t\t\t\t\t\t\t\t\t<img loading=\"lazy\" decoding=\"async\" width=\"1024\" height=\"768\" src=\"https:\/\/feuerwehr-markdorf.de\/feuerwehr\/wp-content\/uploads\/sites\/2\/2026\/04\/IMG_6068_kl-1024x768.jpg\" class=\"attachment-large size-large wp-post-image\" alt=\"B3Y &#8211; Verrauchte Wohnung durch Kellerbrand\" itemprop=\"image\" srcset=\"https:\/\/feuerwehr-markdorf.de\/feuerwehr\/wp-content\/uploads\/sites\/2\/2026\/04\/IMG_6068_kl-1024x768.jpg 1024w, https:\/\/feuerwehr-markdorf.de\/feuerwehr\/wp-content\/uploads\/sites\/2\/2026\/04\/IMG_6068_kl-300x225.jpg 300w, https:\/\/feuerwehr-markdorf.de\/feuerwehr\/wp-content\/uploads\/sites\/2\/2026\/04\/IMG_6068_kl-768x576.jpg 768w, https:\/\/feuerwehr-markdorf.de\/feuerwehr\/wp-content\/uploads\/sites\/2\/2026\/04\/IMG_6068_kl.jpg 1323w\" sizes=\"auto, (max-width: 1024px) 100vw, 1024px\" \/>\r\n\t\t\t\t\t\t\t\t\t\t\t\t<span class=\"overlay\">\r\n\t\t\t\t\t\t\t\t\t\t\t\t\t\t\t\t\t\t\t\t\t\t\t\t\t\t\t<span class=\"overlay-btn\">\r\n\t\t\t\t\t\t\t\t\t\t\t\t\t\t\tMehr\t\t\t\t\t\t\t\t\t\t\t\t\t\t<\/span>\r\n\t\t\t\t\t\t\t\t\t\t\t\t\t\t\t\t\t\t\t\t\t\t\t\t\t<\/span>\r\n\r\n\t\t\t\t\t\t\t\t\t\t\t<\/a>\r\n\r\n\t\t\t\t\t\t\t\t\t\t\t\r\n\t\t\t\t\t\t\t\t\t\t<\/div><!-- .oew-grid-media -->\r\n\r\n\t\t\t\t\t\t\t\t\t\r\n\t\t\t\t\t\t\t\t\t\r\n\t\t\t\t\t\t\t\t\t\t<div class=\"oew-grid-details clr\">\r\n\r\n\t\t\t\t\t\t\t\t\t\t\t\r\n\t\t\t\t\t\t\t\t\t\t\t\t<h2 class=\"oew-grid-title entry-title\">\r\n\t\t\t\t\t\t\t\t\t\t\t\t\t<a href=\"https:\/\/feuerwehr-markdorf.de\/feuerwehr\/einsaetze\/b3y-verrauchte-wohnung-durch-kellerbrand\/\" title=\"B3Y &#8211; Verrauchte Wohnung durch Kellerbrand\">B3Y - Verrauchte Wohnung durch Kellerbrand<\/a>\r\n\t\t\t\t\t\t\t\t\t\t\t\t<\/h2>\r\n\r\n\t\t\t\t\t\t\t\t\t\t\t\r\n\t\t\t\t\t\t\t\t\t\t\t\r\n\t\t\t\t\t\t\t\t\t\t<\/div><!-- .oew-grid-details -->\r\n\r\n\t\t\t\t\t\t\t\t\t\r\n\t\t\t\t\t\t\t\t\t\r\n\t\t\t\t\t\t\t\t<\/div>\r\n\r\n\t\t\t\t\t\t\t\r\n\t\t\t\t\t\t<\/article>\r\n\r\n\t\t\t\t\t\r\n\t\t\t\t\t\r\n\t\t\t\t\t\t<article id=\"post-11072\" class=\"oew-grid-entry clr isotope-entry post-11072 einsatz type-einsatz status-publish has-post-thumbnail hentry category-einsatz tag-technische-hilfe tag-unfall einsatzart-thl fahrzeug-elw fahrzeug-gw-tk fahrzeug-hlf_20 fahrzeug-kdow fahrzeug-lf10-ri fahrzeug-rw exteinsatzmittel-drk-rd exteinsatzmittel-hvo-markdorf exteinsatzmittel-polizei exteinsatzmittel-rth-rega alarmierungsart-funkmelder evw_unit-ff-markdorf-abteilung-stadt evw_unit-ff-markdorf-abteilung-riedheim entry has-media\">\r\n\r\n\t\t\t\t\t\t\t\r\n\t\t\t\t\t\t\t\t<div class=\"oew-grid-inner clr\">\r\n\r\n\t\t\t\t\t\t\t\t\t\r\n\t\t\t\t\t\t\t\t\t\t<div class=\"oew-grid-media clr\">\r\n\r\n\t\t\t\t\t\t\t\t\t\t\t<a href=\"https:\/\/feuerwehr-markdorf.de\/feuerwehr\/einsaetze\/h3y-verletzter-mountainbiker-auf-gerotrail\/\" title=\"H3Y &#8211; Verletzter Mountainbiker auf Gehro-Trail\" class=\"oew-grid-img\">\r\n\r\n\t\t\t\t\t\t\t\t\t\t\t\t<img loading=\"lazy\" decoding=\"async\" width=\"1024\" height=\"671\" src=\"https:\/\/feuerwehr-markdorf.de\/feuerwehr\/wp-content\/uploads\/sites\/2\/2026\/04\/01-1024x671.jpg\" class=\"attachment-large size-large wp-post-image\" alt=\"H3Y &#8211; Verletzter Mountainbiker auf Gehro-Trail\" itemprop=\"image\" srcset=\"https:\/\/feuerwehr-markdorf.de\/feuerwehr\/wp-content\/uploads\/sites\/2\/2026\/04\/01-1024x671.jpg 1024w, https:\/\/feuerwehr-markdorf.de\/feuerwehr\/wp-content\/uploads\/sites\/2\/2026\/04\/01-300x196.jpg 300w, https:\/\/feuerwehr-markdorf.de\/feuerwehr\/wp-content\/uploads\/sites\/2\/2026\/04\/01-768x503.jpg 768w, https:\/\/feuerwehr-markdorf.de\/feuerwehr\/wp-content\/uploads\/sites\/2\/2026\/04\/01.jpg 1191w\" sizes=\"auto, (max-width: 1024px) 100vw, 1024px\" \/>\r\n\t\t\t\t\t\t\t\t\t\t\t\t<span class=\"overlay\">\r\n\t\t\t\t\t\t\t\t\t\t\t\t\t\t\t\t\t\t\t\t\t\t\t\t\t\t\t<span class=\"overlay-btn\">\r\n\t\t\t\t\t\t\t\t\t\t\t\t\t\t\tMehr\t\t\t\t\t\t\t\t\t\t\t\t\t\t<\/span>\r\n\t\t\t\t\t\t\t\t\t\t\t\t\t\t\t\t\t\t\t\t\t\t\t\t\t<\/span>\r\n\r\n\t\t\t\t\t\t\t\t\t\t\t<\/a>\r\n\r\n\t\t\t\t\t\t\t\t\t\t\t\r\n\t\t\t\t\t\t\t\t\t\t<\/div><!-- .oew-grid-media -->\r\n\r\n\t\t\t\t\t\t\t\t\t\r\n\t\t\t\t\t\t\t\t\t\r\n\t\t\t\t\t\t\t\t\t\t<div class=\"oew-grid-details clr\">\r\n\r\n\t\t\t\t\t\t\t\t\t\t\t\r\n\t\t\t\t\t\t\t\t\t\t\t\t<h2 class=\"oew-grid-title entry-title\">\r\n\t\t\t\t\t\t\t\t\t\t\t\t\t<a href=\"https:\/\/feuerwehr-markdorf.de\/feuerwehr\/einsaetze\/h3y-verletzter-mountainbiker-auf-gerotrail\/\" title=\"H3Y &#8211; Verletzter Mountainbiker auf Gehro-Trail\">H3Y - Verletzter Mountainbiker auf Gehro-Trail<\/a>\r\n\t\t\t\t\t\t\t\t\t\t\t\t<\/h2>\r\n\r\n\t\t\t\t\t\t\t\t\t\t\t\r\n\t\t\t\t\t\t\t\t\t\t\t\r\n\t\t\t\t\t\t\t\t\t\t<\/div><!-- .oew-grid-details -->\r\n\r\n\t\t\t\t\t\t\t\t\t\r\n\t\t\t\t\t\t\t\t\t\r\n\t\t\t\t\t\t\t\t<\/div>\r\n\r\n\t\t\t\t\t\t\t\r\n\t\t\t\t\t\t<\/article>\r\n\r\n\t\t\t\t\t\r\n\t\t\t\t\t\r\n\t\t\t\t\t\t<article id=\"post-11069\" class=\"oew-grid-entry clr isotope-entry post-11069 einsatz type-einsatz status-publish has-post-thumbnail hentry category-einsatz tag-technische-hilfe einsatzart-thl fahrzeug-gw-tk fahrzeug-lf1612_cafs exteinsatzmittel-drk-rd alarmierungsart-funk evw_unit-ff-markdorf-abteilung-stadt entry has-media\">\r\n\r\n\t\t\t\t\t\t\t\r\n\t\t\t\t\t\t\t\t<div class=\"oew-grid-inner clr\">\r\n\r\n\t\t\t\t\t\t\t\t\t\r\n\t\t\t\t\t\t\t\t\t\t<div class=\"oew-grid-media clr\">\r\n\r\n\t\t\t\t\t\t\t\t\t\t\t<a href=\"https:\/\/feuerwehr-markdorf.de\/feuerwehr\/einsaetze\/h1-tragehilfe\/\" title=\"H1 &#8211; Tragehilfe\" class=\"oew-grid-img\">\r\n\r\n\t\t\t\t\t\t\t\t\t\t\t\t<img loading=\"lazy\" decoding=\"async\" width=\"992\" height=\"709\" src=\"https:\/\/feuerwehr-markdorf.de\/feuerwehr\/wp-content\/uploads\/sites\/2\/2021\/10\/Symbolbild-18-Amarok.jpg\" class=\"attachment-large size-large wp-post-image\" alt=\"H1 &#8211; Tragehilfe\" itemprop=\"image\" srcset=\"https:\/\/feuerwehr-markdorf.de\/feuerwehr\/wp-content\/uploads\/sites\/2\/2021\/10\/Symbolbild-18-Amarok.jpg 992w, https:\/\/feuerwehr-markdorf.de\/feuerwehr\/wp-content\/uploads\/sites\/2\/2021\/10\/Symbolbild-18-Amarok-300x214.jpg 300w, https:\/\/feuerwehr-markdorf.de\/feuerwehr\/wp-content\/uploads\/sites\/2\/2021\/10\/Symbolbild-18-Amarok-768x549.jpg 768w\" sizes=\"auto, (max-width: 992px) 100vw, 992px\" \/>\r\n\t\t\t\t\t\t\t\t\t\t\t\t<span class=\"overlay\">\r\n\t\t\t\t\t\t\t\t\t\t\t\t\t\t\t\t\t\t\t\t\t\t\t\t\t\t\t<span class=\"overlay-btn\">\r\n\t\t\t\t\t\t\t\t\t\t\t\t\t\t\tMehr\t\t\t\t\t\t\t\t\t\t\t\t\t\t<\/span>\r\n\t\t\t\t\t\t\t\t\t\t\t\t\t\t\t\t\t\t\t\t\t\t\t\t\t<\/span>\r\n\r\n\t\t\t\t\t\t\t\t\t\t\t<\/a>\r\n\r\n\t\t\t\t\t\t\t\t\t\t\t\r\n\t\t\t\t\t\t\t\t\t\t<\/div><!-- .oew-grid-media -->\r\n\r\n\t\t\t\t\t\t\t\t\t\r\n\t\t\t\t\t\t\t\t\t\r\n\t\t\t\t\t\t\t\t\t\t<div class=\"oew-grid-details clr\">\r\n\r\n\t\t\t\t\t\t\t\t\t\t\t\r\n\t\t\t\t\t\t\t\t\t\t\t\t<h2 class=\"oew-grid-title entry-title\">\r\n\t\t\t\t\t\t\t\t\t\t\t\t\t<a href=\"https:\/\/feuerwehr-markdorf.de\/feuerwehr\/einsaetze\/h1-tragehilfe\/\" title=\"H1 &#8211; Tragehilfe\">H1 - Tragehilfe<\/a>\r\n\t\t\t\t\t\t\t\t\t\t\t\t<\/h2>\r\n\r\n\t\t\t\t\t\t\t\t\t\t\t\r\n\t\t\t\t\t\t\t\t\t\t\t\r\n\t\t\t\t\t\t\t\t\t\t<\/div><!-- .oew-grid-details -->\r\n\r\n\t\t\t\t\t\t\t\t\t\r\n\t\t\t\t\t\t\t\t\t\r\n\t\t\t\t\t\t\t\t<\/div>\r\n\r\n\t\t\t\t\t\t\t\r\n\t\t\t\t\t\t<\/article>\r\n\r\n\t\t\t\t\t\r\n\t\t\t\t\t\r\n\t\t\t\t\t\t<article id=\"post-11058\" class=\"oew-grid-entry clr isotope-entry post-11058 einsatz type-einsatz status-publish has-post-thumbnail hentry category-einsatz tag-technische-hilfe tag-verkehrsunfall einsatzart-thl fahrzeug-dlk2312 fahrzeug-elw fahrzeug-hlf_20 fahrzeug-kdow fahrzeug-lf1612_cafs fahrzeug-rw exteinsatzmittel-amt-fuer-gewaeser-und-bodenschutz exteinsatzmittel-drk-rd exteinsatzmittel-drk-seg exteinsatzmittel-fb-flugunfall exteinsatzmittel-polizei alarmierungsart-funkmelder evw_unit-ff-markdorf-abteilung-stadt entry has-media\">\r\n\r\n\t\t\t\t\t\t\t\r\n\t\t\t\t\t\t\t\t<div class=\"oew-grid-inner clr\">\r\n\r\n\t\t\t\t\t\t\t\t\t\r\n\t\t\t\t\t\t\t\t\t\t<div class=\"oew-grid-media clr\">\r\n\r\n\t\t\t\t\t\t\t\t\t\t\t<a href=\"https:\/\/feuerwehr-markdorf.de\/feuerwehr\/einsaetze\/h3-flugzeug-ul-flugzeug-ueberschlaegt-sich-bei-landung\/\" title=\"H3 FLUGZEUG &#8211; UL-Flugzeug \u00fcberschl\u00e4gt sich bei Landung\" class=\"oew-grid-img\">\r\n\r\n\t\t\t\t\t\t\t\t\t\t\t\t<img loading=\"lazy\" decoding=\"async\" width=\"1024\" height=\"733\" src=\"https:\/\/feuerwehr-markdorf.de\/feuerwehr\/wp-content\/uploads\/sites\/2\/2026\/04\/IMG_4922-1024x733.jpg\" class=\"attachment-large size-large wp-post-image\" alt=\"H3 FLUGZEUG &#8211; UL-Flugzeug \u00fcberschl\u00e4gt sich bei Landung\" itemprop=\"image\" srcset=\"https:\/\/feuerwehr-markdorf.de\/feuerwehr\/wp-content\/uploads\/sites\/2\/2026\/04\/IMG_4922-1024x733.jpg 1024w, https:\/\/feuerwehr-markdorf.de\/feuerwehr\/wp-content\/uploads\/sites\/2\/2026\/04\/IMG_4922-300x215.jpg 300w, https:\/\/feuerwehr-markdorf.de\/feuerwehr\/wp-content\/uploads\/sites\/2\/2026\/04\/IMG_4922-768x550.jpg 768w, https:\/\/feuerwehr-markdorf.de\/feuerwehr\/wp-content\/uploads\/sites\/2\/2026\/04\/IMG_4922-1536x1100.jpg 1536w, https:\/\/feuerwehr-markdorf.de\/feuerwehr\/wp-content\/uploads\/sites\/2\/2026\/04\/IMG_4922.jpg 1765w\" sizes=\"auto, (max-width: 1024px) 100vw, 1024px\" \/>\r\n\t\t\t\t\t\t\t\t\t\t\t\t<span class=\"overlay\">\r\n\t\t\t\t\t\t\t\t\t\t\t\t\t\t\t\t\t\t\t\t\t\t\t\t\t\t\t<span class=\"overlay-btn\">\r\n\t\t\t\t\t\t\t\t\t\t\t\t\t\t\tMehr\t\t\t\t\t\t\t\t\t\t\t\t\t\t<\/span>\r\n\t\t\t\t\t\t\t\t\t\t\t\t\t\t\t\t\t\t\t\t\t\t\t\t\t<\/span>\r\n\r\n\t\t\t\t\t\t\t\t\t\t\t<\/a>\r\n\r\n\t\t\t\t\t\t\t\t\t\t\t\r\n\t\t\t\t\t\t\t\t\t\t<\/div><!-- .oew-grid-media -->\r\n\r\n\t\t\t\t\t\t\t\t\t\r\n\t\t\t\t\t\t\t\t\t\r\n\t\t\t\t\t\t\t\t\t\t<div class=\"oew-grid-details clr\">\r\n\r\n\t\t\t\t\t\t\t\t\t\t\t\r\n\t\t\t\t\t\t\t\t\t\t\t\t<h2 class=\"oew-grid-title entry-title\">\r\n\t\t\t\t\t\t\t\t\t\t\t\t\t<a href=\"https:\/\/feuerwehr-markdorf.de\/feuerwehr\/einsaetze\/h3-flugzeug-ul-flugzeug-ueberschlaegt-sich-bei-landung\/\" title=\"H3 FLUGZEUG &#8211; UL-Flugzeug \u00fcberschl\u00e4gt sich bei Landung\">H3 FLUGZEUG - UL-Flugzeug \u00fcberschl\u00e4gt sich bei Landung<\/a>\r\n\t\t\t\t\t\t\t\t\t\t\t\t<\/h2>\r\n\r\n\t\t\t\t\t\t\t\t\t\t\t\r\n\t\t\t\t\t\t\t\t\t\t\t\r\n\t\t\t\t\t\t\t\t\t\t<\/div><!-- .oew-grid-details -->\r\n\r\n\t\t\t\t\t\t\t\t\t\r\n\t\t\t\t\t\t\t\t\t\r\n\t\t\t\t\t\t\t\t<\/div>\r\n\r\n\t\t\t\t\t\t\t\r\n\t\t\t\t\t\t<\/article>\r\n\r\n\t\t\t\t\t\r\n\t\t\t\t\t\r\n\t\t\t\t\t\t<article id=\"post-11052\" class=\"oew-grid-entry clr isotope-entry post-11052 einsatz type-einsatz status-publish has-post-thumbnail hentry category-einsatz tag-technische-hilfe einsatzart-thl fahrzeug-rw alarmierungsart-funkmelder evw_unit-ff-markdorf-schleife-ruestwagen entry has-media\">\r\n\r\n\t\t\t\t\t\t\t\r\n\t\t\t\t\t\t\t\t<div class=\"oew-grid-inner clr\">\r\n\r\n\t\t\t\t\t\t\t\t\t\r\n\t\t\t\t\t\t\t\t\t\t<div class=\"oew-grid-media clr\">\r\n\r\n\t\t\t\t\t\t\t\t\t\t\t<a href=\"https:\/\/feuerwehr-markdorf.de\/feuerwehr\/einsaetze\/h3y-ruestwagen-nach-immenstaad\/\" title=\"H3Y &#8211; R\u00fcstwagen nach Immenstaad\" class=\"oew-grid-img\">\r\n\r\n\t\t\t\t\t\t\t\t\t\t\t\t<img loading=\"lazy\" decoding=\"async\" width=\"1024\" height=\"746\" src=\"https:\/\/feuerwehr-markdorf.de\/feuerwehr\/wp-content\/uploads\/sites\/2\/2026\/04\/image3_kl-1024x746.jpg\" class=\"attachment-large size-large wp-post-image\" alt=\"H3Y &#8211; R\u00fcstwagen nach Immenstaad\" itemprop=\"image\" srcset=\"https:\/\/feuerwehr-markdorf.de\/feuerwehr\/wp-content\/uploads\/sites\/2\/2026\/04\/image3_kl-1024x746.jpg 1024w, https:\/\/feuerwehr-markdorf.de\/feuerwehr\/wp-content\/uploads\/sites\/2\/2026\/04\/image3_kl-300x218.jpg 300w, https:\/\/feuerwehr-markdorf.de\/feuerwehr\/wp-content\/uploads\/sites\/2\/2026\/04\/image3_kl-768x559.jpg 768w, https:\/\/feuerwehr-markdorf.de\/feuerwehr\/wp-content\/uploads\/sites\/2\/2026\/04\/image3_kl.jpg 1516w\" sizes=\"auto, (max-width: 1024px) 100vw, 1024px\" \/>\r\n\t\t\t\t\t\t\t\t\t\t\t\t<span class=\"overlay\">\r\n\t\t\t\t\t\t\t\t\t\t\t\t\t\t\t\t\t\t\t\t\t\t\t\t\t\t\t<span class=\"overlay-btn\">\r\n\t\t\t\t\t\t\t\t\t\t\t\t\t\t\tMehr\t\t\t\t\t\t\t\t\t\t\t\t\t\t<\/span>\r\n\t\t\t\t\t\t\t\t\t\t\t\t\t\t\t\t\t\t\t\t\t\t\t\t\t<\/span>\r\n\r\n\t\t\t\t\t\t\t\t\t\t\t<\/a>\r\n\r\n\t\t\t\t\t\t\t\t\t\t\t\r\n\t\t\t\t\t\t\t\t\t\t<\/div><!-- .oew-grid-media -->\r\n\r\n\t\t\t\t\t\t\t\t\t\r\n\t\t\t\t\t\t\t\t\t\r\n\t\t\t\t\t\t\t\t\t\t<div class=\"oew-grid-details clr\">\r\n\r\n\t\t\t\t\t\t\t\t\t\t\t\r\n\t\t\t\t\t\t\t\t\t\t\t\t<h2 class=\"oew-grid-title entry-title\">\r\n\t\t\t\t\t\t\t\t\t\t\t\t\t<a href=\"https:\/\/feuerwehr-markdorf.de\/feuerwehr\/einsaetze\/h3y-ruestwagen-nach-immenstaad\/\" title=\"H3Y &#8211; R\u00fcstwagen nach Immenstaad\">H3Y - R\u00fcstwagen nach Immenstaad<\/a>\r\n\t\t\t\t\t\t\t\t\t\t\t\t<\/h2>\r\n\r\n\t\t\t\t\t\t\t\t\t\t\t\r\n\t\t\t\t\t\t\t\t\t\t\t\r\n\t\t\t\t\t\t\t\t\t\t<\/div><!-- .oew-grid-details -->\r\n\r\n\t\t\t\t\t\t\t\t\t\r\n\t\t\t\t\t\t\t\t\t\r\n\t\t\t\t\t\t\t\t<\/div>\r\n\r\n\t\t\t\t\t\t\t\r\n\t\t\t\t\t\t<\/article>\r\n\r\n\t\t\t\t\t\r\n\t\t\t\t\t\r\n\t\t\t\t\t\t<article id=\"post-11049\" class=\"oew-grid-entry clr isotope-entry post-11049 einsatz type-einsatz status-publish has-post-thumbnail hentry category-einsatz tag-technische-hilfe einsatzart-thl fahrzeug-elw fahrzeug-hlf_20 fahrzeug-kdow alarmierungsart-funkmelder evw_unit-ff-markdorf-abteilung-stadt entry has-media\">\r\n\r\n\t\t\t\t\t\t\t\r\n\t\t\t\t\t\t\t\t<div class=\"oew-grid-inner clr\">\r\n\r\n\t\t\t\t\t\t\t\t\t\r\n\t\t\t\t\t\t\t\t\t\t<div class=\"oew-grid-media clr\">\r\n\r\n\t\t\t\t\t\t\t\t\t\t\t<a href=\"https:\/\/feuerwehr-markdorf.de\/feuerwehr\/einsaetze\/h-oel-wasser-weisse-farbe-in-bach\/\" title=\"H \u00d6L WASSER &#8211; Weisse Farbe in Bach\" class=\"oew-grid-img\">\r\n\r\n\t\t\t\t\t\t\t\t\t\t\t\t<img loading=\"lazy\" decoding=\"async\" width=\"992\" height=\"709\" src=\"https:\/\/feuerwehr-markdorf.de\/feuerwehr\/wp-content\/uploads\/sites\/2\/2021\/10\/Symbolbild-16-Blaulicht-1.jpg\" class=\"attachment-large size-large wp-post-image\" alt=\"H \u00d6L WASSER &#8211; Weisse Farbe in Bach\" itemprop=\"image\" srcset=\"https:\/\/feuerwehr-markdorf.de\/feuerwehr\/wp-content\/uploads\/sites\/2\/2021\/10\/Symbolbild-16-Blaulicht-1.jpg 992w, https:\/\/feuerwehr-markdorf.de\/feuerwehr\/wp-content\/uploads\/sites\/2\/2021\/10\/Symbolbild-16-Blaulicht-1-300x214.jpg 300w, https:\/\/feuerwehr-markdorf.de\/feuerwehr\/wp-content\/uploads\/sites\/2\/2021\/10\/Symbolbild-16-Blaulicht-1-768x549.jpg 768w\" sizes=\"auto, (max-width: 992px) 100vw, 992px\" \/>\r\n\t\t\t\t\t\t\t\t\t\t\t\t<span class=\"overlay\">\r\n\t\t\t\t\t\t\t\t\t\t\t\t\t\t\t\t\t\t\t\t\t\t\t\t\t\t\t<span class=\"overlay-btn\">\r\n\t\t\t\t\t\t\t\t\t\t\t\t\t\t\tMehr\t\t\t\t\t\t\t\t\t\t\t\t\t\t<\/span>\r\n\t\t\t\t\t\t\t\t\t\t\t\t\t\t\t\t\t\t\t\t\t\t\t\t\t<\/span>\r\n\r\n\t\t\t\t\t\t\t\t\t\t\t<\/a>\r\n\r\n\t\t\t\t\t\t\t\t\t\t\t\r\n\t\t\t\t\t\t\t\t\t\t<\/div><!-- .oew-grid-media -->\r\n\r\n\t\t\t\t\t\t\t\t\t\r\n\t\t\t\t\t\t\t\t\t\r\n\t\t\t\t\t\t\t\t\t\t<div class=\"oew-grid-details clr\">\r\n\r\n\t\t\t\t\t\t\t\t\t\t\t\r\n\t\t\t\t\t\t\t\t\t\t\t\t<h2 class=\"oew-grid-title entry-title\">\r\n\t\t\t\t\t\t\t\t\t\t\t\t\t<a href=\"https:\/\/feuerwehr-markdorf.de\/feuerwehr\/einsaetze\/h-oel-wasser-weisse-farbe-in-bach\/\" title=\"H \u00d6L WASSER &#8211; Weisse Farbe in Bach\">H \u00d6L WASSER - Weisse Farbe in Bach<\/a>\r\n\t\t\t\t\t\t\t\t\t\t\t\t<\/h2>\r\n\r\n\t\t\t\t\t\t\t\t\t\t\t\r\n\t\t\t\t\t\t\t\t\t\t\t\r\n\t\t\t\t\t\t\t\t\t\t<\/div><!-- .oew-grid-details -->\r\n\r\n\t\t\t\t\t\t\t\t\t\r\n\t\t\t\t\t\t\t\t\t\r\n\t\t\t\t\t\t\t\t<\/div>\r\n\r\n\t\t\t\t\t\t\t\r\n\t\t\t\t\t\t<\/article>\r\n\r\n\t\t\t\t\t\r\n\t\t\t\t\t\r\n\t\t\t\t\t\t<article id=\"post-11044\" class=\"oew-grid-entry clr isotope-entry post-11044 einsatz type-einsatz status-publish has-post-thumbnail hentry category-einsatz tag-automatischebrandmeldeanlage tag-bma tag-brandmeldeanlage einsatzart-brand fahrzeug-dlk2312 fahrzeug-elw fahrzeug-hlf_20 fahrzeug-lf10_it exteinsatzmittel-polizei alarmierungsart-funkmelder evw_unit-ff-markdorf-abteilung-ittendorf evw_unit-ff-markdorf-abteilung-stadt entry has-media\">\r\n\r\n\t\t\t\t\t\t\t\r\n\t\t\t\t\t\t\t\t<div class=\"oew-grid-inner clr\">\r\n\r\n\t\t\t\t\t\t\t\t\t\r\n\t\t\t\t\t\t\t\t\t\t<div class=\"oew-grid-media clr\">\r\n\r\n\t\t\t\t\t\t\t\t\t\t\t<a href=\"https:\/\/feuerwehr-markdorf.de\/feuerwehr\/einsaetze\/b3-bma-brandmeldeanlage-gastronomiebetrieb\/\" title=\"B3 BMA &#8211; Brandmeldeanlage Gastronomiebetrieb\" class=\"oew-grid-img\">\r\n\r\n\t\t\t\t\t\t\t\t\t\t\t\t<img loading=\"lazy\" decoding=\"async\" width=\"992\" height=\"709\" src=\"https:\/\/feuerwehr-markdorf.de\/feuerwehr\/wp-content\/uploads\/sites\/2\/2023\/12\/Symbolbild-28-BMA.jpg\" class=\"attachment-large size-large wp-post-image\" alt=\"B3 BMA &#8211; Brandmeldeanlage Gastronomiebetrieb\" itemprop=\"image\" srcset=\"https:\/\/feuerwehr-markdorf.de\/feuerwehr\/wp-content\/uploads\/sites\/2\/2023\/12\/Symbolbild-28-BMA.jpg 992w, https:\/\/feuerwehr-markdorf.de\/feuerwehr\/wp-content\/uploads\/sites\/2\/2023\/12\/Symbolbild-28-BMA-300x214.jpg 300w, https:\/\/feuerwehr-markdorf.de\/feuerwehr\/wp-content\/uploads\/sites\/2\/2023\/12\/Symbolbild-28-BMA-768x549.jpg 768w\" sizes=\"auto, (max-width: 992px) 100vw, 992px\" \/>\r\n\t\t\t\t\t\t\t\t\t\t\t\t<span class=\"overlay\">\r\n\t\t\t\t\t\t\t\t\t\t\t\t\t\t\t\t\t\t\t\t\t\t\t\t\t\t\t<span class=\"overlay-btn\">\r\n\t\t\t\t\t\t\t\t\t\t\t\t\t\t\tMehr\t\t\t\t\t\t\t\t\t\t\t\t\t\t<\/span>\r\n\t\t\t\t\t\t\t\t\t\t\t\t\t\t\t\t\t\t\t\t\t\t\t\t\t<\/span>\r\n\r\n\t\t\t\t\t\t\t\t\t\t\t<\/a>\r\n\r\n\t\t\t\t\t\t\t\t\t\t\t\r\n\t\t\t\t\t\t\t\t\t\t<\/div><!-- .oew-grid-media -->\r\n\r\n\t\t\t\t\t\t\t\t\t\r\n\t\t\t\t\t\t\t\t\t\r\n\t\t\t\t\t\t\t\t\t\t<div class=\"oew-grid-details clr\">\r\n\r\n\t\t\t\t\t\t\t\t\t\t\t\r\n\t\t\t\t\t\t\t\t\t\t\t\t<h2 class=\"oew-grid-title entry-title\">\r\n\t\t\t\t\t\t\t\t\t\t\t\t\t<a href=\"https:\/\/feuerwehr-markdorf.de\/feuerwehr\/einsaetze\/b3-bma-brandmeldeanlage-gastronomiebetrieb\/\" title=\"B3 BMA &#8211; Brandmeldeanlage Gastronomiebetrieb\">B3 BMA - Brandmeldeanlage Gastronomiebetrieb<\/a>\r\n\t\t\t\t\t\t\t\t\t\t\t\t<\/h2>\r\n\r\n\t\t\t\t\t\t\t\t\t\t\t\r\n\t\t\t\t\t\t\t\t\t\t\t\r\n\t\t\t\t\t\t\t\t\t\t<\/div><!-- .oew-grid-details -->\r\n\r\n\t\t\t\t\t\t\t\t\t\r\n\t\t\t\t\t\t\t\t\t\r\n\t\t\t\t\t\t\t\t<\/div>\r\n\r\n\t\t\t\t\t\t\t\r\n\t\t\t\t\t\t<\/article>\r\n\r\n\t\t\t\t\t\r\n\t\t\t\t\t\r\n\t\t\t\t\t\t<article id=\"post-11039\" class=\"oew-grid-entry clr isotope-entry post-11039 einsatz type-einsatz status-publish has-post-thumbnail hentry category-einsatz tag-technische-hilfe einsatzart-thl fahrzeug-kdow fahrzeug-lf10-ri alarmierungsart-funkmelder evw_unit-ff-markdorf-abteilung-riedheim entry has-media\">\r\n\r\n\t\t\t\t\t\t\t\r\n\t\t\t\t\t\t\t\t<div class=\"oew-grid-inner clr\">\r\n\r\n\t\t\t\t\t\t\t\t\t\r\n\t\t\t\t\t\t\t\t\t\t<div class=\"oew-grid-media clr\">\r\n\r\n\t\t\t\t\t\t\t\t\t\t\t<a href=\"https:\/\/feuerwehr-markdorf.de\/feuerwehr\/einsaetze\/h1-tiernot-verletzte-katze-in-rohr\/\" title=\"H1 TIERNOT &#8211; Verletzte Katze in Rohr\" class=\"oew-grid-img\">\r\n\r\n\t\t\t\t\t\t\t\t\t\t\t\t<img loading=\"lazy\" decoding=\"async\" width=\"992\" height=\"709\" src=\"https:\/\/feuerwehr-markdorf.de\/feuerwehr\/wp-content\/uploads\/sites\/2\/2021\/10\/Symbolbild-10-112.jpg\" class=\"attachment-large size-large wp-post-image\" alt=\"H1 TIERNOT &#8211; Verletzte Katze in Rohr\" itemprop=\"image\" srcset=\"https:\/\/feuerwehr-markdorf.de\/feuerwehr\/wp-content\/uploads\/sites\/2\/2021\/10\/Symbolbild-10-112.jpg 992w, https:\/\/feuerwehr-markdorf.de\/feuerwehr\/wp-content\/uploads\/sites\/2\/2021\/10\/Symbolbild-10-112-300x214.jpg 300w, https:\/\/feuerwehr-markdorf.de\/feuerwehr\/wp-content\/uploads\/sites\/2\/2021\/10\/Symbolbild-10-112-768x549.jpg 768w\" sizes=\"auto, (max-width: 992px) 100vw, 992px\" \/>\r\n\t\t\t\t\t\t\t\t\t\t\t\t<span class=\"overlay\">\r\n\t\t\t\t\t\t\t\t\t\t\t\t\t\t\t\t\t\t\t\t\t\t\t\t\t\t\t<span class=\"overlay-btn\">\r\n\t\t\t\t\t\t\t\t\t\t\t\t\t\t\tMehr\t\t\t\t\t\t\t\t\t\t\t\t\t\t<\/span>\r\n\t\t\t\t\t\t\t\t\t\t\t\t\t\t\t\t\t\t\t\t\t\t\t\t\t<\/span>\r\n\r\n\t\t\t\t\t\t\t\t\t\t\t<\/a>\r\n\r\n\t\t\t\t\t\t\t\t\t\t\t\r\n\t\t\t\t\t\t\t\t\t\t<\/div><!-- .oew-grid-media -->\r\n\r\n\t\t\t\t\t\t\t\t\t\r\n\t\t\t\t\t\t\t\t\t\r\n\t\t\t\t\t\t\t\t\t\t<div class=\"oew-grid-details clr\">\r\n\r\n\t\t\t\t\t\t\t\t\t\t\t\r\n\t\t\t\t\t\t\t\t\t\t\t\t<h2 class=\"oew-grid-title entry-title\">\r\n\t\t\t\t\t\t\t\t\t\t\t\t\t<a href=\"https:\/\/feuerwehr-markdorf.de\/feuerwehr\/einsaetze\/h1-tiernot-verletzte-katze-in-rohr\/\" title=\"H1 TIERNOT &#8211; Verletzte Katze in Rohr\">H1 TIERNOT - Verletzte Katze in Rohr<\/a>\r\n\t\t\t\t\t\t\t\t\t\t\t\t<\/h2>\r\n\r\n\t\t\t\t\t\t\t\t\t\t\t\r\n\t\t\t\t\t\t\t\t\t\t\t\r\n\t\t\t\t\t\t\t\t\t\t<\/div><!-- .oew-grid-details -->\r\n\r\n\t\t\t\t\t\t\t\t\t\r\n\t\t\t\t\t\t\t\t\t\r\n\t\t\t\t\t\t\t\t<\/div>\r\n\r\n\t\t\t\t\t\t\t\r\n\t\t\t\t\t\t<\/article>\r\n\r\n\t\t\t\t\t\r\n\t\t\t\t\t\r\n\t\t\t<\/div><!-- .oew-blog-grid -->\r\n\r\n\t\t\t\r\n\t\t\t\r\n\t\t\t\t<\/div>\n\t\t\t\t<\/div>\n\t\t\t\t\t<\/div>\n\t\t<\/div>\n\t\t\t\t\t<\/div>\n\t\t<\/section>\n\t\t\t\t<\/div>\n\t\t","protected":false},"excerpt":{"rendered":"<p>Aktuelles Aktuelles Mehr Leistungs\u00fcbungen 2022: 2 Gruppen bestehen f\u00fcr &#8220;Silber&#8221; Mehr Jahreshauptversammlung der Gesamtwehr und Abteilung Markdorf-Stadt Mehr Jahreshauptversammlung der Abteilung Riedheim Mehr Feuerwehr Markdorf spendet Ger\u00e4te f\u00fcr die Ukraine Mehr Weltfrauentag am 8. M\u00e4rz Mehr 187 Eins\u00e4tze im Jahr 2021 Mehr Sicherheit zur Adventszeit Mehr Johannes Beck als stellvertretender Kommandant verabschiedet Mehr Gemeinsame Weiterbildung [&hellip;]<\/p>\n","protected":false},"author":1,"featured_media":0,"parent":0,"menu_order":0,"comment_status":"closed","ping_status":"closed","template":"","meta":{"advgb_blocks_editor_width":"","advgb_blocks_columns_visual_guide":"","ocean_post_layout":"","ocean_both_sidebars_style":"","ocean_both_sidebars_content_width":0,"ocean_both_sidebars_sidebars_width":0,"ocean_sidebar":"0","ocean_second_sidebar":"0","ocean_disable_margins":"enable","ocean_add_body_class":"","ocean_shortcode_before_top_bar":"","ocean_shortcode_after_top_bar":"","ocean_shortcode_before_header":"","ocean_shortcode_after_header":"","ocean_has_shortcode":"","ocean_shortcode_after_title":"","ocean_shortcode_before_footer_widgets":"","ocean_shortcode_after_footer_widgets":"","ocean_shortcode_before_footer_bottom":"","ocean_shortcode_after_footer_bottom":"","ocean_display_top_bar":"default","ocean_display_header":"default","ocean_header_style":"","ocean_center_header_left_menu":"0","ocean_custom_header_template":"0","ocean_custom_logo":0,"ocean_custom_retina_logo":0,"ocean_custom_logo_max_width":0,"ocean_custom_logo_tablet_max_width":0,"ocean_custom_logo_mobile_max_width":0,"ocean_custom_logo_max_height":0,"ocean_custom_logo_tablet_max_height":0,"ocean_custom_logo_mobile_max_height":0,"ocean_header_custom_menu":"0","ocean_menu_typo_font_family":"0","ocean_menu_typo_font_subset":"","ocean_menu_typo_font_size":0,"ocean_menu_typo_font_size_tablet":0,"ocean_menu_typo_font_size_mobile":0,"ocean_menu_typo_font_size_unit":"px","ocean_menu_typo_font_weight":"","ocean_menu_typo_font_weight_tablet":"","ocean_menu_typo_font_weight_mobile":"","ocean_menu_typo_transform":"","ocean_menu_typo_transform_tablet":"","ocean_menu_typo_transform_mobile":"","ocean_menu_typo_line_height":0,"ocean_menu_typo_line_height_tablet":0,"ocean_menu_typo_line_height_mobile":0,"ocean_menu_typo_line_height_unit":"","ocean_menu_typo_spacing":0,"ocean_menu_typo_spacing_tablet":0,"ocean_menu_typo_spacing_mobile":0,"ocean_menu_typo_spacing_unit":"","ocean_menu_link_color":"","ocean_menu_link_color_hover":"","ocean_menu_link_color_active":"","ocean_menu_link_background":"","ocean_menu_link_hover_background":"","ocean_menu_link_active_background":"","ocean_menu_social_links_bg":"","ocean_menu_social_hover_links_bg":"","ocean_menu_social_links_color":"","ocean_menu_social_hover_links_color":"","ocean_disable_title":"default","ocean_disable_heading":"default","ocean_post_title":"","ocean_post_subheading":"","ocean_post_title_style":"","ocean_post_title_background_color":"","ocean_post_title_background":0,"ocean_post_title_bg_image_position":"","ocean_post_title_bg_image_attachment":"","ocean_post_title_bg_image_repeat":"","ocean_post_title_bg_image_size":"","ocean_post_title_height":0,"ocean_post_title_bg_overlay":0.5,"ocean_post_title_bg_overlay_color":"","ocean_disable_breadcrumbs":"default","ocean_breadcrumbs_color":"","ocean_breadcrumbs_separator_color":"","ocean_breadcrumbs_links_color":"","ocean_breadcrumbs_links_hover_color":"","ocean_display_footer_widgets":"default","ocean_display_footer_bottom":"default","ocean_custom_footer_template":"0","footnotes":""},"categories":[],"tags":[],"class_list":["post-402","page","type-page","status-publish","hentry","entry","has-media"],"yoast_head":"<!-- This site is optimized with the Yoast SEO plugin v22.8 - https:\/\/yoast.com\/wordpress\/plugins\/seo\/ -->\n<title>Startseite - Freiwillige Feuerwehr Markdorf<\/title>\n<meta name=\"description\" content=\"Aktuelles Aktuelles Mehr Leistungs\u00fcbungen 2022: 2 Gruppen bestehen f\u00fcr &quot;Silber&quot; Mehr Jahreshauptversammlung der Gesamtwehr und Abteilung Markdorf-Stadt\" \/>\n<meta name=\"robots\" content=\"index, follow, max-snippet:-1, max-image-preview:large, max-video-preview:-1\" \/>\n<link rel=\"canonical\" href=\"https:\/\/feuerwehr-markdorf.de\/feuerwehr\/\" \/>\n<meta property=\"og:locale\" content=\"de_DE\" \/>\n<meta property=\"og:type\" content=\"article\" \/>\n<meta property=\"og:title\" content=\"Startseite - Freiwillige Feuerwehr Markdorf\" \/>\n<meta property=\"og:description\" content=\"Aktuelles Aktuelles Mehr Leistungs\u00fcbungen 2022: 2 Gruppen bestehen f\u00fcr &quot;Silber&quot; Mehr Jahreshauptversammlung der Gesamtwehr und Abteilung Markdorf-Stadt\" \/>\n<meta property=\"og:url\" content=\"https:\/\/feuerwehr-markdorf.de\/feuerwehr\/\" \/>\n<meta property=\"og:site_name\" content=\"Freiwillige Feuerwehr Markdorf\" \/>\n<meta property=\"article:publisher\" content=\"https:\/\/www.facebook.com\/feuerwehrmarkdorf\/\" \/>\n<meta property=\"article:modified_time\" content=\"2022-06-27T08:48:56+00:00\" \/>\n<meta property=\"og:image\" content=\"https:\/\/feuerwehr-markdorf.de\/feuerwehr\/wp-content\/uploads\/sites\/2\/2022\/06\/XKRR6425_kl-1024x721.jpg\" \/>\n<meta name=\"twitter:card\" content=\"summary_large_image\" \/>\n<script type=\"application\/ld+json\" class=\"yoast-schema-graph\">{\"@context\":\"https:\/\/schema.org\",\"@graph\":[{\"@type\":\"WebPage\",\"@id\":\"https:\/\/feuerwehr-markdorf.de\/feuerwehr\/\",\"url\":\"https:\/\/feuerwehr-markdorf.de\/feuerwehr\/\",\"name\":\"Startseite - Freiwillige Feuerwehr Markdorf\",\"isPartOf\":{\"@id\":\"https:\/\/feuerwehr-markdorf.de\/feuerwehr\/#website\"},\"primaryImageOfPage\":{\"@id\":\"https:\/\/feuerwehr-markdorf.de\/feuerwehr\/#primaryimage\"},\"image\":{\"@id\":\"https:\/\/feuerwehr-markdorf.de\/feuerwehr\/#primaryimage\"},\"thumbnailUrl\":\"https:\/\/feuerwehr-markdorf.de\/feuerwehr\/wp-content\/uploads\/sites\/2\/2022\/06\/XKRR6425_kl-1024x721.jpg\",\"datePublished\":\"2019-09-08T18:46:02+00:00\",\"dateModified\":\"2022-06-27T08:48:56+00:00\",\"description\":\"Aktuelles Aktuelles Mehr Leistungs\u00fcbungen 2022: 2 Gruppen bestehen f\u00fcr \\\"Silber\\\" Mehr Jahreshauptversammlung der Gesamtwehr und Abteilung Markdorf-Stadt\",\"breadcrumb\":{\"@id\":\"https:\/\/feuerwehr-markdorf.de\/feuerwehr\/#breadcrumb\"},\"inLanguage\":\"de\",\"potentialAction\":[{\"@type\":\"ReadAction\",\"target\":[\"https:\/\/feuerwehr-markdorf.de\/feuerwehr\/\"]}]},{\"@type\":\"ImageObject\",\"inLanguage\":\"de\",\"@id\":\"https:\/\/feuerwehr-markdorf.de\/feuerwehr\/#primaryimage\",\"url\":\"https:\/\/feuerwehr-markdorf.de\/feuerwehr\/wp-content\/uploads\/sites\/2\/2022\/06\/XKRR6425_kl.jpg\",\"contentUrl\":\"https:\/\/feuerwehr-markdorf.de\/feuerwehr\/wp-content\/uploads\/sites\/2\/2022\/06\/XKRR6425_kl.jpg\",\"width\":1208,\"height\":850},{\"@type\":\"BreadcrumbList\",\"@id\":\"https:\/\/feuerwehr-markdorf.de\/feuerwehr\/#breadcrumb\",\"itemListElement\":[{\"@type\":\"ListItem\",\"position\":1,\"name\":\"Startseite\",\"item\":\"https:\/\/feuerwehr-markdorf.de\/feuerwehr\/\"},{\"@type\":\"ListItem\",\"position\":2,\"name\":\"Startseite\"}]},{\"@type\":\"WebSite\",\"@id\":\"https:\/\/feuerwehr-markdorf.de\/feuerwehr\/#website\",\"url\":\"https:\/\/feuerwehr-markdorf.de\/feuerwehr\/\",\"name\":\"Freiwillige Feuerwehr Markdorf\",\"description\":\"\",\"publisher\":{\"@id\":\"https:\/\/feuerwehr-markdorf.de\/feuerwehr\/#organization\"},\"potentialAction\":[{\"@type\":\"SearchAction\",\"target\":{\"@type\":\"EntryPoint\",\"urlTemplate\":\"https:\/\/feuerwehr-markdorf.de\/feuerwehr\/?s={search_term_string}\"},\"query-input\":\"required name=search_term_string\"}],\"inLanguage\":\"de\"},{\"@type\":\"Organization\",\"@id\":\"https:\/\/feuerwehr-markdorf.de\/feuerwehr\/#organization\",\"name\":\"Freiwillige Feuerwehr Markdorf\",\"url\":\"https:\/\/feuerwehr-markdorf.de\/feuerwehr\/\",\"logo\":{\"@type\":\"ImageObject\",\"inLanguage\":\"de\",\"@id\":\"https:\/\/feuerwehr-markdorf.de\/feuerwehr\/#\/schema\/logo\/image\/\",\"url\":\"https:\/\/feuerwehr-markdorf.de\/feuerwehr\/wp-content\/uploads\/sites\/2\/2020\/01\/FFM-red-ohne-Abteilung_klein.png\",\"contentUrl\":\"https:\/\/feuerwehr-markdorf.de\/feuerwehr\/wp-content\/uploads\/sites\/2\/2020\/01\/FFM-red-ohne-Abteilung_klein.png\",\"width\":397,\"height\":170,\"caption\":\"Freiwillige Feuerwehr Markdorf\"},\"image\":{\"@id\":\"https:\/\/feuerwehr-markdorf.de\/feuerwehr\/#\/schema\/logo\/image\/\"},\"sameAs\":[\"https:\/\/www.facebook.com\/feuerwehrmarkdorf\/\"]}]}<\/script>\n<!-- \/ Yoast SEO plugin. -->","yoast_head_json":{"title":"Startseite - Freiwillige Feuerwehr Markdorf","description":"Aktuelles Aktuelles Mehr Leistungs\u00fcbungen 2022: 2 Gruppen bestehen f\u00fcr \"Silber\" Mehr Jahreshauptversammlung der Gesamtwehr und Abteilung Markdorf-Stadt","robots":{"index":"index","follow":"follow","max-snippet":"max-snippet:-1","max-image-preview":"max-image-preview:large","max-video-preview":"max-video-preview:-1"},"canonical":"https:\/\/feuerwehr-markdorf.de\/feuerwehr\/","og_locale":"de_DE","og_type":"article","og_title":"Startseite - Freiwillige Feuerwehr Markdorf","og_description":"Aktuelles Aktuelles Mehr Leistungs\u00fcbungen 2022: 2 Gruppen bestehen f\u00fcr \"Silber\" Mehr Jahreshauptversammlung der Gesamtwehr und Abteilung Markdorf-Stadt","og_url":"https:\/\/feuerwehr-markdorf.de\/feuerwehr\/","og_site_name":"Freiwillige Feuerwehr Markdorf","article_publisher":"https:\/\/www.facebook.com\/feuerwehrmarkdorf\/","article_modified_time":"2022-06-27T08:48:56+00:00","og_image":[{"url":"https:\/\/feuerwehr-markdorf.de\/feuerwehr\/wp-content\/uploads\/sites\/2\/2022\/06\/XKRR6425_kl-1024x721.jpg"}],"twitter_card":"summary_large_image","schema":{"@context":"https:\/\/schema.org","@graph":[{"@type":"WebPage","@id":"https:\/\/feuerwehr-markdorf.de\/feuerwehr\/","url":"https:\/\/feuerwehr-markdorf.de\/feuerwehr\/","name":"Startseite - Freiwillige Feuerwehr Markdorf","isPartOf":{"@id":"https:\/\/feuerwehr-markdorf.de\/feuerwehr\/#website"},"primaryImageOfPage":{"@id":"https:\/\/feuerwehr-markdorf.de\/feuerwehr\/#primaryimage"},"image":{"@id":"https:\/\/feuerwehr-markdorf.de\/feuerwehr\/#primaryimage"},"thumbnailUrl":"https:\/\/feuerwehr-markdorf.de\/feuerwehr\/wp-content\/uploads\/sites\/2\/2022\/06\/XKRR6425_kl-1024x721.jpg","datePublished":"2019-09-08T18:46:02+00:00","dateModified":"2022-06-27T08:48:56+00:00","description":"Aktuelles Aktuelles Mehr Leistungs\u00fcbungen 2022: 2 Gruppen bestehen f\u00fcr \"Silber\" Mehr Jahreshauptversammlung der Gesamtwehr und Abteilung Markdorf-Stadt","breadcrumb":{"@id":"https:\/\/feuerwehr-markdorf.de\/feuerwehr\/#breadcrumb"},"inLanguage":"de","potentialAction":[{"@type":"ReadAction","target":["https:\/\/feuerwehr-markdorf.de\/feuerwehr\/"]}]},{"@type":"ImageObject","inLanguage":"de","@id":"https:\/\/feuerwehr-markdorf.de\/feuerwehr\/#primaryimage","url":"https:\/\/feuerwehr-markdorf.de\/feuerwehr\/wp-content\/uploads\/sites\/2\/2022\/06\/XKRR6425_kl.jpg","contentUrl":"https:\/\/feuerwehr-markdorf.de\/feuerwehr\/wp-content\/uploads\/sites\/2\/2022\/06\/XKRR6425_kl.jpg","width":1208,"height":850},{"@type":"BreadcrumbList","@id":"https:\/\/feuerwehr-markdorf.de\/feuerwehr\/#breadcrumb","itemListElement":[{"@type":"ListItem","position":1,"name":"Startseite","item":"https:\/\/feuerwehr-markdorf.de\/feuerwehr\/"},{"@type":"ListItem","position":2,"name":"Startseite"}]},{"@type":"WebSite","@id":"https:\/\/feuerwehr-markdorf.de\/feuerwehr\/#website","url":"https:\/\/feuerwehr-markdorf.de\/feuerwehr\/","name":"Freiwillige Feuerwehr Markdorf","description":"","publisher":{"@id":"https:\/\/feuerwehr-markdorf.de\/feuerwehr\/#organization"},"potentialAction":[{"@type":"SearchAction","target":{"@type":"EntryPoint","urlTemplate":"https:\/\/feuerwehr-markdorf.de\/feuerwehr\/?s={search_term_string}"},"query-input":"required name=search_term_string"}],"inLanguage":"de"},{"@type":"Organization","@id":"https:\/\/feuerwehr-markdorf.de\/feuerwehr\/#organization","name":"Freiwillige Feuerwehr Markdorf","url":"https:\/\/feuerwehr-markdorf.de\/feuerwehr\/","logo":{"@type":"ImageObject","inLanguage":"de","@id":"https:\/\/feuerwehr-markdorf.de\/feuerwehr\/#\/schema\/logo\/image\/","url":"https:\/\/feuerwehr-markdorf.de\/feuerwehr\/wp-content\/uploads\/sites\/2\/2020\/01\/FFM-red-ohne-Abteilung_klein.png","contentUrl":"https:\/\/feuerwehr-markdorf.de\/feuerwehr\/wp-content\/uploads\/sites\/2\/2020\/01\/FFM-red-ohne-Abteilung_klein.png","width":397,"height":170,"caption":"Freiwillige Feuerwehr Markdorf"},"image":{"@id":"https:\/\/feuerwehr-markdorf.de\/feuerwehr\/#\/schema\/logo\/image\/"},"sameAs":["https:\/\/www.facebook.com\/feuerwehrmarkdorf\/"]}]}},"coauthors":[],"author_meta":{"author_link":"https:\/\/feuerwehr-markdorf.de\/feuerwehr\/author\/tobiby\/","display_name":"tobiby"},"relative_dates":{"created":"Posted 7\u00a0Jahren ago","modified":"Updated 4\u00a0Jahren ago"},"absolute_dates":{"created":"Posted on 8. September 2019","modified":"Updated on 27. Juni 2022"},"absolute_dates_time":{"created":"Posted on 8. September 2019 20:46","modified":"Updated on 27. Juni 2022 10:48"},"featured_img_caption":"","featured_img":false,"series_order":"","_links":{"self":[{"href":"https:\/\/feuerwehr-markdorf.de\/feuerwehr\/wp-json\/wp\/v2\/pages\/402","targetHints":{"allow":["GET"]}}],"collection":[{"href":"https:\/\/feuerwehr-markdorf.de\/feuerwehr\/wp-json\/wp\/v2\/pages"}],"about":[{"href":"https:\/\/feuerwehr-markdorf.de\/feuerwehr\/wp-json\/wp\/v2\/types\/page"}],"author":[{"embeddable":true,"href":"https:\/\/feuerwehr-markdorf.de\/feuerwehr\/wp-json\/wp\/v2\/users\/1"}],"replies":[{"embeddable":true,"href":"https:\/\/feuerwehr-markdorf.de\/feuerwehr\/wp-json\/wp\/v2\/comments?post=402"}],"version-history":[{"count":11,"href":"https:\/\/feuerwehr-markdorf.de\/feuerwehr\/wp-json\/wp\/v2\/pages\/402\/revisions"}],"predecessor-version":[{"id":9685,"href":"https:\/\/feuerwehr-markdorf.de\/feuerwehr\/wp-json\/wp\/v2\/pages\/402\/revisions\/9685"}],"wp:attachment":[{"href":"https:\/\/feuerwehr-markdorf.de\/feuerwehr\/wp-json\/wp\/v2\/media?parent=402"}],"wp:term":[{"taxonomy":"category","embeddable":true,"href":"https:\/\/feuerwehr-markdorf.de\/feuerwehr\/wp-json\/wp\/v2\/categories?post=402"},{"taxonomy":"post_tag","embeddable":true,"href":"https:\/\/feuerwehr-markdorf.de\/feuerwehr\/wp-json\/wp\/v2\/tags?post=402"}],"curies":[{"name":"wp","href":"https:\/\/api.w.org\/{rel}","templated":true}]}}