{"id":3362,"date":"2020-07-20T19:37:03","date_gmt":"2020-07-20T17:37:03","guid":{"rendered":"https:\/\/feuerwehr-markdorf.de\/feuerwehr\/?page_id=3362"},"modified":"2022-03-04T16:18:36","modified_gmt":"2022-03-04T15:18:36","slug":"tueroeffnung","status":"publish","type":"page","link":"https:\/\/feuerwehr-markdorf.de\/feuerwehr\/tueroeffnung\/","title":{"rendered":"T\u00fcr\u00f6ffnung"},"content":{"rendered":"\t\t<div data-elementor-type=\"wp-page\" data-elementor-id=\"3362\" class=\"elementor elementor-3362\">\n\t\t\t\t\t\t<section class=\"elementor-section elementor-top-section elementor-element elementor-element-3f6e0fdf elementor-section-full_width elementor-section-content-middle elementor-section-height-default elementor-section-height-default\" data-id=\"3f6e0fdf\" data-element_type=\"section\">\n\t\t\t\t\t\t<div class=\"elementor-container elementor-column-gap-default\">\n\t\t\t\t\t<div class=\"elementor-column elementor-col-100 elementor-top-column elementor-element elementor-element-11f9fa9c\" data-id=\"11f9fa9c\" data-element_type=\"column\">\n\t\t\t<div class=\"elementor-widget-wrap elementor-element-populated\">\n\t\t\t\t\t\t<div class=\"elementor-element elementor-element-1527c55a elementor-hidden-tablet elementor-hidden-phone elementor-widget elementor-widget-spacer\" data-id=\"1527c55a\" data-element_type=\"widget\" data-widget_type=\"spacer.default\">\n\t\t\t\t<div class=\"elementor-widget-container\">\n\t\t\t\t\t<div class=\"elementor-spacer\">\n\t\t\t<div class=\"elementor-spacer-inner\"><\/div>\n\t\t<\/div>\n\t\t\t\t<\/div>\n\t\t\t\t<\/div>\n\t\t\t\t<div class=\"elementor-element elementor-element-769cd238 elementor-align-left elementor-widget elementor-widget-oew-advanced-heading\" data-id=\"769cd238\" data-element_type=\"widget\" data-widget_type=\"oew-advanced-heading.default\">\n\t\t\t\t<div class=\"elementor-widget-container\">\n\t\t\t\r\n\t\t<div class=\"oew-advanced-heading\">\r\n\r\n\t\t\t\t\t\t\t<h1  class=\"oew-main-heading\">\r\n\t\t\t\t\t<div>\r\n\t\t\t\t\t\tT\u00fcr\u00f6ffnung\r\n\t\t\t\t\t\t\t\t\t\t\t<\/div>\r\n\t\t\t\t<\/h1>\r\n\t\t\t\r\n\t\t<\/div>\r\n\r\n\t\t\t<\/div>\n\t\t\t\t<\/div>\n\t\t\t\t<div class=\"elementor-element elementor-element-4092b4e0 elementor-hidden-tablet elementor-hidden-phone elementor-widget elementor-widget-spacer\" data-id=\"4092b4e0\" data-element_type=\"widget\" data-widget_type=\"spacer.default\">\n\t\t\t\t<div class=\"elementor-widget-container\">\n\t\t\t\t\t<div class=\"elementor-spacer\">\n\t\t\t<div class=\"elementor-spacer-inner\"><\/div>\n\t\t<\/div>\n\t\t\t\t<\/div>\n\t\t\t\t<\/div>\n\t\t\t\t\t<\/div>\n\t\t<\/div>\n\t\t\t\t\t<\/div>\n\t\t<\/section>\n\t\t\t\t<section class=\"elementor-section elementor-top-section elementor-element elementor-element-60fff3fb elementor-section-full_width elementor-section-content-middle elementor-section-height-default elementor-section-height-default\" data-id=\"60fff3fb\" data-element_type=\"section\">\n\t\t\t\t\t\t<div class=\"elementor-container elementor-column-gap-no\">\n\t\t\t\t\t<div class=\"elementor-column elementor-col-50 elementor-top-column elementor-element elementor-element-56ccadf5\" data-id=\"56ccadf5\" data-element_type=\"column\" data-settings=\"{&quot;background_background&quot;:&quot;classic&quot;}\">\n\t\t\t<div class=\"elementor-widget-wrap elementor-element-populated\">\n\t\t\t\t\t\t<div class=\"elementor-element elementor-element-7c4b9d17 elementor-hidden-desktop elementor-widget elementor-widget-image\" data-id=\"7c4b9d17\" data-element_type=\"widget\" data-widget_type=\"image.default\">\n\t\t\t\t<div class=\"elementor-widget-container\">\n\t\t\t\t\t\t\t\t\t\t\t\t\t<img loading=\"lazy\" decoding=\"async\" width=\"2016\" height=\"1512\" src=\"https:\/\/feuerwehr-markdorf.de\/feuerwehr\/wp-content\/uploads\/sites\/2\/2020\/07\/IMG_5470.jpg\" class=\"attachment-full size-full wp-image-3370\" alt=\"\" srcset=\"https:\/\/feuerwehr-markdorf.de\/feuerwehr\/wp-content\/uploads\/sites\/2\/2020\/07\/IMG_5470.jpg 2016w, https:\/\/feuerwehr-markdorf.de\/feuerwehr\/wp-content\/uploads\/sites\/2\/2020\/07\/IMG_5470-300x225.jpg 300w, https:\/\/feuerwehr-markdorf.de\/feuerwehr\/wp-content\/uploads\/sites\/2\/2020\/07\/IMG_5470-1024x768.jpg 1024w, https:\/\/feuerwehr-markdorf.de\/feuerwehr\/wp-content\/uploads\/sites\/2\/2020\/07\/IMG_5470-768x576.jpg 768w, https:\/\/feuerwehr-markdorf.de\/feuerwehr\/wp-content\/uploads\/sites\/2\/2020\/07\/IMG_5470-1536x1152.jpg 1536w\" sizes=\"auto, (max-width: 2016px) 100vw, 2016px\" \/>\t\t\t\t\t\t\t\t\t\t\t\t\t<\/div>\n\t\t\t\t<\/div>\n\t\t\t\t\t<\/div>\n\t\t<\/div>\n\t\t\t\t<div class=\"elementor-column elementor-col-50 elementor-top-column elementor-element elementor-element-554e7595\" data-id=\"554e7595\" data-element_type=\"column\" data-settings=\"{&quot;background_background&quot;:&quot;classic&quot;}\">\n\t\t\t<div class=\"elementor-widget-wrap elementor-element-populated\">\n\t\t\t\t\t\t<div class=\"elementor-element elementor-element-b2376c8 elementor-widget elementor-widget-text-editor\" data-id=\"b2376c8\" data-element_type=\"widget\" data-widget_type=\"text-editor.default\">\n\t\t\t\t<div class=\"elementor-widget-container\">\n\t\t\t\t\t\t\t<p>Das Fachgebiet T\u00fcr\u00f6ffnung kann \u00fcber eine eigene Alarmschleife alarmiert werden und r\u00fcckt je nach Einsatzanforderung mit den Einsatzfahrzeugen <a href=\"https:\/\/feuerwehr-markdorf.de\/feuerwehr\/einsatzleitwagen\/\">Einsatzleitwagen<\/a>, <a href=\"https:\/\/feuerwehr-markdorf.de\/feuerwehr\/loeschguppenfahrzeug-lf-16-12-cafs\/\">L\u00f6schgruppenfahrzeug<\/a> und \/ oder <a href=\"https:\/\/feuerwehr-markdorf.de\/feuerwehr\/dlak-23-12-drehleiter-mit-korb\/\">Drehleiter<\/a> aus.<\/p>\n<p>Die Angeh\u00f6rigen dieser Alarmschleife sind besonders mit Sicherheits- und Schliesstechniken ausgebildet und halten sich auch immer \u00fcber Neuerungen&nbsp; auf dem Laufenden.<\/p>\n<p>Ihr Ziel ist es, jedwede verschlossene T\u00fcre m\u00f6glichst schnell und m\u00f6glichst zerst\u00f6rungsfrei zu \u00f6ffnen.<\/p>\t\t\t\t\t\t<\/div>\n\t\t\t\t<\/div>\n\t\t\t\t\t<\/div>\n\t\t<\/div>\n\t\t\t\t\t<\/div>\n\t\t<\/section>\n\t\t\t\t<section class=\"elementor-section elementor-top-section elementor-element elementor-element-13aab748 elementor-section-full_width elementor-section-content-middle elementor-reverse-mobile elementor-section-height-default elementor-section-height-default\" data-id=\"13aab748\" data-element_type=\"section\">\n\t\t\t\t\t\t<div class=\"elementor-container elementor-column-gap-no\">\n\t\t\t\t\t<div class=\"elementor-column elementor-col-50 elementor-top-column elementor-element elementor-element-23dcf927\" data-id=\"23dcf927\" data-element_type=\"column\" data-settings=\"{&quot;background_background&quot;:&quot;classic&quot;}\">\n\t\t\t<div class=\"elementor-widget-wrap elementor-element-populated\">\n\t\t\t\t\t\t<div class=\"elementor-element elementor-element-68151d31 elementor-widget elementor-widget-text-editor\" data-id=\"68151d31\" data-element_type=\"widget\" data-widget_type=\"text-editor.default\">\n\t\t\t\t<div class=\"elementor-widget-container\">\n\t\t\t\t\t\t\t<div>Die wichtigsten Arbeitsger\u00e4te der T\u00fcr\u00f6ffnungsgruppe befinden sich in drei Koffern, die etliches an Handerkzeug, Spezialwerkzeug und z.B.\u00a0<span style=\"font-size: 16px;\"> Ersatzschliesszylinder beinhalten.<\/span><\/div><div><span style=\"font-size: 16px;\">\u00a0<\/span><\/div><div><span style=\"font-size: 16px;\">Das Aufgabenspektrum umfasst im Wesentlichen die dringende T\u00fcr\u00f6ffnung auf Anforderung des Rettungsdienstes oder der Polizei, bei letzteren auch als Amtshilfe auf Anordnung der Staatsanwaltschaft.<\/span><\/div><div><span style=\"font-size: 16px;\">\u00a0<\/span><\/div><div><span style=\"font-size: 16px;\">Die T\u00fcr\u00f6ffnung, weil jemand seinen Schl\u00fcssel vergessen hat, geh\u00f6rt nicht zu den Aufgaben der Feuerwehr. Hierf\u00fcr ist ein privater Schl\u00fcsseldienst zu beauftragen.<br \/><\/span><\/div>\t\t\t\t\t\t<\/div>\n\t\t\t\t<\/div>\n\t\t\t\t\t<\/div>\n\t\t<\/div>\n\t\t\t\t<div class=\"elementor-column elementor-col-50 elementor-top-column elementor-element elementor-element-25d3ad93\" data-id=\"25d3ad93\" data-element_type=\"column\" data-settings=\"{&quot;background_background&quot;:&quot;classic&quot;}\">\n\t\t\t<div class=\"elementor-widget-wrap elementor-element-populated\">\n\t\t\t\t\t\t<div class=\"elementor-element elementor-element-1b2d7653 elementor-hidden-desktop elementor-hidden-tablet elementor-widget elementor-widget-image\" data-id=\"1b2d7653\" data-element_type=\"widget\" data-widget_type=\"image.default\">\n\t\t\t\t<div class=\"elementor-widget-container\">\n\t\t\t\t\t\t\t\t\t\t\t\t\t<img loading=\"lazy\" decoding=\"async\" width=\"2016\" height=\"1512\" src=\"https:\/\/feuerwehr-markdorf.de\/feuerwehr\/wp-content\/uploads\/sites\/2\/2020\/07\/IMG_5463_kl.jpg\" class=\"attachment-full size-full wp-image-3365\" alt=\"\" srcset=\"https:\/\/feuerwehr-markdorf.de\/feuerwehr\/wp-content\/uploads\/sites\/2\/2020\/07\/IMG_5463_kl.jpg 2016w, https:\/\/feuerwehr-markdorf.de\/feuerwehr\/wp-content\/uploads\/sites\/2\/2020\/07\/IMG_5463_kl-300x225.jpg 300w, https:\/\/feuerwehr-markdorf.de\/feuerwehr\/wp-content\/uploads\/sites\/2\/2020\/07\/IMG_5463_kl-1024x768.jpg 1024w, https:\/\/feuerwehr-markdorf.de\/feuerwehr\/wp-content\/uploads\/sites\/2\/2020\/07\/IMG_5463_kl-768x576.jpg 768w, https:\/\/feuerwehr-markdorf.de\/feuerwehr\/wp-content\/uploads\/sites\/2\/2020\/07\/IMG_5463_kl-1536x1152.jpg 1536w\" sizes=\"auto, (max-width: 2016px) 100vw, 2016px\" \/>\t\t\t\t\t\t\t\t\t\t\t\t\t<\/div>\n\t\t\t\t<\/div>\n\t\t\t\t\t<\/div>\n\t\t<\/div>\n\t\t\t\t\t<\/div>\n\t\t<\/section>\n\t\t\t\t<section class=\"elementor-section elementor-top-section elementor-element elementor-element-c78da48 elementor-section-boxed elementor-section-height-default elementor-section-height-default\" data-id=\"c78da48\" data-element_type=\"section\">\n\t\t\t\t\t\t<div class=\"elementor-container elementor-column-gap-default\">\n\t\t\t\t\t<div class=\"elementor-column elementor-col-100 elementor-top-column elementor-element elementor-element-23cbf45\" data-id=\"23cbf45\" data-element_type=\"column\">\n\t\t\t<div class=\"elementor-widget-wrap\">\n\t\t\t\t\t\t\t<\/div>\n\t\t<\/div>\n\t\t\t\t\t<\/div>\n\t\t<\/section>\n\t\t\t\t<\/div>\n\t\t","protected":false},"excerpt":{"rendered":"<p>T\u00fcr\u00f6ffnung Das Fachgebiet T\u00fcr\u00f6ffnung kann \u00fcber eine eigene Alarmschleife alarmiert werden und r\u00fcckt je nach Einsatzanforderung mit den Einsatzfahrzeugen Einsatzleitwagen, L\u00f6schgruppenfahrzeug und \/ oder Drehleiter aus. Die Angeh\u00f6rigen dieser Alarmschleife sind besonders mit Sicherheits- und Schliesstechniken ausgebildet und halten sich auch immer \u00fcber Neuerungen&nbsp; auf dem Laufenden. Ihr Ziel ist es, jedwede verschlossene T\u00fcre m\u00f6glichst [&hellip;]<\/p>\n","protected":false},"author":1,"featured_media":3370,"parent":0,"menu_order":0,"comment_status":"closed","ping_status":"closed","template":"","meta":{"advgb_blocks_editor_width":"","advgb_blocks_columns_visual_guide":"","ocean_post_layout":"","ocean_both_sidebars_style":"","ocean_both_sidebars_content_width":0,"ocean_both_sidebars_sidebars_width":0,"ocean_sidebar":"0","ocean_second_sidebar":"0","ocean_disable_margins":"enable","ocean_add_body_class":"","ocean_shortcode_before_top_bar":"","ocean_shortcode_after_top_bar":"","ocean_shortcode_before_header":"","ocean_shortcode_after_header":"","ocean_has_shortcode":"","ocean_shortcode_after_title":"","ocean_shortcode_before_footer_widgets":"","ocean_shortcode_after_footer_widgets":"","ocean_shortcode_before_footer_bottom":"","ocean_shortcode_after_footer_bottom":"","ocean_display_top_bar":"default","ocean_display_header":"default","ocean_header_style":"","ocean_center_header_left_menu":"0","ocean_custom_header_template":"0","ocean_custom_logo":0,"ocean_custom_retina_logo":0,"ocean_custom_logo_max_width":0,"ocean_custom_logo_tablet_max_width":0,"ocean_custom_logo_mobile_max_width":0,"ocean_custom_logo_max_height":0,"ocean_custom_logo_tablet_max_height":0,"ocean_custom_logo_mobile_max_height":0,"ocean_header_custom_menu":"0","ocean_menu_typo_font_family":"0","ocean_menu_typo_font_subset":"","ocean_menu_typo_font_size":0,"ocean_menu_typo_font_size_tablet":0,"ocean_menu_typo_font_size_mobile":0,"ocean_menu_typo_font_size_unit":"px","ocean_menu_typo_font_weight":"","ocean_menu_typo_font_weight_tablet":"","ocean_menu_typo_font_weight_mobile":"","ocean_menu_typo_transform":"","ocean_menu_typo_transform_tablet":"","ocean_menu_typo_transform_mobile":"","ocean_menu_typo_line_height":0,"ocean_menu_typo_line_height_tablet":0,"ocean_menu_typo_line_height_mobile":0,"ocean_menu_typo_line_height_unit":"","ocean_menu_typo_spacing":0,"ocean_menu_typo_spacing_tablet":0,"ocean_menu_typo_spacing_mobile":0,"ocean_menu_typo_spacing_unit":"","ocean_menu_link_color":"","ocean_menu_link_color_hover":"","ocean_menu_link_color_active":"","ocean_menu_link_background":"","ocean_menu_link_hover_background":"","ocean_menu_link_active_background":"","ocean_menu_social_links_bg":"","ocean_menu_social_hover_links_bg":"","ocean_menu_social_links_color":"","ocean_menu_social_hover_links_color":"","ocean_disable_title":"default","ocean_disable_heading":"default","ocean_post_title":"","ocean_post_subheading":"","ocean_post_title_style":"","ocean_post_title_background_color":"","ocean_post_title_background":0,"ocean_post_title_bg_image_position":"","ocean_post_title_bg_image_attachment":"","ocean_post_title_bg_image_repeat":"","ocean_post_title_bg_image_size":"","ocean_post_title_height":0,"ocean_post_title_bg_overlay":0.5,"ocean_post_title_bg_overlay_color":"","ocean_disable_breadcrumbs":"default","ocean_breadcrumbs_color":"","ocean_breadcrumbs_separator_color":"","ocean_breadcrumbs_links_color":"","ocean_breadcrumbs_links_hover_color":"","ocean_display_footer_widgets":"default","ocean_display_footer_bottom":"default","ocean_custom_footer_template":"0","footnotes":""},"categories":[30],"tags":[],"class_list":["post-3362","page","type-page","status-publish","has-post-thumbnail","hentry","category-fachabteilung","entry","has-media"],"yoast_head":"<!-- This site is optimized with the Yoast SEO plugin v22.8 - https:\/\/yoast.com\/wordpress\/plugins\/seo\/ -->\n<title>T\u00fcr\u00f6ffnung - Freiwillige Feuerwehr Markdorf<\/title>\n<meta name=\"description\" content=\"T\u00fcr\u00f6ffnung Das Fachgebiet T\u00fcr\u00f6ffnung kann \u00fcber eine eigene Alarmschleife alarmiert werden und r\u00fcckt je nach Einsatzanforderung mit den Einsatzfahrzeugen\" \/>\n<meta name=\"robots\" content=\"index, follow, max-snippet:-1, max-image-preview:large, max-video-preview:-1\" \/>\n<link rel=\"canonical\" href=\"https:\/\/feuerwehr-markdorf.de\/feuerwehr\/tueroeffnung\/\" \/>\n<meta property=\"og:locale\" content=\"de_DE\" \/>\n<meta property=\"og:type\" content=\"article\" \/>\n<meta property=\"og:title\" content=\"T\u00fcr\u00f6ffnung - Freiwillige Feuerwehr Markdorf\" \/>\n<meta property=\"og:description\" content=\"T\u00fcr\u00f6ffnung Das Fachgebiet T\u00fcr\u00f6ffnung kann \u00fcber eine eigene Alarmschleife alarmiert werden und r\u00fcckt je nach Einsatzanforderung mit den Einsatzfahrzeugen\" \/>\n<meta property=\"og:url\" content=\"https:\/\/feuerwehr-markdorf.de\/feuerwehr\/tueroeffnung\/\" \/>\n<meta property=\"og:site_name\" content=\"Freiwillige Feuerwehr Markdorf\" \/>\n<meta property=\"article:publisher\" content=\"https:\/\/www.facebook.com\/feuerwehrmarkdorf\/\" \/>\n<meta property=\"article:modified_time\" content=\"2022-03-04T15:18:36+00:00\" \/>\n<meta property=\"og:image\" content=\"https:\/\/feuerwehr-markdorf.de\/feuerwehr\/wp-content\/uploads\/sites\/2\/2020\/07\/IMG_5470.jpg\" \/>\n\t<meta property=\"og:image:width\" content=\"2016\" \/>\n\t<meta property=\"og:image:height\" content=\"1512\" \/>\n\t<meta property=\"og:image:type\" content=\"image\/jpeg\" \/>\n<meta name=\"twitter:card\" content=\"summary_large_image\" \/>\n<meta name=\"twitter:label1\" content=\"Gesch\u00e4tzte Lesezeit\" \/>\n\t<meta name=\"twitter:data1\" content=\"2\u00a0Minuten\" \/>\n<script type=\"application\/ld+json\" class=\"yoast-schema-graph\">{\"@context\":\"https:\/\/schema.org\",\"@graph\":[{\"@type\":\"WebPage\",\"@id\":\"https:\/\/feuerwehr-markdorf.de\/feuerwehr\/tueroeffnung\/\",\"url\":\"https:\/\/feuerwehr-markdorf.de\/feuerwehr\/tueroeffnung\/\",\"name\":\"T\u00fcr\u00f6ffnung - Freiwillige Feuerwehr Markdorf\",\"isPartOf\":{\"@id\":\"https:\/\/feuerwehr-markdorf.de\/feuerwehr\/#website\"},\"primaryImageOfPage\":{\"@id\":\"https:\/\/feuerwehr-markdorf.de\/feuerwehr\/tueroeffnung\/#primaryimage\"},\"image\":{\"@id\":\"https:\/\/feuerwehr-markdorf.de\/feuerwehr\/tueroeffnung\/#primaryimage\"},\"thumbnailUrl\":\"https:\/\/feuerwehr-markdorf.de\/feuerwehr\/wp-content\/uploads\/sites\/2\/2020\/07\/IMG_5470.jpg\",\"datePublished\":\"2020-07-20T17:37:03+00:00\",\"dateModified\":\"2022-03-04T15:18:36+00:00\",\"description\":\"T\u00fcr\u00f6ffnung Das Fachgebiet T\u00fcr\u00f6ffnung kann \u00fcber eine eigene Alarmschleife alarmiert werden und r\u00fcckt je nach Einsatzanforderung mit den Einsatzfahrzeugen\",\"breadcrumb\":{\"@id\":\"https:\/\/feuerwehr-markdorf.de\/feuerwehr\/tueroeffnung\/#breadcrumb\"},\"inLanguage\":\"de\",\"potentialAction\":[{\"@type\":\"ReadAction\",\"target\":[\"https:\/\/feuerwehr-markdorf.de\/feuerwehr\/tueroeffnung\/\"]}]},{\"@type\":\"ImageObject\",\"inLanguage\":\"de\",\"@id\":\"https:\/\/feuerwehr-markdorf.de\/feuerwehr\/tueroeffnung\/#primaryimage\",\"url\":\"https:\/\/feuerwehr-markdorf.de\/feuerwehr\/wp-content\/uploads\/sites\/2\/2020\/07\/IMG_5470.jpg\",\"contentUrl\":\"https:\/\/feuerwehr-markdorf.de\/feuerwehr\/wp-content\/uploads\/sites\/2\/2020\/07\/IMG_5470.jpg\",\"width\":2016,\"height\":1512},{\"@type\":\"BreadcrumbList\",\"@id\":\"https:\/\/feuerwehr-markdorf.de\/feuerwehr\/tueroeffnung\/#breadcrumb\",\"itemListElement\":[{\"@type\":\"ListItem\",\"position\":1,\"name\":\"Startseite\",\"item\":\"https:\/\/feuerwehr-markdorf.de\/feuerwehr\/\"},{\"@type\":\"ListItem\",\"position\":2,\"name\":\"T\u00fcr\u00f6ffnung\"}]},{\"@type\":\"WebSite\",\"@id\":\"https:\/\/feuerwehr-markdorf.de\/feuerwehr\/#website\",\"url\":\"https:\/\/feuerwehr-markdorf.de\/feuerwehr\/\",\"name\":\"Freiwillige Feuerwehr Markdorf\",\"description\":\"\",\"publisher\":{\"@id\":\"https:\/\/feuerwehr-markdorf.de\/feuerwehr\/#organization\"},\"potentialAction\":[{\"@type\":\"SearchAction\",\"target\":{\"@type\":\"EntryPoint\",\"urlTemplate\":\"https:\/\/feuerwehr-markdorf.de\/feuerwehr\/?s={search_term_string}\"},\"query-input\":\"required name=search_term_string\"}],\"inLanguage\":\"de\"},{\"@type\":\"Organization\",\"@id\":\"https:\/\/feuerwehr-markdorf.de\/feuerwehr\/#organization\",\"name\":\"Freiwillige Feuerwehr Markdorf\",\"url\":\"https:\/\/feuerwehr-markdorf.de\/feuerwehr\/\",\"logo\":{\"@type\":\"ImageObject\",\"inLanguage\":\"de\",\"@id\":\"https:\/\/feuerwehr-markdorf.de\/feuerwehr\/#\/schema\/logo\/image\/\",\"url\":\"https:\/\/feuerwehr-markdorf.de\/feuerwehr\/wp-content\/uploads\/sites\/2\/2020\/01\/FFM-red-ohne-Abteilung_klein.png\",\"contentUrl\":\"https:\/\/feuerwehr-markdorf.de\/feuerwehr\/wp-content\/uploads\/sites\/2\/2020\/01\/FFM-red-ohne-Abteilung_klein.png\",\"width\":397,\"height\":170,\"caption\":\"Freiwillige Feuerwehr Markdorf\"},\"image\":{\"@id\":\"https:\/\/feuerwehr-markdorf.de\/feuerwehr\/#\/schema\/logo\/image\/\"},\"sameAs\":[\"https:\/\/www.facebook.com\/feuerwehrmarkdorf\/\"]}]}<\/script>\n<!-- \/ Yoast SEO plugin. -->","yoast_head_json":{"title":"T\u00fcr\u00f6ffnung - Freiwillige Feuerwehr Markdorf","description":"T\u00fcr\u00f6ffnung Das Fachgebiet T\u00fcr\u00f6ffnung kann \u00fcber eine eigene Alarmschleife alarmiert werden und r\u00fcckt je nach Einsatzanforderung mit den Einsatzfahrzeugen","robots":{"index":"index","follow":"follow","max-snippet":"max-snippet:-1","max-image-preview":"max-image-preview:large","max-video-preview":"max-video-preview:-1"},"canonical":"https:\/\/feuerwehr-markdorf.de\/feuerwehr\/tueroeffnung\/","og_locale":"de_DE","og_type":"article","og_title":"T\u00fcr\u00f6ffnung - Freiwillige Feuerwehr Markdorf","og_description":"T\u00fcr\u00f6ffnung Das Fachgebiet T\u00fcr\u00f6ffnung kann \u00fcber eine eigene Alarmschleife alarmiert werden und r\u00fcckt je nach Einsatzanforderung mit den Einsatzfahrzeugen","og_url":"https:\/\/feuerwehr-markdorf.de\/feuerwehr\/tueroeffnung\/","og_site_name":"Freiwillige Feuerwehr Markdorf","article_publisher":"https:\/\/www.facebook.com\/feuerwehrmarkdorf\/","article_modified_time":"2022-03-04T15:18:36+00:00","og_image":[{"width":2016,"height":1512,"url":"https:\/\/feuerwehr-markdorf.de\/feuerwehr\/wp-content\/uploads\/sites\/2\/2020\/07\/IMG_5470.jpg","type":"image\/jpeg"}],"twitter_card":"summary_large_image","twitter_misc":{"Gesch\u00e4tzte Lesezeit":"2\u00a0Minuten"},"schema":{"@context":"https:\/\/schema.org","@graph":[{"@type":"WebPage","@id":"https:\/\/feuerwehr-markdorf.de\/feuerwehr\/tueroeffnung\/","url":"https:\/\/feuerwehr-markdorf.de\/feuerwehr\/tueroeffnung\/","name":"T\u00fcr\u00f6ffnung - Freiwillige Feuerwehr Markdorf","isPartOf":{"@id":"https:\/\/feuerwehr-markdorf.de\/feuerwehr\/#website"},"primaryImageOfPage":{"@id":"https:\/\/feuerwehr-markdorf.de\/feuerwehr\/tueroeffnung\/#primaryimage"},"image":{"@id":"https:\/\/feuerwehr-markdorf.de\/feuerwehr\/tueroeffnung\/#primaryimage"},"thumbnailUrl":"https:\/\/feuerwehr-markdorf.de\/feuerwehr\/wp-content\/uploads\/sites\/2\/2020\/07\/IMG_5470.jpg","datePublished":"2020-07-20T17:37:03+00:00","dateModified":"2022-03-04T15:18:36+00:00","description":"T\u00fcr\u00f6ffnung Das Fachgebiet T\u00fcr\u00f6ffnung kann \u00fcber eine eigene Alarmschleife alarmiert werden und r\u00fcckt je nach Einsatzanforderung mit den Einsatzfahrzeugen","breadcrumb":{"@id":"https:\/\/feuerwehr-markdorf.de\/feuerwehr\/tueroeffnung\/#breadcrumb"},"inLanguage":"de","potentialAction":[{"@type":"ReadAction","target":["https:\/\/feuerwehr-markdorf.de\/feuerwehr\/tueroeffnung\/"]}]},{"@type":"ImageObject","inLanguage":"de","@id":"https:\/\/feuerwehr-markdorf.de\/feuerwehr\/tueroeffnung\/#primaryimage","url":"https:\/\/feuerwehr-markdorf.de\/feuerwehr\/wp-content\/uploads\/sites\/2\/2020\/07\/IMG_5470.jpg","contentUrl":"https:\/\/feuerwehr-markdorf.de\/feuerwehr\/wp-content\/uploads\/sites\/2\/2020\/07\/IMG_5470.jpg","width":2016,"height":1512},{"@type":"BreadcrumbList","@id":"https:\/\/feuerwehr-markdorf.de\/feuerwehr\/tueroeffnung\/#breadcrumb","itemListElement":[{"@type":"ListItem","position":1,"name":"Startseite","item":"https:\/\/feuerwehr-markdorf.de\/feuerwehr\/"},{"@type":"ListItem","position":2,"name":"T\u00fcr\u00f6ffnung"}]},{"@type":"WebSite","@id":"https:\/\/feuerwehr-markdorf.de\/feuerwehr\/#website","url":"https:\/\/feuerwehr-markdorf.de\/feuerwehr\/","name":"Freiwillige Feuerwehr Markdorf","description":"","publisher":{"@id":"https:\/\/feuerwehr-markdorf.de\/feuerwehr\/#organization"},"potentialAction":[{"@type":"SearchAction","target":{"@type":"EntryPoint","urlTemplate":"https:\/\/feuerwehr-markdorf.de\/feuerwehr\/?s={search_term_string}"},"query-input":"required name=search_term_string"}],"inLanguage":"de"},{"@type":"Organization","@id":"https:\/\/feuerwehr-markdorf.de\/feuerwehr\/#organization","name":"Freiwillige Feuerwehr Markdorf","url":"https:\/\/feuerwehr-markdorf.de\/feuerwehr\/","logo":{"@type":"ImageObject","inLanguage":"de","@id":"https:\/\/feuerwehr-markdorf.de\/feuerwehr\/#\/schema\/logo\/image\/","url":"https:\/\/feuerwehr-markdorf.de\/feuerwehr\/wp-content\/uploads\/sites\/2\/2020\/01\/FFM-red-ohne-Abteilung_klein.png","contentUrl":"https:\/\/feuerwehr-markdorf.de\/feuerwehr\/wp-content\/uploads\/sites\/2\/2020\/01\/FFM-red-ohne-Abteilung_klein.png","width":397,"height":170,"caption":"Freiwillige Feuerwehr Markdorf"},"image":{"@id":"https:\/\/feuerwehr-markdorf.de\/feuerwehr\/#\/schema\/logo\/image\/"},"sameAs":["https:\/\/www.facebook.com\/feuerwehrmarkdorf\/"]}]}},"coauthors":[],"author_meta":{"author_link":"https:\/\/feuerwehr-markdorf.de\/feuerwehr\/author\/tobiby\/","display_name":"tobiby"},"relative_dates":{"created":"Posted 6\u00a0Jahren ago","modified":"Updated 4\u00a0Jahren ago"},"absolute_dates":{"created":"Posted on 20. Juli 2020","modified":"Updated on 4. M\u00e4rz 2022"},"absolute_dates_time":{"created":"Posted on 20. Juli 2020 19:37","modified":"Updated on 4. M\u00e4rz 2022 16:18"},"featured_img_caption":"","featured_img":"https:\/\/feuerwehr-markdorf.de\/feuerwehr\/wp-content\/uploads\/sites\/2\/2020\/07\/IMG_5470.jpg","series_order":"","_links":{"self":[{"href":"https:\/\/feuerwehr-markdorf.de\/feuerwehr\/wp-json\/wp\/v2\/pages\/3362","targetHints":{"allow":["GET"]}}],"collection":[{"href":"https:\/\/feuerwehr-markdorf.de\/feuerwehr\/wp-json\/wp\/v2\/pages"}],"about":[{"href":"https:\/\/feuerwehr-markdorf.de\/feuerwehr\/wp-json\/wp\/v2\/types\/page"}],"author":[{"embeddable":true,"href":"https:\/\/feuerwehr-markdorf.de\/feuerwehr\/wp-json\/wp\/v2\/users\/1"}],"replies":[{"embeddable":true,"href":"https:\/\/feuerwehr-markdorf.de\/feuerwehr\/wp-json\/wp\/v2\/comments?post=3362"}],"version-history":[{"count":10,"href":"https:\/\/feuerwehr-markdorf.de\/feuerwehr\/wp-json\/wp\/v2\/pages\/3362\/revisions"}],"predecessor-version":[{"id":5349,"href":"https:\/\/feuerwehr-markdorf.de\/feuerwehr\/wp-json\/wp\/v2\/pages\/3362\/revisions\/5349"}],"wp:featuredmedia":[{"embeddable":true,"href":"https:\/\/feuerwehr-markdorf.de\/feuerwehr\/wp-json\/wp\/v2\/media\/3370"}],"wp:attachment":[{"href":"https:\/\/feuerwehr-markdorf.de\/feuerwehr\/wp-json\/wp\/v2\/media?parent=3362"}],"wp:term":[{"taxonomy":"category","embeddable":true,"href":"https:\/\/feuerwehr-markdorf.de\/feuerwehr\/wp-json\/wp\/v2\/categories?post=3362"},{"taxonomy":"post_tag","embeddable":true,"href":"https:\/\/feuerwehr-markdorf.de\/feuerwehr\/wp-json\/wp\/v2\/tags?post=3362"}],"curies":[{"name":"wp","href":"https:\/\/api.w.org\/{rel}","templated":true}]}}