{"id":6285,"date":"2022-09-03T11:59:00","date_gmt":"2022-09-03T09:59:00","guid":{"rendered":"https:\/\/feuerwehr-markdorf.de\/feuerwehr\/?post_type=einsatz&#038;p=6285"},"modified":"2022-09-05T12:52:19","modified_gmt":"2022-09-05T10:52:19","slug":"f1-pkw-brennt-auf-bundesstrasse","status":"publish","type":"einsatz","link":"https:\/\/feuerwehr-markdorf.de\/feuerwehr\/einsaetze\/f1-pkw-brennt-auf-bundesstrasse\/","title":{"rendered":"F 1 &#8211; PKW brennt auf Bundesstra\u00dfe"},"content":{"rendered":"\n<p>Am Samstagmittag wurde die Abteilung Riedheim wegen eines Fahrzeugbrandes auf der B33 zwischen Hepbach und Stadel alarmiert. Mit anwesendem Personal im Feuerwehrhaus Markdorf wurde unverz\u00fcglich zus\u00e4tzlich das <a href=\"https:\/\/feuerwehr-markdorf.de\/feuerwehr\/tankloeschfahrzeug-4000-tlf-4000\/\">TLF4000<\/a> besetzt, zur Sicherstellung der Wasserversorgung. Kommandant Kneule r\u00fcckte als Einsatzleiter aus.<\/p>\n\n\n\n<p>Bei Eintreffen der ersten Kr\u00e4fte zeigte sich, dass ein PKW am Stra\u00dfenrand in Vollbrand stand. Die beiden Insassen hatten das Fahrzeug verlassen.<\/p>\n\n\n\n<p>Ein Angriffstrupp unter schwerem Atemschutz nahm sofort ein C-Rohr vor und l\u00f6schte den Brand.<\/p>\n\n\n\n<p>Die Fahrzeuginsassen wurden vom Rettungsdienst und Notarzt wegen des Verdachts einer Rauchgasvergiftung betreut und untersucht und sp\u00e4ter in ein Krankenhaus transportiert.<\/p>\n\n\n\n<p>W\u00e4hrend des Einsatzes war die B33 selbst voll gesperrt, teilweise fuhr der Verkehr auf den nebengelegenen Wirtschaftswegen weiter.<\/p>\n\n\n\n<p>Nach L\u00f6schen des Brandes r\u00fcckten die Einsatzkr\u00e4fte aus Markdorf wieder ein, das <a href=\"https:\/\/feuerwehr-markdorf.de\/feuerwehr\/loeschgruppenfahrzeug-riedheim-lf10\/\">LF10 <\/a>aus Riedheim blieb noch vor Ort, zur Unterst\u00fctzung des Abschleppunternehmens beim Abtransport des Fahrzeugs und zur Reinigung der Fahrbahn.<\/p>\n\n\n\n<p>Zur Brandursache und Schadensh\u00f6he k\u00f6nnen wir keine Angaben machen.<\/p>\n\n\n\n<figure class=\"wp-block-gallery has-nested-images columns-default is-cropped wp-block-gallery-1 is-layout-flex wp-block-gallery-is-layout-flex\">\n<figure class=\"wp-block-image size-large\"><img loading=\"lazy\" decoding=\"async\" width=\"1024\" height=\"768\" data-id=\"6286\" src=\"https:\/\/feuerwehr-markdorf.de\/feuerwehr\/wp-content\/uploads\/sites\/2\/2022\/09\/IMG_6317_kl-1024x768.jpg\" alt=\"\" class=\"wp-image-6286\" srcset=\"https:\/\/feuerwehr-markdorf.de\/feuerwehr\/wp-content\/uploads\/sites\/2\/2022\/09\/IMG_6317_kl-1024x768.jpg 1024w, https:\/\/feuerwehr-markdorf.de\/feuerwehr\/wp-content\/uploads\/sites\/2\/2022\/09\/IMG_6317_kl-300x225.jpg 300w, https:\/\/feuerwehr-markdorf.de\/feuerwehr\/wp-content\/uploads\/sites\/2\/2022\/09\/IMG_6317_kl-768x576.jpg 768w, https:\/\/feuerwehr-markdorf.de\/feuerwehr\/wp-content\/uploads\/sites\/2\/2022\/09\/IMG_6317_kl.jpg 1323w\" sizes=\"auto, (max-width: 1024px) 100vw, 1024px\" \/><\/figure>\n\n\n\n<figure class=\"wp-block-image size-large\"><img loading=\"lazy\" decoding=\"async\" width=\"1024\" height=\"768\" data-id=\"6289\" src=\"https:\/\/feuerwehr-markdorf.de\/feuerwehr\/wp-content\/uploads\/sites\/2\/2022\/09\/IMG_6323_kl-1024x768.jpg\" alt=\"\" class=\"wp-image-6289\" srcset=\"https:\/\/feuerwehr-markdorf.de\/feuerwehr\/wp-content\/uploads\/sites\/2\/2022\/09\/IMG_6323_kl-1024x768.jpg 1024w, https:\/\/feuerwehr-markdorf.de\/feuerwehr\/wp-content\/uploads\/sites\/2\/2022\/09\/IMG_6323_kl-300x225.jpg 300w, https:\/\/feuerwehr-markdorf.de\/feuerwehr\/wp-content\/uploads\/sites\/2\/2022\/09\/IMG_6323_kl-768x576.jpg 768w, https:\/\/feuerwehr-markdorf.de\/feuerwehr\/wp-content\/uploads\/sites\/2\/2022\/09\/IMG_6323_kl.jpg 1323w\" sizes=\"auto, (max-width: 1024px) 100vw, 1024px\" \/><\/figure>\n\n\n\n<figure class=\"wp-block-image size-large\"><img loading=\"lazy\" decoding=\"async\" width=\"1024\" height=\"768\" data-id=\"6287\" src=\"https:\/\/feuerwehr-markdorf.de\/feuerwehr\/wp-content\/uploads\/sites\/2\/2022\/09\/IMG_6331_kl-1024x768.jpg\" alt=\"\" class=\"wp-image-6287\" srcset=\"https:\/\/feuerwehr-markdorf.de\/feuerwehr\/wp-content\/uploads\/sites\/2\/2022\/09\/IMG_6331_kl-1024x768.jpg 1024w, https:\/\/feuerwehr-markdorf.de\/feuerwehr\/wp-content\/uploads\/sites\/2\/2022\/09\/IMG_6331_kl-300x225.jpg 300w, https:\/\/feuerwehr-markdorf.de\/feuerwehr\/wp-content\/uploads\/sites\/2\/2022\/09\/IMG_6331_kl-768x576.jpg 768w, https:\/\/feuerwehr-markdorf.de\/feuerwehr\/wp-content\/uploads\/sites\/2\/2022\/09\/IMG_6331_kl.jpg 1323w\" sizes=\"auto, (max-width: 1024px) 100vw, 1024px\" \/><\/figure>\n\n\n\n<figure class=\"wp-block-image size-large\"><img loading=\"lazy\" decoding=\"async\" width=\"1024\" height=\"768\" data-id=\"6290\" src=\"https:\/\/feuerwehr-markdorf.de\/feuerwehr\/wp-content\/uploads\/sites\/2\/2022\/09\/IMG_6339_kl-1024x768.jpg\" alt=\"\" class=\"wp-image-6290\" srcset=\"https:\/\/feuerwehr-markdorf.de\/feuerwehr\/wp-content\/uploads\/sites\/2\/2022\/09\/IMG_6339_kl-1024x768.jpg 1024w, https:\/\/feuerwehr-markdorf.de\/feuerwehr\/wp-content\/uploads\/sites\/2\/2022\/09\/IMG_6339_kl-300x225.jpg 300w, https:\/\/feuerwehr-markdorf.de\/feuerwehr\/wp-content\/uploads\/sites\/2\/2022\/09\/IMG_6339_kl-768x576.jpg 768w, https:\/\/feuerwehr-markdorf.de\/feuerwehr\/wp-content\/uploads\/sites\/2\/2022\/09\/IMG_6339_kl.jpg 1323w\" sizes=\"auto, (max-width: 1024px) 100vw, 1024px\" \/><\/figure>\n\n\n\n<figure class=\"wp-block-image size-large\"><img loading=\"lazy\" decoding=\"async\" width=\"1024\" height=\"768\" data-id=\"6288\" src=\"https:\/\/feuerwehr-markdorf.de\/feuerwehr\/wp-content\/uploads\/sites\/2\/2022\/09\/IMG_6341_kl-1024x768.jpg\" alt=\"\" class=\"wp-image-6288\" srcset=\"https:\/\/feuerwehr-markdorf.de\/feuerwehr\/wp-content\/uploads\/sites\/2\/2022\/09\/IMG_6341_kl-1024x768.jpg 1024w, https:\/\/feuerwehr-markdorf.de\/feuerwehr\/wp-content\/uploads\/sites\/2\/2022\/09\/IMG_6341_kl-300x225.jpg 300w, https:\/\/feuerwehr-markdorf.de\/feuerwehr\/wp-content\/uploads\/sites\/2\/2022\/09\/IMG_6341_kl-768x576.jpg 768w, https:\/\/feuerwehr-markdorf.de\/feuerwehr\/wp-content\/uploads\/sites\/2\/2022\/09\/IMG_6341_kl.jpg 1323w\" sizes=\"auto, (max-width: 1024px) 100vw, 1024px\" \/><\/figure>\n\n\n\n<figure class=\"wp-block-image size-large\"><img loading=\"lazy\" decoding=\"async\" width=\"1024\" height=\"726\" data-id=\"6291\" src=\"https:\/\/feuerwehr-markdorf.de\/feuerwehr\/wp-content\/uploads\/sites\/2\/2022\/09\/IMG_6349_kl-1024x726.jpg\" alt=\"\" class=\"wp-image-6291\" srcset=\"https:\/\/feuerwehr-markdorf.de\/feuerwehr\/wp-content\/uploads\/sites\/2\/2022\/09\/IMG_6349_kl-1024x726.jpg 1024w, https:\/\/feuerwehr-markdorf.de\/feuerwehr\/wp-content\/uploads\/sites\/2\/2022\/09\/IMG_6349_kl-300x213.jpg 300w, https:\/\/feuerwehr-markdorf.de\/feuerwehr\/wp-content\/uploads\/sites\/2\/2022\/09\/IMG_6349_kl-768x544.jpg 768w, https:\/\/feuerwehr-markdorf.de\/feuerwehr\/wp-content\/uploads\/sites\/2\/2022\/09\/IMG_6349_kl.jpg 1400w\" sizes=\"auto, (max-width: 1024px) 100vw, 1024px\" \/><\/figure>\n\n\n\n<figure class=\"wp-block-image size-large\"><img loading=\"lazy\" decoding=\"async\" width=\"1024\" height=\"768\" data-id=\"6295\" src=\"https:\/\/feuerwehr-markdorf.de\/feuerwehr\/wp-content\/uploads\/sites\/2\/2022\/09\/IMG_6351_kl-1024x768.jpg\" alt=\"\" class=\"wp-image-6295\" srcset=\"https:\/\/feuerwehr-markdorf.de\/feuerwehr\/wp-content\/uploads\/sites\/2\/2022\/09\/IMG_6351_kl-1024x768.jpg 1024w, https:\/\/feuerwehr-markdorf.de\/feuerwehr\/wp-content\/uploads\/sites\/2\/2022\/09\/IMG_6351_kl-300x225.jpg 300w, https:\/\/feuerwehr-markdorf.de\/feuerwehr\/wp-content\/uploads\/sites\/2\/2022\/09\/IMG_6351_kl-768x576.jpg 768w, https:\/\/feuerwehr-markdorf.de\/feuerwehr\/wp-content\/uploads\/sites\/2\/2022\/09\/IMG_6351_kl.jpg 1323w\" sizes=\"auto, (max-width: 1024px) 100vw, 1024px\" \/><\/figure>\n\n\n\n<figure class=\"wp-block-image size-large\"><img loading=\"lazy\" decoding=\"async\" width=\"1024\" height=\"768\" data-id=\"6296\" src=\"https:\/\/feuerwehr-markdorf.de\/feuerwehr\/wp-content\/uploads\/sites\/2\/2022\/09\/IMG_6353_kl-1024x768.jpg\" alt=\"\" class=\"wp-image-6296\" srcset=\"https:\/\/feuerwehr-markdorf.de\/feuerwehr\/wp-content\/uploads\/sites\/2\/2022\/09\/IMG_6353_kl-1024x768.jpg 1024w, https:\/\/feuerwehr-markdorf.de\/feuerwehr\/wp-content\/uploads\/sites\/2\/2022\/09\/IMG_6353_kl-300x225.jpg 300w, https:\/\/feuerwehr-markdorf.de\/feuerwehr\/wp-content\/uploads\/sites\/2\/2022\/09\/IMG_6353_kl-768x576.jpg 768w, https:\/\/feuerwehr-markdorf.de\/feuerwehr\/wp-content\/uploads\/sites\/2\/2022\/09\/IMG_6353_kl.jpg 1323w\" sizes=\"auto, (max-width: 1024px) 100vw, 1024px\" \/><\/figure>\n\n\n\n<figure class=\"wp-block-image size-large\"><img loading=\"lazy\" decoding=\"async\" width=\"1024\" height=\"768\" data-id=\"6294\" src=\"https:\/\/feuerwehr-markdorf.de\/feuerwehr\/wp-content\/uploads\/sites\/2\/2022\/09\/IMG_6355_kl-1024x768.jpg\" alt=\"\" class=\"wp-image-6294\" srcset=\"https:\/\/feuerwehr-markdorf.de\/feuerwehr\/wp-content\/uploads\/sites\/2\/2022\/09\/IMG_6355_kl-1024x768.jpg 1024w, https:\/\/feuerwehr-markdorf.de\/feuerwehr\/wp-content\/uploads\/sites\/2\/2022\/09\/IMG_6355_kl-300x225.jpg 300w, https:\/\/feuerwehr-markdorf.de\/feuerwehr\/wp-content\/uploads\/sites\/2\/2022\/09\/IMG_6355_kl-768x576.jpg 768w, https:\/\/feuerwehr-markdorf.de\/feuerwehr\/wp-content\/uploads\/sites\/2\/2022\/09\/IMG_6355_kl.jpg 1323w\" sizes=\"auto, (max-width: 1024px) 100vw, 1024px\" \/><\/figure>\n\n\n\n<figure class=\"wp-block-image size-large\"><img loading=\"lazy\" decoding=\"async\" width=\"1024\" height=\"768\" data-id=\"6297\" src=\"https:\/\/feuerwehr-markdorf.de\/feuerwehr\/wp-content\/uploads\/sites\/2\/2022\/09\/IMG_6359_kl-1024x768.jpg\" alt=\"\" class=\"wp-image-6297\" srcset=\"https:\/\/feuerwehr-markdorf.de\/feuerwehr\/wp-content\/uploads\/sites\/2\/2022\/09\/IMG_6359_kl-1024x768.jpg 1024w, https:\/\/feuerwehr-markdorf.de\/feuerwehr\/wp-content\/uploads\/sites\/2\/2022\/09\/IMG_6359_kl-300x225.jpg 300w, https:\/\/feuerwehr-markdorf.de\/feuerwehr\/wp-content\/uploads\/sites\/2\/2022\/09\/IMG_6359_kl-768x576.jpg 768w, https:\/\/feuerwehr-markdorf.de\/feuerwehr\/wp-content\/uploads\/sites\/2\/2022\/09\/IMG_6359_kl.jpg 1323w\" sizes=\"auto, (max-width: 1024px) 100vw, 1024px\" \/><\/figure>\n\n\n\n<figure class=\"wp-block-image size-large\"><img loading=\"lazy\" decoding=\"async\" width=\"1024\" height=\"768\" data-id=\"6298\" src=\"https:\/\/feuerwehr-markdorf.de\/feuerwehr\/wp-content\/uploads\/sites\/2\/2022\/09\/IMG_6362_kl-1024x768.jpg\" alt=\"\" class=\"wp-image-6298\" srcset=\"https:\/\/feuerwehr-markdorf.de\/feuerwehr\/wp-content\/uploads\/sites\/2\/2022\/09\/IMG_6362_kl-1024x768.jpg 1024w, https:\/\/feuerwehr-markdorf.de\/feuerwehr\/wp-content\/uploads\/sites\/2\/2022\/09\/IMG_6362_kl-300x225.jpg 300w, https:\/\/feuerwehr-markdorf.de\/feuerwehr\/wp-content\/uploads\/sites\/2\/2022\/09\/IMG_6362_kl-768x576.jpg 768w, https:\/\/feuerwehr-markdorf.de\/feuerwehr\/wp-content\/uploads\/sites\/2\/2022\/09\/IMG_6362_kl.jpg 1323w\" sizes=\"auto, (max-width: 1024px) 100vw, 1024px\" \/><\/figure>\n\n\n\n<figure class=\"wp-block-image size-large\"><img loading=\"lazy\" decoding=\"async\" width=\"1024\" height=\"768\" data-id=\"6292\" src=\"https:\/\/feuerwehr-markdorf.de\/feuerwehr\/wp-content\/uploads\/sites\/2\/2022\/09\/IMG_6367_kl-1024x768.jpg\" alt=\"\" class=\"wp-image-6292\" srcset=\"https:\/\/feuerwehr-markdorf.de\/feuerwehr\/wp-content\/uploads\/sites\/2\/2022\/09\/IMG_6367_kl-1024x768.jpg 1024w, https:\/\/feuerwehr-markdorf.de\/feuerwehr\/wp-content\/uploads\/sites\/2\/2022\/09\/IMG_6367_kl-300x225.jpg 300w, https:\/\/feuerwehr-markdorf.de\/feuerwehr\/wp-content\/uploads\/sites\/2\/2022\/09\/IMG_6367_kl-768x576.jpg 768w, https:\/\/feuerwehr-markdorf.de\/feuerwehr\/wp-content\/uploads\/sites\/2\/2022\/09\/IMG_6367_kl.jpg 1323w\" sizes=\"auto, (max-width: 1024px) 100vw, 1024px\" \/><\/figure>\n\n\n\n<figure class=\"wp-block-image size-large\"><img loading=\"lazy\" decoding=\"async\" width=\"1024\" height=\"755\" data-id=\"6293\" src=\"https:\/\/feuerwehr-markdorf.de\/feuerwehr\/wp-content\/uploads\/sites\/2\/2022\/09\/IMG_6371_kl-1024x755.jpg\" alt=\"\" class=\"wp-image-6293\" srcset=\"https:\/\/feuerwehr-markdorf.de\/feuerwehr\/wp-content\/uploads\/sites\/2\/2022\/09\/IMG_6371_kl-1024x755.jpg 1024w, https:\/\/feuerwehr-markdorf.de\/feuerwehr\/wp-content\/uploads\/sites\/2\/2022\/09\/IMG_6371_kl-300x221.jpg 300w, https:\/\/feuerwehr-markdorf.de\/feuerwehr\/wp-content\/uploads\/sites\/2\/2022\/09\/IMG_6371_kl-768x566.jpg 768w, https:\/\/feuerwehr-markdorf.de\/feuerwehr\/wp-content\/uploads\/sites\/2\/2022\/09\/IMG_6371_kl.jpg 1345w\" sizes=\"auto, (max-width: 1024px) 100vw, 1024px\" \/><\/figure>\n\n\n\n<figure class=\"wp-block-image size-large\"><img loading=\"lazy\" decoding=\"async\" width=\"1024\" height=\"768\" data-id=\"6299\" src=\"https:\/\/feuerwehr-markdorf.de\/feuerwehr\/wp-content\/uploads\/sites\/2\/2022\/09\/IMG_6374_kl-1024x768.jpg\" alt=\"\" class=\"wp-image-6299\" srcset=\"https:\/\/feuerwehr-markdorf.de\/feuerwehr\/wp-content\/uploads\/sites\/2\/2022\/09\/IMG_6374_kl-1024x768.jpg 1024w, https:\/\/feuerwehr-markdorf.de\/feuerwehr\/wp-content\/uploads\/sites\/2\/2022\/09\/IMG_6374_kl-300x225.jpg 300w, https:\/\/feuerwehr-markdorf.de\/feuerwehr\/wp-content\/uploads\/sites\/2\/2022\/09\/IMG_6374_kl-768x576.jpg 768w, https:\/\/feuerwehr-markdorf.de\/feuerwehr\/wp-content\/uploads\/sites\/2\/2022\/09\/IMG_6374_kl.jpg 1323w\" sizes=\"auto, (max-width: 1024px) 100vw, 1024px\" \/><\/figure>\n\n\n\n<figure class=\"wp-block-image size-large\"><img loading=\"lazy\" decoding=\"async\" width=\"1024\" height=\"768\" data-id=\"6300\" src=\"https:\/\/feuerwehr-markdorf.de\/feuerwehr\/wp-content\/uploads\/sites\/2\/2022\/09\/IMG_6380_kl-1024x768.jpg\" alt=\"\" class=\"wp-image-6300\" srcset=\"https:\/\/feuerwehr-markdorf.de\/feuerwehr\/wp-content\/uploads\/sites\/2\/2022\/09\/IMG_6380_kl-1024x768.jpg 1024w, https:\/\/feuerwehr-markdorf.de\/feuerwehr\/wp-content\/uploads\/sites\/2\/2022\/09\/IMG_6380_kl-300x225.jpg 300w, https:\/\/feuerwehr-markdorf.de\/feuerwehr\/wp-content\/uploads\/sites\/2\/2022\/09\/IMG_6380_kl-768x576.jpg 768w, https:\/\/feuerwehr-markdorf.de\/feuerwehr\/wp-content\/uploads\/sites\/2\/2022\/09\/IMG_6380_kl.jpg 1323w\" sizes=\"auto, (max-width: 1024px) 100vw, 1024px\" \/><\/figure>\n<\/figure>\n\n\n\n<p><a href=\"https:\/\/www.suedkurier.de\/region\/bodenseekreis\/markdorf\/feuerwehr-loescht-auf-b33-brennendes-auto;art372484,11275397\">Der S\u00fcdkurier berichtet am 4.9.2022 [Link]<\/a><\/p>\n\n\n\n<p><a href=\"https:\/\/www.schwaebische.de\/landkreis\/bodenseekreis\/markdorf_artikel,-auto-geraet-auf-b33-bei-markdorf-in-vollbrand-_arid,11550189.html\">Die Schw\u00e4bische Zeitung berichtet am 4.9.2022 [Link]<\/a><\/p>\n\n\n\n<p><\/p>\n","protected":false},"author":6,"featured_media":6289,"template":"","meta":{"advgb_blocks_editor_width":"","advgb_blocks_columns_visual_guide":"","ocean_post_layout":"","ocean_both_sidebars_style":"","ocean_both_sidebars_content_width":0,"ocean_both_sidebars_sidebars_width":0,"ocean_sidebar":"","ocean_second_sidebar":"","ocean_disable_margins":"enable","ocean_add_body_class":"","ocean_shortcode_before_top_bar":"","ocean_shortcode_after_top_bar":"","ocean_shortcode_before_header":"","ocean_shortcode_after_header":"","ocean_has_shortcode":"","ocean_shortcode_after_title":"","ocean_shortcode_before_footer_widgets":"","ocean_shortcode_after_footer_widgets":"","ocean_shortcode_before_footer_bottom":"","ocean_shortcode_after_footer_bottom":"","ocean_display_top_bar":"default","ocean_display_header":"default","ocean_header_style":"","ocean_center_header_left_menu":"","ocean_custom_header_template":"","ocean_custom_logo":0,"ocean_custom_retina_logo":0,"ocean_custom_logo_max_width":0,"ocean_custom_logo_tablet_max_width":0,"ocean_custom_logo_mobile_max_width":0,"ocean_custom_logo_max_height":0,"ocean_custom_logo_tablet_max_height":0,"ocean_custom_logo_mobile_max_height":0,"ocean_header_custom_menu":"","ocean_menu_typo_font_family":"","ocean_menu_typo_font_subset":"","ocean_menu_typo_font_size":0,"ocean_menu_typo_font_size_tablet":0,"ocean_menu_typo_font_size_mobile":0,"ocean_menu_typo_font_size_unit":"px","ocean_menu_typo_font_weight":"","ocean_menu_typo_font_weight_tablet":"","ocean_menu_typo_font_weight_mobile":"","ocean_menu_typo_transform":"","ocean_menu_typo_transform_tablet":"","ocean_menu_typo_transform_mobile":"","ocean_menu_typo_line_height":0,"ocean_menu_typo_line_height_tablet":0,"ocean_menu_typo_line_height_mobile":0,"ocean_menu_typo_line_height_unit":"","ocean_menu_typo_spacing":0,"ocean_menu_typo_spacing_tablet":0,"ocean_menu_typo_spacing_mobile":0,"ocean_menu_typo_spacing_unit":"","ocean_menu_link_color":"","ocean_menu_link_color_hover":"","ocean_menu_link_color_active":"","ocean_menu_link_background":"","ocean_menu_link_hover_background":"","ocean_menu_link_active_background":"","ocean_menu_social_links_bg":"","ocean_menu_social_hover_links_bg":"","ocean_menu_social_links_color":"","ocean_menu_social_hover_links_color":"","ocean_disable_title":"default","ocean_disable_heading":"default","ocean_post_title":"","ocean_post_subheading":"","ocean_post_title_style":"","ocean_post_title_background_color":"","ocean_post_title_background":0,"ocean_post_title_bg_image_position":"","ocean_post_title_bg_image_attachment":"","ocean_post_title_bg_image_repeat":"","ocean_post_title_bg_image_size":"","ocean_post_title_height":0,"ocean_post_title_bg_overlay":0.5,"ocean_post_title_bg_overlay_color":"","ocean_disable_breadcrumbs":"default","ocean_breadcrumbs_color":"","ocean_breadcrumbs_separator_color":"","ocean_breadcrumbs_links_color":"","ocean_breadcrumbs_links_hover_color":"","ocean_display_footer_widgets":"default","ocean_display_footer_bottom":"default","ocean_custom_footer_template":"","einsatz_weight":1,"footnotes":""},"categories":[59],"tags":[39],"einsatzart":[9],"fahrzeug":[50,22,215,129,126],"exteinsatzmittel":[43,44],"alarmierungsart":[12],"evw_unit":[194,193],"class_list":["post-6285","einsatz","type-einsatz","status-publish","has-post-thumbnail","hentry","category-einsatz","tag-brand","einsatzart-brand","fahrzeug-gw-tg","fahrzeug-kdow","fahrzeug-lf10-ri","fahrzeug-mtw-ri","fahrzeug-tlf4000","exteinsatzmittel-drk-rd","exteinsatzmittel-polizei","alarmierungsart-funkmelder","evw_unit-ff-markdorf-abteilung-stadt","evw_unit-ff-markdorf-abteilung-riedheim","entry","has-media"],"yoast_head":"<!-- This site is optimized with the Yoast SEO plugin v22.8 - https:\/\/yoast.com\/wordpress\/plugins\/seo\/ -->\n<title>F 1 - PKW brennt auf Bundesstra\u00dfe<\/title>\n<meta name=\"description\" content=\"Am Samstagmittag wurde die Abteilung Riedheim wegen eines Fahrzeugbrandes auf der B33 zwischen Hepbach und Stadel alarmiert. Mit anwesendem Personal im\" \/>\n<meta name=\"robots\" content=\"noindex, follow\" \/>\n<meta property=\"og:locale\" content=\"de_DE\" \/>\n<meta property=\"og:type\" content=\"article\" \/>\n<meta property=\"og:title\" content=\"F 1 - PKW brennt auf Bundesstra\u00dfe\" \/>\n<meta property=\"og:description\" content=\"Am Samstagmittag wurde die Abteilung Riedheim wegen eines Fahrzeugbrandes auf der B33 zwischen Hepbach und Stadel alarmiert. Mit anwesendem Personal im\" \/>\n<meta property=\"og:url\" content=\"https:\/\/feuerwehr-markdorf.de\/feuerwehr\/einsaetze\/f1-pkw-brennt-auf-bundesstrasse\/\" \/>\n<meta property=\"og:site_name\" content=\"Freiwillige Feuerwehr Markdorf\" \/>\n<meta property=\"article:publisher\" content=\"https:\/\/www.facebook.com\/feuerwehrmarkdorf\/\" \/>\n<meta property=\"article:modified_time\" content=\"2022-09-05T10:52:19+00:00\" \/>\n<meta property=\"og:image\" content=\"https:\/\/feuerwehr-markdorf.de\/feuerwehr\/wp-content\/uploads\/sites\/2\/2022\/09\/IMG_6323_kl.jpg\" \/>\n\t<meta property=\"og:image:width\" content=\"1323\" \/>\n\t<meta property=\"og:image:height\" content=\"992\" \/>\n\t<meta property=\"og:image:type\" content=\"image\/jpeg\" \/>\n<meta name=\"twitter:card\" content=\"summary_large_image\" \/>\n<meta name=\"twitter:label1\" content=\"Gesch\u00e4tzte Lesezeit\" \/>\n\t<meta name=\"twitter:data1\" content=\"4\u00a0Minuten\" \/>\n<script type=\"application\/ld+json\" class=\"yoast-schema-graph\">{\"@context\":\"https:\/\/schema.org\",\"@graph\":[{\"@type\":[\"Article\",\"Report\"],\"@id\":\"https:\/\/feuerwehr-markdorf.de\/feuerwehr\/einsaetze\/f1-pkw-brennt-auf-bundesstrasse\/#article\",\"isPartOf\":{\"@id\":\"https:\/\/feuerwehr-markdorf.de\/feuerwehr\/einsaetze\/f1-pkw-brennt-auf-bundesstrasse\/\"},\"author\":{\"name\":\"mscheerer\",\"@id\":\"https:\/\/feuerwehr-markdorf.de\/feuerwehr\/#\/schema\/person\/332479352d6e81750d9ab7ac3745262c\"},\"headline\":\"F 1 &#8211; PKW brennt auf Bundesstra\u00dfe\",\"datePublished\":\"2022-09-03T09:59:00+00:00\",\"dateModified\":\"2022-09-05T10:52:19+00:00\",\"mainEntityOfPage\":{\"@id\":\"https:\/\/feuerwehr-markdorf.de\/feuerwehr\/einsaetze\/f1-pkw-brennt-auf-bundesstrasse\/\"},\"wordCount\":189,\"publisher\":{\"@id\":\"https:\/\/feuerwehr-markdorf.de\/feuerwehr\/#organization\"},\"image\":{\"@id\":\"https:\/\/feuerwehr-markdorf.de\/feuerwehr\/einsaetze\/f1-pkw-brennt-auf-bundesstrasse\/#primaryimage\"},\"thumbnailUrl\":\"https:\/\/feuerwehr-markdorf.de\/feuerwehr\/wp-content\/uploads\/sites\/2\/2022\/09\/IMG_6323_kl.jpg\",\"keywords\":[\"Brand\"],\"articleSection\":[\"Einsatz\"],\"inLanguage\":\"de\"},{\"@type\":\"WebPage\",\"@id\":\"https:\/\/feuerwehr-markdorf.de\/feuerwehr\/einsaetze\/f1-pkw-brennt-auf-bundesstrasse\/\",\"url\":\"https:\/\/feuerwehr-markdorf.de\/feuerwehr\/einsaetze\/f1-pkw-brennt-auf-bundesstrasse\/\",\"name\":\"F 1 - PKW brennt auf Bundesstra\u00dfe\",\"isPartOf\":{\"@id\":\"https:\/\/feuerwehr-markdorf.de\/feuerwehr\/#website\"},\"primaryImageOfPage\":{\"@id\":\"https:\/\/feuerwehr-markdorf.de\/feuerwehr\/einsaetze\/f1-pkw-brennt-auf-bundesstrasse\/#primaryimage\"},\"image\":{\"@id\":\"https:\/\/feuerwehr-markdorf.de\/feuerwehr\/einsaetze\/f1-pkw-brennt-auf-bundesstrasse\/#primaryimage\"},\"thumbnailUrl\":\"https:\/\/feuerwehr-markdorf.de\/feuerwehr\/wp-content\/uploads\/sites\/2\/2022\/09\/IMG_6323_kl.jpg\",\"datePublished\":\"2022-09-03T09:59:00+00:00\",\"dateModified\":\"2022-09-05T10:52:19+00:00\",\"description\":\"Am Samstagmittag wurde die Abteilung Riedheim wegen eines Fahrzeugbrandes auf der B33 zwischen Hepbach und Stadel alarmiert. Mit anwesendem Personal im\",\"breadcrumb\":{\"@id\":\"https:\/\/feuerwehr-markdorf.de\/feuerwehr\/einsaetze\/f1-pkw-brennt-auf-bundesstrasse\/#breadcrumb\"},\"inLanguage\":\"de\",\"potentialAction\":[{\"@type\":\"ReadAction\",\"target\":[\"https:\/\/feuerwehr-markdorf.de\/feuerwehr\/einsaetze\/f1-pkw-brennt-auf-bundesstrasse\/\"]}]},{\"@type\":\"ImageObject\",\"inLanguage\":\"de\",\"@id\":\"https:\/\/feuerwehr-markdorf.de\/feuerwehr\/einsaetze\/f1-pkw-brennt-auf-bundesstrasse\/#primaryimage\",\"url\":\"https:\/\/feuerwehr-markdorf.de\/feuerwehr\/wp-content\/uploads\/sites\/2\/2022\/09\/IMG_6323_kl.jpg\",\"contentUrl\":\"https:\/\/feuerwehr-markdorf.de\/feuerwehr\/wp-content\/uploads\/sites\/2\/2022\/09\/IMG_6323_kl.jpg\",\"width\":1323,\"height\":992},{\"@type\":\"BreadcrumbList\",\"@id\":\"https:\/\/feuerwehr-markdorf.de\/feuerwehr\/einsaetze\/f1-pkw-brennt-auf-bundesstrasse\/#breadcrumb\",\"itemListElement\":[{\"@type\":\"ListItem\",\"position\":1,\"name\":\"Startseite\",\"item\":\"https:\/\/feuerwehr-markdorf.de\/feuerwehr\/\"},{\"@type\":\"ListItem\",\"position\":2,\"name\":\"Einsatzberichte\",\"item\":\"https:\/\/feuerwehr-markdorf.de\/feuerwehr\/einsaetze\/\"},{\"@type\":\"ListItem\",\"position\":3,\"name\":\"F 1 &#8211; PKW brennt auf Bundesstra\u00dfe\"}]},{\"@type\":\"WebSite\",\"@id\":\"https:\/\/feuerwehr-markdorf.de\/feuerwehr\/#website\",\"url\":\"https:\/\/feuerwehr-markdorf.de\/feuerwehr\/\",\"name\":\"Freiwillige Feuerwehr Markdorf\",\"description\":\"\",\"publisher\":{\"@id\":\"https:\/\/feuerwehr-markdorf.de\/feuerwehr\/#organization\"},\"potentialAction\":[{\"@type\":\"SearchAction\",\"target\":{\"@type\":\"EntryPoint\",\"urlTemplate\":\"https:\/\/feuerwehr-markdorf.de\/feuerwehr\/?s={search_term_string}\"},\"query-input\":\"required name=search_term_string\"}],\"inLanguage\":\"de\"},{\"@type\":\"Organization\",\"@id\":\"https:\/\/feuerwehr-markdorf.de\/feuerwehr\/#organization\",\"name\":\"Freiwillige Feuerwehr Markdorf\",\"url\":\"https:\/\/feuerwehr-markdorf.de\/feuerwehr\/\",\"logo\":{\"@type\":\"ImageObject\",\"inLanguage\":\"de\",\"@id\":\"https:\/\/feuerwehr-markdorf.de\/feuerwehr\/#\/schema\/logo\/image\/\",\"url\":\"https:\/\/feuerwehr-markdorf.de\/feuerwehr\/wp-content\/uploads\/sites\/2\/2020\/01\/FFM-red-ohne-Abteilung_klein.png\",\"contentUrl\":\"https:\/\/feuerwehr-markdorf.de\/feuerwehr\/wp-content\/uploads\/sites\/2\/2020\/01\/FFM-red-ohne-Abteilung_klein.png\",\"width\":397,\"height\":170,\"caption\":\"Freiwillige Feuerwehr Markdorf\"},\"image\":{\"@id\":\"https:\/\/feuerwehr-markdorf.de\/feuerwehr\/#\/schema\/logo\/image\/\"},\"sameAs\":[\"https:\/\/www.facebook.com\/feuerwehrmarkdorf\/\"]},{\"@type\":\"Person\",\"@id\":\"https:\/\/feuerwehr-markdorf.de\/feuerwehr\/#\/schema\/person\/332479352d6e81750d9ab7ac3745262c\",\"name\":\"mscheerer\",\"image\":{\"@type\":\"ImageObject\",\"inLanguage\":\"de\",\"@id\":\"https:\/\/feuerwehr-markdorf.de\/feuerwehr\/#\/schema\/person\/image\/\",\"url\":\"https:\/\/secure.gravatar.com\/avatar\/c05798694e4a2d8a49e8c991a61e829ed7435b3699df1a726e5dbcd1f8e972b0?s=96&d=mm&r=g\",\"contentUrl\":\"https:\/\/secure.gravatar.com\/avatar\/c05798694e4a2d8a49e8c991a61e829ed7435b3699df1a726e5dbcd1f8e972b0?s=96&d=mm&r=g\",\"caption\":\"mscheerer\"},\"url\":\"https:\/\/feuerwehr-markdorf.de\/feuerwehr\/author\/mscheerer\/\"}]}<\/script>\n<!-- \/ Yoast SEO plugin. -->","yoast_head_json":{"title":"F 1 - PKW brennt auf Bundesstra\u00dfe","description":"Am Samstagmittag wurde die Abteilung Riedheim wegen eines Fahrzeugbrandes auf der B33 zwischen Hepbach und Stadel alarmiert. Mit anwesendem Personal im","robots":{"index":"noindex","follow":"follow"},"og_locale":"de_DE","og_type":"article","og_title":"F 1 - PKW brennt auf Bundesstra\u00dfe","og_description":"Am Samstagmittag wurde die Abteilung Riedheim wegen eines Fahrzeugbrandes auf der B33 zwischen Hepbach und Stadel alarmiert. Mit anwesendem Personal im","og_url":"https:\/\/feuerwehr-markdorf.de\/feuerwehr\/einsaetze\/f1-pkw-brennt-auf-bundesstrasse\/","og_site_name":"Freiwillige Feuerwehr Markdorf","article_publisher":"https:\/\/www.facebook.com\/feuerwehrmarkdorf\/","article_modified_time":"2022-09-05T10:52:19+00:00","og_image":[{"width":1323,"height":992,"url":"https:\/\/feuerwehr-markdorf.de\/feuerwehr\/wp-content\/uploads\/sites\/2\/2022\/09\/IMG_6323_kl.jpg","type":"image\/jpeg"}],"twitter_card":"summary_large_image","twitter_misc":{"Gesch\u00e4tzte Lesezeit":"4\u00a0Minuten"},"schema":{"@context":"https:\/\/schema.org","@graph":[{"@type":["Article","Report"],"@id":"https:\/\/feuerwehr-markdorf.de\/feuerwehr\/einsaetze\/f1-pkw-brennt-auf-bundesstrasse\/#article","isPartOf":{"@id":"https:\/\/feuerwehr-markdorf.de\/feuerwehr\/einsaetze\/f1-pkw-brennt-auf-bundesstrasse\/"},"author":{"name":"mscheerer","@id":"https:\/\/feuerwehr-markdorf.de\/feuerwehr\/#\/schema\/person\/332479352d6e81750d9ab7ac3745262c"},"headline":"F 1 &#8211; PKW brennt auf Bundesstra\u00dfe","datePublished":"2022-09-03T09:59:00+00:00","dateModified":"2022-09-05T10:52:19+00:00","mainEntityOfPage":{"@id":"https:\/\/feuerwehr-markdorf.de\/feuerwehr\/einsaetze\/f1-pkw-brennt-auf-bundesstrasse\/"},"wordCount":189,"publisher":{"@id":"https:\/\/feuerwehr-markdorf.de\/feuerwehr\/#organization"},"image":{"@id":"https:\/\/feuerwehr-markdorf.de\/feuerwehr\/einsaetze\/f1-pkw-brennt-auf-bundesstrasse\/#primaryimage"},"thumbnailUrl":"https:\/\/feuerwehr-markdorf.de\/feuerwehr\/wp-content\/uploads\/sites\/2\/2022\/09\/IMG_6323_kl.jpg","keywords":["Brand"],"articleSection":["Einsatz"],"inLanguage":"de"},{"@type":"WebPage","@id":"https:\/\/feuerwehr-markdorf.de\/feuerwehr\/einsaetze\/f1-pkw-brennt-auf-bundesstrasse\/","url":"https:\/\/feuerwehr-markdorf.de\/feuerwehr\/einsaetze\/f1-pkw-brennt-auf-bundesstrasse\/","name":"F 1 - PKW brennt auf Bundesstra\u00dfe","isPartOf":{"@id":"https:\/\/feuerwehr-markdorf.de\/feuerwehr\/#website"},"primaryImageOfPage":{"@id":"https:\/\/feuerwehr-markdorf.de\/feuerwehr\/einsaetze\/f1-pkw-brennt-auf-bundesstrasse\/#primaryimage"},"image":{"@id":"https:\/\/feuerwehr-markdorf.de\/feuerwehr\/einsaetze\/f1-pkw-brennt-auf-bundesstrasse\/#primaryimage"},"thumbnailUrl":"https:\/\/feuerwehr-markdorf.de\/feuerwehr\/wp-content\/uploads\/sites\/2\/2022\/09\/IMG_6323_kl.jpg","datePublished":"2022-09-03T09:59:00+00:00","dateModified":"2022-09-05T10:52:19+00:00","description":"Am Samstagmittag wurde die Abteilung Riedheim wegen eines Fahrzeugbrandes auf der B33 zwischen Hepbach und Stadel alarmiert. Mit anwesendem Personal im","breadcrumb":{"@id":"https:\/\/feuerwehr-markdorf.de\/feuerwehr\/einsaetze\/f1-pkw-brennt-auf-bundesstrasse\/#breadcrumb"},"inLanguage":"de","potentialAction":[{"@type":"ReadAction","target":["https:\/\/feuerwehr-markdorf.de\/feuerwehr\/einsaetze\/f1-pkw-brennt-auf-bundesstrasse\/"]}]},{"@type":"ImageObject","inLanguage":"de","@id":"https:\/\/feuerwehr-markdorf.de\/feuerwehr\/einsaetze\/f1-pkw-brennt-auf-bundesstrasse\/#primaryimage","url":"https:\/\/feuerwehr-markdorf.de\/feuerwehr\/wp-content\/uploads\/sites\/2\/2022\/09\/IMG_6323_kl.jpg","contentUrl":"https:\/\/feuerwehr-markdorf.de\/feuerwehr\/wp-content\/uploads\/sites\/2\/2022\/09\/IMG_6323_kl.jpg","width":1323,"height":992},{"@type":"BreadcrumbList","@id":"https:\/\/feuerwehr-markdorf.de\/feuerwehr\/einsaetze\/f1-pkw-brennt-auf-bundesstrasse\/#breadcrumb","itemListElement":[{"@type":"ListItem","position":1,"name":"Startseite","item":"https:\/\/feuerwehr-markdorf.de\/feuerwehr\/"},{"@type":"ListItem","position":2,"name":"Einsatzberichte","item":"https:\/\/feuerwehr-markdorf.de\/feuerwehr\/einsaetze\/"},{"@type":"ListItem","position":3,"name":"F 1 &#8211; PKW brennt auf Bundesstra\u00dfe"}]},{"@type":"WebSite","@id":"https:\/\/feuerwehr-markdorf.de\/feuerwehr\/#website","url":"https:\/\/feuerwehr-markdorf.de\/feuerwehr\/","name":"Freiwillige Feuerwehr Markdorf","description":"","publisher":{"@id":"https:\/\/feuerwehr-markdorf.de\/feuerwehr\/#organization"},"potentialAction":[{"@type":"SearchAction","target":{"@type":"EntryPoint","urlTemplate":"https:\/\/feuerwehr-markdorf.de\/feuerwehr\/?s={search_term_string}"},"query-input":"required name=search_term_string"}],"inLanguage":"de"},{"@type":"Organization","@id":"https:\/\/feuerwehr-markdorf.de\/feuerwehr\/#organization","name":"Freiwillige Feuerwehr Markdorf","url":"https:\/\/feuerwehr-markdorf.de\/feuerwehr\/","logo":{"@type":"ImageObject","inLanguage":"de","@id":"https:\/\/feuerwehr-markdorf.de\/feuerwehr\/#\/schema\/logo\/image\/","url":"https:\/\/feuerwehr-markdorf.de\/feuerwehr\/wp-content\/uploads\/sites\/2\/2020\/01\/FFM-red-ohne-Abteilung_klein.png","contentUrl":"https:\/\/feuerwehr-markdorf.de\/feuerwehr\/wp-content\/uploads\/sites\/2\/2020\/01\/FFM-red-ohne-Abteilung_klein.png","width":397,"height":170,"caption":"Freiwillige Feuerwehr Markdorf"},"image":{"@id":"https:\/\/feuerwehr-markdorf.de\/feuerwehr\/#\/schema\/logo\/image\/"},"sameAs":["https:\/\/www.facebook.com\/feuerwehrmarkdorf\/"]},{"@type":"Person","@id":"https:\/\/feuerwehr-markdorf.de\/feuerwehr\/#\/schema\/person\/332479352d6e81750d9ab7ac3745262c","name":"mscheerer","image":{"@type":"ImageObject","inLanguage":"de","@id":"https:\/\/feuerwehr-markdorf.de\/feuerwehr\/#\/schema\/person\/image\/","url":"https:\/\/secure.gravatar.com\/avatar\/c05798694e4a2d8a49e8c991a61e829ed7435b3699df1a726e5dbcd1f8e972b0?s=96&d=mm&r=g","contentUrl":"https:\/\/secure.gravatar.com\/avatar\/c05798694e4a2d8a49e8c991a61e829ed7435b3699df1a726e5dbcd1f8e972b0?s=96&d=mm&r=g","caption":"mscheerer"},"url":"https:\/\/feuerwehr-markdorf.de\/feuerwehr\/author\/mscheerer\/"}]}},"featured_img":"https:\/\/feuerwehr-markdorf.de\/feuerwehr\/wp-content\/uploads\/sites\/2\/2022\/09\/IMG_6323_kl.jpg","coauthors":[],"author_meta":{"author_link":"https:\/\/feuerwehr-markdorf.de\/feuerwehr\/author\/mscheerer\/","display_name":"mscheerer"},"relative_dates":{"created":"Posted 4\u00a0Jahren ago","modified":"Updated 4\u00a0Jahren ago"},"absolute_dates":{"created":"Posted on 3. September 2022","modified":"Updated on 5. September 2022"},"absolute_dates_time":{"created":"Posted on 3. September 2022 11:59","modified":"Updated on 5. September 2022 12:52"},"featured_img_caption":"","tax_additional":{"category":{"linked":["<a href=\"https:\/\/feuerwehr-markdorf.de\/feuerwehr\/category\/einsatz\/\" class=\"advgb-post-tax-term\">Einsatz<\/a>"],"unlinked":["<span class=\"advgb-post-tax-term\">Einsatz<\/span>"],"slug":"category","name":"Kategorien"},"post_tag":{"linked":["<a href=\"https:\/\/feuerwehr-markdorf.de\/feuerwehr\/tag\/brand\/\" class=\"advgb-post-tax-term\">Brand<\/a>"],"unlinked":["<span class=\"advgb-post-tax-term\">Brand<\/span>"],"slug":"post_tag","name":"Schlagw\u00f6rter"},"einsatzart":{"linked":["<a href=\"https:\/\/feuerwehr-markdorf.de\/feuerwehr\/einsatzart\/brand\/\" class=\"advgb-post-tax-term\">Brandeinsatz<\/a>"],"unlinked":["<span class=\"advgb-post-tax-term\">Brandeinsatz<\/span>"],"slug":"einsatzart","name":"Einsatzarten"},"fahrzeug":{"linked":["<a href=\"https:\/\/feuerwehr-markdorf.de\/feuerwehr\/fahrzeug\/gw-tg\/\" class=\"advgb-post-tax-term\">GW-T (14to)<\/a>","<a href=\"https:\/\/feuerwehr-markdorf.de\/feuerwehr\/fahrzeug\/kdow\/\" class=\"advgb-post-tax-term\">KdoW<\/a>","<a href=\"https:\/\/feuerwehr-markdorf.de\/feuerwehr\/fahrzeug\/lf10-ri\/\" class=\"advgb-post-tax-term\">LF10 Riedheim<\/a>","<a href=\"https:\/\/feuerwehr-markdorf.de\/feuerwehr\/fahrzeug\/mtw-ri\/\" class=\"advgb-post-tax-term\">MTW RI<\/a>","<a href=\"https:\/\/feuerwehr-markdorf.de\/feuerwehr\/fahrzeug\/tlf4000\/\" class=\"advgb-post-tax-term\">TLF 4000<\/a>"],"unlinked":["<span class=\"advgb-post-tax-term\">GW-T (14to)<\/span>","<span class=\"advgb-post-tax-term\">KdoW<\/span>","<span class=\"advgb-post-tax-term\">LF10 Riedheim<\/span>","<span class=\"advgb-post-tax-term\">MTW RI<\/span>","<span class=\"advgb-post-tax-term\">TLF 4000<\/span>"],"slug":"fahrzeug","name":"Fahrzeuge"},"exteinsatzmittel":{"linked":["<a href=\"https:\/\/feuerwehr-markdorf.de\/feuerwehr\/externe-einsatzmittel\/drk-rd\/\" class=\"advgb-post-tax-term\">DRK Rettungsdienst<\/a>","<a href=\"https:\/\/feuerwehr-markdorf.de\/feuerwehr\/externe-einsatzmittel\/polizei\/\" class=\"advgb-post-tax-term\">Polizei<\/a>"],"unlinked":["<span class=\"advgb-post-tax-term\">DRK Rettungsdienst<\/span>","<span class=\"advgb-post-tax-term\">Polizei<\/span>"],"slug":"exteinsatzmittel","name":"Externe Einsatzmittel"},"alarmierungsart":{"linked":["<a href=\"https:\/\/feuerwehr-markdorf.de\/feuerwehr\/alarmierungsart\/funkmelder\/\" class=\"advgb-post-tax-term\">Funkmeldeempf\u00e4nger<\/a>"],"unlinked":["<span class=\"advgb-post-tax-term\">Funkmeldeempf\u00e4nger<\/span>"],"slug":"alarmierungsart","name":"Alarmierungsarten"},"evw_unit":{"linked":["<a href=\"https:\/\/feuerwehr-markdorf.de\/feuerwehr\/evw_unit\/ff-markdorf-abteilung-stadt\/\" class=\"advgb-post-tax-term\">FF Markdorf - Abteilung Markdorf-Stadt<\/a>","<a href=\"https:\/\/feuerwehr-markdorf.de\/feuerwehr\/evw_unit\/ff-markdorf-abteilung-riedheim\/\" class=\"advgb-post-tax-term\">FF Markdorf - Abteilung Riedheim<\/a>"],"unlinked":["<span class=\"advgb-post-tax-term\">FF Markdorf - Abteilung Markdorf-Stadt<\/span>","<span class=\"advgb-post-tax-term\">FF Markdorf - Abteilung Riedheim<\/span>"],"slug":"evw_unit","name":"Einheiten"}},"series_order":"","_links":{"self":[{"href":"https:\/\/feuerwehr-markdorf.de\/feuerwehr\/wp-json\/wp\/v2\/einsatz\/6285","targetHints":{"allow":["GET"]}}],"collection":[{"href":"https:\/\/feuerwehr-markdorf.de\/feuerwehr\/wp-json\/wp\/v2\/einsatz"}],"about":[{"href":"https:\/\/feuerwehr-markdorf.de\/feuerwehr\/wp-json\/wp\/v2\/types\/einsatz"}],"author":[{"embeddable":true,"href":"https:\/\/feuerwehr-markdorf.de\/feuerwehr\/wp-json\/wp\/v2\/users\/6"}],"version-history":[{"count":4,"href":"https:\/\/feuerwehr-markdorf.de\/feuerwehr\/wp-json\/wp\/v2\/einsatz\/6285\/revisions"}],"predecessor-version":[{"id":6310,"href":"https:\/\/feuerwehr-markdorf.de\/feuerwehr\/wp-json\/wp\/v2\/einsatz\/6285\/revisions\/6310"}],"wp:featuredmedia":[{"embeddable":true,"href":"https:\/\/feuerwehr-markdorf.de\/feuerwehr\/wp-json\/wp\/v2\/media\/6289"}],"wp:attachment":[{"href":"https:\/\/feuerwehr-markdorf.de\/feuerwehr\/wp-json\/wp\/v2\/media?parent=6285"}],"wp:term":[{"taxonomy":"category","embeddable":true,"href":"https:\/\/feuerwehr-markdorf.de\/feuerwehr\/wp-json\/wp\/v2\/categories?post=6285"},{"taxonomy":"post_tag","embeddable":true,"href":"https:\/\/feuerwehr-markdorf.de\/feuerwehr\/wp-json\/wp\/v2\/tags?post=6285"},{"taxonomy":"einsatzart","embeddable":true,"href":"https:\/\/feuerwehr-markdorf.de\/feuerwehr\/wp-json\/wp\/v2\/einsatzart?post=6285"},{"taxonomy":"fahrzeug","embeddable":true,"href":"https:\/\/feuerwehr-markdorf.de\/feuerwehr\/wp-json\/wp\/v2\/fahrzeug?post=6285"},{"taxonomy":"exteinsatzmittel","embeddable":true,"href":"https:\/\/feuerwehr-markdorf.de\/feuerwehr\/wp-json\/wp\/v2\/exteinsatzmittel?post=6285"},{"taxonomy":"alarmierungsart","embeddable":true,"href":"https:\/\/feuerwehr-markdorf.de\/feuerwehr\/wp-json\/wp\/v2\/alarmierungsart?post=6285"},{"taxonomy":"evw_unit","embeddable":true,"href":"https:\/\/feuerwehr-markdorf.de\/feuerwehr\/wp-json\/wp\/v2\/evw_unit?post=6285"}],"curies":[{"name":"wp","href":"https:\/\/api.w.org\/{rel}","templated":true}]}}