{"id":3558,"date":"2020-11-13T14:55:00","date_gmt":"2020-11-13T13:55:00","guid":{"rendered":"https:\/\/feuerwehr-markdorf.de\/feuerwehr\/?post_type=einsatz&#038;p=3558"},"modified":"2020-11-16T22:50:06","modified_gmt":"2020-11-16T21:50:06","slug":"h-1-vu-lkw-kommt-von-strasse-ab","status":"publish","type":"einsatz","link":"https:\/\/feuerwehr-markdorf.de\/feuerwehr\/einsaetze\/h-1-vu-lkw-kommt-von-strasse-ab\/","title":{"rendered":"H 1 VU &#8211; LKW kommt von Stra\u00dfe ab"},"content":{"rendered":"\n<p>Um kurz vor 15 Uhr am Freitagnachmittag wurde die Abteilung Riedheim wegen eines Verkehrsunfalls auf der Bundestra\u00dfe B33 zwischen Stadel und Bitzenhofen alarmiert.<\/p>\n\n\n\n<p>Es war gemeldet worden, dass ein LKW von der Stra\u00dfe abgekommen sei. Aus diesem Grund wurde auch der <a href=\"https:\/\/feuerwehr-markdorf.de\/feuerwehr\/ruest-und-geraetefahrzeug-rw-2\/\">R\u00fcstwagen<\/a> der Abteilung Markdorf -Stadt mitalarmiert.<\/p>\n\n\n\n<p>Bei Eintreffen der Feuerwehr zeigte sich, dass ein voll beladener Sattelschlepper in Fahrtrichtung Ravensburg alleinbeteiligt nach rechts von der Stra\u00dfe abgekommen, ein Geb\u00fcsch durchbrochen und in einem Ackerst\u00fcck besch\u00e4digt zum stehen gekommen war.<\/p>\n\n\n\n<p>Der Fahrer war bereits vom Rettungsdienst versorgt in ein Krankenhaus transportiert worden.<\/p>\n\n\n\n<p>Unsere Aufgaben bestanden darin, die Unfallstelle abzusichern, eine \u00d6lverschmutzung auf der Stra\u00dfe zu beseitigen, den Brandschutz sicherzustellen und auslaufendes K\u00fchlmittel aufzufangen.<\/p>\n\n\n\n<p>Ebenso wurde sp\u00e4ter die Einsatzstelle ausgeleuchtet, um hier ein Abschleppunternehmen bei der Bergung des LKW zu unterst\u00fctzen.<\/p>\n\n\n\n<figure class=\"wp-block-gallery columns-3 is-cropped wp-block-gallery-1\"><ul class=\"blocks-gallery-grid\"><li class=\"blocks-gallery-item\"><figure><img loading=\"lazy\" decoding=\"async\" width=\"1024\" height=\"735\" src=\"https:\/\/feuerwehr-markdorf.de\/feuerwehr\/wp-content\/uploads\/sites\/2\/2020\/11\/NEVN5146_kl-1024x735.jpg\" alt=\"\" data-id=\"3563\" data-full-url=\"https:\/\/feuerwehr-markdorf.de\/feuerwehr\/wp-content\/uploads\/sites\/2\/2020\/11\/NEVN5146_kl.jpg\" data-link=\"https:\/\/feuerwehr-markdorf.de\/feuerwehr\/einsaetze\/h-1-vu-lkw-kommt-von-strasse-ab\/nevn5146_kl\/\" class=\"wp-image-3563\" srcset=\"https:\/\/feuerwehr-markdorf.de\/feuerwehr\/wp-content\/uploads\/sites\/2\/2020\/11\/NEVN5146_kl-1024x735.jpg 1024w, https:\/\/feuerwehr-markdorf.de\/feuerwehr\/wp-content\/uploads\/sites\/2\/2020\/11\/NEVN5146_kl-300x215.jpg 300w, https:\/\/feuerwehr-markdorf.de\/feuerwehr\/wp-content\/uploads\/sites\/2\/2020\/11\/NEVN5146_kl-768x552.jpg 768w, https:\/\/feuerwehr-markdorf.de\/feuerwehr\/wp-content\/uploads\/sites\/2\/2020\/11\/NEVN5146_kl.jpg 1242w\" sizes=\"auto, (max-width: 1024px) 100vw, 1024px\" \/><\/figure><\/li><li class=\"blocks-gallery-item\"><figure><img loading=\"lazy\" decoding=\"async\" width=\"1024\" height=\"772\" src=\"https:\/\/feuerwehr-markdorf.de\/feuerwehr\/wp-content\/uploads\/sites\/2\/2020\/11\/LCYP8383_kl-1024x772.jpg\" alt=\"\" data-id=\"3560\" data-full-url=\"https:\/\/feuerwehr-markdorf.de\/feuerwehr\/wp-content\/uploads\/sites\/2\/2020\/11\/LCYP8383_kl.jpg\" data-link=\"https:\/\/feuerwehr-markdorf.de\/feuerwehr\/einsaetze\/h-1-vu-lkw-kommt-von-strasse-ab\/lcyp8383_kl\/\" class=\"wp-image-3560\" srcset=\"https:\/\/feuerwehr-markdorf.de\/feuerwehr\/wp-content\/uploads\/sites\/2\/2020\/11\/LCYP8383_kl-1024x772.jpg 1024w, https:\/\/feuerwehr-markdorf.de\/feuerwehr\/wp-content\/uploads\/sites\/2\/2020\/11\/LCYP8383_kl-300x226.jpg 300w, https:\/\/feuerwehr-markdorf.de\/feuerwehr\/wp-content\/uploads\/sites\/2\/2020\/11\/LCYP8383_kl-768x579.jpg 768w, https:\/\/feuerwehr-markdorf.de\/feuerwehr\/wp-content\/uploads\/sites\/2\/2020\/11\/LCYP8383_kl.jpg 1354w\" sizes=\"auto, (max-width: 1024px) 100vw, 1024px\" \/><\/figure><\/li><li class=\"blocks-gallery-item\"><figure><img loading=\"lazy\" decoding=\"async\" width=\"1024\" height=\"721\" src=\"https:\/\/feuerwehr-markdorf.de\/feuerwehr\/wp-content\/uploads\/sites\/2\/2020\/11\/QTKX2613_kl-1024x721.jpg\" alt=\"\" data-id=\"3564\" data-full-url=\"https:\/\/feuerwehr-markdorf.de\/feuerwehr\/wp-content\/uploads\/sites\/2\/2020\/11\/QTKX2613_kl.jpg\" data-link=\"https:\/\/feuerwehr-markdorf.de\/feuerwehr\/einsaetze\/h-1-vu-lkw-kommt-von-strasse-ab\/qtkx2613_kl\/\" class=\"wp-image-3564\" srcset=\"https:\/\/feuerwehr-markdorf.de\/feuerwehr\/wp-content\/uploads\/sites\/2\/2020\/11\/QTKX2613_kl-1024x721.jpg 1024w, https:\/\/feuerwehr-markdorf.de\/feuerwehr\/wp-content\/uploads\/sites\/2\/2020\/11\/QTKX2613_kl-300x211.jpg 300w, https:\/\/feuerwehr-markdorf.de\/feuerwehr\/wp-content\/uploads\/sites\/2\/2020\/11\/QTKX2613_kl-768x541.jpg 768w, https:\/\/feuerwehr-markdorf.de\/feuerwehr\/wp-content\/uploads\/sites\/2\/2020\/11\/QTKX2613_kl.jpg 1120w\" sizes=\"auto, (max-width: 1024px) 100vw, 1024px\" \/><\/figure><\/li><li class=\"blocks-gallery-item\"><figure><img loading=\"lazy\" decoding=\"async\" width=\"1024\" height=\"776\" src=\"https:\/\/feuerwehr-markdorf.de\/feuerwehr\/wp-content\/uploads\/sites\/2\/2020\/11\/REXY4707_kl-1024x776.jpg\" alt=\"\" data-id=\"3565\" data-full-url=\"https:\/\/feuerwehr-markdorf.de\/feuerwehr\/wp-content\/uploads\/sites\/2\/2020\/11\/REXY4707_kl.jpg\" data-link=\"https:\/\/feuerwehr-markdorf.de\/feuerwehr\/einsaetze\/h-1-vu-lkw-kommt-von-strasse-ab\/rexy4707_kl\/\" class=\"wp-image-3565\" srcset=\"https:\/\/feuerwehr-markdorf.de\/feuerwehr\/wp-content\/uploads\/sites\/2\/2020\/11\/REXY4707_kl-1024x776.jpg 1024w, https:\/\/feuerwehr-markdorf.de\/feuerwehr\/wp-content\/uploads\/sites\/2\/2020\/11\/REXY4707_kl-300x227.jpg 300w, https:\/\/feuerwehr-markdorf.de\/feuerwehr\/wp-content\/uploads\/sites\/2\/2020\/11\/REXY4707_kl-768x582.jpg 768w, https:\/\/feuerwehr-markdorf.de\/feuerwehr\/wp-content\/uploads\/sites\/2\/2020\/11\/REXY4707_kl.jpg 1452w\" sizes=\"auto, (max-width: 1024px) 100vw, 1024px\" \/><\/figure><\/li><li class=\"blocks-gallery-item\"><figure><img loading=\"lazy\" decoding=\"async\" width=\"1024\" height=\"768\" src=\"https:\/\/feuerwehr-markdorf.de\/feuerwehr\/wp-content\/uploads\/sites\/2\/2020\/11\/MKDP3275_kl-1024x768.jpg\" alt=\"\" data-id=\"3561\" data-full-url=\"https:\/\/feuerwehr-markdorf.de\/feuerwehr\/wp-content\/uploads\/sites\/2\/2020\/11\/MKDP3275_kl.jpg\" data-link=\"https:\/\/feuerwehr-markdorf.de\/feuerwehr\/einsaetze\/h-1-vu-lkw-kommt-von-strasse-ab\/mkdp3275_kl\/\" class=\"wp-image-3561\" srcset=\"https:\/\/feuerwehr-markdorf.de\/feuerwehr\/wp-content\/uploads\/sites\/2\/2020\/11\/MKDP3275_kl-1024x768.jpg 1024w, https:\/\/feuerwehr-markdorf.de\/feuerwehr\/wp-content\/uploads\/sites\/2\/2020\/11\/MKDP3275_kl-300x225.jpg 300w, https:\/\/feuerwehr-markdorf.de\/feuerwehr\/wp-content\/uploads\/sites\/2\/2020\/11\/MKDP3275_kl-768x576.jpg 768w, https:\/\/feuerwehr-markdorf.de\/feuerwehr\/wp-content\/uploads\/sites\/2\/2020\/11\/MKDP3275_kl-1536x1152.jpg 1536w, https:\/\/feuerwehr-markdorf.de\/feuerwehr\/wp-content\/uploads\/sites\/2\/2020\/11\/MKDP3275_kl.jpg 1600w\" sizes=\"auto, (max-width: 1024px) 100vw, 1024px\" \/><\/figure><\/li><li class=\"blocks-gallery-item\"><figure><img loading=\"lazy\" decoding=\"async\" width=\"1024\" height=\"759\" src=\"https:\/\/feuerwehr-markdorf.de\/feuerwehr\/wp-content\/uploads\/sites\/2\/2020\/11\/GCXY3409_kl-1024x759.jpg\" alt=\"\" data-id=\"3559\" data-full-url=\"https:\/\/feuerwehr-markdorf.de\/feuerwehr\/wp-content\/uploads\/sites\/2\/2020\/11\/GCXY3409_kl.jpg\" data-link=\"https:\/\/feuerwehr-markdorf.de\/feuerwehr\/einsaetze\/h-1-vu-lkw-kommt-von-strasse-ab\/gcxy3409_kl\/\" class=\"wp-image-3559 is-layout-flex wp-block-gallery-is-layout-flex\" srcset=\"https:\/\/feuerwehr-markdorf.de\/feuerwehr\/wp-content\/uploads\/sites\/2\/2020\/11\/GCXY3409_kl-1024x759.jpg 1024w, https:\/\/feuerwehr-markdorf.de\/feuerwehr\/wp-content\/uploads\/sites\/2\/2020\/11\/GCXY3409_kl-300x222.jpg 300w, https:\/\/feuerwehr-markdorf.de\/feuerwehr\/wp-content\/uploads\/sites\/2\/2020\/11\/GCXY3409_kl-768x569.jpg 768w, https:\/\/feuerwehr-markdorf.de\/feuerwehr\/wp-content\/uploads\/sites\/2\/2020\/11\/GCXY3409_kl.jpg 1296w\" sizes=\"auto, (max-width: 1024px) 100vw, 1024px\" \/><\/figure><\/li><\/ul><\/figure>\n\n\n\n<p><a href=\"https:\/\/www.schwaebische.de\/landkreis\/bodenseekreis\/markdorf_artikel,-lastwagen-kommt-bei-markdorf-von-der-strasse-ab-_arid,11294115.html\">Schw\u00e4bische Zeitung 13.11.2020<\/a><\/p>\n\n\n\n<p><a href=\"https:\/\/www.suedkurier.de\/region\/bodenseekreis\/markdorf\/verkehrsunfall-auf-b-33-lastwagen-kommt-von-der-strasse-ab;art372484,10666657\">S\u00fcdkurier 15.11.2020<\/a><\/p>\n\n\n\n<p><\/p>\n","protected":false},"author":6,"featured_media":3561,"template":"","meta":{"advgb_blocks_editor_width":"","advgb_blocks_columns_visual_guide":"","ocean_post_layout":"","ocean_both_sidebars_style":"","ocean_both_sidebars_content_width":0,"ocean_both_sidebars_sidebars_width":0,"ocean_sidebar":"","ocean_second_sidebar":"","ocean_disable_margins":"enable","ocean_add_body_class":"","ocean_shortcode_before_top_bar":"","ocean_shortcode_after_top_bar":"","ocean_shortcode_before_header":"","ocean_shortcode_after_header":"","ocean_has_shortcode":"","ocean_shortcode_after_title":"","ocean_shortcode_before_footer_widgets":"","ocean_shortcode_after_footer_widgets":"","ocean_shortcode_before_footer_bottom":"","ocean_shortcode_after_footer_bottom":"","ocean_display_top_bar":"default","ocean_display_header":"default","ocean_header_style":"","ocean_center_header_left_menu":"","ocean_custom_header_template":"","ocean_custom_logo":0,"ocean_custom_retina_logo":0,"ocean_custom_logo_max_width":0,"ocean_custom_logo_tablet_max_width":0,"ocean_custom_logo_mobile_max_width":0,"ocean_custom_logo_max_height":0,"ocean_custom_logo_tablet_max_height":0,"ocean_custom_logo_mobile_max_height":0,"ocean_header_custom_menu":"","ocean_menu_typo_font_family":"","ocean_menu_typo_font_subset":"","ocean_menu_typo_font_size":0,"ocean_menu_typo_font_size_tablet":0,"ocean_menu_typo_font_size_mobile":0,"ocean_menu_typo_font_size_unit":"px","ocean_menu_typo_font_weight":"","ocean_menu_typo_font_weight_tablet":"","ocean_menu_typo_font_weight_mobile":"","ocean_menu_typo_transform":"","ocean_menu_typo_transform_tablet":"","ocean_menu_typo_transform_mobile":"","ocean_menu_typo_line_height":0,"ocean_menu_typo_line_height_tablet":0,"ocean_menu_typo_line_height_mobile":0,"ocean_menu_typo_line_height_unit":"","ocean_menu_typo_spacing":0,"ocean_menu_typo_spacing_tablet":0,"ocean_menu_typo_spacing_mobile":0,"ocean_menu_typo_spacing_unit":"","ocean_menu_link_color":"","ocean_menu_link_color_hover":"","ocean_menu_link_color_active":"","ocean_menu_link_background":"","ocean_menu_link_hover_background":"","ocean_menu_link_active_background":"","ocean_menu_social_links_bg":"","ocean_menu_social_hover_links_bg":"","ocean_menu_social_links_color":"","ocean_menu_social_hover_links_color":"","ocean_disable_title":"default","ocean_disable_heading":"default","ocean_post_title":"","ocean_post_subheading":"","ocean_post_title_style":"","ocean_post_title_background_color":"","ocean_post_title_background":0,"ocean_post_title_bg_image_position":"","ocean_post_title_bg_image_attachment":"","ocean_post_title_bg_image_repeat":"","ocean_post_title_bg_image_size":"","ocean_post_title_height":0,"ocean_post_title_bg_overlay":0.5,"ocean_post_title_bg_overlay_color":"","ocean_disable_breadcrumbs":"default","ocean_breadcrumbs_color":"","ocean_breadcrumbs_separator_color":"","ocean_breadcrumbs_links_color":"","ocean_breadcrumbs_links_hover_color":"","ocean_display_footer_widgets":"default","ocean_display_footer_bottom":"default","ocean_custom_footer_template":"","einsatz_weight":1,"footnotes":""},"categories":[59],"tags":[89,69,132],"einsatzart":[11],"fahrzeug":[22,42,129,36],"exteinsatzmittel":[43,44],"alarmierungsart":[12],"evw_unit":[],"class_list":["post-3558","einsatz","type-einsatz","status-publish","has-post-thumbnail","hentry","category-einsatz","tag-hilfeleistung","tag-technische-hilfe","tag-verkehrsunfall","einsatzart-thl","fahrzeug-kdow","fahrzeug-lf-8-6-r","fahrzeug-mtw-ri","fahrzeug-rw","exteinsatzmittel-drk-rd","exteinsatzmittel-polizei","alarmierungsart-funkmelder","entry","has-media"],"yoast_head":"<!-- This site is optimized with the Yoast SEO plugin v22.8 - https:\/\/yoast.com\/wordpress\/plugins\/seo\/ -->\n<title>H 1 VU - LKW kommt von Stra\u00dfe ab<\/title>\n<meta name=\"description\" content=\"Um kurz vor 15 Uhr am Freitagnachmittag wurde die Abteilung Riedheim wegen eines Verkehrsunfalls auf der Bundestra\u00dfe B33 zwischen Stadel und Bitzenhofen\" \/>\n<meta name=\"robots\" content=\"noindex, follow\" \/>\n<meta property=\"og:locale\" content=\"de_DE\" \/>\n<meta property=\"og:type\" content=\"article\" \/>\n<meta property=\"og:title\" content=\"H 1 VU - LKW kommt von Stra\u00dfe ab\" \/>\n<meta property=\"og:description\" content=\"Um kurz vor 15 Uhr am Freitagnachmittag wurde die Abteilung Riedheim wegen eines Verkehrsunfalls auf der Bundestra\u00dfe B33 zwischen Stadel und Bitzenhofen\" \/>\n<meta property=\"og:url\" content=\"https:\/\/feuerwehr-markdorf.de\/feuerwehr\/einsaetze\/h-1-vu-lkw-kommt-von-strasse-ab\/\" \/>\n<meta property=\"og:site_name\" content=\"Freiwillige Feuerwehr Markdorf\" \/>\n<meta property=\"article:publisher\" content=\"https:\/\/www.facebook.com\/feuerwehrmarkdorf\/\" \/>\n<meta property=\"article:modified_time\" content=\"2020-11-16T21:50:06+00:00\" \/>\n<meta property=\"og:image\" content=\"https:\/\/feuerwehr-markdorf.de\/feuerwehr\/wp-content\/uploads\/sites\/2\/2020\/11\/MKDP3275_kl.jpg\" \/>\n\t<meta property=\"og:image:width\" content=\"1600\" \/>\n\t<meta property=\"og:image:height\" content=\"1200\" \/>\n\t<meta property=\"og:image:type\" content=\"image\/jpeg\" \/>\n<meta name=\"twitter:card\" content=\"summary_large_image\" \/>\n<meta name=\"twitter:label1\" content=\"Gesch\u00e4tzte Lesezeit\" \/>\n\t<meta name=\"twitter:data1\" content=\"1\u00a0Minute\" \/>\n<script type=\"application\/ld+json\" class=\"yoast-schema-graph\">{\"@context\":\"https:\/\/schema.org\",\"@graph\":[{\"@type\":[\"Article\",\"Report\"],\"@id\":\"https:\/\/feuerwehr-markdorf.de\/feuerwehr\/einsaetze\/h-1-vu-lkw-kommt-von-strasse-ab\/#article\",\"isPartOf\":{\"@id\":\"https:\/\/feuerwehr-markdorf.de\/feuerwehr\/einsaetze\/h-1-vu-lkw-kommt-von-strasse-ab\/\"},\"author\":{\"name\":\"mscheerer\",\"@id\":\"https:\/\/feuerwehr-markdorf.de\/feuerwehr\/#\/schema\/person\/332479352d6e81750d9ab7ac3745262c\"},\"headline\":\"H 1 VU &#8211; LKW kommt von Stra\u00dfe ab\",\"datePublished\":\"2020-11-13T13:55:00+00:00\",\"dateModified\":\"2020-11-16T21:50:06+00:00\",\"mainEntityOfPage\":{\"@id\":\"https:\/\/feuerwehr-markdorf.de\/feuerwehr\/einsaetze\/h-1-vu-lkw-kommt-von-strasse-ab\/\"},\"wordCount\":154,\"publisher\":{\"@id\":\"https:\/\/feuerwehr-markdorf.de\/feuerwehr\/#organization\"},\"image\":{\"@id\":\"https:\/\/feuerwehr-markdorf.de\/feuerwehr\/einsaetze\/h-1-vu-lkw-kommt-von-strasse-ab\/#primaryimage\"},\"thumbnailUrl\":\"https:\/\/feuerwehr-markdorf.de\/feuerwehr\/wp-content\/uploads\/sites\/2\/2020\/11\/MKDP3275_kl.jpg\",\"keywords\":[\"Hilfeleistung\",\"Technische Hilfe\",\"verkehrsunfall\"],\"articleSection\":[\"Einsatz\"],\"inLanguage\":\"de\"},{\"@type\":\"WebPage\",\"@id\":\"https:\/\/feuerwehr-markdorf.de\/feuerwehr\/einsaetze\/h-1-vu-lkw-kommt-von-strasse-ab\/\",\"url\":\"https:\/\/feuerwehr-markdorf.de\/feuerwehr\/einsaetze\/h-1-vu-lkw-kommt-von-strasse-ab\/\",\"name\":\"H 1 VU - LKW kommt von Stra\u00dfe ab\",\"isPartOf\":{\"@id\":\"https:\/\/feuerwehr-markdorf.de\/feuerwehr\/#website\"},\"primaryImageOfPage\":{\"@id\":\"https:\/\/feuerwehr-markdorf.de\/feuerwehr\/einsaetze\/h-1-vu-lkw-kommt-von-strasse-ab\/#primaryimage\"},\"image\":{\"@id\":\"https:\/\/feuerwehr-markdorf.de\/feuerwehr\/einsaetze\/h-1-vu-lkw-kommt-von-strasse-ab\/#primaryimage\"},\"thumbnailUrl\":\"https:\/\/feuerwehr-markdorf.de\/feuerwehr\/wp-content\/uploads\/sites\/2\/2020\/11\/MKDP3275_kl.jpg\",\"datePublished\":\"2020-11-13T13:55:00+00:00\",\"dateModified\":\"2020-11-16T21:50:06+00:00\",\"description\":\"Um kurz vor 15 Uhr am Freitagnachmittag wurde die Abteilung Riedheim wegen eines Verkehrsunfalls auf der Bundestra\u00dfe B33 zwischen Stadel und Bitzenhofen\",\"breadcrumb\":{\"@id\":\"https:\/\/feuerwehr-markdorf.de\/feuerwehr\/einsaetze\/h-1-vu-lkw-kommt-von-strasse-ab\/#breadcrumb\"},\"inLanguage\":\"de\",\"potentialAction\":[{\"@type\":\"ReadAction\",\"target\":[\"https:\/\/feuerwehr-markdorf.de\/feuerwehr\/einsaetze\/h-1-vu-lkw-kommt-von-strasse-ab\/\"]}]},{\"@type\":\"ImageObject\",\"inLanguage\":\"de\",\"@id\":\"https:\/\/feuerwehr-markdorf.de\/feuerwehr\/einsaetze\/h-1-vu-lkw-kommt-von-strasse-ab\/#primaryimage\",\"url\":\"https:\/\/feuerwehr-markdorf.de\/feuerwehr\/wp-content\/uploads\/sites\/2\/2020\/11\/MKDP3275_kl.jpg\",\"contentUrl\":\"https:\/\/feuerwehr-markdorf.de\/feuerwehr\/wp-content\/uploads\/sites\/2\/2020\/11\/MKDP3275_kl.jpg\",\"width\":1600,\"height\":1200},{\"@type\":\"BreadcrumbList\",\"@id\":\"https:\/\/feuerwehr-markdorf.de\/feuerwehr\/einsaetze\/h-1-vu-lkw-kommt-von-strasse-ab\/#breadcrumb\",\"itemListElement\":[{\"@type\":\"ListItem\",\"position\":1,\"name\":\"Startseite\",\"item\":\"https:\/\/feuerwehr-markdorf.de\/feuerwehr\/\"},{\"@type\":\"ListItem\",\"position\":2,\"name\":\"Einsatzberichte\",\"item\":\"https:\/\/feuerwehr-markdorf.de\/feuerwehr\/einsaetze\/\"},{\"@type\":\"ListItem\",\"position\":3,\"name\":\"H 1 VU &#8211; LKW kommt von Stra\u00dfe ab\"}]},{\"@type\":\"WebSite\",\"@id\":\"https:\/\/feuerwehr-markdorf.de\/feuerwehr\/#website\",\"url\":\"https:\/\/feuerwehr-markdorf.de\/feuerwehr\/\",\"name\":\"Freiwillige Feuerwehr Markdorf\",\"description\":\"\",\"publisher\":{\"@id\":\"https:\/\/feuerwehr-markdorf.de\/feuerwehr\/#organization\"},\"potentialAction\":[{\"@type\":\"SearchAction\",\"target\":{\"@type\":\"EntryPoint\",\"urlTemplate\":\"https:\/\/feuerwehr-markdorf.de\/feuerwehr\/?s={search_term_string}\"},\"query-input\":\"required name=search_term_string\"}],\"inLanguage\":\"de\"},{\"@type\":\"Organization\",\"@id\":\"https:\/\/feuerwehr-markdorf.de\/feuerwehr\/#organization\",\"name\":\"Freiwillige Feuerwehr Markdorf\",\"url\":\"https:\/\/feuerwehr-markdorf.de\/feuerwehr\/\",\"logo\":{\"@type\":\"ImageObject\",\"inLanguage\":\"de\",\"@id\":\"https:\/\/feuerwehr-markdorf.de\/feuerwehr\/#\/schema\/logo\/image\/\",\"url\":\"https:\/\/feuerwehr-markdorf.de\/feuerwehr\/wp-content\/uploads\/sites\/2\/2020\/01\/FFM-red-ohne-Abteilung_klein.png\",\"contentUrl\":\"https:\/\/feuerwehr-markdorf.de\/feuerwehr\/wp-content\/uploads\/sites\/2\/2020\/01\/FFM-red-ohne-Abteilung_klein.png\",\"width\":397,\"height\":170,\"caption\":\"Freiwillige Feuerwehr Markdorf\"},\"image\":{\"@id\":\"https:\/\/feuerwehr-markdorf.de\/feuerwehr\/#\/schema\/logo\/image\/\"},\"sameAs\":[\"https:\/\/www.facebook.com\/feuerwehrmarkdorf\/\"]},{\"@type\":\"Person\",\"@id\":\"https:\/\/feuerwehr-markdorf.de\/feuerwehr\/#\/schema\/person\/332479352d6e81750d9ab7ac3745262c\",\"name\":\"mscheerer\",\"image\":{\"@type\":\"ImageObject\",\"inLanguage\":\"de\",\"@id\":\"https:\/\/feuerwehr-markdorf.de\/feuerwehr\/#\/schema\/person\/image\/\",\"url\":\"https:\/\/secure.gravatar.com\/avatar\/c05798694e4a2d8a49e8c991a61e829ed7435b3699df1a726e5dbcd1f8e972b0?s=96&d=mm&r=g\",\"contentUrl\":\"https:\/\/secure.gravatar.com\/avatar\/c05798694e4a2d8a49e8c991a61e829ed7435b3699df1a726e5dbcd1f8e972b0?s=96&d=mm&r=g\",\"caption\":\"mscheerer\"},\"url\":\"https:\/\/feuerwehr-markdorf.de\/feuerwehr\/author\/mscheerer\/\"}]}<\/script>\n<!-- \/ Yoast SEO plugin. -->","yoast_head_json":{"title":"H 1 VU - LKW kommt von Stra\u00dfe ab","description":"Um kurz vor 15 Uhr am Freitagnachmittag wurde die Abteilung Riedheim wegen eines Verkehrsunfalls auf der Bundestra\u00dfe B33 zwischen Stadel und Bitzenhofen","robots":{"index":"noindex","follow":"follow"},"og_locale":"de_DE","og_type":"article","og_title":"H 1 VU - LKW kommt von Stra\u00dfe ab","og_description":"Um kurz vor 15 Uhr am Freitagnachmittag wurde die Abteilung Riedheim wegen eines Verkehrsunfalls auf der Bundestra\u00dfe B33 zwischen Stadel und Bitzenhofen","og_url":"https:\/\/feuerwehr-markdorf.de\/feuerwehr\/einsaetze\/h-1-vu-lkw-kommt-von-strasse-ab\/","og_site_name":"Freiwillige Feuerwehr Markdorf","article_publisher":"https:\/\/www.facebook.com\/feuerwehrmarkdorf\/","article_modified_time":"2020-11-16T21:50:06+00:00","og_image":[{"width":1600,"height":1200,"url":"https:\/\/feuerwehr-markdorf.de\/feuerwehr\/wp-content\/uploads\/sites\/2\/2020\/11\/MKDP3275_kl.jpg","type":"image\/jpeg"}],"twitter_card":"summary_large_image","twitter_misc":{"Gesch\u00e4tzte Lesezeit":"1\u00a0Minute"},"schema":{"@context":"https:\/\/schema.org","@graph":[{"@type":["Article","Report"],"@id":"https:\/\/feuerwehr-markdorf.de\/feuerwehr\/einsaetze\/h-1-vu-lkw-kommt-von-strasse-ab\/#article","isPartOf":{"@id":"https:\/\/feuerwehr-markdorf.de\/feuerwehr\/einsaetze\/h-1-vu-lkw-kommt-von-strasse-ab\/"},"author":{"name":"mscheerer","@id":"https:\/\/feuerwehr-markdorf.de\/feuerwehr\/#\/schema\/person\/332479352d6e81750d9ab7ac3745262c"},"headline":"H 1 VU &#8211; LKW kommt von Stra\u00dfe ab","datePublished":"2020-11-13T13:55:00+00:00","dateModified":"2020-11-16T21:50:06+00:00","mainEntityOfPage":{"@id":"https:\/\/feuerwehr-markdorf.de\/feuerwehr\/einsaetze\/h-1-vu-lkw-kommt-von-strasse-ab\/"},"wordCount":154,"publisher":{"@id":"https:\/\/feuerwehr-markdorf.de\/feuerwehr\/#organization"},"image":{"@id":"https:\/\/feuerwehr-markdorf.de\/feuerwehr\/einsaetze\/h-1-vu-lkw-kommt-von-strasse-ab\/#primaryimage"},"thumbnailUrl":"https:\/\/feuerwehr-markdorf.de\/feuerwehr\/wp-content\/uploads\/sites\/2\/2020\/11\/MKDP3275_kl.jpg","keywords":["Hilfeleistung","Technische Hilfe","verkehrsunfall"],"articleSection":["Einsatz"],"inLanguage":"de"},{"@type":"WebPage","@id":"https:\/\/feuerwehr-markdorf.de\/feuerwehr\/einsaetze\/h-1-vu-lkw-kommt-von-strasse-ab\/","url":"https:\/\/feuerwehr-markdorf.de\/feuerwehr\/einsaetze\/h-1-vu-lkw-kommt-von-strasse-ab\/","name":"H 1 VU - LKW kommt von Stra\u00dfe ab","isPartOf":{"@id":"https:\/\/feuerwehr-markdorf.de\/feuerwehr\/#website"},"primaryImageOfPage":{"@id":"https:\/\/feuerwehr-markdorf.de\/feuerwehr\/einsaetze\/h-1-vu-lkw-kommt-von-strasse-ab\/#primaryimage"},"image":{"@id":"https:\/\/feuerwehr-markdorf.de\/feuerwehr\/einsaetze\/h-1-vu-lkw-kommt-von-strasse-ab\/#primaryimage"},"thumbnailUrl":"https:\/\/feuerwehr-markdorf.de\/feuerwehr\/wp-content\/uploads\/sites\/2\/2020\/11\/MKDP3275_kl.jpg","datePublished":"2020-11-13T13:55:00+00:00","dateModified":"2020-11-16T21:50:06+00:00","description":"Um kurz vor 15 Uhr am Freitagnachmittag wurde die Abteilung Riedheim wegen eines Verkehrsunfalls auf der Bundestra\u00dfe B33 zwischen Stadel und Bitzenhofen","breadcrumb":{"@id":"https:\/\/feuerwehr-markdorf.de\/feuerwehr\/einsaetze\/h-1-vu-lkw-kommt-von-strasse-ab\/#breadcrumb"},"inLanguage":"de","potentialAction":[{"@type":"ReadAction","target":["https:\/\/feuerwehr-markdorf.de\/feuerwehr\/einsaetze\/h-1-vu-lkw-kommt-von-strasse-ab\/"]}]},{"@type":"ImageObject","inLanguage":"de","@id":"https:\/\/feuerwehr-markdorf.de\/feuerwehr\/einsaetze\/h-1-vu-lkw-kommt-von-strasse-ab\/#primaryimage","url":"https:\/\/feuerwehr-markdorf.de\/feuerwehr\/wp-content\/uploads\/sites\/2\/2020\/11\/MKDP3275_kl.jpg","contentUrl":"https:\/\/feuerwehr-markdorf.de\/feuerwehr\/wp-content\/uploads\/sites\/2\/2020\/11\/MKDP3275_kl.jpg","width":1600,"height":1200},{"@type":"BreadcrumbList","@id":"https:\/\/feuerwehr-markdorf.de\/feuerwehr\/einsaetze\/h-1-vu-lkw-kommt-von-strasse-ab\/#breadcrumb","itemListElement":[{"@type":"ListItem","position":1,"name":"Startseite","item":"https:\/\/feuerwehr-markdorf.de\/feuerwehr\/"},{"@type":"ListItem","position":2,"name":"Einsatzberichte","item":"https:\/\/feuerwehr-markdorf.de\/feuerwehr\/einsaetze\/"},{"@type":"ListItem","position":3,"name":"H 1 VU &#8211; LKW kommt von Stra\u00dfe ab"}]},{"@type":"WebSite","@id":"https:\/\/feuerwehr-markdorf.de\/feuerwehr\/#website","url":"https:\/\/feuerwehr-markdorf.de\/feuerwehr\/","name":"Freiwillige Feuerwehr Markdorf","description":"","publisher":{"@id":"https:\/\/feuerwehr-markdorf.de\/feuerwehr\/#organization"},"potentialAction":[{"@type":"SearchAction","target":{"@type":"EntryPoint","urlTemplate":"https:\/\/feuerwehr-markdorf.de\/feuerwehr\/?s={search_term_string}"},"query-input":"required name=search_term_string"}],"inLanguage":"de"},{"@type":"Organization","@id":"https:\/\/feuerwehr-markdorf.de\/feuerwehr\/#organization","name":"Freiwillige Feuerwehr Markdorf","url":"https:\/\/feuerwehr-markdorf.de\/feuerwehr\/","logo":{"@type":"ImageObject","inLanguage":"de","@id":"https:\/\/feuerwehr-markdorf.de\/feuerwehr\/#\/schema\/logo\/image\/","url":"https:\/\/feuerwehr-markdorf.de\/feuerwehr\/wp-content\/uploads\/sites\/2\/2020\/01\/FFM-red-ohne-Abteilung_klein.png","contentUrl":"https:\/\/feuerwehr-markdorf.de\/feuerwehr\/wp-content\/uploads\/sites\/2\/2020\/01\/FFM-red-ohne-Abteilung_klein.png","width":397,"height":170,"caption":"Freiwillige Feuerwehr Markdorf"},"image":{"@id":"https:\/\/feuerwehr-markdorf.de\/feuerwehr\/#\/schema\/logo\/image\/"},"sameAs":["https:\/\/www.facebook.com\/feuerwehrmarkdorf\/"]},{"@type":"Person","@id":"https:\/\/feuerwehr-markdorf.de\/feuerwehr\/#\/schema\/person\/332479352d6e81750d9ab7ac3745262c","name":"mscheerer","image":{"@type":"ImageObject","inLanguage":"de","@id":"https:\/\/feuerwehr-markdorf.de\/feuerwehr\/#\/schema\/person\/image\/","url":"https:\/\/secure.gravatar.com\/avatar\/c05798694e4a2d8a49e8c991a61e829ed7435b3699df1a726e5dbcd1f8e972b0?s=96&d=mm&r=g","contentUrl":"https:\/\/secure.gravatar.com\/avatar\/c05798694e4a2d8a49e8c991a61e829ed7435b3699df1a726e5dbcd1f8e972b0?s=96&d=mm&r=g","caption":"mscheerer"},"url":"https:\/\/feuerwehr-markdorf.de\/feuerwehr\/author\/mscheerer\/"}]}},"featured_img":"https:\/\/feuerwehr-markdorf.de\/feuerwehr\/wp-content\/uploads\/sites\/2\/2020\/11\/MKDP3275_kl.jpg","coauthors":[],"author_meta":{"author_link":"https:\/\/feuerwehr-markdorf.de\/feuerwehr\/author\/mscheerer\/","display_name":"mscheerer"},"relative_dates":{"created":"Posted 5\u00a0Jahren ago","modified":"Updated 5\u00a0Jahren ago"},"absolute_dates":{"created":"Posted on 13. November 2020","modified":"Updated on 16. November 2020"},"absolute_dates_time":{"created":"Posted on 13. November 2020 14:55","modified":"Updated on 16. November 2020 22:50"},"featured_img_caption":"","tax_additional":{"category":{"linked":["<a href=\"https:\/\/feuerwehr-markdorf.de\/feuerwehr\/category\/einsatz\/\" class=\"advgb-post-tax-term\">Einsatz<\/a>"],"unlinked":["<span class=\"advgb-post-tax-term\">Einsatz<\/span>"],"slug":"category","name":"Kategorien"},"post_tag":{"linked":["<a href=\"https:\/\/feuerwehr-markdorf.de\/feuerwehr\/tag\/hilfeleistung\/\" class=\"advgb-post-tax-term\">Hilfeleistung<\/a>","<a href=\"https:\/\/feuerwehr-markdorf.de\/feuerwehr\/tag\/technische-hilfe\/\" class=\"advgb-post-tax-term\">Technische Hilfe<\/a>","<a href=\"https:\/\/feuerwehr-markdorf.de\/feuerwehr\/tag\/verkehrsunfall\/\" class=\"advgb-post-tax-term\">verkehrsunfall<\/a>"],"unlinked":["<span class=\"advgb-post-tax-term\">Hilfeleistung<\/span>","<span class=\"advgb-post-tax-term\">Technische Hilfe<\/span>","<span class=\"advgb-post-tax-term\">verkehrsunfall<\/span>"],"slug":"post_tag","name":"Schlagw\u00f6rter"},"einsatzart":{"linked":["<a href=\"https:\/\/feuerwehr-markdorf.de\/feuerwehr\/einsatzart\/thl\/\" class=\"advgb-post-tax-term\">Technische Hilfeleistung<\/a>"],"unlinked":["<span class=\"advgb-post-tax-term\">Technische Hilfeleistung<\/span>"],"slug":"einsatzart","name":"Einsatzarten"},"fahrzeug":{"linked":["<a href=\"https:\/\/feuerwehr-markdorf.de\/feuerwehr\/fahrzeug\/kdow\/\" class=\"advgb-post-tax-term\">KdoW<\/a>","<a href=\"https:\/\/feuerwehr-markdorf.de\/feuerwehr\/fahrzeug\/lf-8-6-r\/\" class=\"advgb-post-tax-term\">LF 8\/6 Riedheim<\/a>","<a href=\"https:\/\/feuerwehr-markdorf.de\/feuerwehr\/fahrzeug\/mtw-ri\/\" class=\"advgb-post-tax-term\">MTW RI<\/a>","<a href=\"https:\/\/feuerwehr-markdorf.de\/feuerwehr\/fahrzeug\/rw\/\" class=\"advgb-post-tax-term\">RW<\/a>"],"unlinked":["<span class=\"advgb-post-tax-term\">KdoW<\/span>","<span class=\"advgb-post-tax-term\">LF 8\/6 Riedheim<\/span>","<span class=\"advgb-post-tax-term\">MTW RI<\/span>","<span class=\"advgb-post-tax-term\">RW<\/span>"],"slug":"fahrzeug","name":"Fahrzeuge"},"exteinsatzmittel":{"linked":["<a href=\"https:\/\/feuerwehr-markdorf.de\/feuerwehr\/externe-einsatzmittel\/drk-rd\/\" class=\"advgb-post-tax-term\">DRK Rettungsdienst<\/a>","<a href=\"https:\/\/feuerwehr-markdorf.de\/feuerwehr\/externe-einsatzmittel\/polizei\/\" class=\"advgb-post-tax-term\">Polizei<\/a>"],"unlinked":["<span class=\"advgb-post-tax-term\">DRK Rettungsdienst<\/span>","<span class=\"advgb-post-tax-term\">Polizei<\/span>"],"slug":"exteinsatzmittel","name":"Externe Einsatzmittel"},"alarmierungsart":{"linked":["<a href=\"https:\/\/feuerwehr-markdorf.de\/feuerwehr\/alarmierungsart\/funkmelder\/\" class=\"advgb-post-tax-term\">Funkmeldeempf\u00e4nger<\/a>"],"unlinked":["<span class=\"advgb-post-tax-term\">Funkmeldeempf\u00e4nger<\/span>"],"slug":"alarmierungsart","name":"Alarmierungsarten"},"evw_unit":{"linked":[],"unlinked":[],"slug":"evw_unit","name":"Einheiten"}},"series_order":"","_links":{"self":[{"href":"https:\/\/feuerwehr-markdorf.de\/feuerwehr\/wp-json\/wp\/v2\/einsatz\/3558","targetHints":{"allow":["GET"]}}],"collection":[{"href":"https:\/\/feuerwehr-markdorf.de\/feuerwehr\/wp-json\/wp\/v2\/einsatz"}],"about":[{"href":"https:\/\/feuerwehr-markdorf.de\/feuerwehr\/wp-json\/wp\/v2\/types\/einsatz"}],"author":[{"embeddable":true,"href":"https:\/\/feuerwehr-markdorf.de\/feuerwehr\/wp-json\/wp\/v2\/users\/6"}],"version-history":[{"count":4,"href":"https:\/\/feuerwehr-markdorf.de\/feuerwehr\/wp-json\/wp\/v2\/einsatz\/3558\/revisions"}],"predecessor-version":[{"id":3585,"href":"https:\/\/feuerwehr-markdorf.de\/feuerwehr\/wp-json\/wp\/v2\/einsatz\/3558\/revisions\/3585"}],"wp:featuredmedia":[{"embeddable":true,"href":"https:\/\/feuerwehr-markdorf.de\/feuerwehr\/wp-json\/wp\/v2\/media\/3561"}],"wp:attachment":[{"href":"https:\/\/feuerwehr-markdorf.de\/feuerwehr\/wp-json\/wp\/v2\/media?parent=3558"}],"wp:term":[{"taxonomy":"category","embeddable":true,"href":"https:\/\/feuerwehr-markdorf.de\/feuerwehr\/wp-json\/wp\/v2\/categories?post=3558"},{"taxonomy":"post_tag","embeddable":true,"href":"https:\/\/feuerwehr-markdorf.de\/feuerwehr\/wp-json\/wp\/v2\/tags?post=3558"},{"taxonomy":"einsatzart","embeddable":true,"href":"https:\/\/feuerwehr-markdorf.de\/feuerwehr\/wp-json\/wp\/v2\/einsatzart?post=3558"},{"taxonomy":"fahrzeug","embeddable":true,"href":"https:\/\/feuerwehr-markdorf.de\/feuerwehr\/wp-json\/wp\/v2\/fahrzeug?post=3558"},{"taxonomy":"exteinsatzmittel","embeddable":true,"href":"https:\/\/feuerwehr-markdorf.de\/feuerwehr\/wp-json\/wp\/v2\/exteinsatzmittel?post=3558"},{"taxonomy":"alarmierungsart","embeddable":true,"href":"https:\/\/feuerwehr-markdorf.de\/feuerwehr\/wp-json\/wp\/v2\/alarmierungsart?post=3558"},{"taxonomy":"evw_unit","embeddable":true,"href":"https:\/\/feuerwehr-markdorf.de\/feuerwehr\/wp-json\/wp\/v2\/evw_unit?post=3558"}],"curies":[{"name":"wp","href":"https:\/\/api.w.org\/{rel}","templated":true}]}}