{"id":3049,"date":"2020-04-09T19:01:00","date_gmt":"2020-04-09T17:01:00","guid":{"rendered":"https:\/\/feuerwehr-markdorf.de\/feuerwehr\/?post_type=einsatz&#038;p=3049"},"modified":"2020-04-09T22:24:56","modified_gmt":"2020-04-09T20:24:56","slug":"h-1-vu-verkehrsunfall-auf-b33","status":"publish","type":"einsatz","link":"https:\/\/feuerwehr-markdorf.de\/feuerwehr\/einsaetze\/h-1-vu-verkehrsunfall-auf-b33\/","title":{"rendered":"H 1 VU &#8211; Verkehrsunfall auf B33"},"content":{"rendered":"\n<p>Um kurz nach 19 Uhr am Donnerstagabend wurde die Feuerwehr Markdorf Abteilung Ittendorf zu einem Verkehrsunfall auf der Bundesstra\u00dfe 33 zwischen Ittendorf und dem Abzweig nach Hagnau alarmiert. Ebenfalls ausger\u00fcckt waren Einsatzkr\u00e4fte der Abteilung Markdorf-Stadt mit dem R\u00fcstwagen.<\/p>\n\n\n\n<p>Bei Eintreffen der Feuerwehr zeigte sich folgendes Lagebild: Ein mit einer Person besetzter PKW war allein verunfallt, hatte sich mutma\u00dflich im Stra\u00dfengraben \u00fcberschlagen und ist mitten auf der Bundesstra\u00dfe zum stehen gekommen.<\/p>\n\n\n\n<p>Ersthelfer hatten den Fahrer aus dem Fahrzeug gerettet und betreuten ihn am Stra\u00dfenrand.<\/p>\n\n\n\n<p>Da keine technische Unfallrettung vorgenommen werden musste, waren die Aufgaben der Feuerwehr das Absichern der Unfallstelle, die Unterst\u00fctzung des Rettungsdienstes bei der Versorgung des verletzten Fahrers, das Abklemmen der Fahrzeugbatterien, die Sicherstellung des Brandschutzes und nach der Unfallaufnahme durch die Polizei, das Reinigen der Fahrbahn.<\/p>\n\n\n\n<figure class=\"wp-block-gallery columns-3 is-cropped wp-block-gallery-1\"><ul class=\"blocks-gallery-grid\"><li class=\"blocks-gallery-item\"><figure><img loading=\"lazy\" decoding=\"async\" width=\"1024\" height=\"768\" src=\"https:\/\/feuerwehr-markdorf.de\/feuerwehr\/wp-content\/uploads\/sites\/2\/2020\/04\/IMG_5709_k-1024x768.jpg\" alt=\"\" data-id=\"3050\" data-full-url=\"https:\/\/feuerwehr-markdorf.de\/feuerwehr\/wp-content\/uploads\/sites\/2\/2020\/04\/IMG_5709_k.jpg\" data-link=\"https:\/\/feuerwehr-markdorf.de\/feuerwehr\/?attachment_id=3050\" class=\"wp-image-3050\" srcset=\"https:\/\/feuerwehr-markdorf.de\/feuerwehr\/wp-content\/uploads\/sites\/2\/2020\/04\/IMG_5709_k-1024x768.jpg 1024w, https:\/\/feuerwehr-markdorf.de\/feuerwehr\/wp-content\/uploads\/sites\/2\/2020\/04\/IMG_5709_k-300x225.jpg 300w, https:\/\/feuerwehr-markdorf.de\/feuerwehr\/wp-content\/uploads\/sites\/2\/2020\/04\/IMG_5709_k-768x576.jpg 768w, https:\/\/feuerwehr-markdorf.de\/feuerwehr\/wp-content\/uploads\/sites\/2\/2020\/04\/IMG_5709_k-1536x1152.jpg 1536w, https:\/\/feuerwehr-markdorf.de\/feuerwehr\/wp-content\/uploads\/sites\/2\/2020\/04\/IMG_5709_k.jpg 2016w\" sizes=\"auto, (max-width: 1024px) 100vw, 1024px\" \/><\/figure><\/li><li class=\"blocks-gallery-item\"><figure><img loading=\"lazy\" decoding=\"async\" width=\"1024\" height=\"762\" src=\"https:\/\/feuerwehr-markdorf.de\/feuerwehr\/wp-content\/uploads\/sites\/2\/2020\/04\/IMG_5711_k-1024x762.jpg\" alt=\"\" data-id=\"3051\" data-full-url=\"https:\/\/feuerwehr-markdorf.de\/feuerwehr\/wp-content\/uploads\/sites\/2\/2020\/04\/IMG_5711_k.jpg\" data-link=\"https:\/\/feuerwehr-markdorf.de\/feuerwehr\/?attachment_id=3051\" class=\"wp-image-3051\" srcset=\"https:\/\/feuerwehr-markdorf.de\/feuerwehr\/wp-content\/uploads\/sites\/2\/2020\/04\/IMG_5711_k-1024x762.jpg 1024w, https:\/\/feuerwehr-markdorf.de\/feuerwehr\/wp-content\/uploads\/sites\/2\/2020\/04\/IMG_5711_k-300x223.jpg 300w, https:\/\/feuerwehr-markdorf.de\/feuerwehr\/wp-content\/uploads\/sites\/2\/2020\/04\/IMG_5711_k-768x571.jpg 768w, https:\/\/feuerwehr-markdorf.de\/feuerwehr\/wp-content\/uploads\/sites\/2\/2020\/04\/IMG_5711_k.jpg 1489w\" sizes=\"auto, (max-width: 1024px) 100vw, 1024px\" \/><\/figure><\/li><li class=\"blocks-gallery-item\"><figure><img loading=\"lazy\" decoding=\"async\" width=\"1024\" height=\"768\" src=\"https:\/\/feuerwehr-markdorf.de\/feuerwehr\/wp-content\/uploads\/sites\/2\/2020\/04\/IMG_5713_k-1024x768.jpg\" alt=\"\" data-id=\"3052\" data-full-url=\"https:\/\/feuerwehr-markdorf.de\/feuerwehr\/wp-content\/uploads\/sites\/2\/2020\/04\/IMG_5713_k.jpg\" data-link=\"https:\/\/feuerwehr-markdorf.de\/feuerwehr\/?attachment_id=3052\" class=\"wp-image-3052\" srcset=\"https:\/\/feuerwehr-markdorf.de\/feuerwehr\/wp-content\/uploads\/sites\/2\/2020\/04\/IMG_5713_k-1024x768.jpg 1024w, https:\/\/feuerwehr-markdorf.de\/feuerwehr\/wp-content\/uploads\/sites\/2\/2020\/04\/IMG_5713_k-300x225.jpg 300w, https:\/\/feuerwehr-markdorf.de\/feuerwehr\/wp-content\/uploads\/sites\/2\/2020\/04\/IMG_5713_k-768x576.jpg 768w, https:\/\/feuerwehr-markdorf.de\/feuerwehr\/wp-content\/uploads\/sites\/2\/2020\/04\/IMG_5713_k-1536x1152.jpg 1536w, https:\/\/feuerwehr-markdorf.de\/feuerwehr\/wp-content\/uploads\/sites\/2\/2020\/04\/IMG_5713_k.jpg 2016w\" sizes=\"auto, (max-width: 1024px) 100vw, 1024px\" \/><\/figure><\/li><li class=\"blocks-gallery-item\"><figure><img loading=\"lazy\" decoding=\"async\" width=\"1024\" height=\"768\" src=\"https:\/\/feuerwehr-markdorf.de\/feuerwehr\/wp-content\/uploads\/sites\/2\/2020\/04\/IMG_5716_k-1024x768.jpg\" alt=\"\" data-id=\"3053\" data-full-url=\"https:\/\/feuerwehr-markdorf.de\/feuerwehr\/wp-content\/uploads\/sites\/2\/2020\/04\/IMG_5716_k.jpg\" data-link=\"https:\/\/feuerwehr-markdorf.de\/feuerwehr\/?attachment_id=3053\" class=\"wp-image-3053\" srcset=\"https:\/\/feuerwehr-markdorf.de\/feuerwehr\/wp-content\/uploads\/sites\/2\/2020\/04\/IMG_5716_k-1024x768.jpg 1024w, https:\/\/feuerwehr-markdorf.de\/feuerwehr\/wp-content\/uploads\/sites\/2\/2020\/04\/IMG_5716_k-300x225.jpg 300w, https:\/\/feuerwehr-markdorf.de\/feuerwehr\/wp-content\/uploads\/sites\/2\/2020\/04\/IMG_5716_k-768x576.jpg 768w, https:\/\/feuerwehr-markdorf.de\/feuerwehr\/wp-content\/uploads\/sites\/2\/2020\/04\/IMG_5716_k-1536x1152.jpg 1536w, https:\/\/feuerwehr-markdorf.de\/feuerwehr\/wp-content\/uploads\/sites\/2\/2020\/04\/IMG_5716_k.jpg 2016w\" sizes=\"auto, (max-width: 1024px) 100vw, 1024px\" \/><\/figure><\/li><li class=\"blocks-gallery-item\"><figure><img loading=\"lazy\" decoding=\"async\" width=\"1024\" height=\"768\" src=\"https:\/\/feuerwehr-markdorf.de\/feuerwehr\/wp-content\/uploads\/sites\/2\/2020\/04\/IMG_5718_k-1024x768.jpg\" alt=\"\" data-id=\"3054\" data-full-url=\"https:\/\/feuerwehr-markdorf.de\/feuerwehr\/wp-content\/uploads\/sites\/2\/2020\/04\/IMG_5718_k.jpg\" data-link=\"https:\/\/feuerwehr-markdorf.de\/feuerwehr\/?attachment_id=3054\" class=\"wp-image-3054\" srcset=\"https:\/\/feuerwehr-markdorf.de\/feuerwehr\/wp-content\/uploads\/sites\/2\/2020\/04\/IMG_5718_k-1024x768.jpg 1024w, https:\/\/feuerwehr-markdorf.de\/feuerwehr\/wp-content\/uploads\/sites\/2\/2020\/04\/IMG_5718_k-300x225.jpg 300w, https:\/\/feuerwehr-markdorf.de\/feuerwehr\/wp-content\/uploads\/sites\/2\/2020\/04\/IMG_5718_k-768x576.jpg 768w, https:\/\/feuerwehr-markdorf.de\/feuerwehr\/wp-content\/uploads\/sites\/2\/2020\/04\/IMG_5718_k-1536x1152.jpg 1536w, https:\/\/feuerwehr-markdorf.de\/feuerwehr\/wp-content\/uploads\/sites\/2\/2020\/04\/IMG_5718_k.jpg 2016w\" sizes=\"auto, (max-width: 1024px) 100vw, 1024px\" \/><\/figure><\/li><li class=\"blocks-gallery-item\"><figure><img loading=\"lazy\" decoding=\"async\" width=\"1024\" height=\"768\" src=\"https:\/\/feuerwehr-markdorf.de\/feuerwehr\/wp-content\/uploads\/sites\/2\/2020\/04\/IMG_5723_k-1024x768.jpg\" alt=\"\" data-id=\"3055\" data-full-url=\"https:\/\/feuerwehr-markdorf.de\/feuerwehr\/wp-content\/uploads\/sites\/2\/2020\/04\/IMG_5723_k.jpg\" data-link=\"https:\/\/feuerwehr-markdorf.de\/feuerwehr\/?attachment_id=3055\" class=\"wp-image-3055\" srcset=\"https:\/\/feuerwehr-markdorf.de\/feuerwehr\/wp-content\/uploads\/sites\/2\/2020\/04\/IMG_5723_k-1024x768.jpg 1024w, https:\/\/feuerwehr-markdorf.de\/feuerwehr\/wp-content\/uploads\/sites\/2\/2020\/04\/IMG_5723_k-300x225.jpg 300w, https:\/\/feuerwehr-markdorf.de\/feuerwehr\/wp-content\/uploads\/sites\/2\/2020\/04\/IMG_5723_k-768x576.jpg 768w, https:\/\/feuerwehr-markdorf.de\/feuerwehr\/wp-content\/uploads\/sites\/2\/2020\/04\/IMG_5723_k-1536x1152.jpg 1536w, https:\/\/feuerwehr-markdorf.de\/feuerwehr\/wp-content\/uploads\/sites\/2\/2020\/04\/IMG_5723_k.jpg 2016w\" sizes=\"auto, (max-width: 1024px) 100vw, 1024px\" \/><\/figure><\/li><li class=\"blocks-gallery-item\"><figure><img loading=\"lazy\" decoding=\"async\" width=\"1024\" height=\"768\" src=\"https:\/\/feuerwehr-markdorf.de\/feuerwehr\/wp-content\/uploads\/sites\/2\/2020\/04\/IMG_5728_k-1024x768.jpg\" alt=\"\" data-id=\"3056\" data-full-url=\"https:\/\/feuerwehr-markdorf.de\/feuerwehr\/wp-content\/uploads\/sites\/2\/2020\/04\/IMG_5728_k.jpg\" data-link=\"https:\/\/feuerwehr-markdorf.de\/feuerwehr\/?attachment_id=3056\" class=\"wp-image-3056\" srcset=\"https:\/\/feuerwehr-markdorf.de\/feuerwehr\/wp-content\/uploads\/sites\/2\/2020\/04\/IMG_5728_k-1024x768.jpg 1024w, https:\/\/feuerwehr-markdorf.de\/feuerwehr\/wp-content\/uploads\/sites\/2\/2020\/04\/IMG_5728_k-300x225.jpg 300w, https:\/\/feuerwehr-markdorf.de\/feuerwehr\/wp-content\/uploads\/sites\/2\/2020\/04\/IMG_5728_k-768x576.jpg 768w, https:\/\/feuerwehr-markdorf.de\/feuerwehr\/wp-content\/uploads\/sites\/2\/2020\/04\/IMG_5728_k-1536x1152.jpg 1536w, https:\/\/feuerwehr-markdorf.de\/feuerwehr\/wp-content\/uploads\/sites\/2\/2020\/04\/IMG_5728_k.jpg 2016w\" sizes=\"auto, (max-width: 1024px) 100vw, 1024px\" \/><\/figure><\/li><li class=\"blocks-gallery-item\"><figure><img loading=\"lazy\" decoding=\"async\" width=\"1024\" height=\"768\" src=\"https:\/\/feuerwehr-markdorf.de\/feuerwehr\/wp-content\/uploads\/sites\/2\/2020\/04\/IMG_5732_k-1024x768.jpg\" alt=\"\" data-id=\"3057\" data-full-url=\"https:\/\/feuerwehr-markdorf.de\/feuerwehr\/wp-content\/uploads\/sites\/2\/2020\/04\/IMG_5732_k.jpg\" data-link=\"https:\/\/feuerwehr-markdorf.de\/feuerwehr\/?attachment_id=3057\" class=\"wp-image-3057 is-layout-flex wp-block-gallery-is-layout-flex\" srcset=\"https:\/\/feuerwehr-markdorf.de\/feuerwehr\/wp-content\/uploads\/sites\/2\/2020\/04\/IMG_5732_k-1024x768.jpg 1024w, https:\/\/feuerwehr-markdorf.de\/feuerwehr\/wp-content\/uploads\/sites\/2\/2020\/04\/IMG_5732_k-300x225.jpg 300w, https:\/\/feuerwehr-markdorf.de\/feuerwehr\/wp-content\/uploads\/sites\/2\/2020\/04\/IMG_5732_k-768x576.jpg 768w, https:\/\/feuerwehr-markdorf.de\/feuerwehr\/wp-content\/uploads\/sites\/2\/2020\/04\/IMG_5732_k-1536x1152.jpg 1536w, https:\/\/feuerwehr-markdorf.de\/feuerwehr\/wp-content\/uploads\/sites\/2\/2020\/04\/IMG_5732_k.jpg 2016w\" sizes=\"auto, (max-width: 1024px) 100vw, 1024px\" \/><\/figure><\/li><\/ul><\/figure>\n","protected":false},"author":6,"featured_media":3057,"template":"","meta":{"advgb_blocks_editor_width":"","advgb_blocks_columns_visual_guide":"","ocean_post_layout":"","ocean_both_sidebars_style":"","ocean_both_sidebars_content_width":0,"ocean_both_sidebars_sidebars_width":0,"ocean_sidebar":"","ocean_second_sidebar":"","ocean_disable_margins":"enable","ocean_add_body_class":"","ocean_shortcode_before_top_bar":"","ocean_shortcode_after_top_bar":"","ocean_shortcode_before_header":"","ocean_shortcode_after_header":"","ocean_has_shortcode":"","ocean_shortcode_after_title":"","ocean_shortcode_before_footer_widgets":"","ocean_shortcode_after_footer_widgets":"","ocean_shortcode_before_footer_bottom":"","ocean_shortcode_after_footer_bottom":"","ocean_display_top_bar":"default","ocean_display_header":"default","ocean_header_style":"","ocean_center_header_left_menu":"","ocean_custom_header_template":"","ocean_custom_logo":0,"ocean_custom_retina_logo":0,"ocean_custom_logo_max_width":0,"ocean_custom_logo_tablet_max_width":0,"ocean_custom_logo_mobile_max_width":0,"ocean_custom_logo_max_height":0,"ocean_custom_logo_tablet_max_height":0,"ocean_custom_logo_mobile_max_height":0,"ocean_header_custom_menu":"","ocean_menu_typo_font_family":"","ocean_menu_typo_font_subset":"","ocean_menu_typo_font_size":0,"ocean_menu_typo_font_size_tablet":0,"ocean_menu_typo_font_size_mobile":0,"ocean_menu_typo_font_size_unit":"px","ocean_menu_typo_font_weight":"","ocean_menu_typo_font_weight_tablet":"","ocean_menu_typo_font_weight_mobile":"","ocean_menu_typo_transform":"","ocean_menu_typo_transform_tablet":"","ocean_menu_typo_transform_mobile":"","ocean_menu_typo_line_height":0,"ocean_menu_typo_line_height_tablet":0,"ocean_menu_typo_line_height_mobile":0,"ocean_menu_typo_line_height_unit":"","ocean_menu_typo_spacing":0,"ocean_menu_typo_spacing_tablet":0,"ocean_menu_typo_spacing_mobile":0,"ocean_menu_typo_spacing_unit":"","ocean_menu_link_color":"","ocean_menu_link_color_hover":"","ocean_menu_link_color_active":"","ocean_menu_link_background":"","ocean_menu_link_hover_background":"","ocean_menu_link_active_background":"","ocean_menu_social_links_bg":"","ocean_menu_social_hover_links_bg":"","ocean_menu_social_links_color":"","ocean_menu_social_hover_links_color":"","ocean_disable_title":"default","ocean_disable_heading":"default","ocean_post_title":"","ocean_post_subheading":"","ocean_post_title_style":"","ocean_post_title_background_color":"","ocean_post_title_background":0,"ocean_post_title_bg_image_position":"","ocean_post_title_bg_image_attachment":"","ocean_post_title_bg_image_repeat":"","ocean_post_title_bg_image_size":"","ocean_post_title_height":0,"ocean_post_title_bg_overlay":0.5,"ocean_post_title_bg_overlay_color":"","ocean_disable_breadcrumbs":"default","ocean_breadcrumbs_color":"","ocean_breadcrumbs_separator_color":"","ocean_breadcrumbs_links_color":"","ocean_breadcrumbs_links_hover_color":"","ocean_display_footer_widgets":"default","ocean_display_footer_bottom":"default","ocean_custom_footer_template":"","einsatz_weight":1,"footnotes":""},"categories":[59],"tags":[91,88,132],"einsatzart":[11],"fahrzeug":[55,36],"exteinsatzmittel":[43,44],"alarmierungsart":[12],"evw_unit":[],"class_list":["post-3049","einsatz","type-einsatz","status-publish","has-post-thumbnail","hentry","category-einsatz","tag-ittendorf","tag-unfall","tag-verkehrsunfall","einsatzart-thl","fahrzeug-lf-8-6-i","fahrzeug-rw","exteinsatzmittel-drk-rd","exteinsatzmittel-polizei","alarmierungsart-funkmelder","entry","has-media"],"yoast_head":"<!-- This site is optimized with the Yoast SEO plugin v22.8 - https:\/\/yoast.com\/wordpress\/plugins\/seo\/ -->\n<title>H 1 VU - Verkehrsunfall auf B33<\/title>\n<meta name=\"description\" content=\"Um kurz nach 19 Uhr am Donnerstagabend wurde die Feuerwehr Markdorf Abteilung Ittendorf zu einem Verkehrsunfall auf der Bundesstra\u00dfe 33 zwischen Ittendorf\" \/>\n<meta name=\"robots\" content=\"noindex, follow\" \/>\n<meta property=\"og:locale\" content=\"de_DE\" \/>\n<meta property=\"og:type\" content=\"article\" \/>\n<meta property=\"og:title\" content=\"H 1 VU - Verkehrsunfall auf B33\" \/>\n<meta property=\"og:description\" content=\"Um kurz nach 19 Uhr am Donnerstagabend wurde die Feuerwehr Markdorf Abteilung Ittendorf zu einem Verkehrsunfall auf der Bundesstra\u00dfe 33 zwischen Ittendorf\" \/>\n<meta property=\"og:url\" content=\"https:\/\/feuerwehr-markdorf.de\/feuerwehr\/einsaetze\/h-1-vu-verkehrsunfall-auf-b33\/\" \/>\n<meta property=\"og:site_name\" content=\"Freiwillige Feuerwehr Markdorf\" \/>\n<meta property=\"article:publisher\" content=\"https:\/\/www.facebook.com\/feuerwehrmarkdorf\/\" \/>\n<meta property=\"article:modified_time\" content=\"2020-04-09T20:24:56+00:00\" \/>\n<meta property=\"og:image\" content=\"https:\/\/feuerwehr-markdorf.de\/feuerwehr\/wp-content\/uploads\/sites\/2\/2020\/04\/IMG_5732_k.jpg\" \/>\n\t<meta property=\"og:image:width\" content=\"2016\" \/>\n\t<meta property=\"og:image:height\" content=\"1512\" \/>\n\t<meta property=\"og:image:type\" content=\"image\/jpeg\" \/>\n<meta name=\"twitter:card\" content=\"summary_large_image\" \/>\n<meta name=\"twitter:label1\" content=\"Gesch\u00e4tzte Lesezeit\" \/>\n\t<meta name=\"twitter:data1\" content=\"1\u00a0Minute\" \/>\n<script type=\"application\/ld+json\" class=\"yoast-schema-graph\">{\"@context\":\"https:\/\/schema.org\",\"@graph\":[{\"@type\":[\"Article\",\"Report\"],\"@id\":\"https:\/\/feuerwehr-markdorf.de\/feuerwehr\/einsaetze\/h-1-vu-verkehrsunfall-auf-b33\/#article\",\"isPartOf\":{\"@id\":\"https:\/\/feuerwehr-markdorf.de\/feuerwehr\/einsaetze\/h-1-vu-verkehrsunfall-auf-b33\/\"},\"author\":{\"name\":\"mscheerer\",\"@id\":\"https:\/\/feuerwehr-markdorf.de\/feuerwehr\/#\/schema\/person\/332479352d6e81750d9ab7ac3745262c\"},\"headline\":\"H 1 VU &#8211; Verkehrsunfall auf B33\",\"datePublished\":\"2020-04-09T17:01:00+00:00\",\"dateModified\":\"2020-04-09T20:24:56+00:00\",\"mainEntityOfPage\":{\"@id\":\"https:\/\/feuerwehr-markdorf.de\/feuerwehr\/einsaetze\/h-1-vu-verkehrsunfall-auf-b33\/\"},\"wordCount\":141,\"publisher\":{\"@id\":\"https:\/\/feuerwehr-markdorf.de\/feuerwehr\/#organization\"},\"image\":{\"@id\":\"https:\/\/feuerwehr-markdorf.de\/feuerwehr\/einsaetze\/h-1-vu-verkehrsunfall-auf-b33\/#primaryimage\"},\"thumbnailUrl\":\"https:\/\/feuerwehr-markdorf.de\/feuerwehr\/wp-content\/uploads\/sites\/2\/2020\/04\/IMG_5732_k.jpg\",\"keywords\":[\"Ittendorf\",\"Unfall\",\"verkehrsunfall\"],\"articleSection\":[\"Einsatz\"],\"inLanguage\":\"de\"},{\"@type\":\"WebPage\",\"@id\":\"https:\/\/feuerwehr-markdorf.de\/feuerwehr\/einsaetze\/h-1-vu-verkehrsunfall-auf-b33\/\",\"url\":\"https:\/\/feuerwehr-markdorf.de\/feuerwehr\/einsaetze\/h-1-vu-verkehrsunfall-auf-b33\/\",\"name\":\"H 1 VU - Verkehrsunfall auf B33\",\"isPartOf\":{\"@id\":\"https:\/\/feuerwehr-markdorf.de\/feuerwehr\/#website\"},\"primaryImageOfPage\":{\"@id\":\"https:\/\/feuerwehr-markdorf.de\/feuerwehr\/einsaetze\/h-1-vu-verkehrsunfall-auf-b33\/#primaryimage\"},\"image\":{\"@id\":\"https:\/\/feuerwehr-markdorf.de\/feuerwehr\/einsaetze\/h-1-vu-verkehrsunfall-auf-b33\/#primaryimage\"},\"thumbnailUrl\":\"https:\/\/feuerwehr-markdorf.de\/feuerwehr\/wp-content\/uploads\/sites\/2\/2020\/04\/IMG_5732_k.jpg\",\"datePublished\":\"2020-04-09T17:01:00+00:00\",\"dateModified\":\"2020-04-09T20:24:56+00:00\",\"description\":\"Um kurz nach 19 Uhr am Donnerstagabend wurde die Feuerwehr Markdorf Abteilung Ittendorf zu einem Verkehrsunfall auf der Bundesstra\u00dfe 33 zwischen Ittendorf\",\"breadcrumb\":{\"@id\":\"https:\/\/feuerwehr-markdorf.de\/feuerwehr\/einsaetze\/h-1-vu-verkehrsunfall-auf-b33\/#breadcrumb\"},\"inLanguage\":\"de\",\"potentialAction\":[{\"@type\":\"ReadAction\",\"target\":[\"https:\/\/feuerwehr-markdorf.de\/feuerwehr\/einsaetze\/h-1-vu-verkehrsunfall-auf-b33\/\"]}]},{\"@type\":\"ImageObject\",\"inLanguage\":\"de\",\"@id\":\"https:\/\/feuerwehr-markdorf.de\/feuerwehr\/einsaetze\/h-1-vu-verkehrsunfall-auf-b33\/#primaryimage\",\"url\":\"https:\/\/feuerwehr-markdorf.de\/feuerwehr\/wp-content\/uploads\/sites\/2\/2020\/04\/IMG_5732_k.jpg\",\"contentUrl\":\"https:\/\/feuerwehr-markdorf.de\/feuerwehr\/wp-content\/uploads\/sites\/2\/2020\/04\/IMG_5732_k.jpg\",\"width\":2016,\"height\":1512},{\"@type\":\"BreadcrumbList\",\"@id\":\"https:\/\/feuerwehr-markdorf.de\/feuerwehr\/einsaetze\/h-1-vu-verkehrsunfall-auf-b33\/#breadcrumb\",\"itemListElement\":[{\"@type\":\"ListItem\",\"position\":1,\"name\":\"Startseite\",\"item\":\"https:\/\/feuerwehr-markdorf.de\/feuerwehr\/\"},{\"@type\":\"ListItem\",\"position\":2,\"name\":\"Einsatzberichte\",\"item\":\"https:\/\/feuerwehr-markdorf.de\/feuerwehr\/einsaetze\/\"},{\"@type\":\"ListItem\",\"position\":3,\"name\":\"H 1 VU &#8211; Verkehrsunfall auf B33\"}]},{\"@type\":\"WebSite\",\"@id\":\"https:\/\/feuerwehr-markdorf.de\/feuerwehr\/#website\",\"url\":\"https:\/\/feuerwehr-markdorf.de\/feuerwehr\/\",\"name\":\"Freiwillige Feuerwehr Markdorf\",\"description\":\"\",\"publisher\":{\"@id\":\"https:\/\/feuerwehr-markdorf.de\/feuerwehr\/#organization\"},\"potentialAction\":[{\"@type\":\"SearchAction\",\"target\":{\"@type\":\"EntryPoint\",\"urlTemplate\":\"https:\/\/feuerwehr-markdorf.de\/feuerwehr\/?s={search_term_string}\"},\"query-input\":\"required name=search_term_string\"}],\"inLanguage\":\"de\"},{\"@type\":\"Organization\",\"@id\":\"https:\/\/feuerwehr-markdorf.de\/feuerwehr\/#organization\",\"name\":\"Freiwillige Feuerwehr Markdorf\",\"url\":\"https:\/\/feuerwehr-markdorf.de\/feuerwehr\/\",\"logo\":{\"@type\":\"ImageObject\",\"inLanguage\":\"de\",\"@id\":\"https:\/\/feuerwehr-markdorf.de\/feuerwehr\/#\/schema\/logo\/image\/\",\"url\":\"https:\/\/feuerwehr-markdorf.de\/feuerwehr\/wp-content\/uploads\/sites\/2\/2020\/01\/FFM-red-ohne-Abteilung_klein.png\",\"contentUrl\":\"https:\/\/feuerwehr-markdorf.de\/feuerwehr\/wp-content\/uploads\/sites\/2\/2020\/01\/FFM-red-ohne-Abteilung_klein.png\",\"width\":397,\"height\":170,\"caption\":\"Freiwillige Feuerwehr Markdorf\"},\"image\":{\"@id\":\"https:\/\/feuerwehr-markdorf.de\/feuerwehr\/#\/schema\/logo\/image\/\"},\"sameAs\":[\"https:\/\/www.facebook.com\/feuerwehrmarkdorf\/\"]},{\"@type\":\"Person\",\"@id\":\"https:\/\/feuerwehr-markdorf.de\/feuerwehr\/#\/schema\/person\/332479352d6e81750d9ab7ac3745262c\",\"name\":\"mscheerer\",\"image\":{\"@type\":\"ImageObject\",\"inLanguage\":\"de\",\"@id\":\"https:\/\/feuerwehr-markdorf.de\/feuerwehr\/#\/schema\/person\/image\/\",\"url\":\"https:\/\/secure.gravatar.com\/avatar\/c05798694e4a2d8a49e8c991a61e829ed7435b3699df1a726e5dbcd1f8e972b0?s=96&d=mm&r=g\",\"contentUrl\":\"https:\/\/secure.gravatar.com\/avatar\/c05798694e4a2d8a49e8c991a61e829ed7435b3699df1a726e5dbcd1f8e972b0?s=96&d=mm&r=g\",\"caption\":\"mscheerer\"},\"url\":\"https:\/\/feuerwehr-markdorf.de\/feuerwehr\/author\/mscheerer\/\"}]}<\/script>\n<!-- \/ Yoast SEO plugin. -->","yoast_head_json":{"title":"H 1 VU - Verkehrsunfall auf B33","description":"Um kurz nach 19 Uhr am Donnerstagabend wurde die Feuerwehr Markdorf Abteilung Ittendorf zu einem Verkehrsunfall auf der Bundesstra\u00dfe 33 zwischen Ittendorf","robots":{"index":"noindex","follow":"follow"},"og_locale":"de_DE","og_type":"article","og_title":"H 1 VU - Verkehrsunfall auf B33","og_description":"Um kurz nach 19 Uhr am Donnerstagabend wurde die Feuerwehr Markdorf Abteilung Ittendorf zu einem Verkehrsunfall auf der Bundesstra\u00dfe 33 zwischen Ittendorf","og_url":"https:\/\/feuerwehr-markdorf.de\/feuerwehr\/einsaetze\/h-1-vu-verkehrsunfall-auf-b33\/","og_site_name":"Freiwillige Feuerwehr Markdorf","article_publisher":"https:\/\/www.facebook.com\/feuerwehrmarkdorf\/","article_modified_time":"2020-04-09T20:24:56+00:00","og_image":[{"width":2016,"height":1512,"url":"https:\/\/feuerwehr-markdorf.de\/feuerwehr\/wp-content\/uploads\/sites\/2\/2020\/04\/IMG_5732_k.jpg","type":"image\/jpeg"}],"twitter_card":"summary_large_image","twitter_misc":{"Gesch\u00e4tzte Lesezeit":"1\u00a0Minute"},"schema":{"@context":"https:\/\/schema.org","@graph":[{"@type":["Article","Report"],"@id":"https:\/\/feuerwehr-markdorf.de\/feuerwehr\/einsaetze\/h-1-vu-verkehrsunfall-auf-b33\/#article","isPartOf":{"@id":"https:\/\/feuerwehr-markdorf.de\/feuerwehr\/einsaetze\/h-1-vu-verkehrsunfall-auf-b33\/"},"author":{"name":"mscheerer","@id":"https:\/\/feuerwehr-markdorf.de\/feuerwehr\/#\/schema\/person\/332479352d6e81750d9ab7ac3745262c"},"headline":"H 1 VU &#8211; Verkehrsunfall auf B33","datePublished":"2020-04-09T17:01:00+00:00","dateModified":"2020-04-09T20:24:56+00:00","mainEntityOfPage":{"@id":"https:\/\/feuerwehr-markdorf.de\/feuerwehr\/einsaetze\/h-1-vu-verkehrsunfall-auf-b33\/"},"wordCount":141,"publisher":{"@id":"https:\/\/feuerwehr-markdorf.de\/feuerwehr\/#organization"},"image":{"@id":"https:\/\/feuerwehr-markdorf.de\/feuerwehr\/einsaetze\/h-1-vu-verkehrsunfall-auf-b33\/#primaryimage"},"thumbnailUrl":"https:\/\/feuerwehr-markdorf.de\/feuerwehr\/wp-content\/uploads\/sites\/2\/2020\/04\/IMG_5732_k.jpg","keywords":["Ittendorf","Unfall","verkehrsunfall"],"articleSection":["Einsatz"],"inLanguage":"de"},{"@type":"WebPage","@id":"https:\/\/feuerwehr-markdorf.de\/feuerwehr\/einsaetze\/h-1-vu-verkehrsunfall-auf-b33\/","url":"https:\/\/feuerwehr-markdorf.de\/feuerwehr\/einsaetze\/h-1-vu-verkehrsunfall-auf-b33\/","name":"H 1 VU - Verkehrsunfall auf B33","isPartOf":{"@id":"https:\/\/feuerwehr-markdorf.de\/feuerwehr\/#website"},"primaryImageOfPage":{"@id":"https:\/\/feuerwehr-markdorf.de\/feuerwehr\/einsaetze\/h-1-vu-verkehrsunfall-auf-b33\/#primaryimage"},"image":{"@id":"https:\/\/feuerwehr-markdorf.de\/feuerwehr\/einsaetze\/h-1-vu-verkehrsunfall-auf-b33\/#primaryimage"},"thumbnailUrl":"https:\/\/feuerwehr-markdorf.de\/feuerwehr\/wp-content\/uploads\/sites\/2\/2020\/04\/IMG_5732_k.jpg","datePublished":"2020-04-09T17:01:00+00:00","dateModified":"2020-04-09T20:24:56+00:00","description":"Um kurz nach 19 Uhr am Donnerstagabend wurde die Feuerwehr Markdorf Abteilung Ittendorf zu einem Verkehrsunfall auf der Bundesstra\u00dfe 33 zwischen Ittendorf","breadcrumb":{"@id":"https:\/\/feuerwehr-markdorf.de\/feuerwehr\/einsaetze\/h-1-vu-verkehrsunfall-auf-b33\/#breadcrumb"},"inLanguage":"de","potentialAction":[{"@type":"ReadAction","target":["https:\/\/feuerwehr-markdorf.de\/feuerwehr\/einsaetze\/h-1-vu-verkehrsunfall-auf-b33\/"]}]},{"@type":"ImageObject","inLanguage":"de","@id":"https:\/\/feuerwehr-markdorf.de\/feuerwehr\/einsaetze\/h-1-vu-verkehrsunfall-auf-b33\/#primaryimage","url":"https:\/\/feuerwehr-markdorf.de\/feuerwehr\/wp-content\/uploads\/sites\/2\/2020\/04\/IMG_5732_k.jpg","contentUrl":"https:\/\/feuerwehr-markdorf.de\/feuerwehr\/wp-content\/uploads\/sites\/2\/2020\/04\/IMG_5732_k.jpg","width":2016,"height":1512},{"@type":"BreadcrumbList","@id":"https:\/\/feuerwehr-markdorf.de\/feuerwehr\/einsaetze\/h-1-vu-verkehrsunfall-auf-b33\/#breadcrumb","itemListElement":[{"@type":"ListItem","position":1,"name":"Startseite","item":"https:\/\/feuerwehr-markdorf.de\/feuerwehr\/"},{"@type":"ListItem","position":2,"name":"Einsatzberichte","item":"https:\/\/feuerwehr-markdorf.de\/feuerwehr\/einsaetze\/"},{"@type":"ListItem","position":3,"name":"H 1 VU &#8211; Verkehrsunfall auf B33"}]},{"@type":"WebSite","@id":"https:\/\/feuerwehr-markdorf.de\/feuerwehr\/#website","url":"https:\/\/feuerwehr-markdorf.de\/feuerwehr\/","name":"Freiwillige Feuerwehr Markdorf","description":"","publisher":{"@id":"https:\/\/feuerwehr-markdorf.de\/feuerwehr\/#organization"},"potentialAction":[{"@type":"SearchAction","target":{"@type":"EntryPoint","urlTemplate":"https:\/\/feuerwehr-markdorf.de\/feuerwehr\/?s={search_term_string}"},"query-input":"required name=search_term_string"}],"inLanguage":"de"},{"@type":"Organization","@id":"https:\/\/feuerwehr-markdorf.de\/feuerwehr\/#organization","name":"Freiwillige Feuerwehr Markdorf","url":"https:\/\/feuerwehr-markdorf.de\/feuerwehr\/","logo":{"@type":"ImageObject","inLanguage":"de","@id":"https:\/\/feuerwehr-markdorf.de\/feuerwehr\/#\/schema\/logo\/image\/","url":"https:\/\/feuerwehr-markdorf.de\/feuerwehr\/wp-content\/uploads\/sites\/2\/2020\/01\/FFM-red-ohne-Abteilung_klein.png","contentUrl":"https:\/\/feuerwehr-markdorf.de\/feuerwehr\/wp-content\/uploads\/sites\/2\/2020\/01\/FFM-red-ohne-Abteilung_klein.png","width":397,"height":170,"caption":"Freiwillige Feuerwehr Markdorf"},"image":{"@id":"https:\/\/feuerwehr-markdorf.de\/feuerwehr\/#\/schema\/logo\/image\/"},"sameAs":["https:\/\/www.facebook.com\/feuerwehrmarkdorf\/"]},{"@type":"Person","@id":"https:\/\/feuerwehr-markdorf.de\/feuerwehr\/#\/schema\/person\/332479352d6e81750d9ab7ac3745262c","name":"mscheerer","image":{"@type":"ImageObject","inLanguage":"de","@id":"https:\/\/feuerwehr-markdorf.de\/feuerwehr\/#\/schema\/person\/image\/","url":"https:\/\/secure.gravatar.com\/avatar\/c05798694e4a2d8a49e8c991a61e829ed7435b3699df1a726e5dbcd1f8e972b0?s=96&d=mm&r=g","contentUrl":"https:\/\/secure.gravatar.com\/avatar\/c05798694e4a2d8a49e8c991a61e829ed7435b3699df1a726e5dbcd1f8e972b0?s=96&d=mm&r=g","caption":"mscheerer"},"url":"https:\/\/feuerwehr-markdorf.de\/feuerwehr\/author\/mscheerer\/"}]}},"featured_img":"https:\/\/feuerwehr-markdorf.de\/feuerwehr\/wp-content\/uploads\/sites\/2\/2020\/04\/IMG_5732_k.jpg","coauthors":[],"author_meta":{"author_link":"https:\/\/feuerwehr-markdorf.de\/feuerwehr\/author\/mscheerer\/","display_name":"mscheerer"},"relative_dates":{"created":"Posted 6\u00a0Jahren ago","modified":"Updated 6\u00a0Jahren ago"},"absolute_dates":{"created":"Posted on 9. April 2020","modified":"Updated on 9. April 2020"},"absolute_dates_time":{"created":"Posted on 9. April 2020 19:01","modified":"Updated on 9. April 2020 22:24"},"featured_img_caption":"","tax_additional":{"category":{"linked":["<a href=\"https:\/\/feuerwehr-markdorf.de\/feuerwehr\/category\/einsatz\/\" class=\"advgb-post-tax-term\">Einsatz<\/a>"],"unlinked":["<span class=\"advgb-post-tax-term\">Einsatz<\/span>"],"slug":"category","name":"Kategorien"},"post_tag":{"linked":["<a href=\"https:\/\/feuerwehr-markdorf.de\/feuerwehr\/tag\/ittendorf\/\" class=\"advgb-post-tax-term\">Ittendorf<\/a>","<a href=\"https:\/\/feuerwehr-markdorf.de\/feuerwehr\/tag\/unfall\/\" class=\"advgb-post-tax-term\">Unfall<\/a>","<a href=\"https:\/\/feuerwehr-markdorf.de\/feuerwehr\/tag\/verkehrsunfall\/\" class=\"advgb-post-tax-term\">verkehrsunfall<\/a>"],"unlinked":["<span class=\"advgb-post-tax-term\">Ittendorf<\/span>","<span class=\"advgb-post-tax-term\">Unfall<\/span>","<span class=\"advgb-post-tax-term\">verkehrsunfall<\/span>"],"slug":"post_tag","name":"Schlagw\u00f6rter"},"einsatzart":{"linked":["<a href=\"https:\/\/feuerwehr-markdorf.de\/feuerwehr\/einsatzart\/thl\/\" class=\"advgb-post-tax-term\">Technische Hilfeleistung<\/a>"],"unlinked":["<span class=\"advgb-post-tax-term\">Technische Hilfeleistung<\/span>"],"slug":"einsatzart","name":"Einsatzarten"},"fahrzeug":{"linked":["<a href=\"https:\/\/feuerwehr-markdorf.de\/feuerwehr\/fahrzeug\/lf-8-6-i\/\" class=\"advgb-post-tax-term\">LF 8\/6 Ittendorf<\/a>","<a href=\"https:\/\/feuerwehr-markdorf.de\/feuerwehr\/fahrzeug\/rw\/\" class=\"advgb-post-tax-term\">RW<\/a>"],"unlinked":["<span class=\"advgb-post-tax-term\">LF 8\/6 Ittendorf<\/span>","<span class=\"advgb-post-tax-term\">RW<\/span>"],"slug":"fahrzeug","name":"Fahrzeuge"},"exteinsatzmittel":{"linked":["<a href=\"https:\/\/feuerwehr-markdorf.de\/feuerwehr\/externe-einsatzmittel\/drk-rd\/\" class=\"advgb-post-tax-term\">DRK Rettungsdienst<\/a>","<a href=\"https:\/\/feuerwehr-markdorf.de\/feuerwehr\/externe-einsatzmittel\/polizei\/\" class=\"advgb-post-tax-term\">Polizei<\/a>"],"unlinked":["<span class=\"advgb-post-tax-term\">DRK Rettungsdienst<\/span>","<span class=\"advgb-post-tax-term\">Polizei<\/span>"],"slug":"exteinsatzmittel","name":"Externe Einsatzmittel"},"alarmierungsart":{"linked":["<a href=\"https:\/\/feuerwehr-markdorf.de\/feuerwehr\/alarmierungsart\/funkmelder\/\" class=\"advgb-post-tax-term\">Funkmeldeempf\u00e4nger<\/a>"],"unlinked":["<span class=\"advgb-post-tax-term\">Funkmeldeempf\u00e4nger<\/span>"],"slug":"alarmierungsart","name":"Alarmierungsarten"},"evw_unit":{"linked":[],"unlinked":[],"slug":"evw_unit","name":"Einheiten"}},"series_order":"","_links":{"self":[{"href":"https:\/\/feuerwehr-markdorf.de\/feuerwehr\/wp-json\/wp\/v2\/einsatz\/3049","targetHints":{"allow":["GET"]}}],"collection":[{"href":"https:\/\/feuerwehr-markdorf.de\/feuerwehr\/wp-json\/wp\/v2\/einsatz"}],"about":[{"href":"https:\/\/feuerwehr-markdorf.de\/feuerwehr\/wp-json\/wp\/v2\/types\/einsatz"}],"author":[{"embeddable":true,"href":"https:\/\/feuerwehr-markdorf.de\/feuerwehr\/wp-json\/wp\/v2\/users\/6"}],"version-history":[{"count":2,"href":"https:\/\/feuerwehr-markdorf.de\/feuerwehr\/wp-json\/wp\/v2\/einsatz\/3049\/revisions"}],"predecessor-version":[{"id":3059,"href":"https:\/\/feuerwehr-markdorf.de\/feuerwehr\/wp-json\/wp\/v2\/einsatz\/3049\/revisions\/3059"}],"wp:featuredmedia":[{"embeddable":true,"href":"https:\/\/feuerwehr-markdorf.de\/feuerwehr\/wp-json\/wp\/v2\/media\/3057"}],"wp:attachment":[{"href":"https:\/\/feuerwehr-markdorf.de\/feuerwehr\/wp-json\/wp\/v2\/media?parent=3049"}],"wp:term":[{"taxonomy":"category","embeddable":true,"href":"https:\/\/feuerwehr-markdorf.de\/feuerwehr\/wp-json\/wp\/v2\/categories?post=3049"},{"taxonomy":"post_tag","embeddable":true,"href":"https:\/\/feuerwehr-markdorf.de\/feuerwehr\/wp-json\/wp\/v2\/tags?post=3049"},{"taxonomy":"einsatzart","embeddable":true,"href":"https:\/\/feuerwehr-markdorf.de\/feuerwehr\/wp-json\/wp\/v2\/einsatzart?post=3049"},{"taxonomy":"fahrzeug","embeddable":true,"href":"https:\/\/feuerwehr-markdorf.de\/feuerwehr\/wp-json\/wp\/v2\/fahrzeug?post=3049"},{"taxonomy":"exteinsatzmittel","embeddable":true,"href":"https:\/\/feuerwehr-markdorf.de\/feuerwehr\/wp-json\/wp\/v2\/exteinsatzmittel?post=3049"},{"taxonomy":"alarmierungsart","embeddable":true,"href":"https:\/\/feuerwehr-markdorf.de\/feuerwehr\/wp-json\/wp\/v2\/alarmierungsart?post=3049"},{"taxonomy":"evw_unit","embeddable":true,"href":"https:\/\/feuerwehr-markdorf.de\/feuerwehr\/wp-json\/wp\/v2\/evw_unit?post=3049"}],"curies":[{"name":"wp","href":"https:\/\/api.w.org\/{rel}","templated":true}]}}