{"id":2478,"date":"2020-01-01T18:53:00","date_gmt":"2020-01-01T17:53:00","guid":{"rendered":"https:\/\/feuerwehr-markdorf.de\/feuerwehr\/?post_type=einsatz&#038;p=2478"},"modified":"2020-01-04T16:43:56","modified_gmt":"2020-01-04T15:43:56","slug":"f-2-windfang-brennt","status":"publish","type":"einsatz","link":"https:\/\/feuerwehr-markdorf.de\/feuerwehr\/einsaetze\/f-2-windfang-brennt\/","title":{"rendered":"F 2 &#8211; Windfang brennt"},"content":{"rendered":"\n<p> Um kurz vor sieben Uhr abends wurden Einsatzkr\u00e4fte der Freiwilligen  Feuerwehr Markdorf an Neujahr erneut zu einem Brandeinsatz alarmiert.<br> Die Abteilungen Riedheim und Markdorf-Stadt r\u00fcckten nach Leimbach in die Stra\u00dfe Unterleimbach aus.<br> Dort war ein Brand eines Vorbaus an einem Haus gemeldet.<br>  Bei Eintreffen der Feuerwehr, brannten neben dem Anbau zwei M\u00fclltonnen  und das Feuer hatte bereits auf den h\u00f6lzernen Windfang \u00fcbergegriffen.<br> Ein Angriffstrupp l\u00f6schte das Feuer mit einem C-Rohr.<br> Zur Kontrolle musste dann das Dach des Windfangs noch abgedeckt und mit der W\u00e4rmebildkamera \u00fcberpr\u00fcft werden.<\/p>\n\n\n\n<figure class=\"wp-block-gallery columns-3 is-cropped wp-block-gallery-1\"><ul class=\"blocks-gallery-grid\"><li class=\"blocks-gallery-item\"><figure><img loading=\"lazy\" decoding=\"async\" width=\"1024\" height=\"768\" src=\"https:\/\/feuerwehr-markdorf.de\/feuerwehr\/wp-content\/uploads\/sites\/2\/2020\/01\/IMG_4640a-1024x768.jpg\" alt=\"\" data-id=\"2479\" data-full-url=\"https:\/\/feuerwehr-markdorf.de\/feuerwehr\/wp-content\/uploads\/sites\/2\/2020\/01\/IMG_4640a.jpg\" data-link=\"https:\/\/feuerwehr-markdorf.de\/feuerwehr\/einsaetze\/f-2-windfang-brennt\/img_4640a\/\" class=\"wp-image-2479\" srcset=\"https:\/\/feuerwehr-markdorf.de\/feuerwehr\/wp-content\/uploads\/sites\/2\/2020\/01\/IMG_4640a-1024x768.jpg 1024w, https:\/\/feuerwehr-markdorf.de\/feuerwehr\/wp-content\/uploads\/sites\/2\/2020\/01\/IMG_4640a-300x225.jpg 300w, https:\/\/feuerwehr-markdorf.de\/feuerwehr\/wp-content\/uploads\/sites\/2\/2020\/01\/IMG_4640a-768x576.jpg 768w, https:\/\/feuerwehr-markdorf.de\/feuerwehr\/wp-content\/uploads\/sites\/2\/2020\/01\/IMG_4640a-1536x1152.jpg 1536w, https:\/\/feuerwehr-markdorf.de\/feuerwehr\/wp-content\/uploads\/sites\/2\/2020\/01\/IMG_4640a.jpg 1701w\" sizes=\"auto, (max-width: 1024px) 100vw, 1024px\" \/><\/figure><\/li><li class=\"blocks-gallery-item\"><figure><img loading=\"lazy\" decoding=\"async\" width=\"1024\" height=\"768\" src=\"https:\/\/feuerwehr-markdorf.de\/feuerwehr\/wp-content\/uploads\/sites\/2\/2020\/01\/IMG_4644a-1024x768.jpg\" alt=\"\" data-id=\"2480\" data-full-url=\"https:\/\/feuerwehr-markdorf.de\/feuerwehr\/wp-content\/uploads\/sites\/2\/2020\/01\/IMG_4644a.jpg\" data-link=\"https:\/\/feuerwehr-markdorf.de\/feuerwehr\/einsaetze\/f-2-windfang-brennt\/img_4644a\/\" class=\"wp-image-2480\" srcset=\"https:\/\/feuerwehr-markdorf.de\/feuerwehr\/wp-content\/uploads\/sites\/2\/2020\/01\/IMG_4644a-1024x768.jpg 1024w, https:\/\/feuerwehr-markdorf.de\/feuerwehr\/wp-content\/uploads\/sites\/2\/2020\/01\/IMG_4644a-300x225.jpg 300w, https:\/\/feuerwehr-markdorf.de\/feuerwehr\/wp-content\/uploads\/sites\/2\/2020\/01\/IMG_4644a-768x576.jpg 768w, https:\/\/feuerwehr-markdorf.de\/feuerwehr\/wp-content\/uploads\/sites\/2\/2020\/01\/IMG_4644a-1536x1152.jpg 1536w, https:\/\/feuerwehr-markdorf.de\/feuerwehr\/wp-content\/uploads\/sites\/2\/2020\/01\/IMG_4644a.jpg 1701w\" sizes=\"auto, (max-width: 1024px) 100vw, 1024px\" \/><\/figure><\/li><li class=\"blocks-gallery-item\"><figure><img loading=\"lazy\" decoding=\"async\" width=\"768\" height=\"1024\" src=\"https:\/\/feuerwehr-markdorf.de\/feuerwehr\/wp-content\/uploads\/sites\/2\/2020\/01\/IMG_4648a-768x1024.jpg\" alt=\"\" data-id=\"2481\" data-full-url=\"https:\/\/feuerwehr-markdorf.de\/feuerwehr\/wp-content\/uploads\/sites\/2\/2020\/01\/IMG_4648a.jpg\" data-link=\"https:\/\/feuerwehr-markdorf.de\/feuerwehr\/einsaetze\/f-2-windfang-brennt\/img_4648a\/\" class=\"wp-image-2481\" srcset=\"https:\/\/feuerwehr-markdorf.de\/feuerwehr\/wp-content\/uploads\/sites\/2\/2020\/01\/IMG_4648a-768x1024.jpg 768w, https:\/\/feuerwehr-markdorf.de\/feuerwehr\/wp-content\/uploads\/sites\/2\/2020\/01\/IMG_4648a-225x300.jpg 225w, https:\/\/feuerwehr-markdorf.de\/feuerwehr\/wp-content\/uploads\/sites\/2\/2020\/01\/IMG_4648a-1152x1536.jpg 1152w, https:\/\/feuerwehr-markdorf.de\/feuerwehr\/wp-content\/uploads\/sites\/2\/2020\/01\/IMG_4648a.jpg 1276w\" sizes=\"auto, (max-width: 768px) 100vw, 768px\" \/><\/figure><\/li><li class=\"blocks-gallery-item\"><figure><img loading=\"lazy\" decoding=\"async\" width=\"1024\" height=\"768\" src=\"https:\/\/feuerwehr-markdorf.de\/feuerwehr\/wp-content\/uploads\/sites\/2\/2020\/01\/IMG_4650a-1024x768.jpg\" alt=\"\" data-id=\"2482\" data-full-url=\"https:\/\/feuerwehr-markdorf.de\/feuerwehr\/wp-content\/uploads\/sites\/2\/2020\/01\/IMG_4650a.jpg\" data-link=\"https:\/\/feuerwehr-markdorf.de\/feuerwehr\/einsaetze\/f-2-windfang-brennt\/img_4650a\/\" class=\"wp-image-2482\" srcset=\"https:\/\/feuerwehr-markdorf.de\/feuerwehr\/wp-content\/uploads\/sites\/2\/2020\/01\/IMG_4650a-1024x768.jpg 1024w, https:\/\/feuerwehr-markdorf.de\/feuerwehr\/wp-content\/uploads\/sites\/2\/2020\/01\/IMG_4650a-300x225.jpg 300w, https:\/\/feuerwehr-markdorf.de\/feuerwehr\/wp-content\/uploads\/sites\/2\/2020\/01\/IMG_4650a-768x576.jpg 768w, https:\/\/feuerwehr-markdorf.de\/feuerwehr\/wp-content\/uploads\/sites\/2\/2020\/01\/IMG_4650a-1536x1152.jpg 1536w, https:\/\/feuerwehr-markdorf.de\/feuerwehr\/wp-content\/uploads\/sites\/2\/2020\/01\/IMG_4650a.jpg 1701w\" sizes=\"auto, (max-width: 1024px) 100vw, 1024px\" \/><\/figure><\/li><li class=\"blocks-gallery-item\"><figure><img loading=\"lazy\" decoding=\"async\" width=\"1024\" height=\"768\" src=\"https:\/\/feuerwehr-markdorf.de\/feuerwehr\/wp-content\/uploads\/sites\/2\/2020\/01\/IMG_4656a-1-1024x768.jpg\" alt=\"\" data-id=\"2484\" data-full-url=\"https:\/\/feuerwehr-markdorf.de\/feuerwehr\/wp-content\/uploads\/sites\/2\/2020\/01\/IMG_4656a-1.jpg\" data-link=\"https:\/\/feuerwehr-markdorf.de\/feuerwehr\/einsaetze\/f-2-windfang-brennt\/img_4656a-2\/\" class=\"wp-image-2484 is-layout-flex wp-block-gallery-is-layout-flex\" srcset=\"https:\/\/feuerwehr-markdorf.de\/feuerwehr\/wp-content\/uploads\/sites\/2\/2020\/01\/IMG_4656a-1-1024x768.jpg 1024w, https:\/\/feuerwehr-markdorf.de\/feuerwehr\/wp-content\/uploads\/sites\/2\/2020\/01\/IMG_4656a-1-300x225.jpg 300w, https:\/\/feuerwehr-markdorf.de\/feuerwehr\/wp-content\/uploads\/sites\/2\/2020\/01\/IMG_4656a-1-768x576.jpg 768w, https:\/\/feuerwehr-markdorf.de\/feuerwehr\/wp-content\/uploads\/sites\/2\/2020\/01\/IMG_4656a-1-1536x1152.jpg 1536w, https:\/\/feuerwehr-markdorf.de\/feuerwehr\/wp-content\/uploads\/sites\/2\/2020\/01\/IMG_4656a-1.jpg 1701w\" sizes=\"auto, (max-width: 1024px) 100vw, 1024px\" \/><\/figure><\/li><\/ul><\/figure>\n","protected":false},"author":6,"featured_media":2479,"template":"","meta":{"advgb_blocks_editor_width":"","advgb_blocks_columns_visual_guide":"","ocean_post_layout":"","ocean_both_sidebars_style":"","ocean_both_sidebars_content_width":0,"ocean_both_sidebars_sidebars_width":0,"ocean_sidebar":"","ocean_second_sidebar":"","ocean_disable_margins":"enable","ocean_add_body_class":"","ocean_shortcode_before_top_bar":"","ocean_shortcode_after_top_bar":"","ocean_shortcode_before_header":"","ocean_shortcode_after_header":"","ocean_has_shortcode":"","ocean_shortcode_after_title":"","ocean_shortcode_before_footer_widgets":"","ocean_shortcode_after_footer_widgets":"","ocean_shortcode_before_footer_bottom":"","ocean_shortcode_after_footer_bottom":"","ocean_display_top_bar":"default","ocean_display_header":"default","ocean_header_style":"","ocean_center_header_left_menu":"","ocean_custom_header_template":"","ocean_custom_logo":0,"ocean_custom_retina_logo":0,"ocean_custom_logo_max_width":0,"ocean_custom_logo_tablet_max_width":0,"ocean_custom_logo_mobile_max_width":0,"ocean_custom_logo_max_height":0,"ocean_custom_logo_tablet_max_height":0,"ocean_custom_logo_mobile_max_height":0,"ocean_header_custom_menu":"","ocean_menu_typo_font_family":"","ocean_menu_typo_font_subset":"","ocean_menu_typo_font_size":0,"ocean_menu_typo_font_size_tablet":0,"ocean_menu_typo_font_size_mobile":0,"ocean_menu_typo_font_size_unit":"px","ocean_menu_typo_font_weight":"","ocean_menu_typo_font_weight_tablet":"","ocean_menu_typo_font_weight_mobile":"","ocean_menu_typo_transform":"","ocean_menu_typo_transform_tablet":"","ocean_menu_typo_transform_mobile":"","ocean_menu_typo_line_height":0,"ocean_menu_typo_line_height_tablet":0,"ocean_menu_typo_line_height_mobile":0,"ocean_menu_typo_line_height_unit":"","ocean_menu_typo_spacing":0,"ocean_menu_typo_spacing_tablet":0,"ocean_menu_typo_spacing_mobile":0,"ocean_menu_typo_spacing_unit":"","ocean_menu_link_color":"","ocean_menu_link_color_hover":"","ocean_menu_link_color_active":"","ocean_menu_link_background":"","ocean_menu_link_hover_background":"","ocean_menu_link_active_background":"","ocean_menu_social_links_bg":"","ocean_menu_social_hover_links_bg":"","ocean_menu_social_links_color":"","ocean_menu_social_hover_links_color":"","ocean_disable_title":"default","ocean_disable_heading":"default","ocean_post_title":"","ocean_post_subheading":"","ocean_post_title_style":"","ocean_post_title_background_color":"","ocean_post_title_background":0,"ocean_post_title_bg_image_position":"","ocean_post_title_bg_image_attachment":"","ocean_post_title_bg_image_repeat":"","ocean_post_title_bg_image_size":"","ocean_post_title_height":0,"ocean_post_title_bg_overlay":0.5,"ocean_post_title_bg_overlay_color":"","ocean_disable_breadcrumbs":"default","ocean_breadcrumbs_color":"","ocean_breadcrumbs_separator_color":"","ocean_breadcrumbs_links_color":"","ocean_breadcrumbs_links_hover_color":"","ocean_display_footer_widgets":"default","ocean_display_footer_bottom":"default","ocean_custom_footer_template":"","einsatz_weight":1,"footnotes":""},"categories":[59],"tags":[39,41,94,73],"einsatzart":[9],"fahrzeug":[8,21,34,22,42,52],"exteinsatzmittel":[43,44,67],"alarmierungsart":[12],"evw_unit":[],"class_list":["post-2478","einsatz","type-einsatz","status-publish","has-post-thumbnail","hentry","category-einsatz","tag-brand","tag-feuer","tag-leimbach","tag-riedheim","einsatzart-brand","fahrzeug-dlk2312","fahrzeug-elw","fahrzeug-hlf_20","fahrzeug-kdow","fahrzeug-lf-8-6-r","fahrzeug-mtw1","exteinsatzmittel-drk-rd","exteinsatzmittel-polizei","exteinsatzmittel-stellv-kreisbrandmeister-2","alarmierungsart-funkmelder","entry","has-media"],"yoast_head":"<!-- This site is optimized with the Yoast SEO plugin v22.8 - https:\/\/yoast.com\/wordpress\/plugins\/seo\/ -->\n<title>F 2 - Windfang brennt<\/title>\n<meta name=\"description\" content=\"Um kurz vor sieben Uhr abends wurden Einsatzkr\u00e4fte der Freiwilligen Feuerwehr Markdorf an Neujahr erneut zu einem Brandeinsatz alarmiert. Die Abteilungen\" \/>\n<meta name=\"robots\" content=\"noindex, follow\" \/>\n<meta property=\"og:locale\" content=\"de_DE\" \/>\n<meta property=\"og:type\" content=\"article\" \/>\n<meta property=\"og:title\" content=\"F 2 - Windfang brennt\" \/>\n<meta property=\"og:description\" content=\"Um kurz vor sieben Uhr abends wurden Einsatzkr\u00e4fte der Freiwilligen Feuerwehr Markdorf an Neujahr erneut zu einem Brandeinsatz alarmiert. Die Abteilungen\" \/>\n<meta property=\"og:url\" content=\"https:\/\/feuerwehr-markdorf.de\/feuerwehr\/einsaetze\/f-2-windfang-brennt\/\" \/>\n<meta property=\"og:site_name\" content=\"Freiwillige Feuerwehr Markdorf\" \/>\n<meta property=\"article:publisher\" content=\"https:\/\/www.facebook.com\/feuerwehrmarkdorf\/\" \/>\n<meta property=\"article:modified_time\" content=\"2020-01-04T15:43:56+00:00\" \/>\n<meta property=\"og:image\" content=\"https:\/\/feuerwehr-markdorf.de\/feuerwehr\/wp-content\/uploads\/sites\/2\/2020\/01\/IMG_4640a.jpg\" \/>\n\t<meta property=\"og:image:width\" content=\"1701\" \/>\n\t<meta property=\"og:image:height\" content=\"1276\" \/>\n\t<meta property=\"og:image:type\" content=\"image\/jpeg\" \/>\n<meta name=\"twitter:card\" content=\"summary_large_image\" \/>\n<script type=\"application\/ld+json\" class=\"yoast-schema-graph\">{\"@context\":\"https:\/\/schema.org\",\"@graph\":[{\"@type\":[\"Article\",\"Report\"],\"@id\":\"https:\/\/feuerwehr-markdorf.de\/feuerwehr\/einsaetze\/f-2-windfang-brennt\/#article\",\"isPartOf\":{\"@id\":\"https:\/\/feuerwehr-markdorf.de\/feuerwehr\/einsaetze\/f-2-windfang-brennt\/\"},\"author\":{\"name\":\"mscheerer\",\"@id\":\"https:\/\/feuerwehr-markdorf.de\/feuerwehr\/#\/schema\/person\/332479352d6e81750d9ab7ac3745262c\"},\"headline\":\"F 2 &#8211; Windfang brennt\",\"datePublished\":\"2020-01-01T17:53:00+00:00\",\"dateModified\":\"2020-01-04T15:43:56+00:00\",\"mainEntityOfPage\":{\"@id\":\"https:\/\/feuerwehr-markdorf.de\/feuerwehr\/einsaetze\/f-2-windfang-brennt\/\"},\"wordCount\":98,\"publisher\":{\"@id\":\"https:\/\/feuerwehr-markdorf.de\/feuerwehr\/#organization\"},\"image\":{\"@id\":\"https:\/\/feuerwehr-markdorf.de\/feuerwehr\/einsaetze\/f-2-windfang-brennt\/#primaryimage\"},\"thumbnailUrl\":\"https:\/\/feuerwehr-markdorf.de\/feuerwehr\/wp-content\/uploads\/sites\/2\/2020\/01\/IMG_4640a.jpg\",\"keywords\":[\"Brand\",\"Feuer\",\"leimbach\",\"Riedheim\"],\"articleSection\":[\"Einsatz\"],\"inLanguage\":\"de\"},{\"@type\":\"WebPage\",\"@id\":\"https:\/\/feuerwehr-markdorf.de\/feuerwehr\/einsaetze\/f-2-windfang-brennt\/\",\"url\":\"https:\/\/feuerwehr-markdorf.de\/feuerwehr\/einsaetze\/f-2-windfang-brennt\/\",\"name\":\"F 2 - Windfang brennt\",\"isPartOf\":{\"@id\":\"https:\/\/feuerwehr-markdorf.de\/feuerwehr\/#website\"},\"primaryImageOfPage\":{\"@id\":\"https:\/\/feuerwehr-markdorf.de\/feuerwehr\/einsaetze\/f-2-windfang-brennt\/#primaryimage\"},\"image\":{\"@id\":\"https:\/\/feuerwehr-markdorf.de\/feuerwehr\/einsaetze\/f-2-windfang-brennt\/#primaryimage\"},\"thumbnailUrl\":\"https:\/\/feuerwehr-markdorf.de\/feuerwehr\/wp-content\/uploads\/sites\/2\/2020\/01\/IMG_4640a.jpg\",\"datePublished\":\"2020-01-01T17:53:00+00:00\",\"dateModified\":\"2020-01-04T15:43:56+00:00\",\"description\":\"Um kurz vor sieben Uhr abends wurden Einsatzkr\u00e4fte der Freiwilligen Feuerwehr Markdorf an Neujahr erneut zu einem Brandeinsatz alarmiert. Die Abteilungen\",\"breadcrumb\":{\"@id\":\"https:\/\/feuerwehr-markdorf.de\/feuerwehr\/einsaetze\/f-2-windfang-brennt\/#breadcrumb\"},\"inLanguage\":\"de\",\"potentialAction\":[{\"@type\":\"ReadAction\",\"target\":[\"https:\/\/feuerwehr-markdorf.de\/feuerwehr\/einsaetze\/f-2-windfang-brennt\/\"]}]},{\"@type\":\"ImageObject\",\"inLanguage\":\"de\",\"@id\":\"https:\/\/feuerwehr-markdorf.de\/feuerwehr\/einsaetze\/f-2-windfang-brennt\/#primaryimage\",\"url\":\"https:\/\/feuerwehr-markdorf.de\/feuerwehr\/wp-content\/uploads\/sites\/2\/2020\/01\/IMG_4640a.jpg\",\"contentUrl\":\"https:\/\/feuerwehr-markdorf.de\/feuerwehr\/wp-content\/uploads\/sites\/2\/2020\/01\/IMG_4640a.jpg\",\"width\":1701,\"height\":1276},{\"@type\":\"BreadcrumbList\",\"@id\":\"https:\/\/feuerwehr-markdorf.de\/feuerwehr\/einsaetze\/f-2-windfang-brennt\/#breadcrumb\",\"itemListElement\":[{\"@type\":\"ListItem\",\"position\":1,\"name\":\"Startseite\",\"item\":\"https:\/\/feuerwehr-markdorf.de\/feuerwehr\/\"},{\"@type\":\"ListItem\",\"position\":2,\"name\":\"Einsatzberichte\",\"item\":\"https:\/\/feuerwehr-markdorf.de\/feuerwehr\/einsaetze\/\"},{\"@type\":\"ListItem\",\"position\":3,\"name\":\"F 2 &#8211; Windfang brennt\"}]},{\"@type\":\"WebSite\",\"@id\":\"https:\/\/feuerwehr-markdorf.de\/feuerwehr\/#website\",\"url\":\"https:\/\/feuerwehr-markdorf.de\/feuerwehr\/\",\"name\":\"Freiwillige Feuerwehr Markdorf\",\"description\":\"\",\"publisher\":{\"@id\":\"https:\/\/feuerwehr-markdorf.de\/feuerwehr\/#organization\"},\"potentialAction\":[{\"@type\":\"SearchAction\",\"target\":{\"@type\":\"EntryPoint\",\"urlTemplate\":\"https:\/\/feuerwehr-markdorf.de\/feuerwehr\/?s={search_term_string}\"},\"query-input\":\"required name=search_term_string\"}],\"inLanguage\":\"de\"},{\"@type\":\"Organization\",\"@id\":\"https:\/\/feuerwehr-markdorf.de\/feuerwehr\/#organization\",\"name\":\"Freiwillige Feuerwehr Markdorf\",\"url\":\"https:\/\/feuerwehr-markdorf.de\/feuerwehr\/\",\"logo\":{\"@type\":\"ImageObject\",\"inLanguage\":\"de\",\"@id\":\"https:\/\/feuerwehr-markdorf.de\/feuerwehr\/#\/schema\/logo\/image\/\",\"url\":\"https:\/\/feuerwehr-markdorf.de\/feuerwehr\/wp-content\/uploads\/sites\/2\/2020\/01\/FFM-red-ohne-Abteilung_klein.png\",\"contentUrl\":\"https:\/\/feuerwehr-markdorf.de\/feuerwehr\/wp-content\/uploads\/sites\/2\/2020\/01\/FFM-red-ohne-Abteilung_klein.png\",\"width\":397,\"height\":170,\"caption\":\"Freiwillige Feuerwehr Markdorf\"},\"image\":{\"@id\":\"https:\/\/feuerwehr-markdorf.de\/feuerwehr\/#\/schema\/logo\/image\/\"},\"sameAs\":[\"https:\/\/www.facebook.com\/feuerwehrmarkdorf\/\"]},{\"@type\":\"Person\",\"@id\":\"https:\/\/feuerwehr-markdorf.de\/feuerwehr\/#\/schema\/person\/332479352d6e81750d9ab7ac3745262c\",\"name\":\"mscheerer\",\"image\":{\"@type\":\"ImageObject\",\"inLanguage\":\"de\",\"@id\":\"https:\/\/feuerwehr-markdorf.de\/feuerwehr\/#\/schema\/person\/image\/\",\"url\":\"https:\/\/secure.gravatar.com\/avatar\/c05798694e4a2d8a49e8c991a61e829ed7435b3699df1a726e5dbcd1f8e972b0?s=96&d=mm&r=g\",\"contentUrl\":\"https:\/\/secure.gravatar.com\/avatar\/c05798694e4a2d8a49e8c991a61e829ed7435b3699df1a726e5dbcd1f8e972b0?s=96&d=mm&r=g\",\"caption\":\"mscheerer\"},\"url\":\"https:\/\/feuerwehr-markdorf.de\/feuerwehr\/author\/mscheerer\/\"}]}<\/script>\n<!-- \/ Yoast SEO plugin. -->","yoast_head_json":{"title":"F 2 - Windfang brennt","description":"Um kurz vor sieben Uhr abends wurden Einsatzkr\u00e4fte der Freiwilligen Feuerwehr Markdorf an Neujahr erneut zu einem Brandeinsatz alarmiert. Die Abteilungen","robots":{"index":"noindex","follow":"follow"},"og_locale":"de_DE","og_type":"article","og_title":"F 2 - Windfang brennt","og_description":"Um kurz vor sieben Uhr abends wurden Einsatzkr\u00e4fte der Freiwilligen Feuerwehr Markdorf an Neujahr erneut zu einem Brandeinsatz alarmiert. Die Abteilungen","og_url":"https:\/\/feuerwehr-markdorf.de\/feuerwehr\/einsaetze\/f-2-windfang-brennt\/","og_site_name":"Freiwillige Feuerwehr Markdorf","article_publisher":"https:\/\/www.facebook.com\/feuerwehrmarkdorf\/","article_modified_time":"2020-01-04T15:43:56+00:00","og_image":[{"width":1701,"height":1276,"url":"https:\/\/feuerwehr-markdorf.de\/feuerwehr\/wp-content\/uploads\/sites\/2\/2020\/01\/IMG_4640a.jpg","type":"image\/jpeg"}],"twitter_card":"summary_large_image","schema":{"@context":"https:\/\/schema.org","@graph":[{"@type":["Article","Report"],"@id":"https:\/\/feuerwehr-markdorf.de\/feuerwehr\/einsaetze\/f-2-windfang-brennt\/#article","isPartOf":{"@id":"https:\/\/feuerwehr-markdorf.de\/feuerwehr\/einsaetze\/f-2-windfang-brennt\/"},"author":{"name":"mscheerer","@id":"https:\/\/feuerwehr-markdorf.de\/feuerwehr\/#\/schema\/person\/332479352d6e81750d9ab7ac3745262c"},"headline":"F 2 &#8211; Windfang brennt","datePublished":"2020-01-01T17:53:00+00:00","dateModified":"2020-01-04T15:43:56+00:00","mainEntityOfPage":{"@id":"https:\/\/feuerwehr-markdorf.de\/feuerwehr\/einsaetze\/f-2-windfang-brennt\/"},"wordCount":98,"publisher":{"@id":"https:\/\/feuerwehr-markdorf.de\/feuerwehr\/#organization"},"image":{"@id":"https:\/\/feuerwehr-markdorf.de\/feuerwehr\/einsaetze\/f-2-windfang-brennt\/#primaryimage"},"thumbnailUrl":"https:\/\/feuerwehr-markdorf.de\/feuerwehr\/wp-content\/uploads\/sites\/2\/2020\/01\/IMG_4640a.jpg","keywords":["Brand","Feuer","leimbach","Riedheim"],"articleSection":["Einsatz"],"inLanguage":"de"},{"@type":"WebPage","@id":"https:\/\/feuerwehr-markdorf.de\/feuerwehr\/einsaetze\/f-2-windfang-brennt\/","url":"https:\/\/feuerwehr-markdorf.de\/feuerwehr\/einsaetze\/f-2-windfang-brennt\/","name":"F 2 - Windfang brennt","isPartOf":{"@id":"https:\/\/feuerwehr-markdorf.de\/feuerwehr\/#website"},"primaryImageOfPage":{"@id":"https:\/\/feuerwehr-markdorf.de\/feuerwehr\/einsaetze\/f-2-windfang-brennt\/#primaryimage"},"image":{"@id":"https:\/\/feuerwehr-markdorf.de\/feuerwehr\/einsaetze\/f-2-windfang-brennt\/#primaryimage"},"thumbnailUrl":"https:\/\/feuerwehr-markdorf.de\/feuerwehr\/wp-content\/uploads\/sites\/2\/2020\/01\/IMG_4640a.jpg","datePublished":"2020-01-01T17:53:00+00:00","dateModified":"2020-01-04T15:43:56+00:00","description":"Um kurz vor sieben Uhr abends wurden Einsatzkr\u00e4fte der Freiwilligen Feuerwehr Markdorf an Neujahr erneut zu einem Brandeinsatz alarmiert. Die Abteilungen","breadcrumb":{"@id":"https:\/\/feuerwehr-markdorf.de\/feuerwehr\/einsaetze\/f-2-windfang-brennt\/#breadcrumb"},"inLanguage":"de","potentialAction":[{"@type":"ReadAction","target":["https:\/\/feuerwehr-markdorf.de\/feuerwehr\/einsaetze\/f-2-windfang-brennt\/"]}]},{"@type":"ImageObject","inLanguage":"de","@id":"https:\/\/feuerwehr-markdorf.de\/feuerwehr\/einsaetze\/f-2-windfang-brennt\/#primaryimage","url":"https:\/\/feuerwehr-markdorf.de\/feuerwehr\/wp-content\/uploads\/sites\/2\/2020\/01\/IMG_4640a.jpg","contentUrl":"https:\/\/feuerwehr-markdorf.de\/feuerwehr\/wp-content\/uploads\/sites\/2\/2020\/01\/IMG_4640a.jpg","width":1701,"height":1276},{"@type":"BreadcrumbList","@id":"https:\/\/feuerwehr-markdorf.de\/feuerwehr\/einsaetze\/f-2-windfang-brennt\/#breadcrumb","itemListElement":[{"@type":"ListItem","position":1,"name":"Startseite","item":"https:\/\/feuerwehr-markdorf.de\/feuerwehr\/"},{"@type":"ListItem","position":2,"name":"Einsatzberichte","item":"https:\/\/feuerwehr-markdorf.de\/feuerwehr\/einsaetze\/"},{"@type":"ListItem","position":3,"name":"F 2 &#8211; Windfang brennt"}]},{"@type":"WebSite","@id":"https:\/\/feuerwehr-markdorf.de\/feuerwehr\/#website","url":"https:\/\/feuerwehr-markdorf.de\/feuerwehr\/","name":"Freiwillige Feuerwehr Markdorf","description":"","publisher":{"@id":"https:\/\/feuerwehr-markdorf.de\/feuerwehr\/#organization"},"potentialAction":[{"@type":"SearchAction","target":{"@type":"EntryPoint","urlTemplate":"https:\/\/feuerwehr-markdorf.de\/feuerwehr\/?s={search_term_string}"},"query-input":"required name=search_term_string"}],"inLanguage":"de"},{"@type":"Organization","@id":"https:\/\/feuerwehr-markdorf.de\/feuerwehr\/#organization","name":"Freiwillige Feuerwehr Markdorf","url":"https:\/\/feuerwehr-markdorf.de\/feuerwehr\/","logo":{"@type":"ImageObject","inLanguage":"de","@id":"https:\/\/feuerwehr-markdorf.de\/feuerwehr\/#\/schema\/logo\/image\/","url":"https:\/\/feuerwehr-markdorf.de\/feuerwehr\/wp-content\/uploads\/sites\/2\/2020\/01\/FFM-red-ohne-Abteilung_klein.png","contentUrl":"https:\/\/feuerwehr-markdorf.de\/feuerwehr\/wp-content\/uploads\/sites\/2\/2020\/01\/FFM-red-ohne-Abteilung_klein.png","width":397,"height":170,"caption":"Freiwillige Feuerwehr Markdorf"},"image":{"@id":"https:\/\/feuerwehr-markdorf.de\/feuerwehr\/#\/schema\/logo\/image\/"},"sameAs":["https:\/\/www.facebook.com\/feuerwehrmarkdorf\/"]},{"@type":"Person","@id":"https:\/\/feuerwehr-markdorf.de\/feuerwehr\/#\/schema\/person\/332479352d6e81750d9ab7ac3745262c","name":"mscheerer","image":{"@type":"ImageObject","inLanguage":"de","@id":"https:\/\/feuerwehr-markdorf.de\/feuerwehr\/#\/schema\/person\/image\/","url":"https:\/\/secure.gravatar.com\/avatar\/c05798694e4a2d8a49e8c991a61e829ed7435b3699df1a726e5dbcd1f8e972b0?s=96&d=mm&r=g","contentUrl":"https:\/\/secure.gravatar.com\/avatar\/c05798694e4a2d8a49e8c991a61e829ed7435b3699df1a726e5dbcd1f8e972b0?s=96&d=mm&r=g","caption":"mscheerer"},"url":"https:\/\/feuerwehr-markdorf.de\/feuerwehr\/author\/mscheerer\/"}]}},"featured_img":"https:\/\/feuerwehr-markdorf.de\/feuerwehr\/wp-content\/uploads\/sites\/2\/2020\/01\/IMG_4640a.jpg","coauthors":[],"author_meta":{"author_link":"https:\/\/feuerwehr-markdorf.de\/feuerwehr\/author\/mscheerer\/","display_name":"mscheerer"},"relative_dates":{"created":"Posted 6\u00a0Jahren ago","modified":"Updated 6\u00a0Jahren ago"},"absolute_dates":{"created":"Posted on 1. Januar 2020","modified":"Updated on 4. Januar 2020"},"absolute_dates_time":{"created":"Posted on 1. Januar 2020 18:53","modified":"Updated on 4. Januar 2020 16:43"},"featured_img_caption":"","tax_additional":{"category":{"linked":["<a href=\"https:\/\/feuerwehr-markdorf.de\/feuerwehr\/category\/einsatz\/\" class=\"advgb-post-tax-term\">Einsatz<\/a>"],"unlinked":["<span class=\"advgb-post-tax-term\">Einsatz<\/span>"],"slug":"category","name":"Kategorien"},"post_tag":{"linked":["<a href=\"https:\/\/feuerwehr-markdorf.de\/feuerwehr\/tag\/brand\/\" class=\"advgb-post-tax-term\">Brand<\/a>","<a href=\"https:\/\/feuerwehr-markdorf.de\/feuerwehr\/tag\/feuer\/\" class=\"advgb-post-tax-term\">Feuer<\/a>","<a href=\"https:\/\/feuerwehr-markdorf.de\/feuerwehr\/tag\/leimbach\/\" class=\"advgb-post-tax-term\">leimbach<\/a>","<a href=\"https:\/\/feuerwehr-markdorf.de\/feuerwehr\/tag\/riedheim\/\" class=\"advgb-post-tax-term\">Riedheim<\/a>"],"unlinked":["<span class=\"advgb-post-tax-term\">Brand<\/span>","<span class=\"advgb-post-tax-term\">Feuer<\/span>","<span class=\"advgb-post-tax-term\">leimbach<\/span>","<span class=\"advgb-post-tax-term\">Riedheim<\/span>"],"slug":"post_tag","name":"Schlagw\u00f6rter"},"einsatzart":{"linked":["<a href=\"https:\/\/feuerwehr-markdorf.de\/feuerwehr\/einsatzart\/brand\/\" class=\"advgb-post-tax-term\">Brandeinsatz<\/a>"],"unlinked":["<span class=\"advgb-post-tax-term\">Brandeinsatz<\/span>"],"slug":"einsatzart","name":"Einsatzarten"},"fahrzeug":{"linked":["<a href=\"https:\/\/feuerwehr-markdorf.de\/feuerwehr\/fahrzeug\/dlk2312\/\" class=\"advgb-post-tax-term\">DL(A)K 23\/12<\/a>","<a href=\"https:\/\/feuerwehr-markdorf.de\/feuerwehr\/fahrzeug\/elw\/\" class=\"advgb-post-tax-term\">ELW<\/a>","<a href=\"https:\/\/feuerwehr-markdorf.de\/feuerwehr\/fahrzeug\/hlf_20\/\" class=\"advgb-post-tax-term\">HLF 20<\/a>","<a href=\"https:\/\/feuerwehr-markdorf.de\/feuerwehr\/fahrzeug\/kdow\/\" class=\"advgb-post-tax-term\">KdoW<\/a>","<a href=\"https:\/\/feuerwehr-markdorf.de\/feuerwehr\/fahrzeug\/lf-8-6-r\/\" class=\"advgb-post-tax-term\">LF 8\/6 Riedheim<\/a>","<a href=\"https:\/\/feuerwehr-markdorf.de\/feuerwehr\/fahrzeug\/mtw1\/\" class=\"advgb-post-tax-term\">MTW 1<\/a>"],"unlinked":["<span class=\"advgb-post-tax-term\">DL(A)K 23\/12<\/span>","<span class=\"advgb-post-tax-term\">ELW<\/span>","<span class=\"advgb-post-tax-term\">HLF 20<\/span>","<span class=\"advgb-post-tax-term\">KdoW<\/span>","<span class=\"advgb-post-tax-term\">LF 8\/6 Riedheim<\/span>","<span class=\"advgb-post-tax-term\">MTW 1<\/span>"],"slug":"fahrzeug","name":"Fahrzeuge"},"exteinsatzmittel":{"linked":["<a href=\"https:\/\/feuerwehr-markdorf.de\/feuerwehr\/externe-einsatzmittel\/drk-rd\/\" class=\"advgb-post-tax-term\">DRK Rettungsdienst<\/a>","<a href=\"https:\/\/feuerwehr-markdorf.de\/feuerwehr\/externe-einsatzmittel\/polizei\/\" class=\"advgb-post-tax-term\">Polizei<\/a>","<a href=\"https:\/\/feuerwehr-markdorf.de\/feuerwehr\/externe-einsatzmittel\/stellv-kreisbrandmeister-2\/\" class=\"advgb-post-tax-term\">Stellv. Kreisbrandmeister<\/a>"],"unlinked":["<span class=\"advgb-post-tax-term\">DRK Rettungsdienst<\/span>","<span class=\"advgb-post-tax-term\">Polizei<\/span>","<span class=\"advgb-post-tax-term\">Stellv. Kreisbrandmeister<\/span>"],"slug":"exteinsatzmittel","name":"Externe Einsatzmittel"},"alarmierungsart":{"linked":["<a href=\"https:\/\/feuerwehr-markdorf.de\/feuerwehr\/alarmierungsart\/funkmelder\/\" class=\"advgb-post-tax-term\">Funkmeldeempf\u00e4nger<\/a>"],"unlinked":["<span class=\"advgb-post-tax-term\">Funkmeldeempf\u00e4nger<\/span>"],"slug":"alarmierungsart","name":"Alarmierungsarten"},"evw_unit":{"linked":[],"unlinked":[],"slug":"evw_unit","name":"Einheiten"}},"series_order":"","_links":{"self":[{"href":"https:\/\/feuerwehr-markdorf.de\/feuerwehr\/wp-json\/wp\/v2\/einsatz\/2478","targetHints":{"allow":["GET"]}}],"collection":[{"href":"https:\/\/feuerwehr-markdorf.de\/feuerwehr\/wp-json\/wp\/v2\/einsatz"}],"about":[{"href":"https:\/\/feuerwehr-markdorf.de\/feuerwehr\/wp-json\/wp\/v2\/types\/einsatz"}],"author":[{"embeddable":true,"href":"https:\/\/feuerwehr-markdorf.de\/feuerwehr\/wp-json\/wp\/v2\/users\/6"}],"version-history":[{"count":5,"href":"https:\/\/feuerwehr-markdorf.de\/feuerwehr\/wp-json\/wp\/v2\/einsatz\/2478\/revisions"}],"predecessor-version":[{"id":2545,"href":"https:\/\/feuerwehr-markdorf.de\/feuerwehr\/wp-json\/wp\/v2\/einsatz\/2478\/revisions\/2545"}],"wp:featuredmedia":[{"embeddable":true,"href":"https:\/\/feuerwehr-markdorf.de\/feuerwehr\/wp-json\/wp\/v2\/media\/2479"}],"wp:attachment":[{"href":"https:\/\/feuerwehr-markdorf.de\/feuerwehr\/wp-json\/wp\/v2\/media?parent=2478"}],"wp:term":[{"taxonomy":"category","embeddable":true,"href":"https:\/\/feuerwehr-markdorf.de\/feuerwehr\/wp-json\/wp\/v2\/categories?post=2478"},{"taxonomy":"post_tag","embeddable":true,"href":"https:\/\/feuerwehr-markdorf.de\/feuerwehr\/wp-json\/wp\/v2\/tags?post=2478"},{"taxonomy":"einsatzart","embeddable":true,"href":"https:\/\/feuerwehr-markdorf.de\/feuerwehr\/wp-json\/wp\/v2\/einsatzart?post=2478"},{"taxonomy":"fahrzeug","embeddable":true,"href":"https:\/\/feuerwehr-markdorf.de\/feuerwehr\/wp-json\/wp\/v2\/fahrzeug?post=2478"},{"taxonomy":"exteinsatzmittel","embeddable":true,"href":"https:\/\/feuerwehr-markdorf.de\/feuerwehr\/wp-json\/wp\/v2\/exteinsatzmittel?post=2478"},{"taxonomy":"alarmierungsart","embeddable":true,"href":"https:\/\/feuerwehr-markdorf.de\/feuerwehr\/wp-json\/wp\/v2\/alarmierungsart?post=2478"},{"taxonomy":"evw_unit","embeddable":true,"href":"https:\/\/feuerwehr-markdorf.de\/feuerwehr\/wp-json\/wp\/v2\/evw_unit?post=2478"}],"curies":[{"name":"wp","href":"https:\/\/api.w.org\/{rel}","templated":true}]}}