{"id":11080,"date":"2026-04-30T06:24:00","date_gmt":"2026-04-30T04:24:00","guid":{"rendered":"https:\/\/feuerwehr-markdorf.de\/feuerwehr\/?post_type=einsatz&#038;p=11080"},"modified":"2026-04-30T11:28:48","modified_gmt":"2026-04-30T09:28:48","slug":"b3y-verrauchte-wohnung-durch-kellerbrand","status":"publish","type":"einsatz","link":"https:\/\/feuerwehr-markdorf.de\/feuerwehr\/einsaetze\/b3y-verrauchte-wohnung-durch-kellerbrand\/","title":{"rendered":"B3Y &#8211; Verrauchte Wohnung durch Kellerbrand"},"content":{"rendered":"\n<p>Am Donnerstagmorgen wurden die ehrenamtlichen Einsatzkr\u00e4fte der Abteilung Markdorf-Stadt zu einem Brandeinsatz in der Jahnstra\u00dfe alarmiert.<\/p>\n\n\n\n<p>Ein Anrufer hatte \u00fcber Notruf 112 gemeldet, dass seine Wohnung verraucht sei. Wir r\u00fcckten unverz\u00fcglich mit dem L\u00f6schzug aus. Da nicht ausgeschlossen werden konnte, dass sich noch Personen im betroffenen Wohnhaus aufgehalten h\u00e4tten, wurde das Alarmstichwort durch die Leitstelle von B3 auf B3Y erweitert, wobei &#8220;Y&#8221; hier bedeutet, dass Menschenleben in Gefahr sind.<\/p>\n\n\n\n<p>Alle drei betroffenen Bewohner konnten das Geb\u00e4ude aber rechtzeitig verlassen und wurden vom Rettungsdienst untersucht. Keiner musste in ein Krankenhaus gebracht werden.<\/p>\n\n\n\n<p>Wie sich zeigte, war es im Keller des Hauses zu einem Brand an der Heizungsanlage gekommen, eine Rauchentwicklung aus einem Kellerfenster war sichtbar. <\/p>\n\n\n\n<p>Angriffstrupps gingen mit zwei C-Rohren in den verrauchten Keller vor und konnten den Brand am Brenner der Heizung durch das Herausnehmen der Sicherungen beenden. Die Heizungsanlage, sowie der Kellerraum wurde in von uns nicht bezifferbarem Ausma\u00df besch\u00e4digt.<\/p>\n\n\n\n<p>Durch den schnellen Einsatz der Feuerwehr, beschr\u00e4nkt sich die Schadensfl\u00e4che auf den Heizungsraum. Das restliche Haus ist nach Bel\u00fcftungsma\u00dfnahmen weiter bewohnbar.<\/p>\n\n\n\n<p>Nach ca. zwei Stunden konnte der Einsatz f\u00fcr uns beendet werden.<\/p>\n\n\n\n<p><\/p>\n\n\n\n<figure class=\"wp-block-gallery has-nested-images columns-default is-cropped wp-block-gallery-1 is-layout-flex wp-block-gallery-is-layout-flex\">\n<figure class=\"wp-block-image size-large\"><a href=\"https:\/\/feuerwehr-markdorf.de\/feuerwehr\/wp-content\/uploads\/sites\/2\/2026\/04\/1f32bfbf-cc68-43ea-8941-f6b0f1de39c6_kl.jpg\"><img loading=\"lazy\" decoding=\"async\" width=\"1024\" height=\"692\" data-id=\"11081\" src=\"https:\/\/feuerwehr-markdorf.de\/feuerwehr\/wp-content\/uploads\/sites\/2\/2026\/04\/1f32bfbf-cc68-43ea-8941-f6b0f1de39c6_kl-1024x692.jpg\" alt=\"\" class=\"wp-image-11081\" srcset=\"https:\/\/feuerwehr-markdorf.de\/feuerwehr\/wp-content\/uploads\/sites\/2\/2026\/04\/1f32bfbf-cc68-43ea-8941-f6b0f1de39c6_kl-1024x692.jpg 1024w, https:\/\/feuerwehr-markdorf.de\/feuerwehr\/wp-content\/uploads\/sites\/2\/2026\/04\/1f32bfbf-cc68-43ea-8941-f6b0f1de39c6_kl-300x203.jpg 300w, https:\/\/feuerwehr-markdorf.de\/feuerwehr\/wp-content\/uploads\/sites\/2\/2026\/04\/1f32bfbf-cc68-43ea-8941-f6b0f1de39c6_kl-768x519.jpg 768w, https:\/\/feuerwehr-markdorf.de\/feuerwehr\/wp-content\/uploads\/sites\/2\/2026\/04\/1f32bfbf-cc68-43ea-8941-f6b0f1de39c6_kl.jpg 1467w\" sizes=\"auto, (max-width: 1024px) 100vw, 1024px\" \/><\/a><\/figure>\n\n\n\n<figure class=\"wp-block-image size-large\"><a href=\"https:\/\/feuerwehr-markdorf.de\/feuerwehr\/wp-content\/uploads\/sites\/2\/2026\/04\/b07fe9e4-0bac-4806-9e7a-dfb548ccd587_kl.jpg\"><img loading=\"lazy\" decoding=\"async\" width=\"1024\" height=\"755\" data-id=\"11082\" src=\"https:\/\/feuerwehr-markdorf.de\/feuerwehr\/wp-content\/uploads\/sites\/2\/2026\/04\/b07fe9e4-0bac-4806-9e7a-dfb548ccd587_kl-1024x755.jpg\" alt=\"\" class=\"wp-image-11082\" srcset=\"https:\/\/feuerwehr-markdorf.de\/feuerwehr\/wp-content\/uploads\/sites\/2\/2026\/04\/b07fe9e4-0bac-4806-9e7a-dfb548ccd587_kl-1024x755.jpg 1024w, https:\/\/feuerwehr-markdorf.de\/feuerwehr\/wp-content\/uploads\/sites\/2\/2026\/04\/b07fe9e4-0bac-4806-9e7a-dfb548ccd587_kl-300x221.jpg 300w, https:\/\/feuerwehr-markdorf.de\/feuerwehr\/wp-content\/uploads\/sites\/2\/2026\/04\/b07fe9e4-0bac-4806-9e7a-dfb548ccd587_kl-768x566.jpg 768w, https:\/\/feuerwehr-markdorf.de\/feuerwehr\/wp-content\/uploads\/sites\/2\/2026\/04\/b07fe9e4-0bac-4806-9e7a-dfb548ccd587_kl.jpg 1346w\" sizes=\"auto, (max-width: 1024px) 100vw, 1024px\" \/><\/a><\/figure>\n\n\n\n<figure class=\"wp-block-image size-large\"><a href=\"https:\/\/feuerwehr-markdorf.de\/feuerwehr\/wp-content\/uploads\/sites\/2\/2026\/04\/IMG_6046_kl.jpg\"><img loading=\"lazy\" decoding=\"async\" width=\"1024\" height=\"768\" data-id=\"11083\" src=\"https:\/\/feuerwehr-markdorf.de\/feuerwehr\/wp-content\/uploads\/sites\/2\/2026\/04\/IMG_6046_kl-1024x768.jpg\" alt=\"\" class=\"wp-image-11083\" srcset=\"https:\/\/feuerwehr-markdorf.de\/feuerwehr\/wp-content\/uploads\/sites\/2\/2026\/04\/IMG_6046_kl-1024x768.jpg 1024w, https:\/\/feuerwehr-markdorf.de\/feuerwehr\/wp-content\/uploads\/sites\/2\/2026\/04\/IMG_6046_kl-300x225.jpg 300w, https:\/\/feuerwehr-markdorf.de\/feuerwehr\/wp-content\/uploads\/sites\/2\/2026\/04\/IMG_6046_kl-768x576.jpg 768w, https:\/\/feuerwehr-markdorf.de\/feuerwehr\/wp-content\/uploads\/sites\/2\/2026\/04\/IMG_6046_kl.jpg 1323w\" sizes=\"auto, (max-width: 1024px) 100vw, 1024px\" \/><\/a><\/figure>\n\n\n\n<figure class=\"wp-block-image size-large\"><a href=\"https:\/\/feuerwehr-markdorf.de\/feuerwehr\/wp-content\/uploads\/sites\/2\/2026\/04\/IMG_6048_kl.jpg\"><img loading=\"lazy\" decoding=\"async\" width=\"1024\" height=\"768\" data-id=\"11084\" src=\"https:\/\/feuerwehr-markdorf.de\/feuerwehr\/wp-content\/uploads\/sites\/2\/2026\/04\/IMG_6048_kl-1024x768.jpg\" alt=\"\" class=\"wp-image-11084\" srcset=\"https:\/\/feuerwehr-markdorf.de\/feuerwehr\/wp-content\/uploads\/sites\/2\/2026\/04\/IMG_6048_kl-1024x768.jpg 1024w, https:\/\/feuerwehr-markdorf.de\/feuerwehr\/wp-content\/uploads\/sites\/2\/2026\/04\/IMG_6048_kl-300x225.jpg 300w, https:\/\/feuerwehr-markdorf.de\/feuerwehr\/wp-content\/uploads\/sites\/2\/2026\/04\/IMG_6048_kl-768x576.jpg 768w, https:\/\/feuerwehr-markdorf.de\/feuerwehr\/wp-content\/uploads\/sites\/2\/2026\/04\/IMG_6048_kl.jpg 1323w\" sizes=\"auto, (max-width: 1024px) 100vw, 1024px\" \/><\/a><\/figure>\n\n\n\n<figure class=\"wp-block-image size-large\"><a href=\"https:\/\/feuerwehr-markdorf.de\/feuerwehr\/wp-content\/uploads\/sites\/2\/2026\/04\/IMG_6049_kl.jpg\"><img loading=\"lazy\" decoding=\"async\" width=\"1024\" height=\"768\" data-id=\"11085\" src=\"https:\/\/feuerwehr-markdorf.de\/feuerwehr\/wp-content\/uploads\/sites\/2\/2026\/04\/IMG_6049_kl-1024x768.jpg\" alt=\"\" class=\"wp-image-11085\" srcset=\"https:\/\/feuerwehr-markdorf.de\/feuerwehr\/wp-content\/uploads\/sites\/2\/2026\/04\/IMG_6049_kl-1024x768.jpg 1024w, https:\/\/feuerwehr-markdorf.de\/feuerwehr\/wp-content\/uploads\/sites\/2\/2026\/04\/IMG_6049_kl-300x225.jpg 300w, https:\/\/feuerwehr-markdorf.de\/feuerwehr\/wp-content\/uploads\/sites\/2\/2026\/04\/IMG_6049_kl-768x576.jpg 768w, https:\/\/feuerwehr-markdorf.de\/feuerwehr\/wp-content\/uploads\/sites\/2\/2026\/04\/IMG_6049_kl.jpg 1323w\" sizes=\"auto, (max-width: 1024px) 100vw, 1024px\" \/><\/a><\/figure>\n\n\n\n<figure class=\"wp-block-image size-large\"><a href=\"https:\/\/feuerwehr-markdorf.de\/feuerwehr\/wp-content\/uploads\/sites\/2\/2026\/04\/IMG_6061_kl.jpg\"><img loading=\"lazy\" decoding=\"async\" width=\"1024\" height=\"768\" data-id=\"11086\" src=\"https:\/\/feuerwehr-markdorf.de\/feuerwehr\/wp-content\/uploads\/sites\/2\/2026\/04\/IMG_6061_kl-1024x768.jpg\" alt=\"\" class=\"wp-image-11086\" srcset=\"https:\/\/feuerwehr-markdorf.de\/feuerwehr\/wp-content\/uploads\/sites\/2\/2026\/04\/IMG_6061_kl-1024x768.jpg 1024w, https:\/\/feuerwehr-markdorf.de\/feuerwehr\/wp-content\/uploads\/sites\/2\/2026\/04\/IMG_6061_kl-300x225.jpg 300w, https:\/\/feuerwehr-markdorf.de\/feuerwehr\/wp-content\/uploads\/sites\/2\/2026\/04\/IMG_6061_kl-768x576.jpg 768w, https:\/\/feuerwehr-markdorf.de\/feuerwehr\/wp-content\/uploads\/sites\/2\/2026\/04\/IMG_6061_kl.jpg 1323w\" sizes=\"auto, (max-width: 1024px) 100vw, 1024px\" \/><\/a><\/figure>\n\n\n\n<figure class=\"wp-block-image size-large\"><a href=\"https:\/\/feuerwehr-markdorf.de\/feuerwehr\/wp-content\/uploads\/sites\/2\/2026\/04\/IMG_6068_kl.jpg\"><img loading=\"lazy\" decoding=\"async\" width=\"1024\" height=\"768\" data-id=\"11087\" src=\"https:\/\/feuerwehr-markdorf.de\/feuerwehr\/wp-content\/uploads\/sites\/2\/2026\/04\/IMG_6068_kl-1024x768.jpg\" alt=\"\" class=\"wp-image-11087\" srcset=\"https:\/\/feuerwehr-markdorf.de\/feuerwehr\/wp-content\/uploads\/sites\/2\/2026\/04\/IMG_6068_kl-1024x768.jpg 1024w, https:\/\/feuerwehr-markdorf.de\/feuerwehr\/wp-content\/uploads\/sites\/2\/2026\/04\/IMG_6068_kl-300x225.jpg 300w, https:\/\/feuerwehr-markdorf.de\/feuerwehr\/wp-content\/uploads\/sites\/2\/2026\/04\/IMG_6068_kl-768x576.jpg 768w, https:\/\/feuerwehr-markdorf.de\/feuerwehr\/wp-content\/uploads\/sites\/2\/2026\/04\/IMG_6068_kl.jpg 1323w\" sizes=\"auto, (max-width: 1024px) 100vw, 1024px\" \/><\/a><\/figure>\n\n\n\n<figure class=\"wp-block-image size-large\"><a href=\"https:\/\/feuerwehr-markdorf.de\/feuerwehr\/wp-content\/uploads\/sites\/2\/2026\/04\/IMG_6076_kl.jpg\"><img loading=\"lazy\" decoding=\"async\" width=\"1024\" height=\"768\" data-id=\"11088\" src=\"https:\/\/feuerwehr-markdorf.de\/feuerwehr\/wp-content\/uploads\/sites\/2\/2026\/04\/IMG_6076_kl-1024x768.jpg\" alt=\"\" class=\"wp-image-11088\" srcset=\"https:\/\/feuerwehr-markdorf.de\/feuerwehr\/wp-content\/uploads\/sites\/2\/2026\/04\/IMG_6076_kl-1024x768.jpg 1024w, https:\/\/feuerwehr-markdorf.de\/feuerwehr\/wp-content\/uploads\/sites\/2\/2026\/04\/IMG_6076_kl-300x225.jpg 300w, https:\/\/feuerwehr-markdorf.de\/feuerwehr\/wp-content\/uploads\/sites\/2\/2026\/04\/IMG_6076_kl-768x576.jpg 768w, https:\/\/feuerwehr-markdorf.de\/feuerwehr\/wp-content\/uploads\/sites\/2\/2026\/04\/IMG_6076_kl.jpg 1323w\" sizes=\"auto, (max-width: 1024px) 100vw, 1024px\" \/><\/a><\/figure>\n<\/figure>\n","protected":false},"author":6,"featured_media":11087,"template":"","meta":{"advgb_blocks_editor_width":"","advgb_blocks_columns_visual_guide":"","ocean_post_layout":"","ocean_both_sidebars_style":"","ocean_both_sidebars_content_width":0,"ocean_both_sidebars_sidebars_width":0,"ocean_sidebar":"","ocean_second_sidebar":"","ocean_disable_margins":"enable","ocean_add_body_class":"","ocean_shortcode_before_top_bar":"","ocean_shortcode_after_top_bar":"","ocean_shortcode_before_header":"","ocean_shortcode_after_header":"","ocean_has_shortcode":"","ocean_shortcode_after_title":"","ocean_shortcode_before_footer_widgets":"","ocean_shortcode_after_footer_widgets":"","ocean_shortcode_before_footer_bottom":"","ocean_shortcode_after_footer_bottom":"","ocean_display_top_bar":"default","ocean_display_header":"default","ocean_header_style":"","ocean_center_header_left_menu":"","ocean_custom_header_template":"","ocean_custom_logo":0,"ocean_custom_retina_logo":0,"ocean_custom_logo_max_width":0,"ocean_custom_logo_tablet_max_width":0,"ocean_custom_logo_mobile_max_width":0,"ocean_custom_logo_max_height":0,"ocean_custom_logo_tablet_max_height":0,"ocean_custom_logo_mobile_max_height":0,"ocean_header_custom_menu":"","ocean_menu_typo_font_family":"","ocean_menu_typo_font_subset":"","ocean_menu_typo_font_size":0,"ocean_menu_typo_font_size_tablet":0,"ocean_menu_typo_font_size_mobile":0,"ocean_menu_typo_font_size_unit":"px","ocean_menu_typo_font_weight":"","ocean_menu_typo_font_weight_tablet":"","ocean_menu_typo_font_weight_mobile":"","ocean_menu_typo_transform":"","ocean_menu_typo_transform_tablet":"","ocean_menu_typo_transform_mobile":"","ocean_menu_typo_line_height":0,"ocean_menu_typo_line_height_tablet":0,"ocean_menu_typo_line_height_mobile":0,"ocean_menu_typo_line_height_unit":"","ocean_menu_typo_spacing":0,"ocean_menu_typo_spacing_tablet":0,"ocean_menu_typo_spacing_mobile":0,"ocean_menu_typo_spacing_unit":"","ocean_menu_link_color":"","ocean_menu_link_color_hover":"","ocean_menu_link_color_active":"","ocean_menu_link_background":"","ocean_menu_link_hover_background":"","ocean_menu_link_active_background":"","ocean_menu_social_links_bg":"","ocean_menu_social_hover_links_bg":"","ocean_menu_social_links_color":"","ocean_menu_social_hover_links_color":"","ocean_disable_title":"default","ocean_disable_heading":"default","ocean_post_title":"","ocean_post_subheading":"","ocean_post_title_style":"","ocean_post_title_background_color":"","ocean_post_title_background":0,"ocean_post_title_bg_image_position":"","ocean_post_title_bg_image_attachment":"","ocean_post_title_bg_image_repeat":"","ocean_post_title_bg_image_size":"","ocean_post_title_height":0,"ocean_post_title_bg_overlay":0.5,"ocean_post_title_bg_overlay_color":"","ocean_disable_breadcrumbs":"default","ocean_breadcrumbs_color":"","ocean_breadcrumbs_separator_color":"","ocean_breadcrumbs_links_color":"","ocean_breadcrumbs_links_hover_color":"","ocean_display_footer_widgets":"default","ocean_display_footer_bottom":"default","ocean_custom_footer_template":"","einsatz_weight":1,"footnotes":""},"categories":[59],"tags":[39,41],"einsatzart":[9],"fahrzeug":[8,21,51,34,22,35],"exteinsatzmittel":[308,43,46,307,44],"alarmierungsart":[12],"evw_unit":[194],"class_list":["post-11080","einsatz","type-einsatz","status-publish","has-post-thumbnail","hentry","category-einsatz","tag-brand","tag-feuer","einsatzart-brand","fahrzeug-dlk2312","fahrzeug-elw","fahrzeug-gw-tk","fahrzeug-hlf_20","fahrzeug-kdow","fahrzeug-lf1612_cafs","exteinsatzmittel-drk-egb-markdorf","exteinsatzmittel-drk-rd","exteinsatzmittel-kbm","exteinsatzmittel-notdienst-stromversorger","exteinsatzmittel-polizei","alarmierungsart-funkmelder","evw_unit-ff-markdorf-abteilung-stadt","entry","has-media"],"yoast_head":"<!-- This site is optimized with the Yoast SEO plugin v22.8 - https:\/\/yoast.com\/wordpress\/plugins\/seo\/ -->\n<title>B3Y - Verrauchte Wohnung durch Kellerbrand<\/title>\n<meta name=\"description\" content=\"Am Donnerstagmorgen wurden die ehrenamtlichen Einsatzkr\u00e4fte der Abteilung Markdorf-Stadt zu einem Brandeinsatz in der Jahnstra\u00dfe alarmiert. Ein Anrufer\" \/>\n<meta name=\"robots\" content=\"noindex, follow\" \/>\n<meta property=\"og:locale\" content=\"de_DE\" \/>\n<meta property=\"og:type\" content=\"article\" \/>\n<meta property=\"og:title\" content=\"B3Y - Verrauchte Wohnung durch Kellerbrand\" \/>\n<meta property=\"og:description\" content=\"Am Donnerstagmorgen wurden die ehrenamtlichen Einsatzkr\u00e4fte der Abteilung Markdorf-Stadt zu einem Brandeinsatz in der Jahnstra\u00dfe alarmiert. Ein Anrufer\" \/>\n<meta property=\"og:url\" content=\"https:\/\/feuerwehr-markdorf.de\/feuerwehr\/einsaetze\/b3y-verrauchte-wohnung-durch-kellerbrand\/\" \/>\n<meta property=\"og:site_name\" content=\"Freiwillige Feuerwehr Markdorf\" \/>\n<meta property=\"article:publisher\" content=\"https:\/\/www.facebook.com\/feuerwehrmarkdorf\/\" \/>\n<meta property=\"article:modified_time\" content=\"2026-04-30T09:28:48+00:00\" \/>\n<meta property=\"og:image\" content=\"https:\/\/feuerwehr-markdorf.de\/feuerwehr\/wp-content\/uploads\/sites\/2\/2026\/04\/IMG_6068_kl.jpg\" \/>\n\t<meta property=\"og:image:width\" content=\"1323\" \/>\n\t<meta property=\"og:image:height\" content=\"992\" \/>\n\t<meta property=\"og:image:type\" content=\"image\/jpeg\" \/>\n<meta name=\"twitter:card\" content=\"summary_large_image\" \/>\n<meta name=\"twitter:label1\" content=\"Gesch\u00e4tzte Lesezeit\" \/>\n\t<meta name=\"twitter:data1\" content=\"3\u00a0Minuten\" \/>\n<script type=\"application\/ld+json\" class=\"yoast-schema-graph\">{\"@context\":\"https:\/\/schema.org\",\"@graph\":[{\"@type\":[\"Article\",\"Report\"],\"@id\":\"https:\/\/feuerwehr-markdorf.de\/feuerwehr\/einsaetze\/b3y-verrauchte-wohnung-durch-kellerbrand\/#article\",\"isPartOf\":{\"@id\":\"https:\/\/feuerwehr-markdorf.de\/feuerwehr\/einsaetze\/b3y-verrauchte-wohnung-durch-kellerbrand\/\"},\"author\":{\"name\":\"mscheerer\",\"@id\":\"https:\/\/feuerwehr-markdorf.de\/feuerwehr\/#\/schema\/person\/332479352d6e81750d9ab7ac3745262c\"},\"headline\":\"B3Y &#8211; Verrauchte Wohnung durch Kellerbrand\",\"datePublished\":\"2026-04-30T04:24:00+00:00\",\"dateModified\":\"2026-04-30T09:28:48+00:00\",\"mainEntityOfPage\":{\"@id\":\"https:\/\/feuerwehr-markdorf.de\/feuerwehr\/einsaetze\/b3y-verrauchte-wohnung-durch-kellerbrand\/\"},\"wordCount\":203,\"publisher\":{\"@id\":\"https:\/\/feuerwehr-markdorf.de\/feuerwehr\/#organization\"},\"image\":{\"@id\":\"https:\/\/feuerwehr-markdorf.de\/feuerwehr\/einsaetze\/b3y-verrauchte-wohnung-durch-kellerbrand\/#primaryimage\"},\"thumbnailUrl\":\"https:\/\/feuerwehr-markdorf.de\/feuerwehr\/wp-content\/uploads\/sites\/2\/2026\/04\/IMG_6068_kl.jpg\",\"keywords\":[\"Brand\",\"Feuer\"],\"articleSection\":[\"Einsatz\"],\"inLanguage\":\"de\"},{\"@type\":\"WebPage\",\"@id\":\"https:\/\/feuerwehr-markdorf.de\/feuerwehr\/einsaetze\/b3y-verrauchte-wohnung-durch-kellerbrand\/\",\"url\":\"https:\/\/feuerwehr-markdorf.de\/feuerwehr\/einsaetze\/b3y-verrauchte-wohnung-durch-kellerbrand\/\",\"name\":\"B3Y - Verrauchte Wohnung durch Kellerbrand\",\"isPartOf\":{\"@id\":\"https:\/\/feuerwehr-markdorf.de\/feuerwehr\/#website\"},\"primaryImageOfPage\":{\"@id\":\"https:\/\/feuerwehr-markdorf.de\/feuerwehr\/einsaetze\/b3y-verrauchte-wohnung-durch-kellerbrand\/#primaryimage\"},\"image\":{\"@id\":\"https:\/\/feuerwehr-markdorf.de\/feuerwehr\/einsaetze\/b3y-verrauchte-wohnung-durch-kellerbrand\/#primaryimage\"},\"thumbnailUrl\":\"https:\/\/feuerwehr-markdorf.de\/feuerwehr\/wp-content\/uploads\/sites\/2\/2026\/04\/IMG_6068_kl.jpg\",\"datePublished\":\"2026-04-30T04:24:00+00:00\",\"dateModified\":\"2026-04-30T09:28:48+00:00\",\"description\":\"Am Donnerstagmorgen wurden die ehrenamtlichen Einsatzkr\u00e4fte der Abteilung Markdorf-Stadt zu einem Brandeinsatz in der Jahnstra\u00dfe alarmiert. Ein Anrufer\",\"breadcrumb\":{\"@id\":\"https:\/\/feuerwehr-markdorf.de\/feuerwehr\/einsaetze\/b3y-verrauchte-wohnung-durch-kellerbrand\/#breadcrumb\"},\"inLanguage\":\"de\",\"potentialAction\":[{\"@type\":\"ReadAction\",\"target\":[\"https:\/\/feuerwehr-markdorf.de\/feuerwehr\/einsaetze\/b3y-verrauchte-wohnung-durch-kellerbrand\/\"]}]},{\"@type\":\"ImageObject\",\"inLanguage\":\"de\",\"@id\":\"https:\/\/feuerwehr-markdorf.de\/feuerwehr\/einsaetze\/b3y-verrauchte-wohnung-durch-kellerbrand\/#primaryimage\",\"url\":\"https:\/\/feuerwehr-markdorf.de\/feuerwehr\/wp-content\/uploads\/sites\/2\/2026\/04\/IMG_6068_kl.jpg\",\"contentUrl\":\"https:\/\/feuerwehr-markdorf.de\/feuerwehr\/wp-content\/uploads\/sites\/2\/2026\/04\/IMG_6068_kl.jpg\",\"width\":1323,\"height\":992},{\"@type\":\"BreadcrumbList\",\"@id\":\"https:\/\/feuerwehr-markdorf.de\/feuerwehr\/einsaetze\/b3y-verrauchte-wohnung-durch-kellerbrand\/#breadcrumb\",\"itemListElement\":[{\"@type\":\"ListItem\",\"position\":1,\"name\":\"Startseite\",\"item\":\"https:\/\/feuerwehr-markdorf.de\/feuerwehr\/\"},{\"@type\":\"ListItem\",\"position\":2,\"name\":\"Einsatzberichte\",\"item\":\"https:\/\/feuerwehr-markdorf.de\/feuerwehr\/einsaetze\/\"},{\"@type\":\"ListItem\",\"position\":3,\"name\":\"B3Y &#8211; Verrauchte Wohnung durch Kellerbrand\"}]},{\"@type\":\"WebSite\",\"@id\":\"https:\/\/feuerwehr-markdorf.de\/feuerwehr\/#website\",\"url\":\"https:\/\/feuerwehr-markdorf.de\/feuerwehr\/\",\"name\":\"Freiwillige Feuerwehr Markdorf\",\"description\":\"\",\"publisher\":{\"@id\":\"https:\/\/feuerwehr-markdorf.de\/feuerwehr\/#organization\"},\"potentialAction\":[{\"@type\":\"SearchAction\",\"target\":{\"@type\":\"EntryPoint\",\"urlTemplate\":\"https:\/\/feuerwehr-markdorf.de\/feuerwehr\/?s={search_term_string}\"},\"query-input\":\"required name=search_term_string\"}],\"inLanguage\":\"de\"},{\"@type\":\"Organization\",\"@id\":\"https:\/\/feuerwehr-markdorf.de\/feuerwehr\/#organization\",\"name\":\"Freiwillige Feuerwehr Markdorf\",\"url\":\"https:\/\/feuerwehr-markdorf.de\/feuerwehr\/\",\"logo\":{\"@type\":\"ImageObject\",\"inLanguage\":\"de\",\"@id\":\"https:\/\/feuerwehr-markdorf.de\/feuerwehr\/#\/schema\/logo\/image\/\",\"url\":\"https:\/\/feuerwehr-markdorf.de\/feuerwehr\/wp-content\/uploads\/sites\/2\/2020\/01\/FFM-red-ohne-Abteilung_klein.png\",\"contentUrl\":\"https:\/\/feuerwehr-markdorf.de\/feuerwehr\/wp-content\/uploads\/sites\/2\/2020\/01\/FFM-red-ohne-Abteilung_klein.png\",\"width\":397,\"height\":170,\"caption\":\"Freiwillige Feuerwehr Markdorf\"},\"image\":{\"@id\":\"https:\/\/feuerwehr-markdorf.de\/feuerwehr\/#\/schema\/logo\/image\/\"},\"sameAs\":[\"https:\/\/www.facebook.com\/feuerwehrmarkdorf\/\"]},{\"@type\":\"Person\",\"@id\":\"https:\/\/feuerwehr-markdorf.de\/feuerwehr\/#\/schema\/person\/332479352d6e81750d9ab7ac3745262c\",\"name\":\"mscheerer\",\"image\":{\"@type\":\"ImageObject\",\"inLanguage\":\"de\",\"@id\":\"https:\/\/feuerwehr-markdorf.de\/feuerwehr\/#\/schema\/person\/image\/\",\"url\":\"https:\/\/secure.gravatar.com\/avatar\/c05798694e4a2d8a49e8c991a61e829ed7435b3699df1a726e5dbcd1f8e972b0?s=96&d=mm&r=g\",\"contentUrl\":\"https:\/\/secure.gravatar.com\/avatar\/c05798694e4a2d8a49e8c991a61e829ed7435b3699df1a726e5dbcd1f8e972b0?s=96&d=mm&r=g\",\"caption\":\"mscheerer\"},\"url\":\"https:\/\/feuerwehr-markdorf.de\/feuerwehr\/author\/mscheerer\/\"}]}<\/script>\n<!-- \/ Yoast SEO plugin. -->","yoast_head_json":{"title":"B3Y - Verrauchte Wohnung durch Kellerbrand","description":"Am Donnerstagmorgen wurden die ehrenamtlichen Einsatzkr\u00e4fte der Abteilung Markdorf-Stadt zu einem Brandeinsatz in der Jahnstra\u00dfe alarmiert. Ein Anrufer","robots":{"index":"noindex","follow":"follow"},"og_locale":"de_DE","og_type":"article","og_title":"B3Y - Verrauchte Wohnung durch Kellerbrand","og_description":"Am Donnerstagmorgen wurden die ehrenamtlichen Einsatzkr\u00e4fte der Abteilung Markdorf-Stadt zu einem Brandeinsatz in der Jahnstra\u00dfe alarmiert. Ein Anrufer","og_url":"https:\/\/feuerwehr-markdorf.de\/feuerwehr\/einsaetze\/b3y-verrauchte-wohnung-durch-kellerbrand\/","og_site_name":"Freiwillige Feuerwehr Markdorf","article_publisher":"https:\/\/www.facebook.com\/feuerwehrmarkdorf\/","article_modified_time":"2026-04-30T09:28:48+00:00","og_image":[{"width":1323,"height":992,"url":"https:\/\/feuerwehr-markdorf.de\/feuerwehr\/wp-content\/uploads\/sites\/2\/2026\/04\/IMG_6068_kl.jpg","type":"image\/jpeg"}],"twitter_card":"summary_large_image","twitter_misc":{"Gesch\u00e4tzte Lesezeit":"3\u00a0Minuten"},"schema":{"@context":"https:\/\/schema.org","@graph":[{"@type":["Article","Report"],"@id":"https:\/\/feuerwehr-markdorf.de\/feuerwehr\/einsaetze\/b3y-verrauchte-wohnung-durch-kellerbrand\/#article","isPartOf":{"@id":"https:\/\/feuerwehr-markdorf.de\/feuerwehr\/einsaetze\/b3y-verrauchte-wohnung-durch-kellerbrand\/"},"author":{"name":"mscheerer","@id":"https:\/\/feuerwehr-markdorf.de\/feuerwehr\/#\/schema\/person\/332479352d6e81750d9ab7ac3745262c"},"headline":"B3Y &#8211; Verrauchte Wohnung durch Kellerbrand","datePublished":"2026-04-30T04:24:00+00:00","dateModified":"2026-04-30T09:28:48+00:00","mainEntityOfPage":{"@id":"https:\/\/feuerwehr-markdorf.de\/feuerwehr\/einsaetze\/b3y-verrauchte-wohnung-durch-kellerbrand\/"},"wordCount":203,"publisher":{"@id":"https:\/\/feuerwehr-markdorf.de\/feuerwehr\/#organization"},"image":{"@id":"https:\/\/feuerwehr-markdorf.de\/feuerwehr\/einsaetze\/b3y-verrauchte-wohnung-durch-kellerbrand\/#primaryimage"},"thumbnailUrl":"https:\/\/feuerwehr-markdorf.de\/feuerwehr\/wp-content\/uploads\/sites\/2\/2026\/04\/IMG_6068_kl.jpg","keywords":["Brand","Feuer"],"articleSection":["Einsatz"],"inLanguage":"de"},{"@type":"WebPage","@id":"https:\/\/feuerwehr-markdorf.de\/feuerwehr\/einsaetze\/b3y-verrauchte-wohnung-durch-kellerbrand\/","url":"https:\/\/feuerwehr-markdorf.de\/feuerwehr\/einsaetze\/b3y-verrauchte-wohnung-durch-kellerbrand\/","name":"B3Y - Verrauchte Wohnung durch Kellerbrand","isPartOf":{"@id":"https:\/\/feuerwehr-markdorf.de\/feuerwehr\/#website"},"primaryImageOfPage":{"@id":"https:\/\/feuerwehr-markdorf.de\/feuerwehr\/einsaetze\/b3y-verrauchte-wohnung-durch-kellerbrand\/#primaryimage"},"image":{"@id":"https:\/\/feuerwehr-markdorf.de\/feuerwehr\/einsaetze\/b3y-verrauchte-wohnung-durch-kellerbrand\/#primaryimage"},"thumbnailUrl":"https:\/\/feuerwehr-markdorf.de\/feuerwehr\/wp-content\/uploads\/sites\/2\/2026\/04\/IMG_6068_kl.jpg","datePublished":"2026-04-30T04:24:00+00:00","dateModified":"2026-04-30T09:28:48+00:00","description":"Am Donnerstagmorgen wurden die ehrenamtlichen Einsatzkr\u00e4fte der Abteilung Markdorf-Stadt zu einem Brandeinsatz in der Jahnstra\u00dfe alarmiert. Ein Anrufer","breadcrumb":{"@id":"https:\/\/feuerwehr-markdorf.de\/feuerwehr\/einsaetze\/b3y-verrauchte-wohnung-durch-kellerbrand\/#breadcrumb"},"inLanguage":"de","potentialAction":[{"@type":"ReadAction","target":["https:\/\/feuerwehr-markdorf.de\/feuerwehr\/einsaetze\/b3y-verrauchte-wohnung-durch-kellerbrand\/"]}]},{"@type":"ImageObject","inLanguage":"de","@id":"https:\/\/feuerwehr-markdorf.de\/feuerwehr\/einsaetze\/b3y-verrauchte-wohnung-durch-kellerbrand\/#primaryimage","url":"https:\/\/feuerwehr-markdorf.de\/feuerwehr\/wp-content\/uploads\/sites\/2\/2026\/04\/IMG_6068_kl.jpg","contentUrl":"https:\/\/feuerwehr-markdorf.de\/feuerwehr\/wp-content\/uploads\/sites\/2\/2026\/04\/IMG_6068_kl.jpg","width":1323,"height":992},{"@type":"BreadcrumbList","@id":"https:\/\/feuerwehr-markdorf.de\/feuerwehr\/einsaetze\/b3y-verrauchte-wohnung-durch-kellerbrand\/#breadcrumb","itemListElement":[{"@type":"ListItem","position":1,"name":"Startseite","item":"https:\/\/feuerwehr-markdorf.de\/feuerwehr\/"},{"@type":"ListItem","position":2,"name":"Einsatzberichte","item":"https:\/\/feuerwehr-markdorf.de\/feuerwehr\/einsaetze\/"},{"@type":"ListItem","position":3,"name":"B3Y &#8211; Verrauchte Wohnung durch Kellerbrand"}]},{"@type":"WebSite","@id":"https:\/\/feuerwehr-markdorf.de\/feuerwehr\/#website","url":"https:\/\/feuerwehr-markdorf.de\/feuerwehr\/","name":"Freiwillige Feuerwehr Markdorf","description":"","publisher":{"@id":"https:\/\/feuerwehr-markdorf.de\/feuerwehr\/#organization"},"potentialAction":[{"@type":"SearchAction","target":{"@type":"EntryPoint","urlTemplate":"https:\/\/feuerwehr-markdorf.de\/feuerwehr\/?s={search_term_string}"},"query-input":"required name=search_term_string"}],"inLanguage":"de"},{"@type":"Organization","@id":"https:\/\/feuerwehr-markdorf.de\/feuerwehr\/#organization","name":"Freiwillige Feuerwehr Markdorf","url":"https:\/\/feuerwehr-markdorf.de\/feuerwehr\/","logo":{"@type":"ImageObject","inLanguage":"de","@id":"https:\/\/feuerwehr-markdorf.de\/feuerwehr\/#\/schema\/logo\/image\/","url":"https:\/\/feuerwehr-markdorf.de\/feuerwehr\/wp-content\/uploads\/sites\/2\/2020\/01\/FFM-red-ohne-Abteilung_klein.png","contentUrl":"https:\/\/feuerwehr-markdorf.de\/feuerwehr\/wp-content\/uploads\/sites\/2\/2020\/01\/FFM-red-ohne-Abteilung_klein.png","width":397,"height":170,"caption":"Freiwillige Feuerwehr Markdorf"},"image":{"@id":"https:\/\/feuerwehr-markdorf.de\/feuerwehr\/#\/schema\/logo\/image\/"},"sameAs":["https:\/\/www.facebook.com\/feuerwehrmarkdorf\/"]},{"@type":"Person","@id":"https:\/\/feuerwehr-markdorf.de\/feuerwehr\/#\/schema\/person\/332479352d6e81750d9ab7ac3745262c","name":"mscheerer","image":{"@type":"ImageObject","inLanguage":"de","@id":"https:\/\/feuerwehr-markdorf.de\/feuerwehr\/#\/schema\/person\/image\/","url":"https:\/\/secure.gravatar.com\/avatar\/c05798694e4a2d8a49e8c991a61e829ed7435b3699df1a726e5dbcd1f8e972b0?s=96&d=mm&r=g","contentUrl":"https:\/\/secure.gravatar.com\/avatar\/c05798694e4a2d8a49e8c991a61e829ed7435b3699df1a726e5dbcd1f8e972b0?s=96&d=mm&r=g","caption":"mscheerer"},"url":"https:\/\/feuerwehr-markdorf.de\/feuerwehr\/author\/mscheerer\/"}]}},"featured_img":"https:\/\/feuerwehr-markdorf.de\/feuerwehr\/wp-content\/uploads\/sites\/2\/2026\/04\/IMG_6068_kl.jpg","coauthors":[],"author_meta":{"author_link":"https:\/\/feuerwehr-markdorf.de\/feuerwehr\/author\/mscheerer\/","display_name":"mscheerer"},"relative_dates":{"created":"Posted 18\u00a0Stunden ago","modified":"Updated 13\u00a0Stunden ago"},"absolute_dates":{"created":"Posted on 30. April 2026","modified":"Updated on 30. April 2026"},"absolute_dates_time":{"created":"Posted on 30. April 2026 6:24","modified":"Updated on 30. April 2026 11:28"},"featured_img_caption":"","tax_additional":{"category":{"linked":["<a href=\"https:\/\/feuerwehr-markdorf.de\/feuerwehr\/category\/einsatz\/\" class=\"advgb-post-tax-term\">Einsatz<\/a>"],"unlinked":["<span class=\"advgb-post-tax-term\">Einsatz<\/span>"],"slug":"category","name":"Kategorien"},"post_tag":{"linked":["<a href=\"https:\/\/feuerwehr-markdorf.de\/feuerwehr\/tag\/brand\/\" class=\"advgb-post-tax-term\">Brand<\/a>","<a href=\"https:\/\/feuerwehr-markdorf.de\/feuerwehr\/tag\/feuer\/\" class=\"advgb-post-tax-term\">Feuer<\/a>"],"unlinked":["<span class=\"advgb-post-tax-term\">Brand<\/span>","<span class=\"advgb-post-tax-term\">Feuer<\/span>"],"slug":"post_tag","name":"Schlagw\u00f6rter"},"einsatzart":{"linked":["<a href=\"https:\/\/feuerwehr-markdorf.de\/feuerwehr\/einsatzart\/brand\/\" class=\"advgb-post-tax-term\">Brandeinsatz<\/a>"],"unlinked":["<span class=\"advgb-post-tax-term\">Brandeinsatz<\/span>"],"slug":"einsatzart","name":"Einsatzarten"},"fahrzeug":{"linked":["<a href=\"https:\/\/feuerwehr-markdorf.de\/feuerwehr\/fahrzeug\/dlk2312\/\" class=\"advgb-post-tax-term\">DL(A)K 23\/12<\/a>","<a href=\"https:\/\/feuerwehr-markdorf.de\/feuerwehr\/fahrzeug\/elw\/\" class=\"advgb-post-tax-term\">ELW<\/a>","<a href=\"https:\/\/feuerwehr-markdorf.de\/feuerwehr\/fahrzeug\/gw-tk\/\" class=\"advgb-post-tax-term\">GW-T (klein)<\/a>","<a href=\"https:\/\/feuerwehr-markdorf.de\/feuerwehr\/fahrzeug\/hlf_20\/\" class=\"advgb-post-tax-term\">HLF 20<\/a>","<a href=\"https:\/\/feuerwehr-markdorf.de\/feuerwehr\/fahrzeug\/kdow\/\" class=\"advgb-post-tax-term\">KdoW<\/a>","<a href=\"https:\/\/feuerwehr-markdorf.de\/feuerwehr\/fahrzeug\/lf1612_cafs\/\" class=\"advgb-post-tax-term\">LF 16\/12 CAFS<\/a>"],"unlinked":["<span class=\"advgb-post-tax-term\">DL(A)K 23\/12<\/span>","<span class=\"advgb-post-tax-term\">ELW<\/span>","<span class=\"advgb-post-tax-term\">GW-T (klein)<\/span>","<span class=\"advgb-post-tax-term\">HLF 20<\/span>","<span class=\"advgb-post-tax-term\">KdoW<\/span>","<span class=\"advgb-post-tax-term\">LF 16\/12 CAFS<\/span>"],"slug":"fahrzeug","name":"Fahrzeuge"},"exteinsatzmittel":{"linked":["<a href=\"https:\/\/feuerwehr-markdorf.de\/feuerwehr\/externe-einsatzmittel\/drk-egb-markdorf\/\" class=\"advgb-post-tax-term\">DRK EgB Markdorf<\/a>","<a href=\"https:\/\/feuerwehr-markdorf.de\/feuerwehr\/externe-einsatzmittel\/drk-rd\/\" class=\"advgb-post-tax-term\">DRK Rettungsdienst<\/a>","<a href=\"https:\/\/feuerwehr-markdorf.de\/feuerwehr\/externe-einsatzmittel\/kbm\/\" class=\"advgb-post-tax-term\">Kreisbrandmeister<\/a>","<a href=\"https:\/\/feuerwehr-markdorf.de\/feuerwehr\/externe-einsatzmittel\/notdienst-stromversorger\/\" class=\"advgb-post-tax-term\">Notdienst Stromversorger<\/a>","<a href=\"https:\/\/feuerwehr-markdorf.de\/feuerwehr\/externe-einsatzmittel\/polizei\/\" class=\"advgb-post-tax-term\">Polizei<\/a>"],"unlinked":["<span class=\"advgb-post-tax-term\">DRK EgB Markdorf<\/span>","<span class=\"advgb-post-tax-term\">DRK Rettungsdienst<\/span>","<span class=\"advgb-post-tax-term\">Kreisbrandmeister<\/span>","<span class=\"advgb-post-tax-term\">Notdienst Stromversorger<\/span>","<span class=\"advgb-post-tax-term\">Polizei<\/span>"],"slug":"exteinsatzmittel","name":"Externe Einsatzmittel"},"alarmierungsart":{"linked":["<a href=\"https:\/\/feuerwehr-markdorf.de\/feuerwehr\/alarmierungsart\/funkmelder\/\" class=\"advgb-post-tax-term\">Funkmeldeempf\u00e4nger<\/a>"],"unlinked":["<span class=\"advgb-post-tax-term\">Funkmeldeempf\u00e4nger<\/span>"],"slug":"alarmierungsart","name":"Alarmierungsarten"},"evw_unit":{"linked":["<a href=\"https:\/\/feuerwehr-markdorf.de\/feuerwehr\/evw_unit\/ff-markdorf-abteilung-stadt\/\" class=\"advgb-post-tax-term\">FF Markdorf - Abteilung Markdorf-Stadt<\/a>"],"unlinked":["<span class=\"advgb-post-tax-term\">FF Markdorf - Abteilung Markdorf-Stadt<\/span>"],"slug":"evw_unit","name":"Einheiten"}},"series_order":"","_links":{"self":[{"href":"https:\/\/feuerwehr-markdorf.de\/feuerwehr\/wp-json\/wp\/v2\/einsatz\/11080","targetHints":{"allow":["GET"]}}],"collection":[{"href":"https:\/\/feuerwehr-markdorf.de\/feuerwehr\/wp-json\/wp\/v2\/einsatz"}],"about":[{"href":"https:\/\/feuerwehr-markdorf.de\/feuerwehr\/wp-json\/wp\/v2\/types\/einsatz"}],"author":[{"embeddable":true,"href":"https:\/\/feuerwehr-markdorf.de\/feuerwehr\/wp-json\/wp\/v2\/users\/6"}],"version-history":[{"count":1,"href":"https:\/\/feuerwehr-markdorf.de\/feuerwehr\/wp-json\/wp\/v2\/einsatz\/11080\/revisions"}],"predecessor-version":[{"id":11089,"href":"https:\/\/feuerwehr-markdorf.de\/feuerwehr\/wp-json\/wp\/v2\/einsatz\/11080\/revisions\/11089"}],"wp:featuredmedia":[{"embeddable":true,"href":"https:\/\/feuerwehr-markdorf.de\/feuerwehr\/wp-json\/wp\/v2\/media\/11087"}],"wp:attachment":[{"href":"https:\/\/feuerwehr-markdorf.de\/feuerwehr\/wp-json\/wp\/v2\/media?parent=11080"}],"wp:term":[{"taxonomy":"category","embeddable":true,"href":"https:\/\/feuerwehr-markdorf.de\/feuerwehr\/wp-json\/wp\/v2\/categories?post=11080"},{"taxonomy":"post_tag","embeddable":true,"href":"https:\/\/feuerwehr-markdorf.de\/feuerwehr\/wp-json\/wp\/v2\/tags?post=11080"},{"taxonomy":"einsatzart","embeddable":true,"href":"https:\/\/feuerwehr-markdorf.de\/feuerwehr\/wp-json\/wp\/v2\/einsatzart?post=11080"},{"taxonomy":"fahrzeug","embeddable":true,"href":"https:\/\/feuerwehr-markdorf.de\/feuerwehr\/wp-json\/wp\/v2\/fahrzeug?post=11080"},{"taxonomy":"exteinsatzmittel","embeddable":true,"href":"https:\/\/feuerwehr-markdorf.de\/feuerwehr\/wp-json\/wp\/v2\/exteinsatzmittel?post=11080"},{"taxonomy":"alarmierungsart","embeddable":true,"href":"https:\/\/feuerwehr-markdorf.de\/feuerwehr\/wp-json\/wp\/v2\/alarmierungsart?post=11080"},{"taxonomy":"evw_unit","embeddable":true,"href":"https:\/\/feuerwehr-markdorf.de\/feuerwehr\/wp-json\/wp\/v2\/evw_unit?post=11080"}],"curies":[{"name":"wp","href":"https:\/\/api.w.org\/{rel}","templated":true}]}}