{"id":10879,"date":"2026-03-12T16:26:00","date_gmt":"2026-03-12T15:26:00","guid":{"rendered":"https:\/\/feuerwehr-markdorf.de\/feuerwehr\/?post_type=einsatz&#038;p=10879"},"modified":"2026-03-12T23:25:05","modified_gmt":"2026-03-12T22:25:05","slug":"h3y-vu-pkw-in-massiver-schraeglage","status":"publish","type":"einsatz","link":"https:\/\/feuerwehr-markdorf.de\/feuerwehr\/einsaetze\/h3y-vu-pkw-in-massiver-schraeglage\/","title":{"rendered":"H3Y VU &#8211; PKW in massiver Schr\u00e4glage"},"content":{"rendered":"\n<p>Am Donnerstagnachmittag wurde die Abteilung Markdorf-Stadt zu einem verungl\u00fcckten PKW in der Kreuzgasse alarmiert.<\/p>\n\n\n\n<p>Vor Ort best\u00e4tigte sich den eintreffenden Kraften das Meldebild, nachdem ein PKW mit einem Insassen sich in einer kleinen steilen Stichstra\u00dfe zur Kreuzgasse in massiver Schr\u00e4glage befinden solle und drohe umzukippen. <\/p>\n\n\n\n<p>Offenbar war der PKW-Lenker, aus der Feuerwehr unbekannter Ursache, beim Versuch r\u00fcckw\u00e4rts die steile Stra\u00dfe hinabzufahren auf die B\u00f6schung aufgefahren und hatte den Wagen so in gef\u00e4hrliche Schr\u00e4glage gebracht. Zwei Ersthelfer hielten den PKW fest.<\/p>\n\n\n\n<p>Wir sicherten den PKW erst mit Manpower, dann mit technischem Ger\u00e4t und befreiten den nicht eingeklemmten Fahrer, der mittlerweile auf den Beifahrersitz gerutscht war.<\/p>\n\n\n\n<p>Nach der Untersuchung durch Notarzt und Rettungsdienst stellte sich heraus, dass er wohl unverletzt gebieben war.<\/p>\n\n\n\n<p>Am Fahrzeug ist Schaden in uns unbekannter H\u00f6he entstanden.<\/p>\n\n\n\n<p>Einsatzkr\u00e4fte blieben vor Ort und unterst\u00fctzten sp\u00e4ter die Bergung des PKW durch ein Abschleppunternehmen.<\/p>\n\n\n\n<figure class=\"wp-block-gallery has-nested-images columns-default is-cropped wp-block-gallery-1 is-layout-flex wp-block-gallery-is-layout-flex\">\n<figure class=\"wp-block-image size-large\"><a href=\"https:\/\/feuerwehr-markdorf.de\/feuerwehr\/wp-content\/uploads\/sites\/2\/2026\/03\/IMG_1673_kl.jpg\"><img loading=\"lazy\" decoding=\"async\" width=\"1024\" height=\"768\" data-id=\"10880\" src=\"https:\/\/feuerwehr-markdorf.de\/feuerwehr\/wp-content\/uploads\/sites\/2\/2026\/03\/IMG_1673_kl-1024x768.jpg\" alt=\"\" class=\"wp-image-10880\" srcset=\"https:\/\/feuerwehr-markdorf.de\/feuerwehr\/wp-content\/uploads\/sites\/2\/2026\/03\/IMG_1673_kl-1024x768.jpg 1024w, https:\/\/feuerwehr-markdorf.de\/feuerwehr\/wp-content\/uploads\/sites\/2\/2026\/03\/IMG_1673_kl-300x225.jpg 300w, https:\/\/feuerwehr-markdorf.de\/feuerwehr\/wp-content\/uploads\/sites\/2\/2026\/03\/IMG_1673_kl-768x576.jpg 768w, https:\/\/feuerwehr-markdorf.de\/feuerwehr\/wp-content\/uploads\/sites\/2\/2026\/03\/IMG_1673_kl.jpg 1134w\" sizes=\"auto, (max-width: 1024px) 100vw, 1024px\" \/><\/a><\/figure>\n\n\n\n<figure class=\"wp-block-image size-large\"><a href=\"https:\/\/feuerwehr-markdorf.de\/feuerwehr\/wp-content\/uploads\/sites\/2\/2026\/03\/IMG_1677_kl.jpg\"><img loading=\"lazy\" decoding=\"async\" width=\"1024\" height=\"712\" data-id=\"10881\" src=\"https:\/\/feuerwehr-markdorf.de\/feuerwehr\/wp-content\/uploads\/sites\/2\/2026\/03\/IMG_1677_kl-1024x712.jpg\" alt=\"\" class=\"wp-image-10881\" srcset=\"https:\/\/feuerwehr-markdorf.de\/feuerwehr\/wp-content\/uploads\/sites\/2\/2026\/03\/IMG_1677_kl-1024x712.jpg 1024w, https:\/\/feuerwehr-markdorf.de\/feuerwehr\/wp-content\/uploads\/sites\/2\/2026\/03\/IMG_1677_kl-300x209.jpg 300w, https:\/\/feuerwehr-markdorf.de\/feuerwehr\/wp-content\/uploads\/sites\/2\/2026\/03\/IMG_1677_kl-768x534.jpg 768w, https:\/\/feuerwehr-markdorf.de\/feuerwehr\/wp-content\/uploads\/sites\/2\/2026\/03\/IMG_1677_kl.jpg 1223w\" sizes=\"auto, (max-width: 1024px) 100vw, 1024px\" \/><\/a><\/figure>\n\n\n\n<figure class=\"wp-block-image size-large\"><a href=\"https:\/\/feuerwehr-markdorf.de\/feuerwehr\/wp-content\/uploads\/sites\/2\/2026\/03\/IMG_1685_kl.jpg\"><img loading=\"lazy\" decoding=\"async\" width=\"1024\" height=\"768\" data-id=\"10882\" src=\"https:\/\/feuerwehr-markdorf.de\/feuerwehr\/wp-content\/uploads\/sites\/2\/2026\/03\/IMG_1685_kl-1024x768.jpg\" alt=\"\" class=\"wp-image-10882\" srcset=\"https:\/\/feuerwehr-markdorf.de\/feuerwehr\/wp-content\/uploads\/sites\/2\/2026\/03\/IMG_1685_kl-1024x768.jpg 1024w, https:\/\/feuerwehr-markdorf.de\/feuerwehr\/wp-content\/uploads\/sites\/2\/2026\/03\/IMG_1685_kl-300x225.jpg 300w, https:\/\/feuerwehr-markdorf.de\/feuerwehr\/wp-content\/uploads\/sites\/2\/2026\/03\/IMG_1685_kl-768x576.jpg 768w, https:\/\/feuerwehr-markdorf.de\/feuerwehr\/wp-content\/uploads\/sites\/2\/2026\/03\/IMG_1685_kl.jpg 1512w\" sizes=\"auto, (max-width: 1024px) 100vw, 1024px\" \/><\/a><\/figure>\n\n\n\n<figure class=\"wp-block-image size-large\"><a href=\"https:\/\/feuerwehr-markdorf.de\/feuerwehr\/wp-content\/uploads\/sites\/2\/2026\/03\/IMG_1697_kl.jpg\"><img loading=\"lazy\" decoding=\"async\" width=\"1024\" height=\"768\" data-id=\"10883\" src=\"https:\/\/feuerwehr-markdorf.de\/feuerwehr\/wp-content\/uploads\/sites\/2\/2026\/03\/IMG_1697_kl-1024x768.jpg\" alt=\"\" class=\"wp-image-10883\" srcset=\"https:\/\/feuerwehr-markdorf.de\/feuerwehr\/wp-content\/uploads\/sites\/2\/2026\/03\/IMG_1697_kl-1024x768.jpg 1024w, https:\/\/feuerwehr-markdorf.de\/feuerwehr\/wp-content\/uploads\/sites\/2\/2026\/03\/IMG_1697_kl-300x225.jpg 300w, https:\/\/feuerwehr-markdorf.de\/feuerwehr\/wp-content\/uploads\/sites\/2\/2026\/03\/IMG_1697_kl-768x576.jpg 768w, https:\/\/feuerwehr-markdorf.de\/feuerwehr\/wp-content\/uploads\/sites\/2\/2026\/03\/IMG_1697_kl.jpg 1134w\" sizes=\"auto, (max-width: 1024px) 100vw, 1024px\" \/><\/a><\/figure>\n\n\n\n<figure class=\"wp-block-image size-large\"><a href=\"https:\/\/feuerwehr-markdorf.de\/feuerwehr\/wp-content\/uploads\/sites\/2\/2026\/03\/IMG_1703_kl.jpg\"><img loading=\"lazy\" decoding=\"async\" width=\"1024\" height=\"768\" data-id=\"10884\" src=\"https:\/\/feuerwehr-markdorf.de\/feuerwehr\/wp-content\/uploads\/sites\/2\/2026\/03\/IMG_1703_kl-1024x768.jpg\" alt=\"\" class=\"wp-image-10884\" srcset=\"https:\/\/feuerwehr-markdorf.de\/feuerwehr\/wp-content\/uploads\/sites\/2\/2026\/03\/IMG_1703_kl-1024x768.jpg 1024w, https:\/\/feuerwehr-markdorf.de\/feuerwehr\/wp-content\/uploads\/sites\/2\/2026\/03\/IMG_1703_kl-300x225.jpg 300w, https:\/\/feuerwehr-markdorf.de\/feuerwehr\/wp-content\/uploads\/sites\/2\/2026\/03\/IMG_1703_kl-768x576.jpg 768w, https:\/\/feuerwehr-markdorf.de\/feuerwehr\/wp-content\/uploads\/sites\/2\/2026\/03\/IMG_1703_kl.jpg 1134w\" sizes=\"auto, (max-width: 1024px) 100vw, 1024px\" \/><\/a><\/figure>\n\n\n\n<figure class=\"wp-block-image size-large\"><a href=\"https:\/\/feuerwehr-markdorf.de\/feuerwehr\/wp-content\/uploads\/sites\/2\/2026\/03\/IMG_1706_kl.jpg\"><img loading=\"lazy\" decoding=\"async\" width=\"1024\" height=\"768\" data-id=\"10885\" src=\"https:\/\/feuerwehr-markdorf.de\/feuerwehr\/wp-content\/uploads\/sites\/2\/2026\/03\/IMG_1706_kl-1024x768.jpg\" alt=\"\" class=\"wp-image-10885\" srcset=\"https:\/\/feuerwehr-markdorf.de\/feuerwehr\/wp-content\/uploads\/sites\/2\/2026\/03\/IMG_1706_kl-1024x768.jpg 1024w, https:\/\/feuerwehr-markdorf.de\/feuerwehr\/wp-content\/uploads\/sites\/2\/2026\/03\/IMG_1706_kl-300x225.jpg 300w, https:\/\/feuerwehr-markdorf.de\/feuerwehr\/wp-content\/uploads\/sites\/2\/2026\/03\/IMG_1706_kl-768x576.jpg 768w, https:\/\/feuerwehr-markdorf.de\/feuerwehr\/wp-content\/uploads\/sites\/2\/2026\/03\/IMG_1706_kl.jpg 1134w\" sizes=\"auto, (max-width: 1024px) 100vw, 1024px\" \/><\/a><\/figure>\n\n\n\n<figure class=\"wp-block-image size-large\"><a href=\"https:\/\/feuerwehr-markdorf.de\/feuerwehr\/wp-content\/uploads\/sites\/2\/2026\/03\/IMG_1707_kl.jpg\"><img loading=\"lazy\" decoding=\"async\" width=\"1024\" height=\"768\" data-id=\"10887\" src=\"https:\/\/feuerwehr-markdorf.de\/feuerwehr\/wp-content\/uploads\/sites\/2\/2026\/03\/IMG_1707_kl-1024x768.jpg\" alt=\"\" class=\"wp-image-10887\" srcset=\"https:\/\/feuerwehr-markdorf.de\/feuerwehr\/wp-content\/uploads\/sites\/2\/2026\/03\/IMG_1707_kl-1024x768.jpg 1024w, https:\/\/feuerwehr-markdorf.de\/feuerwehr\/wp-content\/uploads\/sites\/2\/2026\/03\/IMG_1707_kl-300x225.jpg 300w, https:\/\/feuerwehr-markdorf.de\/feuerwehr\/wp-content\/uploads\/sites\/2\/2026\/03\/IMG_1707_kl-768x576.jpg 768w, https:\/\/feuerwehr-markdorf.de\/feuerwehr\/wp-content\/uploads\/sites\/2\/2026\/03\/IMG_1707_kl.jpg 1134w\" sizes=\"auto, (max-width: 1024px) 100vw, 1024px\" \/><\/a><\/figure>\n\n\n\n<figure class=\"wp-block-image size-large\"><a href=\"https:\/\/feuerwehr-markdorf.de\/feuerwehr\/wp-content\/uploads\/sites\/2\/2026\/03\/IMG_1709_kl.jpg\"><img loading=\"lazy\" decoding=\"async\" width=\"1024\" height=\"768\" data-id=\"10886\" src=\"https:\/\/feuerwehr-markdorf.de\/feuerwehr\/wp-content\/uploads\/sites\/2\/2026\/03\/IMG_1709_kl-1024x768.jpg\" alt=\"\" class=\"wp-image-10886\" srcset=\"https:\/\/feuerwehr-markdorf.de\/feuerwehr\/wp-content\/uploads\/sites\/2\/2026\/03\/IMG_1709_kl-1024x768.jpg 1024w, https:\/\/feuerwehr-markdorf.de\/feuerwehr\/wp-content\/uploads\/sites\/2\/2026\/03\/IMG_1709_kl-300x225.jpg 300w, https:\/\/feuerwehr-markdorf.de\/feuerwehr\/wp-content\/uploads\/sites\/2\/2026\/03\/IMG_1709_kl-768x576.jpg 768w, https:\/\/feuerwehr-markdorf.de\/feuerwehr\/wp-content\/uploads\/sites\/2\/2026\/03\/IMG_1709_kl.jpg 1134w\" sizes=\"auto, (max-width: 1024px) 100vw, 1024px\" \/><\/a><\/figure>\n<\/figure>\n","protected":false},"author":6,"featured_media":10882,"template":"","meta":{"advgb_blocks_editor_width":"","advgb_blocks_columns_visual_guide":"","ocean_post_layout":"","ocean_both_sidebars_style":"","ocean_both_sidebars_content_width":0,"ocean_both_sidebars_sidebars_width":0,"ocean_sidebar":"","ocean_second_sidebar":"","ocean_disable_margins":"enable","ocean_add_body_class":"","ocean_shortcode_before_top_bar":"","ocean_shortcode_after_top_bar":"","ocean_shortcode_before_header":"","ocean_shortcode_after_header":"","ocean_has_shortcode":"","ocean_shortcode_after_title":"","ocean_shortcode_before_footer_widgets":"","ocean_shortcode_after_footer_widgets":"","ocean_shortcode_before_footer_bottom":"","ocean_shortcode_after_footer_bottom":"","ocean_display_top_bar":"default","ocean_display_header":"default","ocean_header_style":"","ocean_center_header_left_menu":"","ocean_custom_header_template":"","ocean_custom_logo":0,"ocean_custom_retina_logo":0,"ocean_custom_logo_max_width":0,"ocean_custom_logo_tablet_max_width":0,"ocean_custom_logo_mobile_max_width":0,"ocean_custom_logo_max_height":0,"ocean_custom_logo_tablet_max_height":0,"ocean_custom_logo_mobile_max_height":0,"ocean_header_custom_menu":"","ocean_menu_typo_font_family":"","ocean_menu_typo_font_subset":"","ocean_menu_typo_font_size":0,"ocean_menu_typo_font_size_tablet":0,"ocean_menu_typo_font_size_mobile":0,"ocean_menu_typo_font_size_unit":"px","ocean_menu_typo_font_weight":"","ocean_menu_typo_font_weight_tablet":"","ocean_menu_typo_font_weight_mobile":"","ocean_menu_typo_transform":"","ocean_menu_typo_transform_tablet":"","ocean_menu_typo_transform_mobile":"","ocean_menu_typo_line_height":0,"ocean_menu_typo_line_height_tablet":0,"ocean_menu_typo_line_height_mobile":0,"ocean_menu_typo_line_height_unit":"","ocean_menu_typo_spacing":0,"ocean_menu_typo_spacing_tablet":0,"ocean_menu_typo_spacing_mobile":0,"ocean_menu_typo_spacing_unit":"","ocean_menu_link_color":"","ocean_menu_link_color_hover":"","ocean_menu_link_color_active":"","ocean_menu_link_background":"","ocean_menu_link_hover_background":"","ocean_menu_link_active_background":"","ocean_menu_social_links_bg":"","ocean_menu_social_hover_links_bg":"","ocean_menu_social_links_color":"","ocean_menu_social_hover_links_color":"","ocean_disable_title":"default","ocean_disable_heading":"default","ocean_post_title":"","ocean_post_subheading":"","ocean_post_title_style":"","ocean_post_title_background_color":"","ocean_post_title_background":0,"ocean_post_title_bg_image_position":"","ocean_post_title_bg_image_attachment":"","ocean_post_title_bg_image_repeat":"","ocean_post_title_bg_image_size":"","ocean_post_title_height":0,"ocean_post_title_bg_overlay":0.5,"ocean_post_title_bg_overlay_color":"","ocean_disable_breadcrumbs":"default","ocean_breadcrumbs_color":"","ocean_breadcrumbs_separator_color":"","ocean_breadcrumbs_links_color":"","ocean_breadcrumbs_links_hover_color":"","ocean_display_footer_widgets":"default","ocean_display_footer_bottom":"default","ocean_custom_footer_template":"","einsatz_weight":1,"footnotes":""},"categories":[59],"tags":[69,132],"einsatzart":[11],"fahrzeug":[21,34,22,36],"exteinsatzmittel":[43,221,44,67],"alarmierungsart":[12],"evw_unit":[194],"class_list":["post-10879","einsatz","type-einsatz","status-publish","has-post-thumbnail","hentry","category-einsatz","tag-technische-hilfe","tag-verkehrsunfall","einsatzart-thl","fahrzeug-elw","fahrzeug-hlf_20","fahrzeug-kdow","fahrzeug-rw","exteinsatzmittel-drk-rd","exteinsatzmittel-juh-rettungsdienst","exteinsatzmittel-polizei","exteinsatzmittel-stellv-kreisbrandmeister-2","alarmierungsart-funkmelder","evw_unit-ff-markdorf-abteilung-stadt","entry","has-media"],"yoast_head":"<!-- This site is optimized with the Yoast SEO plugin v22.8 - https:\/\/yoast.com\/wordpress\/plugins\/seo\/ -->\n<title>H3Y VU - PKW in massiver Schr\u00e4glage<\/title>\n<meta name=\"description\" content=\"Am Donnerstagnachmittag wurde die Abteilung Markdorf-Stadt zu einem verungl\u00fcckten PKW in der Kreuzgasse alarmiert. Vor Ort best\u00e4tigte sich den\" \/>\n<meta name=\"robots\" content=\"noindex, follow\" \/>\n<meta property=\"og:locale\" content=\"de_DE\" \/>\n<meta property=\"og:type\" content=\"article\" \/>\n<meta property=\"og:title\" content=\"H3Y VU - PKW in massiver Schr\u00e4glage\" \/>\n<meta property=\"og:description\" content=\"Am Donnerstagnachmittag wurde die Abteilung Markdorf-Stadt zu einem verungl\u00fcckten PKW in der Kreuzgasse alarmiert. Vor Ort best\u00e4tigte sich den\" \/>\n<meta property=\"og:url\" content=\"https:\/\/feuerwehr-markdorf.de\/feuerwehr\/einsaetze\/h3y-vu-pkw-in-massiver-schraeglage\/\" \/>\n<meta property=\"og:site_name\" content=\"Freiwillige Feuerwehr Markdorf\" \/>\n<meta property=\"article:publisher\" content=\"https:\/\/www.facebook.com\/feuerwehrmarkdorf\/\" \/>\n<meta property=\"article:modified_time\" content=\"2026-03-12T22:25:05+00:00\" \/>\n<meta property=\"og:image\" content=\"https:\/\/feuerwehr-markdorf.de\/feuerwehr\/wp-content\/uploads\/sites\/2\/2026\/03\/IMG_1685_kl.jpg\" \/>\n\t<meta property=\"og:image:width\" content=\"1512\" \/>\n\t<meta property=\"og:image:height\" content=\"1134\" \/>\n\t<meta property=\"og:image:type\" content=\"image\/jpeg\" \/>\n<meta name=\"twitter:card\" content=\"summary_large_image\" \/>\n<meta name=\"twitter:label1\" content=\"Gesch\u00e4tzte Lesezeit\" \/>\n\t<meta name=\"twitter:data1\" content=\"3\u00a0Minuten\" \/>\n<script type=\"application\/ld+json\" class=\"yoast-schema-graph\">{\"@context\":\"https:\/\/schema.org\",\"@graph\":[{\"@type\":[\"Article\",\"Report\"],\"@id\":\"https:\/\/feuerwehr-markdorf.de\/feuerwehr\/einsaetze\/h3y-vu-pkw-in-massiver-schraeglage\/#article\",\"isPartOf\":{\"@id\":\"https:\/\/feuerwehr-markdorf.de\/feuerwehr\/einsaetze\/h3y-vu-pkw-in-massiver-schraeglage\/\"},\"author\":{\"name\":\"mscheerer\",\"@id\":\"https:\/\/feuerwehr-markdorf.de\/feuerwehr\/#\/schema\/person\/332479352d6e81750d9ab7ac3745262c\"},\"headline\":\"H3Y VU &#8211; PKW in massiver Schr\u00e4glage\",\"datePublished\":\"2026-03-12T15:26:00+00:00\",\"dateModified\":\"2026-03-12T22:25:05+00:00\",\"mainEntityOfPage\":{\"@id\":\"https:\/\/feuerwehr-markdorf.de\/feuerwehr\/einsaetze\/h3y-vu-pkw-in-massiver-schraeglage\/\"},\"wordCount\":167,\"publisher\":{\"@id\":\"https:\/\/feuerwehr-markdorf.de\/feuerwehr\/#organization\"},\"image\":{\"@id\":\"https:\/\/feuerwehr-markdorf.de\/feuerwehr\/einsaetze\/h3y-vu-pkw-in-massiver-schraeglage\/#primaryimage\"},\"thumbnailUrl\":\"https:\/\/feuerwehr-markdorf.de\/feuerwehr\/wp-content\/uploads\/sites\/2\/2026\/03\/IMG_1685_kl.jpg\",\"keywords\":[\"Technische Hilfe\",\"verkehrsunfall\"],\"articleSection\":[\"Einsatz\"],\"inLanguage\":\"de\"},{\"@type\":\"WebPage\",\"@id\":\"https:\/\/feuerwehr-markdorf.de\/feuerwehr\/einsaetze\/h3y-vu-pkw-in-massiver-schraeglage\/\",\"url\":\"https:\/\/feuerwehr-markdorf.de\/feuerwehr\/einsaetze\/h3y-vu-pkw-in-massiver-schraeglage\/\",\"name\":\"H3Y VU - PKW in massiver Schr\u00e4glage\",\"isPartOf\":{\"@id\":\"https:\/\/feuerwehr-markdorf.de\/feuerwehr\/#website\"},\"primaryImageOfPage\":{\"@id\":\"https:\/\/feuerwehr-markdorf.de\/feuerwehr\/einsaetze\/h3y-vu-pkw-in-massiver-schraeglage\/#primaryimage\"},\"image\":{\"@id\":\"https:\/\/feuerwehr-markdorf.de\/feuerwehr\/einsaetze\/h3y-vu-pkw-in-massiver-schraeglage\/#primaryimage\"},\"thumbnailUrl\":\"https:\/\/feuerwehr-markdorf.de\/feuerwehr\/wp-content\/uploads\/sites\/2\/2026\/03\/IMG_1685_kl.jpg\",\"datePublished\":\"2026-03-12T15:26:00+00:00\",\"dateModified\":\"2026-03-12T22:25:05+00:00\",\"description\":\"Am Donnerstagnachmittag wurde die Abteilung Markdorf-Stadt zu einem verungl\u00fcckten PKW in der Kreuzgasse alarmiert. Vor Ort best\u00e4tigte sich den\",\"breadcrumb\":{\"@id\":\"https:\/\/feuerwehr-markdorf.de\/feuerwehr\/einsaetze\/h3y-vu-pkw-in-massiver-schraeglage\/#breadcrumb\"},\"inLanguage\":\"de\",\"potentialAction\":[{\"@type\":\"ReadAction\",\"target\":[\"https:\/\/feuerwehr-markdorf.de\/feuerwehr\/einsaetze\/h3y-vu-pkw-in-massiver-schraeglage\/\"]}]},{\"@type\":\"ImageObject\",\"inLanguage\":\"de\",\"@id\":\"https:\/\/feuerwehr-markdorf.de\/feuerwehr\/einsaetze\/h3y-vu-pkw-in-massiver-schraeglage\/#primaryimage\",\"url\":\"https:\/\/feuerwehr-markdorf.de\/feuerwehr\/wp-content\/uploads\/sites\/2\/2026\/03\/IMG_1685_kl.jpg\",\"contentUrl\":\"https:\/\/feuerwehr-markdorf.de\/feuerwehr\/wp-content\/uploads\/sites\/2\/2026\/03\/IMG_1685_kl.jpg\",\"width\":1512,\"height\":1134},{\"@type\":\"BreadcrumbList\",\"@id\":\"https:\/\/feuerwehr-markdorf.de\/feuerwehr\/einsaetze\/h3y-vu-pkw-in-massiver-schraeglage\/#breadcrumb\",\"itemListElement\":[{\"@type\":\"ListItem\",\"position\":1,\"name\":\"Startseite\",\"item\":\"https:\/\/feuerwehr-markdorf.de\/feuerwehr\/\"},{\"@type\":\"ListItem\",\"position\":2,\"name\":\"Einsatzberichte\",\"item\":\"https:\/\/feuerwehr-markdorf.de\/feuerwehr\/einsaetze\/\"},{\"@type\":\"ListItem\",\"position\":3,\"name\":\"H3Y VU &#8211; PKW in massiver Schr\u00e4glage\"}]},{\"@type\":\"WebSite\",\"@id\":\"https:\/\/feuerwehr-markdorf.de\/feuerwehr\/#website\",\"url\":\"https:\/\/feuerwehr-markdorf.de\/feuerwehr\/\",\"name\":\"Freiwillige Feuerwehr Markdorf\",\"description\":\"\",\"publisher\":{\"@id\":\"https:\/\/feuerwehr-markdorf.de\/feuerwehr\/#organization\"},\"potentialAction\":[{\"@type\":\"SearchAction\",\"target\":{\"@type\":\"EntryPoint\",\"urlTemplate\":\"https:\/\/feuerwehr-markdorf.de\/feuerwehr\/?s={search_term_string}\"},\"query-input\":\"required name=search_term_string\"}],\"inLanguage\":\"de\"},{\"@type\":\"Organization\",\"@id\":\"https:\/\/feuerwehr-markdorf.de\/feuerwehr\/#organization\",\"name\":\"Freiwillige Feuerwehr Markdorf\",\"url\":\"https:\/\/feuerwehr-markdorf.de\/feuerwehr\/\",\"logo\":{\"@type\":\"ImageObject\",\"inLanguage\":\"de\",\"@id\":\"https:\/\/feuerwehr-markdorf.de\/feuerwehr\/#\/schema\/logo\/image\/\",\"url\":\"https:\/\/feuerwehr-markdorf.de\/feuerwehr\/wp-content\/uploads\/sites\/2\/2020\/01\/FFM-red-ohne-Abteilung_klein.png\",\"contentUrl\":\"https:\/\/feuerwehr-markdorf.de\/feuerwehr\/wp-content\/uploads\/sites\/2\/2020\/01\/FFM-red-ohne-Abteilung_klein.png\",\"width\":397,\"height\":170,\"caption\":\"Freiwillige Feuerwehr Markdorf\"},\"image\":{\"@id\":\"https:\/\/feuerwehr-markdorf.de\/feuerwehr\/#\/schema\/logo\/image\/\"},\"sameAs\":[\"https:\/\/www.facebook.com\/feuerwehrmarkdorf\/\"]},{\"@type\":\"Person\",\"@id\":\"https:\/\/feuerwehr-markdorf.de\/feuerwehr\/#\/schema\/person\/332479352d6e81750d9ab7ac3745262c\",\"name\":\"mscheerer\",\"image\":{\"@type\":\"ImageObject\",\"inLanguage\":\"de\",\"@id\":\"https:\/\/feuerwehr-markdorf.de\/feuerwehr\/#\/schema\/person\/image\/\",\"url\":\"https:\/\/secure.gravatar.com\/avatar\/c05798694e4a2d8a49e8c991a61e829ed7435b3699df1a726e5dbcd1f8e972b0?s=96&d=mm&r=g\",\"contentUrl\":\"https:\/\/secure.gravatar.com\/avatar\/c05798694e4a2d8a49e8c991a61e829ed7435b3699df1a726e5dbcd1f8e972b0?s=96&d=mm&r=g\",\"caption\":\"mscheerer\"},\"url\":\"https:\/\/feuerwehr-markdorf.de\/feuerwehr\/author\/mscheerer\/\"}]}<\/script>\n<!-- \/ Yoast SEO plugin. -->","yoast_head_json":{"title":"H3Y VU - PKW in massiver Schr\u00e4glage","description":"Am Donnerstagnachmittag wurde die Abteilung Markdorf-Stadt zu einem verungl\u00fcckten PKW in der Kreuzgasse alarmiert. Vor Ort best\u00e4tigte sich den","robots":{"index":"noindex","follow":"follow"},"og_locale":"de_DE","og_type":"article","og_title":"H3Y VU - PKW in massiver Schr\u00e4glage","og_description":"Am Donnerstagnachmittag wurde die Abteilung Markdorf-Stadt zu einem verungl\u00fcckten PKW in der Kreuzgasse alarmiert. Vor Ort best\u00e4tigte sich den","og_url":"https:\/\/feuerwehr-markdorf.de\/feuerwehr\/einsaetze\/h3y-vu-pkw-in-massiver-schraeglage\/","og_site_name":"Freiwillige Feuerwehr Markdorf","article_publisher":"https:\/\/www.facebook.com\/feuerwehrmarkdorf\/","article_modified_time":"2026-03-12T22:25:05+00:00","og_image":[{"width":1512,"height":1134,"url":"https:\/\/feuerwehr-markdorf.de\/feuerwehr\/wp-content\/uploads\/sites\/2\/2026\/03\/IMG_1685_kl.jpg","type":"image\/jpeg"}],"twitter_card":"summary_large_image","twitter_misc":{"Gesch\u00e4tzte Lesezeit":"3\u00a0Minuten"},"schema":{"@context":"https:\/\/schema.org","@graph":[{"@type":["Article","Report"],"@id":"https:\/\/feuerwehr-markdorf.de\/feuerwehr\/einsaetze\/h3y-vu-pkw-in-massiver-schraeglage\/#article","isPartOf":{"@id":"https:\/\/feuerwehr-markdorf.de\/feuerwehr\/einsaetze\/h3y-vu-pkw-in-massiver-schraeglage\/"},"author":{"name":"mscheerer","@id":"https:\/\/feuerwehr-markdorf.de\/feuerwehr\/#\/schema\/person\/332479352d6e81750d9ab7ac3745262c"},"headline":"H3Y VU &#8211; PKW in massiver Schr\u00e4glage","datePublished":"2026-03-12T15:26:00+00:00","dateModified":"2026-03-12T22:25:05+00:00","mainEntityOfPage":{"@id":"https:\/\/feuerwehr-markdorf.de\/feuerwehr\/einsaetze\/h3y-vu-pkw-in-massiver-schraeglage\/"},"wordCount":167,"publisher":{"@id":"https:\/\/feuerwehr-markdorf.de\/feuerwehr\/#organization"},"image":{"@id":"https:\/\/feuerwehr-markdorf.de\/feuerwehr\/einsaetze\/h3y-vu-pkw-in-massiver-schraeglage\/#primaryimage"},"thumbnailUrl":"https:\/\/feuerwehr-markdorf.de\/feuerwehr\/wp-content\/uploads\/sites\/2\/2026\/03\/IMG_1685_kl.jpg","keywords":["Technische Hilfe","verkehrsunfall"],"articleSection":["Einsatz"],"inLanguage":"de"},{"@type":"WebPage","@id":"https:\/\/feuerwehr-markdorf.de\/feuerwehr\/einsaetze\/h3y-vu-pkw-in-massiver-schraeglage\/","url":"https:\/\/feuerwehr-markdorf.de\/feuerwehr\/einsaetze\/h3y-vu-pkw-in-massiver-schraeglage\/","name":"H3Y VU - PKW in massiver Schr\u00e4glage","isPartOf":{"@id":"https:\/\/feuerwehr-markdorf.de\/feuerwehr\/#website"},"primaryImageOfPage":{"@id":"https:\/\/feuerwehr-markdorf.de\/feuerwehr\/einsaetze\/h3y-vu-pkw-in-massiver-schraeglage\/#primaryimage"},"image":{"@id":"https:\/\/feuerwehr-markdorf.de\/feuerwehr\/einsaetze\/h3y-vu-pkw-in-massiver-schraeglage\/#primaryimage"},"thumbnailUrl":"https:\/\/feuerwehr-markdorf.de\/feuerwehr\/wp-content\/uploads\/sites\/2\/2026\/03\/IMG_1685_kl.jpg","datePublished":"2026-03-12T15:26:00+00:00","dateModified":"2026-03-12T22:25:05+00:00","description":"Am Donnerstagnachmittag wurde die Abteilung Markdorf-Stadt zu einem verungl\u00fcckten PKW in der Kreuzgasse alarmiert. Vor Ort best\u00e4tigte sich den","breadcrumb":{"@id":"https:\/\/feuerwehr-markdorf.de\/feuerwehr\/einsaetze\/h3y-vu-pkw-in-massiver-schraeglage\/#breadcrumb"},"inLanguage":"de","potentialAction":[{"@type":"ReadAction","target":["https:\/\/feuerwehr-markdorf.de\/feuerwehr\/einsaetze\/h3y-vu-pkw-in-massiver-schraeglage\/"]}]},{"@type":"ImageObject","inLanguage":"de","@id":"https:\/\/feuerwehr-markdorf.de\/feuerwehr\/einsaetze\/h3y-vu-pkw-in-massiver-schraeglage\/#primaryimage","url":"https:\/\/feuerwehr-markdorf.de\/feuerwehr\/wp-content\/uploads\/sites\/2\/2026\/03\/IMG_1685_kl.jpg","contentUrl":"https:\/\/feuerwehr-markdorf.de\/feuerwehr\/wp-content\/uploads\/sites\/2\/2026\/03\/IMG_1685_kl.jpg","width":1512,"height":1134},{"@type":"BreadcrumbList","@id":"https:\/\/feuerwehr-markdorf.de\/feuerwehr\/einsaetze\/h3y-vu-pkw-in-massiver-schraeglage\/#breadcrumb","itemListElement":[{"@type":"ListItem","position":1,"name":"Startseite","item":"https:\/\/feuerwehr-markdorf.de\/feuerwehr\/"},{"@type":"ListItem","position":2,"name":"Einsatzberichte","item":"https:\/\/feuerwehr-markdorf.de\/feuerwehr\/einsaetze\/"},{"@type":"ListItem","position":3,"name":"H3Y VU &#8211; PKW in massiver Schr\u00e4glage"}]},{"@type":"WebSite","@id":"https:\/\/feuerwehr-markdorf.de\/feuerwehr\/#website","url":"https:\/\/feuerwehr-markdorf.de\/feuerwehr\/","name":"Freiwillige Feuerwehr Markdorf","description":"","publisher":{"@id":"https:\/\/feuerwehr-markdorf.de\/feuerwehr\/#organization"},"potentialAction":[{"@type":"SearchAction","target":{"@type":"EntryPoint","urlTemplate":"https:\/\/feuerwehr-markdorf.de\/feuerwehr\/?s={search_term_string}"},"query-input":"required name=search_term_string"}],"inLanguage":"de"},{"@type":"Organization","@id":"https:\/\/feuerwehr-markdorf.de\/feuerwehr\/#organization","name":"Freiwillige Feuerwehr Markdorf","url":"https:\/\/feuerwehr-markdorf.de\/feuerwehr\/","logo":{"@type":"ImageObject","inLanguage":"de","@id":"https:\/\/feuerwehr-markdorf.de\/feuerwehr\/#\/schema\/logo\/image\/","url":"https:\/\/feuerwehr-markdorf.de\/feuerwehr\/wp-content\/uploads\/sites\/2\/2020\/01\/FFM-red-ohne-Abteilung_klein.png","contentUrl":"https:\/\/feuerwehr-markdorf.de\/feuerwehr\/wp-content\/uploads\/sites\/2\/2020\/01\/FFM-red-ohne-Abteilung_klein.png","width":397,"height":170,"caption":"Freiwillige Feuerwehr Markdorf"},"image":{"@id":"https:\/\/feuerwehr-markdorf.de\/feuerwehr\/#\/schema\/logo\/image\/"},"sameAs":["https:\/\/www.facebook.com\/feuerwehrmarkdorf\/"]},{"@type":"Person","@id":"https:\/\/feuerwehr-markdorf.de\/feuerwehr\/#\/schema\/person\/332479352d6e81750d9ab7ac3745262c","name":"mscheerer","image":{"@type":"ImageObject","inLanguage":"de","@id":"https:\/\/feuerwehr-markdorf.de\/feuerwehr\/#\/schema\/person\/image\/","url":"https:\/\/secure.gravatar.com\/avatar\/c05798694e4a2d8a49e8c991a61e829ed7435b3699df1a726e5dbcd1f8e972b0?s=96&d=mm&r=g","contentUrl":"https:\/\/secure.gravatar.com\/avatar\/c05798694e4a2d8a49e8c991a61e829ed7435b3699df1a726e5dbcd1f8e972b0?s=96&d=mm&r=g","caption":"mscheerer"},"url":"https:\/\/feuerwehr-markdorf.de\/feuerwehr\/author\/mscheerer\/"}]}},"featured_img":"https:\/\/feuerwehr-markdorf.de\/feuerwehr\/wp-content\/uploads\/sites\/2\/2026\/03\/IMG_1685_kl.jpg","coauthors":[],"author_meta":{"author_link":"https:\/\/feuerwehr-markdorf.de\/feuerwehr\/author\/mscheerer\/","display_name":"mscheerer"},"relative_dates":{"created":"Posted 2\u00a0Monaten ago","modified":"Updated 2\u00a0Monaten ago"},"absolute_dates":{"created":"Posted on 12. M\u00e4rz 2026","modified":"Updated on 12. M\u00e4rz 2026"},"absolute_dates_time":{"created":"Posted on 12. M\u00e4rz 2026 16:26","modified":"Updated on 12. M\u00e4rz 2026 23:25"},"featured_img_caption":"","tax_additional":{"category":{"linked":["<a href=\"https:\/\/feuerwehr-markdorf.de\/feuerwehr\/category\/einsatz\/\" class=\"advgb-post-tax-term\">Einsatz<\/a>"],"unlinked":["<span class=\"advgb-post-tax-term\">Einsatz<\/span>"],"slug":"category","name":"Kategorien"},"post_tag":{"linked":["<a href=\"https:\/\/feuerwehr-markdorf.de\/feuerwehr\/tag\/technische-hilfe\/\" class=\"advgb-post-tax-term\">Technische Hilfe<\/a>","<a href=\"https:\/\/feuerwehr-markdorf.de\/feuerwehr\/tag\/verkehrsunfall\/\" class=\"advgb-post-tax-term\">verkehrsunfall<\/a>"],"unlinked":["<span class=\"advgb-post-tax-term\">Technische Hilfe<\/span>","<span class=\"advgb-post-tax-term\">verkehrsunfall<\/span>"],"slug":"post_tag","name":"Schlagw\u00f6rter"},"einsatzart":{"linked":["<a href=\"https:\/\/feuerwehr-markdorf.de\/feuerwehr\/einsatzart\/thl\/\" class=\"advgb-post-tax-term\">Technische Hilfeleistung<\/a>"],"unlinked":["<span class=\"advgb-post-tax-term\">Technische Hilfeleistung<\/span>"],"slug":"einsatzart","name":"Einsatzarten"},"fahrzeug":{"linked":["<a href=\"https:\/\/feuerwehr-markdorf.de\/feuerwehr\/fahrzeug\/elw\/\" class=\"advgb-post-tax-term\">ELW<\/a>","<a href=\"https:\/\/feuerwehr-markdorf.de\/feuerwehr\/fahrzeug\/hlf_20\/\" class=\"advgb-post-tax-term\">HLF 20<\/a>","<a href=\"https:\/\/feuerwehr-markdorf.de\/feuerwehr\/fahrzeug\/kdow\/\" class=\"advgb-post-tax-term\">KdoW<\/a>","<a href=\"https:\/\/feuerwehr-markdorf.de\/feuerwehr\/fahrzeug\/rw\/\" class=\"advgb-post-tax-term\">RW<\/a>"],"unlinked":["<span class=\"advgb-post-tax-term\">ELW<\/span>","<span class=\"advgb-post-tax-term\">HLF 20<\/span>","<span class=\"advgb-post-tax-term\">KdoW<\/span>","<span class=\"advgb-post-tax-term\">RW<\/span>"],"slug":"fahrzeug","name":"Fahrzeuge"},"exteinsatzmittel":{"linked":["<a href=\"https:\/\/feuerwehr-markdorf.de\/feuerwehr\/externe-einsatzmittel\/drk-rd\/\" class=\"advgb-post-tax-term\">DRK Rettungsdienst<\/a>","<a href=\"https:\/\/feuerwehr-markdorf.de\/feuerwehr\/externe-einsatzmittel\/juh-rettungsdienst\/\" class=\"advgb-post-tax-term\">JUH Rettungsdienst<\/a>","<a href=\"https:\/\/feuerwehr-markdorf.de\/feuerwehr\/externe-einsatzmittel\/polizei\/\" class=\"advgb-post-tax-term\">Polizei<\/a>","<a href=\"https:\/\/feuerwehr-markdorf.de\/feuerwehr\/externe-einsatzmittel\/stellv-kreisbrandmeister-2\/\" class=\"advgb-post-tax-term\">Stellv. Kreisbrandmeister<\/a>"],"unlinked":["<span class=\"advgb-post-tax-term\">DRK Rettungsdienst<\/span>","<span class=\"advgb-post-tax-term\">JUH Rettungsdienst<\/span>","<span class=\"advgb-post-tax-term\">Polizei<\/span>","<span class=\"advgb-post-tax-term\">Stellv. Kreisbrandmeister<\/span>"],"slug":"exteinsatzmittel","name":"Externe Einsatzmittel"},"alarmierungsart":{"linked":["<a href=\"https:\/\/feuerwehr-markdorf.de\/feuerwehr\/alarmierungsart\/funkmelder\/\" class=\"advgb-post-tax-term\">Funkmeldeempf\u00e4nger<\/a>"],"unlinked":["<span class=\"advgb-post-tax-term\">Funkmeldeempf\u00e4nger<\/span>"],"slug":"alarmierungsart","name":"Alarmierungsarten"},"evw_unit":{"linked":["<a href=\"https:\/\/feuerwehr-markdorf.de\/feuerwehr\/evw_unit\/ff-markdorf-abteilung-stadt\/\" class=\"advgb-post-tax-term\">FF Markdorf - Abteilung Markdorf-Stadt<\/a>"],"unlinked":["<span class=\"advgb-post-tax-term\">FF Markdorf - Abteilung Markdorf-Stadt<\/span>"],"slug":"evw_unit","name":"Einheiten"}},"series_order":"","_links":{"self":[{"href":"https:\/\/feuerwehr-markdorf.de\/feuerwehr\/wp-json\/wp\/v2\/einsatz\/10879","targetHints":{"allow":["GET"]}}],"collection":[{"href":"https:\/\/feuerwehr-markdorf.de\/feuerwehr\/wp-json\/wp\/v2\/einsatz"}],"about":[{"href":"https:\/\/feuerwehr-markdorf.de\/feuerwehr\/wp-json\/wp\/v2\/types\/einsatz"}],"author":[{"embeddable":true,"href":"https:\/\/feuerwehr-markdorf.de\/feuerwehr\/wp-json\/wp\/v2\/users\/6"}],"version-history":[{"count":1,"href":"https:\/\/feuerwehr-markdorf.de\/feuerwehr\/wp-json\/wp\/v2\/einsatz\/10879\/revisions"}],"predecessor-version":[{"id":10888,"href":"https:\/\/feuerwehr-markdorf.de\/feuerwehr\/wp-json\/wp\/v2\/einsatz\/10879\/revisions\/10888"}],"wp:featuredmedia":[{"embeddable":true,"href":"https:\/\/feuerwehr-markdorf.de\/feuerwehr\/wp-json\/wp\/v2\/media\/10882"}],"wp:attachment":[{"href":"https:\/\/feuerwehr-markdorf.de\/feuerwehr\/wp-json\/wp\/v2\/media?parent=10879"}],"wp:term":[{"taxonomy":"category","embeddable":true,"href":"https:\/\/feuerwehr-markdorf.de\/feuerwehr\/wp-json\/wp\/v2\/categories?post=10879"},{"taxonomy":"post_tag","embeddable":true,"href":"https:\/\/feuerwehr-markdorf.de\/feuerwehr\/wp-json\/wp\/v2\/tags?post=10879"},{"taxonomy":"einsatzart","embeddable":true,"href":"https:\/\/feuerwehr-markdorf.de\/feuerwehr\/wp-json\/wp\/v2\/einsatzart?post=10879"},{"taxonomy":"fahrzeug","embeddable":true,"href":"https:\/\/feuerwehr-markdorf.de\/feuerwehr\/wp-json\/wp\/v2\/fahrzeug?post=10879"},{"taxonomy":"exteinsatzmittel","embeddable":true,"href":"https:\/\/feuerwehr-markdorf.de\/feuerwehr\/wp-json\/wp\/v2\/exteinsatzmittel?post=10879"},{"taxonomy":"alarmierungsart","embeddable":true,"href":"https:\/\/feuerwehr-markdorf.de\/feuerwehr\/wp-json\/wp\/v2\/alarmierungsart?post=10879"},{"taxonomy":"evw_unit","embeddable":true,"href":"https:\/\/feuerwehr-markdorf.de\/feuerwehr\/wp-json\/wp\/v2\/evw_unit?post=10879"}],"curies":[{"name":"wp","href":"https:\/\/api.w.org\/{rel}","templated":true}]}}